{"version":"1.0","provider_name":"Chair in Defence Economics - IHEDN","provider_url":"https:\/\/ecodef-ihedn.fr\/en","title":"Jordan Becker, chercheur associ\u00e9 \u00e0 la Chaire - Chaire \u00c9conomie de d\u00e9fense - IHEDN","type":"rich","width":600,"height":338,"html":"<blockquote class=\"wp-embedded-content\" data-secret=\"SY8sGf2sKV\"><a href=\"https:\/\/ecodef-ihedn.fr\/en\/jordan-becker-chercheur-associe-a-la-chaire\/\">Jordan Becker, associate researcher at the Chair<\/a><\/blockquote><iframe sandbox=\"allow-scripts\" security=\"restricted\" src=\"https:\/\/ecodef-ihedn.fr\/en\/jordan-becker-chercheur-associe-a-la-chaire\/embed\/#?secret=SY8sGf2sKV\" width=\"600\" height=\"338\" title=\"&#8220;Jordan Becker, chercheur associ\u00e9 \u00e0 la Chaire&#8221; &#8212; Chaire \u00c9conomie de d\u00e9fense - IHEDN\" data-secret=\"SY8sGf2sKV\" frameborder=\"0\" marginwidth=\"0\" marginheight=\"0\" scrolling=\"no\" class=\"wp-embedded-content\"><\/iframe><script type=\"text\/javascript\">\n\/* <![CDATA[ *\/\n\/*! This file is auto-generated *\/\n!function(d,l){\"use strict\";l.querySelector&&d.addEventListener&&\"undefined\"!=typeof URL&&(d.wp=d.wp||{},d.wp.receiveEmbedMessage||(d.wp.receiveEmbedMessage=function(e){var t=e.data;if((t||t.secret||t.message||t.value)&&!\/[^a-zA-Z0-9]\/.test(t.secret)){for(var s,r,n,a=l.querySelectorAll('iframe[data-secret=\"'+t.secret+'\"]'),o=l.querySelectorAll('blockquote[data-secret=\"'+t.secret+'\"]'),c=new RegExp(\"^https?:$\",\"i\"),i=0;i<o.length;i++)o[i].style.display=\"none\";for(i=0;i<a.length;i++)s=a[i],e.source===s.contentWindow&&(s.removeAttribute(\"style\"),\"height\"===t.message?(1e3<(r=parseInt(t.value,10))?r=1e3:~~r<200&&(r=200),s.height=r):\"link\"===t.message&&(r=new URL(s.getAttribute(\"src\")),n=new URL(t.value),c.test(n.protocol))&&n.host===r.host&&l.activeElement===s&&(d.top.location.href=t.value))}},d.addEventListener(\"message\",d.wp.receiveEmbedMessage,!1),l.addEventListener(\"DOMContentLoaded\",function(){for(var e,t,s=l.querySelectorAll(\"iframe.wp-embedded-content\"),r=0;r<s.length;r++)(t=(e=s[r]).getAttribute(\"data-secret\"))||(t=Math.random().toString(36).substring(2,12),e.src+=\"#?secret=\"+t,e.setAttribute(\"data-secret\",t)),e.contentWindow.postMessage({message:\"ready\",secret:t},\"*\")},!1)))}(window,document);\n\/\/# sourceURL=https:\/\/ecodef-ihedn.fr\/wp-includes\/js\/wp-embed.min.js\n\/* ]]> *\/\n<\/script>","thumbnail_url":"https:\/\/ecodef-ihedn.fr\/wp-content\/uploads\/2021\/09\/Becker-1-e1631802802963.jpg","thumbnail_width":250,"thumbnail_height":188,"description":"Jordan Becker rejoint l&rsquo;\u00e9quipe de la Chaire \u00c9conomie de d\u00e9fense &#8211; IHEDN en tant que chercheur associ\u00e9. Jordan Becker&nbsp;est directeur du Social Sciences Research Lab \u00e0 l\u2019Acad\u00e9mie militaire de West Point. Il est lieutenant-colonel dans l\u2019arm\u00e9e de terre des \u00c9tats-Unis, dans laquelle il sert depuis 2001. Il a auparavant \u00e9t\u00e9 officier de liaison am\u00e9ricain aupr\u00e8s [&hellip;]"}