{"version":"1.0","provider_name":"Chair in Defence Economics - IHEDN","provider_url":"https:\/\/ecodef-ihedn.fr\/en","title":"Conflit en Ukraine : la Chaire dans les m\u00e9dias - Chaire \u00c9conomie de d\u00e9fense - IHEDN","type":"rich","width":600,"height":338,"html":"<blockquote class=\"wp-embedded-content\" data-secret=\"IB3jkru6yH\"><a href=\"https:\/\/ecodef-ihedn.fr\/en\/la-chaire-dans-les-medias\/\">Conflict in Ukraine: the Chair in the media<\/a><\/blockquote><iframe sandbox=\"allow-scripts\" security=\"restricted\" src=\"https:\/\/ecodef-ihedn.fr\/en\/la-chaire-dans-les-medias\/embed\/#?secret=IB3jkru6yH\" width=\"600\" height=\"338\" title=\"&#8220;Conflit en Ukraine : la Chaire dans les m\u00e9dias&#8221; &#8212; Chaire \u00c9conomie de d\u00e9fense - IHEDN\" data-secret=\"IB3jkru6yH\" frameborder=\"0\" marginwidth=\"0\" marginheight=\"0\" scrolling=\"no\" class=\"wp-embedded-content\"><\/iframe><script type=\"text\/javascript\">\n\/* <![CDATA[ *\/\n\/*! This file is auto-generated *\/\n!function(d,l){\"use strict\";l.querySelector&&d.addEventListener&&\"undefined\"!=typeof URL&&(d.wp=d.wp||{},d.wp.receiveEmbedMessage||(d.wp.receiveEmbedMessage=function(e){var t=e.data;if((t||t.secret||t.message||t.value)&&!\/[^a-zA-Z0-9]\/.test(t.secret)){for(var s,r,n,a=l.querySelectorAll('iframe[data-secret=\"'+t.secret+'\"]'),o=l.querySelectorAll('blockquote[data-secret=\"'+t.secret+'\"]'),c=new RegExp(\"^https?:$\",\"i\"),i=0;i<o.length;i++)o[i].style.display=\"none\";for(i=0;i<a.length;i++)s=a[i],e.source===s.contentWindow&&(s.removeAttribute(\"style\"),\"height\"===t.message?(1e3<(r=parseInt(t.value,10))?r=1e3:~~r<200&&(r=200),s.height=r):\"link\"===t.message&&(r=new URL(s.getAttribute(\"src\")),n=new URL(t.value),c.test(n.protocol))&&n.host===r.host&&l.activeElement===s&&(d.top.location.href=t.value))}},d.addEventListener(\"message\",d.wp.receiveEmbedMessage,!1),l.addEventListener(\"DOMContentLoaded\",function(){for(var e,t,s=l.querySelectorAll(\"iframe.wp-embedded-content\"),r=0;r<s.length;r++)(t=(e=s[r]).getAttribute(\"data-secret\"))||(t=Math.random().toString(36).substring(2,12),e.src+=\"#?secret=\"+t,e.setAttribute(\"data-secret\",t)),e.contentWindow.postMessage({message:\"ready\",secret:t},\"*\")},!1)))}(window,document);\n\/\/# sourceURL=https:\/\/ecodef-ihedn.fr\/wp-includes\/js\/wp-embed.min.js\n\/* ]]> *\/\n<\/script>","thumbnail_url":"https:\/\/ecodef-ihedn.fr\/wp-content\/uploads\/2022\/03\/Medias.jpg","thumbnail_width":1243,"thumbnail_height":829,"description":"Le d\u00e9clenchement du conflit en Ukraine a plac\u00e9 les questions de d\u00e9fense au centre de nombreuses pr\u00e9occupations : Europe de la d\u00e9fense, dimensionnement du tissu industriel de d\u00e9fense europ\u00e9en, hausse des budgets militaires, etc. Les travaux men\u00e9s par la Chaire apportent des \u00e9clairages utiles \u00e0 la bonne compr\u00e9hension de la situation, notamment sous l&rsquo;angle \u00e9conomique. [&hellip;]"}