{"id":1538,"date":"2020-04-30T10:34:43","date_gmt":"2020-04-30T10:34:43","guid":{"rendered":"https:\/\/ecodef-ihedn.fr\/?page_id=1538"},"modified":"2021-04-22T17:16:46","modified_gmt":"2021-04-22T17:16:46","slug":"medias-actualites","status":"publish","type":"page","link":"https:\/\/ecodef-ihedn.fr\/en\/medias-actualites\/","title":{"rendered":"Media"},"content":{"rendered":"<div id=\"tdi_1\" class=\"tdc-zone\"><div class=\"tdc_zone tdi_2  wpb_row td-pb-row\"  >\n<style scoped>\n\/* custom css - generated by TagDiv Composer *\/\n\n\/* custom css - generated by TagDiv Composer *\/\n.tdi_2{\r\n                    min-height: 0;\r\n                }\n<\/style><div id=\"tdi_3\" class=\"tdc-row\"><div class=\"vc_row tdi_4  wpb_row td-pb-row\" >\n<style scoped>\n\/* custom css - generated by TagDiv Composer *\/\n\n\/* custom css - generated by TagDiv Composer *\/\n.tdi_4,\r\n                .tdi_4 .tdc-columns{\r\n                    min-height: 0;\r\n                }.tdi_4,\r\n\t\t\t\t.tdi_4 .tdc-columns{\r\n\t\t\t\t    display: block;\r\n\t\t\t\t}.tdi_4 .tdc-columns{\r\n\t\t\t\t    width: 100%;\r\n\t\t\t\t}.tdi_4:before,\r\n\t\t\t\t.tdi_4:after{\r\n\t\t\t\t    display: table;\r\n\t\t\t\t}\n<\/style><div class=\"vc_column tdi_6  wpb_column vc_column_container tdc-column td-pb-span12\">\n<style scoped>\n\/* custom css - generated by TagDiv Composer *\/\n\n\/* custom css - generated by TagDiv Composer *\/\n.tdi_6{\r\n                    vertical-align: baseline;\r\n                }.tdi_6 > .wpb_wrapper,\r\n\t\t\t\t.tdi_6 > .wpb_wrapper > .tdc-elements{\r\n\t\t\t\t    display: block;\r\n\t\t\t\t}.tdi_6 > .wpb_wrapper > .tdc-elements{\r\n\t\t\t\t    width: 100%;\r\n\t\t\t\t}.tdi_6 > .wpb_wrapper > .vc_row_inner{\r\n\t\t\t\t    width: auto;\r\n\t\t\t\t}.tdi_6 > .wpb_wrapper{\r\n\t\t\t\t    width: auto;\r\n\t\t\t\t    height: auto;\r\n\t\t\t\t}\n<\/style><div class=\"wpb_wrapper\" ><div class=\"vc_row_inner tdi_8  vc_row vc_inner wpb_row td-pb-row\" >\n<style scoped>\n\/* custom css - generated by TagDiv Composer *\/\n\n\/* custom css - generated by TagDiv Composer *\/\n.tdi_8{\r\n                    position: relative !important;\r\n                    top: 0;\r\n                    transform: none;\r\n                    -webkit-transform: none;\r\n                }.tdi_8,\r\n\t\t\t\t.tdi_8 .tdc-inner-columns{\r\n\t\t\t\t    display: block;\r\n\t\t\t\t}.tdi_8 .tdc-inner-columns{\r\n\t\t\t\t    width: 100%;\r\n\t\t\t\t}\n<\/style><div class=\"vc_column_inner tdi_10  wpb_column vc_column_container tdc-inner-column td-pb-span12\">\n<style scoped>\n\/* custom css - generated by TagDiv Composer *\/\n\n\/* custom css - generated by TagDiv Composer *\/\n.tdi_10{\r\n                    vertical-align: baseline;\r\n                }.tdi_10 .vc_column-inner > .wpb_wrapper,\r\n\t\t\t\t.tdi_10 .vc_column-inner > .wpb_wrapper .tdc-elements{\r\n\t\t\t\t    display: block;\r\n\t\t\t\t}.tdi_10 .vc_column-inner > .wpb_wrapper .tdc-elements{\r\n\t\t\t\t    width: 100%;\r\n\t\t\t\t}\n<\/style><div class=\"vc_column-inner\"><div class=\"wpb_wrapper\" ><div class=\"td_block_wrap td_block_title tdi_11 td-pb-border-top td_block_template_5 td-fix-index\"  data-td-block-uid=\"tdi_11\" >\n<style>\n.td_block_template_5 .td-block-title {\r\n                font-size: 16px;\r\n                font-weight: 500;\r\n                margin-top: 0;\r\n                margin-bottom: 26px;\r\n                line-height: 25px;\r\n                color: var(--td_text_header_color, #000);\r\n                text-align: left;\r\n            }\r\n            .td_block_template_5 .td-block-title > * {\r\n                padding: 0 12px;\r\n                border-width: 0 0 0 4px;\r\n                border-style: solid;\r\n                border-color: var(--td_header_color, var(--td_theme_color, #4db2ec));\r\n            }\r\n            .td_block_template_5 .td-subcat-filter,\r\n            .td_block_template_5 .td-subcat-dropdown {\r\n                line-height: 25px;\r\n            }\r\n            @media (max-width: 767px) {\r\n                .td_block_template_5 .td-related-title a {\r\n                    font-size: 15px;\r\n                }\r\n            }\r\n            .td_block_template_5 .td-related-title:last-child {\r\n                border: none;\r\n            }\r\n            .td_block_template_5 .td-related-title .td-cur-simple-item {\r\n                color: var(--td_theme_color, #4db2ec);\r\n            }\r\n            \r\n\r\n            \r\n            .td-theme-wrap .tdi_11 .td-pulldown-filter-link:hover,\r\n            .td-theme-wrap .tdi_11 .td-subcat-item a:hover,\r\n            .td-theme-wrap .tdi_11 .td-subcat-item .td-cur-simple-item,\r\n            .td-theme-wrap .tdi_11 .td-subcat-dropdown:hover .td-subcat-more span,\r\n            .td-theme-wrap .tdi_11 .td-subcat-dropdown:hover .td-subcat-more i {\r\n                color: #dd3333;\r\n            }\r\n\r\n            .td-theme-wrap .tdi_11 .td-block-title > * {\r\n                border-color: #dd3333;\r\n            }\r\n\r\n            \r\n            .td-theme-wrap .tdi_11 .td_module_wrap:hover .entry-title a,\r\n            .td-theme-wrap .tdi_11 .td_quote_on_blocks,\r\n            .td-theme-wrap .tdi_11 .td-opacity-cat .td-post-category:hover,\r\n            .td-theme-wrap .tdi_11 .td-opacity-read .td-read-more a:hover,\r\n            .td-theme-wrap .tdi_11 .td-opacity-author .td-post-author-name a:hover,\r\n            .td-theme-wrap .tdi_11 .td-instagram-user a {\r\n                color: #dd3333;\r\n            }\r\n\r\n            .td-theme-wrap .tdi_11 .td-next-prev-wrap a:hover,\r\n            .td-theme-wrap .tdi_11 .td-load-more-wrap a:hover {\r\n                background-color: #dd3333;\r\n                border-color: #dd3333;\r\n            }\r\n\r\n            .td-theme-wrap .tdi_11 .td-read-more a,\r\n            .td-theme-wrap .tdi_11 .td-weather-information:before,\r\n            .td-theme-wrap .tdi_11 .td-weather-week:before,\r\n            .td-theme-wrap .tdi_11 .td-exchange-header:before,\r\n            .td-theme-wrap .td-footer-wrapper .tdi_11 .td-post-category,\r\n            .td-theme-wrap .tdi_11 .td-post-category:hover {\r\n                background-color: #dd3333;\r\n            }\n<\/style>\n<style>\n\/* custom css - generated by TagDiv Composer *\/\nbody .tdi_11 .td-block-title a,\r\n\t\t\t\tbody .tdi_11 .td-block-title span{\r\n\t\t\t\t\tfont-family:Cabin !important;\r\n\t\t\t\t}\n<\/style><div class=\"td-block-title-wrap\"><h4 class=\"td-block-title\"><span class=\"td-pulldown-size\">MEDIA<\/span><\/h4><\/div><\/div><\/div><\/div><\/div><\/div><\/div><\/div><\/div><\/div><div id=\"tdi_12\" class=\"tdc-row\"><div class=\"vc_row tdi_13  wpb_row td-pb-row\" >\n<style scoped>\n\/* custom css - generated by TagDiv Composer *\/\n\n\/* custom css - generated by TagDiv Composer *\/\n.tdi_13,\r\n                .tdi_13 .tdc-columns{\r\n                    min-height: 0;\r\n                }.tdi_13,\r\n\t\t\t\t.tdi_13 .tdc-columns{\r\n\t\t\t\t    display: block;\r\n\t\t\t\t}.tdi_13 .tdc-columns{\r\n\t\t\t\t    width: 100%;\r\n\t\t\t\t}.tdi_13:before,\r\n\t\t\t\t.tdi_13:after{\r\n\t\t\t\t    display: table;\r\n\t\t\t\t}\n<\/style><div class=\"vc_column tdi_15  wpb_column vc_column_container tdc-column td-pb-span12\">\n<style scoped>\n\/* custom css - generated by TagDiv Composer *\/\n\n\/* custom css - generated by TagDiv Composer *\/\n.tdi_15{\r\n                    vertical-align: baseline;\r\n                }.tdi_15 > .wpb_wrapper,\r\n\t\t\t\t.tdi_15 > .wpb_wrapper > .tdc-elements{\r\n\t\t\t\t    display: block;\r\n\t\t\t\t}.tdi_15 > .wpb_wrapper > .tdc-elements{\r\n\t\t\t\t    width: 100%;\r\n\t\t\t\t}.tdi_15 > .wpb_wrapper > .vc_row_inner{\r\n\t\t\t\t    width: auto;\r\n\t\t\t\t}.tdi_15 > .wpb_wrapper{\r\n\t\t\t\t    width: auto;\r\n\t\t\t\t    height: auto;\r\n\t\t\t\t}\n<\/style><div class=\"wpb_wrapper\" ><div class=\"td_block_wrap td_block_12 tdi_16 td_with_ajax_pagination td-pb-border-top td_block_template_5 td-column-3\"  data-td-block-uid=\"tdi_16\" ><script>var block_tdi_16 = new tdBlock();\nblock_tdi_16.id = \"tdi_16\";\nblock_tdi_16.atts = '{\"m11_el\":\"50\",\"category_id\":\"358\",\"limit\":\"10\",\"ajax_pagination\":\"infinite\",\"block_type\":\"td_block_12\",\"separator\":\"\",\"custom_title\":\"\",\"custom_url\":\"\",\"block_template_id\":\"\",\"m11_tl\":\"\",\"post_ids\":\"\",\"taxonomies\":\"\",\"category_ids\":\"\",\"in_all_terms\":\"\",\"tag_slug\":\"\",\"autors_id\":\"\",\"installed_post_types\":\"\",\"include_cf_posts\":\"\",\"exclude_cf_posts\":\"\",\"sort\":\"\",\"popular_by_date\":\"\",\"linked_posts\":\"\",\"favourite_only\":\"\",\"offset\":\"\",\"open_in_new_window\":\"\",\"show_modified_date\":\"\",\"time_ago\":\"\",\"time_ago_add_txt\":\"ago\",\"time_ago_txt_pos\":\"\",\"review_source\":\"\",\"el_class\":\"\",\"td_ajax_filter_type\":\"\",\"td_ajax_filter_ids\":\"\",\"td_filter_default_txt\":\"All\",\"td_ajax_preloading\":\"\",\"f_header_font_header\":\"\",\"f_header_font_title\":\"Block header\",\"f_header_font_settings\":\"\",\"f_header_font_family\":\"\",\"f_header_font_size\":\"\",\"f_header_font_line_height\":\"\",\"f_header_font_style\":\"\",\"f_header_font_weight\":\"\",\"f_header_font_transform\":\"\",\"f_header_font_spacing\":\"\",\"f_header_\":\"\",\"f_ajax_font_title\":\"Ajax categories\",\"f_ajax_font_settings\":\"\",\"f_ajax_font_family\":\"\",\"f_ajax_font_size\":\"\",\"f_ajax_font_line_height\":\"\",\"f_ajax_font_style\":\"\",\"f_ajax_font_weight\":\"\",\"f_ajax_font_transform\":\"\",\"f_ajax_font_spacing\":\"\",\"f_ajax_\":\"\",\"f_more_font_title\":\"Load more button\",\"f_more_font_settings\":\"\",\"f_more_font_family\":\"\",\"f_more_font_size\":\"\",\"f_more_font_line_height\":\"\",\"f_more_font_style\":\"\",\"f_more_font_weight\":\"\",\"f_more_font_transform\":\"\",\"f_more_font_spacing\":\"\",\"f_more_\":\"\",\"m11f_title_font_header\":\"\",\"m11f_title_font_title\":\"Article title\",\"m11f_title_font_settings\":\"\",\"m11f_title_font_family\":\"\",\"m11f_title_font_size\":\"\",\"m11f_title_font_line_height\":\"\",\"m11f_title_font_style\":\"\",\"m11f_title_font_weight\":\"\",\"m11f_title_font_transform\":\"\",\"m11f_title_font_spacing\":\"\",\"m11f_title_\":\"\",\"m11f_cat_font_title\":\"Article category tag\",\"m11f_cat_font_settings\":\"\",\"m11f_cat_font_family\":\"\",\"m11f_cat_font_size\":\"\",\"m11f_cat_font_line_height\":\"\",\"m11f_cat_font_style\":\"\",\"m11f_cat_font_weight\":\"\",\"m11f_cat_font_transform\":\"\",\"m11f_cat_font_spacing\":\"\",\"m11f_cat_\":\"\",\"m11f_meta_font_title\":\"Article meta info\",\"m11f_meta_font_settings\":\"\",\"m11f_meta_font_family\":\"\",\"m11f_meta_font_size\":\"\",\"m11f_meta_font_line_height\":\"\",\"m11f_meta_font_style\":\"\",\"m11f_meta_font_weight\":\"\",\"m11f_meta_font_transform\":\"\",\"m11f_meta_font_spacing\":\"\",\"m11f_meta_\":\"\",\"m11f_ex_font_title\":\"Article excerpt\",\"m11f_ex_font_settings\":\"\",\"m11f_ex_font_family\":\"\",\"m11f_ex_font_size\":\"\",\"m11f_ex_font_line_height\":\"\",\"m11f_ex_font_style\":\"\",\"m11f_ex_font_weight\":\"\",\"m11f_ex_font_transform\":\"\",\"m11f_ex_font_spacing\":\"\",\"m11f_ex_\":\"\",\"m11f_btn_font_title\":\"Article read more button\",\"m11f_btn_font_settings\":\"\",\"m11f_btn_font_family\":\"\",\"m11f_btn_font_size\":\"\",\"m11f_btn_font_line_height\":\"\",\"m11f_btn_font_style\":\"\",\"m11f_btn_font_weight\":\"\",\"m11f_btn_font_transform\":\"\",\"m11f_btn_font_spacing\":\"\",\"m11f_btn_\":\"\",\"ajax_pagination_next_prev_swipe\":\"\",\"ajax_pagination_infinite_stop\":\"\",\"css\":\"\",\"tdc_css\":\"\",\"td_column_number\":3,\"header_color\":\"\",\"color_preset\":\"\",\"border_top\":\"\",\"class\":\"tdi_16\",\"tdc_css_class\":\"tdi_16\",\"tdc_css_class_style\":\"tdi_16_rand_style\"}';\nblock_tdi_16.td_column_number = \"3\";\nblock_tdi_16.block_type = \"td_block_12\";\nblock_tdi_16.post_count = \"10\";\nblock_tdi_16.found_posts = \"43\";\nblock_tdi_16.header_color = \"\";\nblock_tdi_16.ajax_pagination_infinite_stop = \"\";\nblock_tdi_16.max_num_pages = \"5\";\ntdBlocksArray.push(block_tdi_16);\n<\/script><div class=\"td-block-title-wrap\"><\/div><div id=\"tdi_16\" class=\"td_block_inner\">\n\n\t<div class=\"td-block-span12\">\n\r\n        <div class=\"td_module_11 td_module_wrap td-animation-stack\">\r\n            <div class=\"td-module-thumb\"><a href=\"https:\/\/ecodef-ihedn.fr\/en\/armees-la-france-assez-puissante-julien-malizard-sur-france-24\/\"  rel=\"bookmark\" class=\"td-image-wrap\" title=\"\u00abArmed forces: is France powerful enough? Julien Malizard on France 24\" ><img loading=\"lazy\" decoding=\"async\" class=\"entry-thumb\" src=\"data:image\/png;base64,iVBORw0KGgoAAAANSUhEUgAAAUQAAADrAQMAAAArGX0KAAAAA1BMVEWurq51dlI4AAAAAXRSTlMmkutdmwAAACBJREFUaN7twTEBAAAAwiD7pzbEXmAAAAAAAAAAAACQHSaOAAGSp1GBAAAAAElFTkSuQmCC\" alt=\"\" title=\"\u00abArmed forces: is France powerful enough? Julien Malizard on France 24\" data-type=\"image_tag\" data-img-url=\"https:\/\/ecodef-ihedn.fr\/wp-content\/uploads\/2025\/07\/Capture-decran-2025-07-16-154759-7-5-324x235.png\" data-img-retina-url=\"https:\/\/ecodef-ihedn.fr\/wp-content\/uploads\/2025\/07\/Capture-decran-2025-07-16-154759-7-5-648x470.png\" width=\"324\" height=\"235\" \/><\/a><\/div>\r\n            <div class=\"item-details\">\r\n                <h3 class=\"entry-title td-module-title\"><a href=\"https:\/\/ecodef-ihedn.fr\/en\/armees-la-france-assez-puissante-julien-malizard-sur-france-24\/\"  rel=\"bookmark\" title=\"\u00abArmed forces: is France powerful enough? Julien Malizard on France 24\">\u00abArmed forces: is France powerful enough? Julien Malizard on France 24<\/a><\/h3>\r\n                <div class=\"td-module-meta-info\">\r\n                                        <span class=\"td-post-author-name\"><a href=\"https:\/\/ecodef-ihedn.fr\/en\/author\/bertrand\/\">Bertrand Demandre<\/a> <span>-<\/span> <\/span>                    <span class=\"td-post-date\"><time class=\"entry-date updated td-module-date\" datetime=\"2025-07-16T13:26:25+00:00\" >16 July 2025<\/time><\/span>                    <span class=\"td-module-comments\"><a href=\"https:\/\/ecodef-ihedn.fr\/en\/armees-la-france-assez-puissante-julien-malizard-sur-france-24\/#respond\">0<\/a><\/span>                <\/div>\r\n\r\n                <div class=\"td-excerpt\">\r\n                    Julien Malizard, holder of the Chair, was one of the guests on France 24\"s \"Le D\u00e9bat\" programme on Monday 14 July 2025.\r\n\r\nThe programme was devoted to the outcome and prospects of the French President's 13 July speech, and also featured :\r\n\r\n\r\n \tPatricia All\u00e9moni\u00e8re, senior reporter\r\n \t\r\nJean-Louis Thi\u00e9riot, Member of...                <\/div>\r\n\r\n                <div class=\"td-read-more\">\r\n                    <a href=\"https:\/\/ecodef-ihedn.fr\/en\/armees-la-france-assez-puissante-julien-malizard-sur-france-24\/\">Read more<\/a>\r\n                <\/div>\r\n            <\/div>\r\n\r\n        <\/div>\r\n\r\n        \n\t<\/div> <!-- .\/td-block-span12 -->\n\n\t<div class=\"td-block-span12\">\n\r\n        <div class=\"td_module_11 td_module_wrap td-animation-stack\">\r\n            <div class=\"td-module-thumb\"><a href=\"https:\/\/ecodef-ihedn.fr\/en\/rearmement-europe-julien-malizard-podcast-academ\/\"  rel=\"bookmark\" class=\"td-image-wrap\" title=\"\u00abLe r\u00e9armement de l&#039;Europe\u00bb Julien Malizard guest on ACADEM podcast\" ><img loading=\"lazy\" decoding=\"async\" class=\"entry-thumb\" src=\"data:image\/png;base64,iVBORw0KGgoAAAANSUhEUgAAAUQAAADrAQMAAAArGX0KAAAAA1BMVEWurq51dlI4AAAAAXRSTlMmkutdmwAAACBJREFUaN7twTEBAAAAwiD7pzbEXmAAAAAAAAAAAACQHSaOAAGSp1GBAAAAAElFTkSuQmCC\" alt=\"\" title=\"\u00abLe r\u00e9armement de l&#039;Europe\u00bb Julien Malizard guest on ACADEM podcast\" data-type=\"image_tag\" data-img-url=\"https:\/\/ecodef-ihedn.fr\/wp-content\/uploads\/2025\/05\/le-rearmement-de-leurope-pensez-strategique.jpg.546cc680123b6d5bbe2a421095fb8706-7-5-324x235.jpg\" data-img-retina-url=\"https:\/\/ecodef-ihedn.fr\/wp-content\/uploads\/2025\/05\/le-rearmement-de-leurope-pensez-strategique.jpg.546cc680123b6d5bbe2a421095fb8706-7-5-648x470.jpg\" width=\"324\" height=\"235\" \/><\/a><\/div>\r\n            <div class=\"item-details\">\r\n                <h3 class=\"entry-title td-module-title\"><a href=\"https:\/\/ecodef-ihedn.fr\/en\/rearmement-europe-julien-malizard-podcast-academ\/\"  rel=\"bookmark\" title=\"\u00abLe r\u00e9armement de l&#039;Europe\u00bb Julien Malizard guest on ACADEM podcast\">\u00abLe r\u00e9armement de l'Europe\u00bb Julien Malizard guest on ACADEM podcast<\/a><\/h3>\r\n                <div class=\"td-module-meta-info\">\r\n                                        <span class=\"td-post-author-name\"><a href=\"https:\/\/ecodef-ihedn.fr\/en\/author\/bertrand\/\">Bertrand Demandre<\/a> <span>-<\/span> <\/span>                    <span class=\"td-post-date\"><time class=\"entry-date updated td-module-date\" datetime=\"2025-05-13T07:27:24+00:00\" >13 May 2025<\/time><\/span>                    <span class=\"td-module-comments\"><a href=\"https:\/\/ecodef-ihedn.fr\/en\/rearmement-europe-julien-malizard-podcast-academ\/#respond\">0<\/a><\/span>                <\/div>\r\n\r\n                <div class=\"td-excerpt\">\r\n                    Julien Malizard, Chairholder, was the guest on the 15th episode of Pensez strat\u00e9gique, the podcast of the Defence Academy of the \u00c9cole militaire (ACADEM), on Tuesday 9 May 2025.\r\nHosted by Daniel Desesquelle, the programme focused on the rearmament of Europe and France's position...                <\/div>\r\n\r\n                <div class=\"td-read-more\">\r\n                    <a href=\"https:\/\/ecodef-ihedn.fr\/en\/rearmement-europe-julien-malizard-podcast-academ\/\">Read more<\/a>\r\n                <\/div>\r\n            <\/div>\r\n\r\n        <\/div>\r\n\r\n        \n\t<\/div> <!-- .\/td-block-span12 -->\n\n\t<div class=\"td-block-span12\">\n\r\n        <div class=\"td_module_11 td_module_wrap td-animation-stack\">\r\n            <div class=\"td-module-thumb\"><a href=\"https:\/\/ecodef-ihedn.fr\/en\/industrie-militaire-a-bergerac-on-reinvente-la-poudre-julien-malizard-sur-france-culture\/\"  rel=\"bookmark\" class=\"td-image-wrap\" title=\"\u00abMilitary industry: Bergerac reinvents gunpowder\u00bb Julien Malizard on France Culture\" ><img loading=\"lazy\" decoding=\"async\" class=\"entry-thumb\" src=\"data:image\/png;base64,iVBORw0KGgoAAAANSUhEUgAAAUQAAADrAQMAAAArGX0KAAAAA1BMVEWurq51dlI4AAAAAXRSTlMmkutdmwAAACBJREFUaN7twTEBAAAAwiD7pzbEXmAAAAAAAAAAAACQHSaOAAGSp1GBAAAAAElFTkSuQmCC\" alt=\"\" title=\"\u00abMilitary industry: Bergerac reinvents gunpowder\u00bb Julien Malizard on France Culture\" data-type=\"image_tag\" data-img-url=\"https:\/\/ecodef-ihedn.fr\/wp-content\/uploads\/2024\/10\/France-culture-entendez-vous-leco-2024-7-5-324x235.png\" data-img-retina-url=\"https:\/\/ecodef-ihedn.fr\/wp-content\/uploads\/2024\/10\/France-culture-entendez-vous-leco-2024-7-5.png\" width=\"324\" height=\"235\" \/><\/a><\/div>\r\n            <div class=\"item-details\">\r\n                <h3 class=\"entry-title td-module-title\"><a href=\"https:\/\/ecodef-ihedn.fr\/en\/industrie-militaire-a-bergerac-on-reinvente-la-poudre-julien-malizard-sur-france-culture\/\"  rel=\"bookmark\" title=\"\u00abMilitary industry: Bergerac reinvents gunpowder\u00bb Julien Malizard on France Culture\">\u00abMilitary industry: Bergerac reinvents gunpowder\u00bb Julien Malizard on France Culture<\/a><\/h3>\r\n                <div class=\"td-module-meta-info\">\r\n                                        <span class=\"td-post-author-name\"><a href=\"https:\/\/ecodef-ihedn.fr\/en\/author\/bertrand\/\">Bertrand Demandre<\/a> <span>-<\/span> <\/span>                    <span class=\"td-post-date\"><time class=\"entry-date updated td-module-date\" datetime=\"2024-10-29T19:08:25+00:00\" >29 October 2024<\/time><\/span>                    <span class=\"td-module-comments\"><a href=\"https:\/\/ecodef-ihedn.fr\/en\/industrie-militaire-a-bergerac-on-reinvente-la-poudre-julien-malizard-sur-france-culture\/#respond\">0<\/a><\/span>                <\/div>\r\n\r\n                <div class=\"td-excerpt\">\r\n                    Julien Malizard, Chairholder, was one of Tiphaine de Rocquigny's guests on \"Entendez-vous l'\u00e9co?\" on France Culture on Tuesday 29 October.\r\n\r\nJulien Malizard was a guest on France Culture's \u00abEntendez-vous l'\u00e9co?\u00bb programme on Tuesday 29 October.\r\nHosted by Aliette Hovine, the programme was...                <\/div>\r\n\r\n                <div class=\"td-read-more\">\r\n                    <a href=\"https:\/\/ecodef-ihedn.fr\/en\/industrie-militaire-a-bergerac-on-reinvente-la-poudre-julien-malizard-sur-france-culture\/\">Read more<\/a>\r\n                <\/div>\r\n            <\/div>\r\n\r\n        <\/div>\r\n\r\n        \n\t<\/div> <!-- .\/td-block-span12 -->\n\n\t<div class=\"td-block-span12\">\n\r\n        <div class=\"td_module_11 td_module_wrap td-animation-stack\">\r\n            <div class=\"td-module-thumb\"><a href=\"https:\/\/ecodef-ihedn.fr\/en\/industrie-de-larmement-une-performance-sous-perfusion-julien-malizard-sur-france-culture\/\"  rel=\"bookmark\" class=\"td-image-wrap\" title=\"\u00abThe arms industry: performance on a drip? Julien Malizard on France Culture\" ><img loading=\"lazy\" decoding=\"async\" class=\"entry-thumb\" src=\"data:image\/png;base64,iVBORw0KGgoAAAANSUhEUgAAAUQAAADrAQMAAAArGX0KAAAAA1BMVEWurq51dlI4AAAAAXRSTlMmkutdmwAAACBJREFUaN7twTEBAAAAwiD7pzbEXmAAAAAAAAAAAACQHSaOAAGSp1GBAAAAAElFTkSuQmCC\" alt=\"\" title=\"\u00abThe arms industry: performance on a drip? Julien Malizard on France Culture\" data-type=\"image_tag\" data-img-url=\"https:\/\/ecodef-ihedn.fr\/wp-content\/uploads\/2024\/05\/400x400_entendez-vous-l-eco-7-5-324x235.jpg\" data-img-retina-url=\"https:\/\/ecodef-ihedn.fr\/wp-content\/uploads\/2024\/05\/400x400_entendez-vous-l-eco-7-5.jpg\" width=\"324\" height=\"235\" \/><\/a><\/div>\r\n            <div class=\"item-details\">\r\n                <h3 class=\"entry-title td-module-title\"><a href=\"https:\/\/ecodef-ihedn.fr\/en\/industrie-de-larmement-une-performance-sous-perfusion-julien-malizard-sur-france-culture\/\"  rel=\"bookmark\" title=\"\u00abThe arms industry: performance on a drip? Julien Malizard on France Culture\">\u00abThe arms industry: performance on a drip? Julien Malizard on France Culture<\/a><\/h3>\r\n                <div class=\"td-module-meta-info\">\r\n                                        <span class=\"td-post-author-name\"><a href=\"https:\/\/ecodef-ihedn.fr\/en\/author\/bertrand\/\">Bertrand Demandre<\/a> <span>-<\/span> <\/span>                    <span class=\"td-post-date\"><time class=\"entry-date updated td-module-date\" datetime=\"2024-03-15T17:20:48+00:00\" >15 March 2024<\/time><\/span>                    <span class=\"td-module-comments\"><a href=\"https:\/\/ecodef-ihedn.fr\/en\/industrie-de-larmement-une-performance-sous-perfusion-julien-malizard-sur-france-culture\/#respond\">0<\/a><\/span>                <\/div>\r\n\r\n                <div class=\"td-excerpt\">\r\n                    Julien Malizard, Deputy Chairholder, was one of Tiphaine de Rocquigny's guests on \"Entendez-vous l'\u00e9co?\" on France Culture on Friday 15 March.\r\n\r\nEntitled \"Industrie de l'armement : une performance sous perfusion ?\", the programme featured contributions from Julien Malizard and Catherine Hoeffler, Professor...                <\/div>\r\n\r\n                <div class=\"td-read-more\">\r\n                    <a href=\"https:\/\/ecodef-ihedn.fr\/en\/industrie-de-larmement-une-performance-sous-perfusion-julien-malizard-sur-france-culture\/\">Read more<\/a>\r\n                <\/div>\r\n            <\/div>\r\n\r\n        <\/div>\r\n\r\n        \n\t<\/div> <!-- .\/td-block-span12 -->\n\n\t<div class=\"td-block-span12\">\n\r\n        <div class=\"td_module_11 td_module_wrap td-animation-stack\">\r\n            <div class=\"td-module-thumb\"><a href=\"https:\/\/ecodef-ihedn.fr\/en\/ukraine-deux-ans-de-guerre-en-europe-julien-malizard-invite-de-pensez-strategique-podcast-de-lacadem\/\"  rel=\"bookmark\" class=\"td-image-wrap\" title=\"\u00abUkraine: two years of war in Europe\u00bb Julien Malizard guest on Pensez strat\u00e9gique, ACADEM podcast\" ><img loading=\"lazy\" decoding=\"async\" class=\"entry-thumb\" src=\"data:image\/png;base64,iVBORw0KGgoAAAANSUhEUgAAAUQAAADrAQMAAAArGX0KAAAAA1BMVEWurq51dlI4AAAAAXRSTlMmkutdmwAAACBJREFUaN7twTEBAAAAwiD7pzbEXmAAAAAAAAAAAACQHSaOAAGSp1GBAAAAAElFTkSuQmCC\" alt=\"\" title=\"\u00abUkraine: two years of war in Europe\u00bb Julien Malizard guest on Pensez strat\u00e9gique, ACADEM podcast\" data-type=\"image_tag\" data-img-url=\"https:\/\/ecodef-ihedn.fr\/wp-content\/uploads\/2024\/05\/pensez-strategique-ACADEM-7-5-324x235.jpg\" data-img-retina-url=\"https:\/\/ecodef-ihedn.fr\/wp-content\/uploads\/2024\/05\/pensez-strategique-ACADEM-7-5-648x470.jpg\" width=\"324\" height=\"235\" \/><\/a><\/div>\r\n            <div class=\"item-details\">\r\n                <h3 class=\"entry-title td-module-title\"><a href=\"https:\/\/ecodef-ihedn.fr\/en\/ukraine-deux-ans-de-guerre-en-europe-julien-malizard-invite-de-pensez-strategique-podcast-de-lacadem\/\"  rel=\"bookmark\" title=\"\u00abUkraine: two years of war in Europe\u00bb Julien Malizard guest on Pensez strat\u00e9gique, ACADEM podcast\">\u00abUkraine: two years of war in Europe\u00bb Julien Malizard guest on Pensez strat\u00e9gique,...<\/a><\/h3>\r\n                <div class=\"td-module-meta-info\">\r\n                                        <span class=\"td-post-author-name\"><a href=\"https:\/\/ecodef-ihedn.fr\/en\/author\/bertrand\/\">Bertrand Demandre<\/a> <span>-<\/span> <\/span>                    <span class=\"td-post-date\"><time class=\"entry-date updated td-module-date\" datetime=\"2024-02-22T19:05:48+00:00\" >22 February 2024<\/time><\/span>                    <span class=\"td-module-comments\"><a href=\"https:\/\/ecodef-ihedn.fr\/en\/ukraine-deux-ans-de-guerre-en-europe-julien-malizard-invite-de-pensez-strategique-podcast-de-lacadem\/#respond\">0<\/a><\/span>                <\/div>\r\n\r\n                <div class=\"td-excerpt\">\r\n                    Julien Malizard, Deputy Holder of the Chair, was the guest on the third edition of Pensez Strat\u00e9gique, the podcast of the Acad\u00e9mie de d\u00e9fense de l'\u00c9cole militaire (ACADEM).\r\n \r\n\r\n\r\n\r\nDaniel Desesquelle and his three guests analyse the consequences of the deadliest conflict on our continent since the Second World War.\r\n\r\nBetween the...                <\/div>\r\n\r\n                <div class=\"td-read-more\">\r\n                    <a href=\"https:\/\/ecodef-ihedn.fr\/en\/ukraine-deux-ans-de-guerre-en-europe-julien-malizard-invite-de-pensez-strategique-podcast-de-lacadem\/\">Read more<\/a>\r\n                <\/div>\r\n            <\/div>\r\n\r\n        <\/div>\r\n\r\n        \n\t<\/div> <!-- .\/td-block-span12 -->\n\n\t<div class=\"td-block-span12\">\n\r\n        <div class=\"td_module_11 td_module_wrap td-animation-stack\">\r\n            <div class=\"td-module-thumb\"><a href=\"https:\/\/ecodef-ihedn.fr\/en\/comment-la-guerre-en-ukraine-redessine-les-flux-du-rearmement-mondial-contribution-de-la-chaire-a-une-enquete-du-monde\/\"  rel=\"bookmark\" class=\"td-image-wrap\" title=\"\u00abHow the war in Ukraine is redrawing the flows of global rearmament\u00bb: the Chair&#039;s contribution to an investigation by Le Monde\" ><img loading=\"lazy\" decoding=\"async\" class=\"entry-thumb\" src=\"data:image\/png;base64,iVBORw0KGgoAAAANSUhEUgAAAUQAAADrAQMAAAArGX0KAAAAA1BMVEWurq51dlI4AAAAAXRSTlMmkutdmwAAACBJREFUaN7twTEBAAAAwiD7pzbEXmAAAAAAAAAAAACQHSaOAAGSp1GBAAAAAElFTkSuQmCC\" alt=\"\" title=\"\u00abHow the war in Ukraine is redrawing the flows of global rearmament\u00bb: the Chair&#039;s contribution to an investigation by Le Monde\" data-type=\"image_tag\" data-img-url=\"https:\/\/ecodef-ihedn.fr\/wp-content\/uploads\/2023\/12\/Le-Monde-324x235.png\" data-img-retina-url=\"https:\/\/ecodef-ihedn.fr\/wp-content\/uploads\/2023\/12\/Le-Monde-648x470.png\" width=\"324\" height=\"235\" \/><\/a><\/div>\r\n            <div class=\"item-details\">\r\n                <h3 class=\"entry-title td-module-title\"><a href=\"https:\/\/ecodef-ihedn.fr\/en\/comment-la-guerre-en-ukraine-redessine-les-flux-du-rearmement-mondial-contribution-de-la-chaire-a-une-enquete-du-monde\/\"  rel=\"bookmark\" title=\"\u00abHow the war in Ukraine is redrawing the flows of global rearmament\u00bb: the Chair&#039;s contribution to an investigation by Le Monde\">\u00abHow the war in Ukraine is reshaping the flow of global rearmament\u00bb: a contribution by...<\/a><\/h3>\r\n                <div class=\"td-module-meta-info\">\r\n                                        <span class=\"td-post-author-name\"><a href=\"https:\/\/ecodef-ihedn.fr\/en\/author\/bertrand\/\">Bertrand Demandre<\/a> <span>-<\/span> <\/span>                    <span class=\"td-post-date\"><time class=\"entry-date updated td-module-date\" datetime=\"2023-11-27T16:21:08+00:00\" >27 November 2023<\/time><\/span>                    <span class=\"td-module-comments\"><a href=\"https:\/\/ecodef-ihedn.fr\/en\/comment-la-guerre-en-ukraine-redessine-les-flux-du-rearmement-mondial-contribution-de-la-chaire-a-une-enquete-du-monde\/#respond\">0<\/a><\/span>                <\/div>\r\n\r\n                <div class=\"td-excerpt\">\r\n                    On 26 November 2023, C\u00e9dric Pietralunga and \u00c9lise Vincent, a journalist with Le Monde, published an investigation into the spectacular rise in military spending around the world, and especially in Europe, since the outbreak of war in Ukraine.\r\n\r\nThey drew in particular on the work carried out by the...                <\/div>\r\n\r\n                <div class=\"td-read-more\">\r\n                    <a href=\"https:\/\/ecodef-ihedn.fr\/en\/comment-la-guerre-en-ukraine-redessine-les-flux-du-rearmement-mondial-contribution-de-la-chaire-a-une-enquete-du-monde\/\">Read more<\/a>\r\n                <\/div>\r\n            <\/div>\r\n\r\n        <\/div>\r\n\r\n        \n\t<\/div> <!-- .\/td-block-span12 -->\n\n\t<div class=\"td-block-span12\">\n\r\n        <div class=\"td_module_11 td_module_wrap td-animation-stack\">\r\n            <div class=\"td-module-thumb\"><a href=\"https:\/\/ecodef-ihedn.fr\/en\/europe-de-larmement-premiere-etape-vers-une-defense-commune-julien-malizard-sur-france-culture\/\"  rel=\"bookmark\" class=\"td-image-wrap\" title=\"\u00abArmaments Europe: the first step towards a common defence? Julien Malizard on France Culture\" ><img loading=\"lazy\" decoding=\"async\" class=\"entry-thumb\" src=\"data:image\/png;base64,iVBORw0KGgoAAAANSUhEUgAAAUQAAADrAQMAAAArGX0KAAAAA1BMVEWurq51dlI4AAAAAXRSTlMmkutdmwAAACBJREFUaN7twTEBAAAAwiD7pzbEXmAAAAAAAAAAAACQHSaOAAGSp1GBAAAAAElFTkSuQmCC\" alt=\"\" title=\"\u00abArmaments Europe: the first step towards a common defence? Julien Malizard on France Culture\" data-type=\"image_tag\" data-img-url=\"https:\/\/ecodef-ihedn.fr\/wp-content\/uploads\/2023\/07\/France-culture-magazine-du-week-end-7-5-324x235.png\" data-img-retina-url=\"https:\/\/ecodef-ihedn.fr\/wp-content\/uploads\/2023\/07\/France-culture-magazine-du-week-end-7-5-648x470.png\" width=\"324\" height=\"235\" \/><\/a><\/div>\r\n            <div class=\"item-details\">\r\n                <h3 class=\"entry-title td-module-title\"><a href=\"https:\/\/ecodef-ihedn.fr\/en\/europe-de-larmement-premiere-etape-vers-une-defense-commune-julien-malizard-sur-france-culture\/\"  rel=\"bookmark\" title=\"\u00abArmaments Europe: the first step towards a common defence? Julien Malizard on France Culture\">\u00abArmaments Europe: the first step towards a common defence? Julien Malizard on...<\/a><\/h3>\r\n                <div class=\"td-module-meta-info\">\r\n                                        <span class=\"td-post-author-name\"><a href=\"https:\/\/ecodef-ihedn.fr\/en\/author\/bertrand\/\">Bertrand Demandre<\/a> <span>-<\/span> <\/span>                    <span class=\"td-post-date\"><time class=\"entry-date updated td-module-date\" datetime=\"2023-07-11T14:38:25+00:00\" >11 July 2023<\/time><\/span>                    <span class=\"td-module-comments\"><a href=\"https:\/\/ecodef-ihedn.fr\/en\/europe-de-larmement-premiere-etape-vers-une-defense-commune-julien-malizard-sur-france-culture\/#respond\">0<\/a><\/span>                <\/div>\r\n\r\n                <div class=\"td-excerpt\">\r\n                    Julien Malizard, Deputy Chairholder, was one of Tiphaine de Rocquigny's guests on France Culture's Weekend Magazine on Sunday 9 July.\r\n\r\n\r\nFaced with the Russian threat, should the European Union develop its own defence and free itself from the protection offered by NATO?\r\n\r\nThis is the theme...                <\/div>\r\n\r\n                <div class=\"td-read-more\">\r\n                    <a href=\"https:\/\/ecodef-ihedn.fr\/en\/europe-de-larmement-premiere-etape-vers-une-defense-commune-julien-malizard-sur-france-culture\/\">Read more<\/a>\r\n                <\/div>\r\n            <\/div>\r\n\r\n        <\/div>\r\n\r\n        \n\t<\/div> <!-- .\/td-block-span12 -->\n\n\t<div class=\"td-block-span12\">\n\r\n        <div class=\"td_module_11 td_module_wrap td-animation-stack\">\r\n            <div class=\"td-module-thumb\"><a href=\"https:\/\/ecodef-ihedn.fr\/en\/une-nouvelle-lpm-pour-les-armees-pour-quoi-faire-julien-malizard-dans-le-collimateur-podcast-de-lirsem\/\"  rel=\"bookmark\" class=\"td-image-wrap\" title=\"\u00abA new LPM for the Armed Forces: what for? Julien Malizard in the Collimator, IRSEM podcast\" ><img loading=\"lazy\" decoding=\"async\" class=\"entry-thumb\" src=\"data:image\/png;base64,iVBORw0KGgoAAAANSUhEUgAAAUQAAADrAQMAAAArGX0KAAAAA1BMVEWurq51dlI4AAAAAXRSTlMmkutdmwAAACBJREFUaN7twTEBAAAAwiD7pzbEXmAAAAAAAAAAAACQHSaOAAGSp1GBAAAAAElFTkSuQmCC\" alt=\"\" title=\"\u00abA new LPM for the Armed Forces: what for? Julien Malizard in the Collimator, IRSEM podcast\" data-type=\"image_tag\" data-img-url=\"https:\/\/ecodef-ihedn.fr\/wp-content\/uploads\/2020\/04\/logo-collimateur-IRSEM-1-324x235.png\" data-img-retina-url=\"https:\/\/ecodef-ihedn.fr\/wp-content\/uploads\/2020\/04\/logo-collimateur-IRSEM-1-648x470.png\" width=\"324\" height=\"235\" \/><\/a><\/div>\r\n            <div class=\"item-details\">\r\n                <h3 class=\"entry-title td-module-title\"><a href=\"https:\/\/ecodef-ihedn.fr\/en\/une-nouvelle-lpm-pour-les-armees-pour-quoi-faire-julien-malizard-dans-le-collimateur-podcast-de-lirsem\/\"  rel=\"bookmark\" title=\"\u00abA new LPM for the Armed Forces: what for? Julien Malizard in the Collimator, IRSEM podcast\">\u00abA new LPM for the Armed Forces: what for? Julien Malizard...<\/a><\/h3>\r\n                <div class=\"td-module-meta-info\">\r\n                                        <span class=\"td-post-author-name\"><a href=\"https:\/\/ecodef-ihedn.fr\/en\/author\/bertrand\/\">Bertrand Demandre<\/a> <span>-<\/span> <\/span>                    <span class=\"td-post-date\"><time class=\"entry-date updated td-module-date\" datetime=\"2023-06-13T18:26:25+00:00\" >13 June 2023<\/time><\/span>                    <span class=\"td-module-comments\"><a href=\"https:\/\/ecodef-ihedn.fr\/en\/une-nouvelle-lpm-pour-les-armees-pour-quoi-faire-julien-malizard-dans-le-collimateur-podcast-de-lirsem\/#respond\">0<\/a><\/span>                <\/div>\r\n\r\n                <div class=\"td-excerpt\">\r\n                    \r\nJulien Malizard, deputy holder of the Chair, is the guest on the episode of the IRSEM podcast Collimateur devoted to the new military programming law (LPM).\r\n\r\n\r\n\r\n\r\n\r\n\r\n\r\nPresented by Alexandre Jubelin, the latest episode of Collimateur, the IRSEM podcast, features Julien Malizard, Deputy Chair, Elie Tenenbaum, Director of the IRSEM...                <\/div>\r\n\r\n                <div class=\"td-read-more\">\r\n                    <a href=\"https:\/\/ecodef-ihedn.fr\/en\/une-nouvelle-lpm-pour-les-armees-pour-quoi-faire-julien-malizard-dans-le-collimateur-podcast-de-lirsem\/\">Read more<\/a>\r\n                <\/div>\r\n            <\/div>\r\n\r\n        <\/div>\r\n\r\n        \n\t<\/div> <!-- .\/td-block-span12 -->\n\n\t<div class=\"td-block-span12\">\n\r\n        <div class=\"td_module_11 td_module_wrap td-animation-stack\">\r\n            <div class=\"td-module-thumb\"><a href=\"https:\/\/ecodef-ihedn.fr\/en\/les-exportations-darmement-quen-dit-la-litterature-academique-article-de-julien-malizard-dans-la-revue-defense-de-lunion-ihedn\/\"  rel=\"bookmark\" class=\"td-image-wrap\" title=\"\u00abLes exportations d&#039;armement : qu&#039;en dit la litt\u00e9rature acad\u00e9mique ?\u00bb article by Julien Malizard in the UNION-IHEDN journal D\u00e9fense.\" ><img loading=\"lazy\" decoding=\"async\" class=\"entry-thumb\" src=\"data:image\/png;base64,iVBORw0KGgoAAAANSUhEUgAAAUQAAADrAQMAAAArGX0KAAAAA1BMVEWurq51dlI4AAAAAXRSTlMmkutdmwAAACBJREFUaN7twTEBAAAAwiD7pzbEXmAAAAAAAAAAAACQHSaOAAGSp1GBAAAAAElFTkSuQmCC\" alt=\"\" title=\"\u00abLes exportations d&#039;armement : qu&#039;en dit la litt\u00e9rature acad\u00e9mique ?\u00bb article by Julien Malizard in the UNION-IHEDN journal D\u00e9fense.\" data-type=\"image_tag\" data-img-url=\"https:\/\/ecodef-ihedn.fr\/wp-content\/uploads\/2023\/05\/Defense-215-couv-7-5-324x235.jpg\" data-img-retina-url=\"https:\/\/ecodef-ihedn.fr\/wp-content\/uploads\/2023\/05\/Defense-215-couv-7-5-648x470.jpg\" width=\"324\" height=\"235\" \/><\/a><\/div>\r\n            <div class=\"item-details\">\r\n                <h3 class=\"entry-title td-module-title\"><a href=\"https:\/\/ecodef-ihedn.fr\/en\/les-exportations-darmement-quen-dit-la-litterature-academique-article-de-julien-malizard-dans-la-revue-defense-de-lunion-ihedn\/\"  rel=\"bookmark\" title=\"\u00abLes exportations d&#039;armement : qu&#039;en dit la litt\u00e9rature acad\u00e9mique ?\u00bb article by Julien Malizard in the UNION-IHEDN journal D\u00e9fense.\">\u00abLes exportations d'armement : qu'en dit la litt\u00e9rature acad\u00e9mique ?\u00bb article by Julien Malizard...<\/a><\/h3>\r\n                <div class=\"td-module-meta-info\">\r\n                                        <span class=\"td-post-author-name\"><a href=\"https:\/\/ecodef-ihedn.fr\/en\/author\/bertrand\/\">Bertrand Demandre<\/a> <span>-<\/span> <\/span>                    <span class=\"td-post-date\"><time class=\"entry-date updated td-module-date\" datetime=\"2023-05-31T09:55:23+00:00\" >31 May 2023<\/time><\/span>                    <span class=\"td-module-comments\"><a href=\"https:\/\/ecodef-ihedn.fr\/en\/les-exportations-darmement-quen-dit-la-litterature-academique-article-de-julien-malizard-dans-la-revue-defense-de-lunion-ihedn\/#respond\">0<\/a><\/span>                <\/div>\r\n\r\n                <div class=\"td-excerpt\">\r\n                    \r\n\r\nJulien Malizard contributed to the latest issue of UNION-IHEDN's Defence Review, devoted to arms exports.\r\n\r\nEntitled \"Les exportations d'armement : qu'en dit la litt\u00e9rature acad\u00e9mique ?\" (Arms exports: what does academic literature have to say about them?), Julien Malizard's article briefly presents a number of findings from scientific publications on arms exports.\r\n\r\nWhile the questions raised in the...                <\/div>\r\n\r\n                <div class=\"td-read-more\">\r\n                    <a href=\"https:\/\/ecodef-ihedn.fr\/en\/les-exportations-darmement-quen-dit-la-litterature-academique-article-de-julien-malizard-dans-la-revue-defense-de-lunion-ihedn\/\">Read more<\/a>\r\n                <\/div>\r\n            <\/div>\r\n\r\n        <\/div>\r\n\r\n        \n\t<\/div> <!-- .\/td-block-span12 -->\n\n\t<div class=\"td-block-span12\">\n\r\n        <div class=\"td_module_11 td_module_wrap td-animation-stack\">\r\n            <div class=\"td-module-thumb\"><a href=\"https:\/\/ecodef-ihedn.fr\/en\/budget-de-larmee-trop-ou-pas-assez-julien-malizard-sur-franceinfo\/\"  rel=\"bookmark\" class=\"td-image-wrap\" title=\"\u201cThe army budget: too much or too little? Julien Malizard on Franceinfo\" ><img loading=\"lazy\" decoding=\"async\" class=\"entry-thumb\" src=\"data:image\/png;base64,iVBORw0KGgoAAAANSUhEUgAAAUQAAADrAQMAAAArGX0KAAAAA1BMVEWurq51dlI4AAAAAXRSTlMmkutdmwAAACBJREFUaN7twTEBAAAAwiD7pzbEXmAAAAAAAAAAAACQHSaOAAGSp1GBAAAAAElFTkSuQmCC\" alt=\"\" title=\"\u201cThe army budget: too much or too little? Julien Malizard on Franceinfo\" data-type=\"image_tag\" data-img-url=\"https:\/\/ecodef-ihedn.fr\/wp-content\/uploads\/2023\/05\/Capture-decran-2023-05-23-173359-B-324x235.png\" data-img-retina-url=\"https:\/\/ecodef-ihedn.fr\/wp-content\/uploads\/2023\/05\/Capture-decran-2023-05-23-173359-B-648x470.png\" width=\"324\" height=\"235\" \/><\/a><\/div>\r\n            <div class=\"item-details\">\r\n                <h3 class=\"entry-title td-module-title\"><a href=\"https:\/\/ecodef-ihedn.fr\/en\/budget-de-larmee-trop-ou-pas-assez-julien-malizard-sur-franceinfo\/\"  rel=\"bookmark\" title=\"\u201cThe army budget: too much or too little? Julien Malizard on Franceinfo\">\u201cThe army budget: too much or too little? Julien Malizard on Franceinfo<\/a><\/h3>\r\n                <div class=\"td-module-meta-info\">\r\n                                        <span class=\"td-post-author-name\"><a href=\"https:\/\/ecodef-ihedn.fr\/en\/author\/bertrand\/\">Bertrand Demandre<\/a> <span>-<\/span> <\/span>                    <span class=\"td-post-date\"><time class=\"entry-date updated td-module-date\" datetime=\"2023-05-23T16:05:09+00:00\" >23 May 2023<\/time><\/span>                    <span class=\"td-module-comments\"><a href=\"https:\/\/ecodef-ihedn.fr\/en\/budget-de-larmee-trop-ou-pas-assez-julien-malizard-sur-franceinfo\/#respond\">0<\/a><\/span>                <\/div>\r\n\r\n                <div class=\"td-excerpt\">\r\n                    \r\nThe army budget: too much or too little?\r\n\r\n\r\n\r\nJulien Malizard, Deputy Chairholder, was the guest on the Franceinfo newswire on 22 May 2023, alongside General Michel Yakovleff.\r\n\r\n\r\n\r\nPresented live by Julien Benedetto, the programme focused on the issues surrounding the French Defence Programming Act...                <\/div>\r\n\r\n                <div class=\"td-read-more\">\r\n                    <a href=\"https:\/\/ecodef-ihedn.fr\/en\/budget-de-larmee-trop-ou-pas-assez-julien-malizard-sur-franceinfo\/\">Read more<\/a>\r\n                <\/div>\r\n            <\/div>\r\n\r\n        <\/div>\r\n\r\n        \n\t<\/div> <!-- .\/td-block-span12 --><\/div><div class=\"td_ajax_infinite\" id=\"next-page-tdi_16\" data-td_block_id=\"tdi_16\"> <\/div><div class=\"td-load-more-wrap td-load-more-infinite-wrap\" id=\"infinite-lm-tdi_16\"><a href=\"#\" class=\"td_ajax_load_more td_ajax_load_more_js\" aria-label=\"See more\" id=\"next-page-tdi_16\" data-td_block_id=\"tdi_16\">See more<i class=\"td-icon-font td-icon-menu-down\"><\/i><\/a><\/div><\/div> <!-- .\/block --><\/div><\/div><\/div><\/div><\/div><\/div>","protected":false},"excerpt":{"rendered":"","protected":false},"author":2,"featured_media":564,"parent":0,"menu_order":0,"comment_status":"closed","ping_status":"closed","template":"","meta":{"footnotes":""},"class_list":["post-1538","page","type-page","status-publish","has-post-thumbnail"],"yoast_head":"<!-- This site is optimized with the Yoast SEO plugin v27.4 - https:\/\/yoast.com\/product\/yoast-seo-wordpress\/ -->\n<title>M\u00e9dias - Chaire \u00c9conomie de d\u00e9fense - IHEDN<\/title>\n<meta name=\"robots\" content=\"index, follow, max-snippet:-1, max-image-preview:large, max-video-preview:-1\" \/>\n<link rel=\"canonical\" href=\"https:\/\/ecodef-ihedn.fr\/en\/medias-actualites\/\" \/>\n<meta property=\"og:locale\" content=\"en_GB\" \/>\n<meta property=\"og:type\" content=\"article\" \/>\n<meta property=\"og:title\" content=\"M\u00e9dias - Chaire \u00c9conomie de d\u00e9fense - IHEDN\" \/>\n<meta property=\"og:url\" content=\"https:\/\/ecodef-ihedn.fr\/en\/medias-actualites\/\" \/>\n<meta property=\"og:site_name\" content=\"Chaire \u00c9conomie de d\u00e9fense - IHEDN\" \/>\n<meta property=\"article:modified_time\" content=\"2021-04-22T17:16:46+00:00\" \/>\n<meta property=\"og:image\" content=\"https:\/\/ecodef-ihedn.fr\/wp-content\/uploads\/2020\/02\/ecole-militaire-paris-1.jpg\" \/>\n\t<meta property=\"og:image:width\" content=\"755\" \/>\n\t<meta property=\"og:image:height\" content=\"414\" \/>\n\t<meta property=\"og:image:type\" content=\"image\/jpeg\" \/>\n<meta name=\"twitter:card\" content=\"summary_large_image\" \/>\n<meta name=\"twitter:site\" content=\"@Chaire_Ecodef\" \/>\n<script type=\"application\/ld+json\" class=\"yoast-schema-graph\">{\"@context\":\"https:\\\/\\\/schema.org\",\"@graph\":[{\"@type\":\"WebPage\",\"@id\":\"https:\\\/\\\/ecodef-ihedn.fr\\\/medias-actualites\\\/\",\"url\":\"https:\\\/\\\/ecodef-ihedn.fr\\\/medias-actualites\\\/\",\"name\":\"M\u00e9dias - Chaire \u00c9conomie de d\u00e9fense - IHEDN\",\"isPartOf\":{\"@id\":\"https:\\\/\\\/ecodef-ihedn.fr\\\/#website\"},\"primaryImageOfPage\":{\"@id\":\"https:\\\/\\\/ecodef-ihedn.fr\\\/medias-actualites\\\/#primaryimage\"},\"image\":{\"@id\":\"https:\\\/\\\/ecodef-ihedn.fr\\\/medias-actualites\\\/#primaryimage\"},\"thumbnailUrl\":\"https:\\\/\\\/ecodef-ihedn.fr\\\/wp-content\\\/uploads\\\/2020\\\/02\\\/ecole-militaire-paris-1.jpg\",\"datePublished\":\"2020-04-30T10:34:43+00:00\",\"dateModified\":\"2021-04-22T17:16:46+00:00\",\"breadcrumb\":{\"@id\":\"https:\\\/\\\/ecodef-ihedn.fr\\\/medias-actualites\\\/#breadcrumb\"},\"inLanguage\":\"en-GB\",\"potentialAction\":[{\"@type\":\"ReadAction\",\"target\":[\"https:\\\/\\\/ecodef-ihedn.fr\\\/medias-actualites\\\/\"]}]},{\"@type\":\"ImageObject\",\"inLanguage\":\"en-GB\",\"@id\":\"https:\\\/\\\/ecodef-ihedn.fr\\\/medias-actualites\\\/#primaryimage\",\"url\":\"https:\\\/\\\/ecodef-ihedn.fr\\\/wp-content\\\/uploads\\\/2020\\\/02\\\/ecole-militaire-paris-1.jpg\",\"contentUrl\":\"https:\\\/\\\/ecodef-ihedn.fr\\\/wp-content\\\/uploads\\\/2020\\\/02\\\/ecole-militaire-paris-1.jpg\",\"width\":755,\"height\":414},{\"@type\":\"BreadcrumbList\",\"@id\":\"https:\\\/\\\/ecodef-ihedn.fr\\\/medias-actualites\\\/#breadcrumb\",\"itemListElement\":[{\"@type\":\"ListItem\",\"position\":1,\"name\":\"Accueil\",\"item\":\"https:\\\/\\\/ecodef-ihedn.fr\\\/\"},{\"@type\":\"ListItem\",\"position\":2,\"name\":\"M\u00e9dias\"}]},{\"@type\":\"WebSite\",\"@id\":\"https:\\\/\\\/ecodef-ihedn.fr\\\/#website\",\"url\":\"https:\\\/\\\/ecodef-ihedn.fr\\\/\",\"name\":\"Chaire \u00c9conomie de D\u00e9fense - IHEDN\",\"description\":\"Produire &amp; soutenir, f\u00e9d\u00e9rer &amp; diffuser, \u00eatre une interface\",\"publisher\":{\"@id\":\"https:\\\/\\\/ecodef-ihedn.fr\\\/#organization\"},\"potentialAction\":[{\"@type\":\"SearchAction\",\"target\":{\"@type\":\"EntryPoint\",\"urlTemplate\":\"https:\\\/\\\/ecodef-ihedn.fr\\\/?s={search_term_string}\"},\"query-input\":{\"@type\":\"PropertyValueSpecification\",\"valueRequired\":true,\"valueName\":\"search_term_string\"}}],\"inLanguage\":\"en-GB\"},{\"@type\":\"Organization\",\"@id\":\"https:\\\/\\\/ecodef-ihedn.fr\\\/#organization\",\"name\":\"Chaire \u00c9conomie de d\u00e9fense - IHEDN\",\"url\":\"https:\\\/\\\/ecodef-ihedn.fr\\\/\",\"logo\":{\"@type\":\"ImageObject\",\"inLanguage\":\"en-GB\",\"@id\":\"https:\\\/\\\/ecodef-ihedn.fr\\\/#\\\/schema\\\/logo\\\/image\\\/\",\"url\":\"https:\\\/\\\/ecodef-ihedn.fr\\\/wp-content\\\/uploads\\\/2020\\\/04\\\/logoEcodef9.jpg\",\"contentUrl\":\"https:\\\/\\\/ecodef-ihedn.fr\\\/wp-content\\\/uploads\\\/2020\\\/04\\\/logoEcodef9.jpg\",\"width\":410,\"height\":212,\"caption\":\"Chaire \u00c9conomie de d\u00e9fense - IHEDN\"},\"image\":{\"@id\":\"https:\\\/\\\/ecodef-ihedn.fr\\\/#\\\/schema\\\/logo\\\/image\\\/\"},\"sameAs\":[\"https:\\\/\\\/x.com\\\/Chaire_Ecodef\",\"https:\\\/\\\/www.linkedin.com\\\/company\\\/chaire-ecodef-ihedn\\\/\"]}]}<\/script>\n<!-- \/ Yoast SEO plugin. -->","yoast_head_json":{"title":"M\u00e9dias - Chaire \u00c9conomie de d\u00e9fense - IHEDN","robots":{"index":"index","follow":"follow","max-snippet":"max-snippet:-1","max-image-preview":"max-image-preview:large","max-video-preview":"max-video-preview:-1"},"canonical":"https:\/\/ecodef-ihedn.fr\/en\/medias-actualites\/","og_locale":"en_GB","og_type":"article","og_title":"M\u00e9dias - Chaire \u00c9conomie de d\u00e9fense - IHEDN","og_url":"https:\/\/ecodef-ihedn.fr\/en\/medias-actualites\/","og_site_name":"Chaire \u00c9conomie de d\u00e9fense - IHEDN","article_modified_time":"2021-04-22T17:16:46+00:00","og_image":[{"width":755,"height":414,"url":"https:\/\/ecodef-ihedn.fr\/wp-content\/uploads\/2020\/02\/ecole-militaire-paris-1.jpg","type":"image\/jpeg"}],"twitter_card":"summary_large_image","twitter_site":"@Chaire_Ecodef","schema":{"@context":"https:\/\/schema.org","@graph":[{"@type":"WebPage","@id":"https:\/\/ecodef-ihedn.fr\/medias-actualites\/","url":"https:\/\/ecodef-ihedn.fr\/medias-actualites\/","name":"M\u00e9dias - Chaire \u00c9conomie de d\u00e9fense - IHEDN","isPartOf":{"@id":"https:\/\/ecodef-ihedn.fr\/#website"},"primaryImageOfPage":{"@id":"https:\/\/ecodef-ihedn.fr\/medias-actualites\/#primaryimage"},"image":{"@id":"https:\/\/ecodef-ihedn.fr\/medias-actualites\/#primaryimage"},"thumbnailUrl":"https:\/\/ecodef-ihedn.fr\/wp-content\/uploads\/2020\/02\/ecole-militaire-paris-1.jpg","datePublished":"2020-04-30T10:34:43+00:00","dateModified":"2021-04-22T17:16:46+00:00","breadcrumb":{"@id":"https:\/\/ecodef-ihedn.fr\/medias-actualites\/#breadcrumb"},"inLanguage":"en-GB","potentialAction":[{"@type":"ReadAction","target":["https:\/\/ecodef-ihedn.fr\/medias-actualites\/"]}]},{"@type":"ImageObject","inLanguage":"en-GB","@id":"https:\/\/ecodef-ihedn.fr\/medias-actualites\/#primaryimage","url":"https:\/\/ecodef-ihedn.fr\/wp-content\/uploads\/2020\/02\/ecole-militaire-paris-1.jpg","contentUrl":"https:\/\/ecodef-ihedn.fr\/wp-content\/uploads\/2020\/02\/ecole-militaire-paris-1.jpg","width":755,"height":414},{"@type":"BreadcrumbList","@id":"https:\/\/ecodef-ihedn.fr\/medias-actualites\/#breadcrumb","itemListElement":[{"@type":"ListItem","position":1,"name":"Accueil","item":"https:\/\/ecodef-ihedn.fr\/"},{"@type":"ListItem","position":2,"name":"M\u00e9dias"}]},{"@type":"WebSite","@id":"https:\/\/ecodef-ihedn.fr\/#website","url":"https:\/\/ecodef-ihedn.fr\/","name":"Chair in Defence Economics - IHEDN","description":"Produce &amp; support, federate &amp; disseminate, act as an interface","publisher":{"@id":"https:\/\/ecodef-ihedn.fr\/#organization"},"potentialAction":[{"@type":"SearchAction","target":{"@type":"EntryPoint","urlTemplate":"https:\/\/ecodef-ihedn.fr\/?s={search_term_string}"},"query-input":{"@type":"PropertyValueSpecification","valueRequired":true,"valueName":"search_term_string"}}],"inLanguage":"en-GB"},{"@type":"Organization","@id":"https:\/\/ecodef-ihedn.fr\/#organization","name":"Chair in Defence Economics - IHEDN","url":"https:\/\/ecodef-ihedn.fr\/","logo":{"@type":"ImageObject","inLanguage":"en-GB","@id":"https:\/\/ecodef-ihedn.fr\/#\/schema\/logo\/image\/","url":"https:\/\/ecodef-ihedn.fr\/wp-content\/uploads\/2020\/04\/logoEcodef9.jpg","contentUrl":"https:\/\/ecodef-ihedn.fr\/wp-content\/uploads\/2020\/04\/logoEcodef9.jpg","width":410,"height":212,"caption":"Chaire \u00c9conomie de d\u00e9fense - IHEDN"},"image":{"@id":"https:\/\/ecodef-ihedn.fr\/#\/schema\/logo\/image\/"},"sameAs":["https:\/\/x.com\/Chaire_Ecodef","https:\/\/www.linkedin.com\/company\/chaire-ecodef-ihedn\/"]}]}},"_links":{"self":[{"href":"https:\/\/ecodef-ihedn.fr\/en\/wp-json\/wp\/v2\/pages\/1538","targetHints":{"allow":["GET"]}}],"collection":[{"href":"https:\/\/ecodef-ihedn.fr\/en\/wp-json\/wp\/v2\/pages"}],"about":[{"href":"https:\/\/ecodef-ihedn.fr\/en\/wp-json\/wp\/v2\/types\/page"}],"author":[{"embeddable":true,"href":"https:\/\/ecodef-ihedn.fr\/en\/wp-json\/wp\/v2\/users\/2"}],"replies":[{"embeddable":true,"href":"https:\/\/ecodef-ihedn.fr\/en\/wp-json\/wp\/v2\/comments?post=1538"}],"version-history":[{"count":5,"href":"https:\/\/ecodef-ihedn.fr\/en\/wp-json\/wp\/v2\/pages\/1538\/revisions"}],"predecessor-version":[{"id":3279,"href":"https:\/\/ecodef-ihedn.fr\/en\/wp-json\/wp\/v2\/pages\/1538\/revisions\/3279"}],"wp:featuredmedia":[{"embeddable":true,"href":"https:\/\/ecodef-ihedn.fr\/en\/wp-json\/wp\/v2\/media\/564"}],"wp:attachment":[{"href":"https:\/\/ecodef-ihedn.fr\/en\/wp-json\/wp\/v2\/media?parent=1538"}],"curies":[{"name":"wp","href":"https:\/\/api.w.org\/{rel}","templated":true}]}}