{"id":1907,"date":"2020-05-28T06:54:01","date_gmt":"2020-05-28T06:54:01","guid":{"rendered":"https:\/\/ecodef-ihedn.fr\/medias-actualites-copy\/"},"modified":"2021-04-22T17:18:10","modified_gmt":"2021-04-22T17:18:10","slug":"medias-actualites-copy","status":"publish","type":"page","link":"https:\/\/ecodef-ihedn.fr\/en\/medias-actualites-copy\/","title":{"rendered":"Network news"},"content":{"rendered":"<div id=\"tdi_1\" class=\"tdc-zone\"><div class=\"tdc_zone tdi_2  wpb_row td-pb-row\"  >\n<style scoped>\n\/* custom css - generated by TagDiv Composer *\/\n\n\/* custom css - generated by TagDiv Composer *\/\n.tdi_2{\r\n                    min-height: 0;\r\n                }\n<\/style><div id=\"tdi_3\" class=\"tdc-row\"><div class=\"vc_row tdi_4  wpb_row td-pb-row\" >\n<style scoped>\n\/* custom css - generated by TagDiv Composer *\/\n\n\/* custom css - generated by TagDiv Composer *\/\n.tdi_4,\r\n                .tdi_4 .tdc-columns{\r\n                    min-height: 0;\r\n                }.tdi_4,\r\n\t\t\t\t.tdi_4 .tdc-columns{\r\n\t\t\t\t    display: block;\r\n\t\t\t\t}.tdi_4 .tdc-columns{\r\n\t\t\t\t    width: 100%;\r\n\t\t\t\t}.tdi_4:before,\r\n\t\t\t\t.tdi_4:after{\r\n\t\t\t\t    display: table;\r\n\t\t\t\t}\n<\/style><div class=\"vc_column tdi_6  wpb_column vc_column_container tdc-column td-pb-span12\">\n<style scoped>\n\/* custom css - generated by TagDiv Composer *\/\n\n\/* custom css - generated by TagDiv Composer *\/\n.tdi_6{\r\n                    vertical-align: baseline;\r\n                }.tdi_6 > .wpb_wrapper,\r\n\t\t\t\t.tdi_6 > .wpb_wrapper > .tdc-elements{\r\n\t\t\t\t    display: block;\r\n\t\t\t\t}.tdi_6 > .wpb_wrapper > .tdc-elements{\r\n\t\t\t\t    width: 100%;\r\n\t\t\t\t}.tdi_6 > .wpb_wrapper > .vc_row_inner{\r\n\t\t\t\t    width: auto;\r\n\t\t\t\t}.tdi_6 > .wpb_wrapper{\r\n\t\t\t\t    width: auto;\r\n\t\t\t\t    height: auto;\r\n\t\t\t\t}\n<\/style><div class=\"wpb_wrapper\" ><div class=\"vc_row_inner tdi_8  vc_row vc_inner wpb_row td-pb-row\" >\n<style scoped>\n\/* custom css - generated by TagDiv Composer *\/\n\n\/* custom css - generated by TagDiv Composer *\/\n.tdi_8{\r\n                    position: relative !important;\r\n                    top: 0;\r\n                    transform: none;\r\n                    -webkit-transform: none;\r\n                }.tdi_8,\r\n\t\t\t\t.tdi_8 .tdc-inner-columns{\r\n\t\t\t\t    display: block;\r\n\t\t\t\t}.tdi_8 .tdc-inner-columns{\r\n\t\t\t\t    width: 100%;\r\n\t\t\t\t}\n<\/style><div class=\"vc_column_inner tdi_10  wpb_column vc_column_container tdc-inner-column td-pb-span12\">\n<style scoped>\n\/* custom css - generated by TagDiv Composer *\/\n\n\/* custom css - generated by TagDiv Composer *\/\n.tdi_10{\r\n                    vertical-align: baseline;\r\n                }.tdi_10 .vc_column-inner > .wpb_wrapper,\r\n\t\t\t\t.tdi_10 .vc_column-inner > .wpb_wrapper .tdc-elements{\r\n\t\t\t\t    display: block;\r\n\t\t\t\t}.tdi_10 .vc_column-inner > .wpb_wrapper .tdc-elements{\r\n\t\t\t\t    width: 100%;\r\n\t\t\t\t}\n<\/style><div class=\"vc_column-inner\"><div class=\"wpb_wrapper\" ><div class=\"td_block_wrap td_block_title tdi_11 td-pb-border-top td_block_template_5 td-fix-index\"  data-td-block-uid=\"tdi_11\" >\n<style>\n.td_block_template_5 .td-block-title {\r\n                font-size: 16px;\r\n                font-weight: 500;\r\n                margin-top: 0;\r\n                margin-bottom: 26px;\r\n                line-height: 25px;\r\n                color: var(--td_text_header_color, #000);\r\n                text-align: left;\r\n            }\r\n            .td_block_template_5 .td-block-title > * {\r\n                padding: 0 12px;\r\n                border-width: 0 0 0 4px;\r\n                border-style: solid;\r\n                border-color: var(--td_header_color, var(--td_theme_color, #4db2ec));\r\n            }\r\n            .td_block_template_5 .td-subcat-filter,\r\n            .td_block_template_5 .td-subcat-dropdown {\r\n                line-height: 25px;\r\n            }\r\n            @media (max-width: 767px) {\r\n                .td_block_template_5 .td-related-title a {\r\n                    font-size: 15px;\r\n                }\r\n            }\r\n            .td_block_template_5 .td-related-title:last-child {\r\n                border: none;\r\n            }\r\n            .td_block_template_5 .td-related-title .td-cur-simple-item {\r\n                color: var(--td_theme_color, #4db2ec);\r\n            }\r\n            \r\n\r\n            \r\n            .td-theme-wrap .tdi_11 .td-pulldown-filter-link:hover,\r\n            .td-theme-wrap .tdi_11 .td-subcat-item a:hover,\r\n            .td-theme-wrap .tdi_11 .td-subcat-item .td-cur-simple-item,\r\n            .td-theme-wrap .tdi_11 .td-subcat-dropdown:hover .td-subcat-more span,\r\n            .td-theme-wrap .tdi_11 .td-subcat-dropdown:hover .td-subcat-more i {\r\n                color: #dd3333;\r\n            }\r\n\r\n            .td-theme-wrap .tdi_11 .td-block-title > * {\r\n                border-color: #dd3333;\r\n            }\r\n\r\n            \r\n            .td-theme-wrap .tdi_11 .td_module_wrap:hover .entry-title a,\r\n            .td-theme-wrap .tdi_11 .td_quote_on_blocks,\r\n            .td-theme-wrap .tdi_11 .td-opacity-cat .td-post-category:hover,\r\n            .td-theme-wrap .tdi_11 .td-opacity-read .td-read-more a:hover,\r\n            .td-theme-wrap .tdi_11 .td-opacity-author .td-post-author-name a:hover,\r\n            .td-theme-wrap .tdi_11 .td-instagram-user a {\r\n                color: #dd3333;\r\n            }\r\n\r\n            .td-theme-wrap .tdi_11 .td-next-prev-wrap a:hover,\r\n            .td-theme-wrap .tdi_11 .td-load-more-wrap a:hover {\r\n                background-color: #dd3333;\r\n                border-color: #dd3333;\r\n            }\r\n\r\n            .td-theme-wrap .tdi_11 .td-read-more a,\r\n            .td-theme-wrap .tdi_11 .td-weather-information:before,\r\n            .td-theme-wrap .tdi_11 .td-weather-week:before,\r\n            .td-theme-wrap .tdi_11 .td-exchange-header:before,\r\n            .td-theme-wrap .td-footer-wrapper .tdi_11 .td-post-category,\r\n            .td-theme-wrap .tdi_11 .td-post-category:hover {\r\n                background-color: #dd3333;\r\n            }\n<\/style>\n<style>\n\/* custom css - generated by TagDiv Composer *\/\nbody .tdi_11 .td-block-title a,\r\n\t\t\t\tbody .tdi_11 .td-block-title span{\r\n\t\t\t\t\tfont-family:Cabin !important;\r\n\t\t\t\t}\n<\/style><div class=\"td-block-title-wrap\"><h4 class=\"td-block-title\"><span class=\"td-pulldown-size\">ACTUALIT\u00c9S DU R\u00c9SEAU<\/span><\/h4><\/div><\/div><\/div><\/div><\/div><\/div><\/div><\/div><\/div><\/div><div id=\"tdi_12\" class=\"tdc-row\"><div class=\"vc_row tdi_13  wpb_row td-pb-row\" >\n<style scoped>\n\/* custom css - generated by TagDiv Composer *\/\n\n\/* custom css - generated by TagDiv Composer *\/\n.tdi_13,\r\n                .tdi_13 .tdc-columns{\r\n                    min-height: 0;\r\n                }.tdi_13,\r\n\t\t\t\t.tdi_13 .tdc-columns{\r\n\t\t\t\t    display: block;\r\n\t\t\t\t}.tdi_13 .tdc-columns{\r\n\t\t\t\t    width: 100%;\r\n\t\t\t\t}.tdi_13:before,\r\n\t\t\t\t.tdi_13:after{\r\n\t\t\t\t    display: table;\r\n\t\t\t\t}\n<\/style><div class=\"vc_column tdi_15  wpb_column vc_column_container tdc-column td-pb-span12\">\n<style scoped>\n\/* custom css - generated by TagDiv Composer *\/\n\n\/* custom css - generated by TagDiv Composer *\/\n.tdi_15{\r\n                    vertical-align: baseline;\r\n                }.tdi_15 > .wpb_wrapper,\r\n\t\t\t\t.tdi_15 > .wpb_wrapper > .tdc-elements{\r\n\t\t\t\t    display: block;\r\n\t\t\t\t}.tdi_15 > .wpb_wrapper > .tdc-elements{\r\n\t\t\t\t    width: 100%;\r\n\t\t\t\t}.tdi_15 > .wpb_wrapper > .vc_row_inner{\r\n\t\t\t\t    width: auto;\r\n\t\t\t\t}.tdi_15 > .wpb_wrapper{\r\n\t\t\t\t    width: auto;\r\n\t\t\t\t    height: auto;\r\n\t\t\t\t}\n<\/style><div class=\"wpb_wrapper\" ><div class=\"td_block_wrap td_block_12 tdi_16 td_with_ajax_pagination td-pb-border-top td_block_template_5 td-column-3\"  data-td-block-uid=\"tdi_16\" ><script>var block_tdi_16 = new tdBlock();\nblock_tdi_16.id = \"tdi_16\";\nblock_tdi_16.atts = '{\"m11_el\":\"50\",\"category_id\":\"360\",\"limit\":\"10\",\"ajax_pagination\":\"infinite\",\"block_type\":\"td_block_12\",\"separator\":\"\",\"custom_title\":\"\",\"custom_url\":\"\",\"block_template_id\":\"\",\"m11_tl\":\"\",\"post_ids\":\"\",\"taxonomies\":\"\",\"category_ids\":\"\",\"in_all_terms\":\"\",\"tag_slug\":\"\",\"autors_id\":\"\",\"installed_post_types\":\"\",\"include_cf_posts\":\"\",\"exclude_cf_posts\":\"\",\"sort\":\"\",\"popular_by_date\":\"\",\"linked_posts\":\"\",\"favourite_only\":\"\",\"offset\":\"\",\"open_in_new_window\":\"\",\"show_modified_date\":\"\",\"time_ago\":\"\",\"time_ago_add_txt\":\"ago\",\"time_ago_txt_pos\":\"\",\"review_source\":\"\",\"el_class\":\"\",\"td_ajax_filter_type\":\"\",\"td_ajax_filter_ids\":\"\",\"td_filter_default_txt\":\"All\",\"td_ajax_preloading\":\"\",\"f_header_font_header\":\"\",\"f_header_font_title\":\"Block header\",\"f_header_font_settings\":\"\",\"f_header_font_family\":\"\",\"f_header_font_size\":\"\",\"f_header_font_line_height\":\"\",\"f_header_font_style\":\"\",\"f_header_font_weight\":\"\",\"f_header_font_transform\":\"\",\"f_header_font_spacing\":\"\",\"f_header_\":\"\",\"f_ajax_font_title\":\"Ajax categories\",\"f_ajax_font_settings\":\"\",\"f_ajax_font_family\":\"\",\"f_ajax_font_size\":\"\",\"f_ajax_font_line_height\":\"\",\"f_ajax_font_style\":\"\",\"f_ajax_font_weight\":\"\",\"f_ajax_font_transform\":\"\",\"f_ajax_font_spacing\":\"\",\"f_ajax_\":\"\",\"f_more_font_title\":\"Load more button\",\"f_more_font_settings\":\"\",\"f_more_font_family\":\"\",\"f_more_font_size\":\"\",\"f_more_font_line_height\":\"\",\"f_more_font_style\":\"\",\"f_more_font_weight\":\"\",\"f_more_font_transform\":\"\",\"f_more_font_spacing\":\"\",\"f_more_\":\"\",\"m11f_title_font_header\":\"\",\"m11f_title_font_title\":\"Article title\",\"m11f_title_font_settings\":\"\",\"m11f_title_font_family\":\"\",\"m11f_title_font_size\":\"\",\"m11f_title_font_line_height\":\"\",\"m11f_title_font_style\":\"\",\"m11f_title_font_weight\":\"\",\"m11f_title_font_transform\":\"\",\"m11f_title_font_spacing\":\"\",\"m11f_title_\":\"\",\"m11f_cat_font_title\":\"Article category tag\",\"m11f_cat_font_settings\":\"\",\"m11f_cat_font_family\":\"\",\"m11f_cat_font_size\":\"\",\"m11f_cat_font_line_height\":\"\",\"m11f_cat_font_style\":\"\",\"m11f_cat_font_weight\":\"\",\"m11f_cat_font_transform\":\"\",\"m11f_cat_font_spacing\":\"\",\"m11f_cat_\":\"\",\"m11f_meta_font_title\":\"Article meta info\",\"m11f_meta_font_settings\":\"\",\"m11f_meta_font_family\":\"\",\"m11f_meta_font_size\":\"\",\"m11f_meta_font_line_height\":\"\",\"m11f_meta_font_style\":\"\",\"m11f_meta_font_weight\":\"\",\"m11f_meta_font_transform\":\"\",\"m11f_meta_font_spacing\":\"\",\"m11f_meta_\":\"\",\"m11f_ex_font_title\":\"Article excerpt\",\"m11f_ex_font_settings\":\"\",\"m11f_ex_font_family\":\"\",\"m11f_ex_font_size\":\"\",\"m11f_ex_font_line_height\":\"\",\"m11f_ex_font_style\":\"\",\"m11f_ex_font_weight\":\"\",\"m11f_ex_font_transform\":\"\",\"m11f_ex_font_spacing\":\"\",\"m11f_ex_\":\"\",\"m11f_btn_font_title\":\"Article read more button\",\"m11f_btn_font_settings\":\"\",\"m11f_btn_font_family\":\"\",\"m11f_btn_font_size\":\"\",\"m11f_btn_font_line_height\":\"\",\"m11f_btn_font_style\":\"\",\"m11f_btn_font_weight\":\"\",\"m11f_btn_font_transform\":\"\",\"m11f_btn_font_spacing\":\"\",\"m11f_btn_\":\"\",\"ajax_pagination_next_prev_swipe\":\"\",\"ajax_pagination_infinite_stop\":\"\",\"css\":\"\",\"tdc_css\":\"\",\"td_column_number\":3,\"header_color\":\"\",\"color_preset\":\"\",\"border_top\":\"\",\"class\":\"tdi_16\",\"tdc_css_class\":\"tdi_16\",\"tdc_css_class_style\":\"tdi_16_rand_style\"}';\nblock_tdi_16.td_column_number = \"3\";\nblock_tdi_16.block_type = \"td_block_12\";\nblock_tdi_16.post_count = \"10\";\nblock_tdi_16.found_posts = \"57\";\nblock_tdi_16.header_color = \"\";\nblock_tdi_16.ajax_pagination_infinite_stop = \"\";\nblock_tdi_16.max_num_pages = \"6\";\ntdBlocksArray.push(block_tdi_16);\n<\/script><div class=\"td-block-title-wrap\"><\/div><div id=tdi_16 class=\"td_block_inner\">\n\n\t<div class=\"td-block-span12\">\n\r\n        <div class=\"td_module_11 td_module_wrap td-animation-stack\">\r\n            <div class=\"td-module-thumb\"><a href=\"https:\/\/ecodef-ihedn.fr\/en\/julien-malizard-devient-titulaire-de-la-chaire-economie-de-defense-ihedn\/\"  rel=\"bookmark\" class=\"td-image-wrap \" title=\"Julien Malizard devient titulaire de la chaire \u00c9conomie de d\u00e9fense &#8211; IHEDN !\" ><img loading=\"lazy\" decoding=\"async\" class=\"entry-thumb\" src=\"data:image\/png;base64,iVBORw0KGgoAAAANSUhEUgAAAUQAAADrAQMAAAArGX0KAAAAA1BMVEWurq51dlI4AAAAAXRSTlMmkutdmwAAACBJREFUaN7twTEBAAAAwiD7pzbEXmAAAAAAAAAAAACQHSaOAAGSp1GBAAAAAElFTkSuQmCC\" alt=\"\" title=\"Julien Malizard devient titulaire de la chaire \u00c9conomie de d\u00e9fense &#8211; IHEDN !\" data-type=\"image_tag\" data-img-url=\"https:\/\/ecodef-ihedn.fr\/wp-content\/uploads\/2024\/09\/JB-JM-7-5-324x235.png\" data-img-retina-url=\"https:\/\/ecodef-ihedn.fr\/wp-content\/uploads\/2024\/09\/JB-JM-7-5-648x470.png\" width=\"324\" height=\"235\" \/><\/a><\/div>\r\n            <div class=\"item-details\">\r\n                <h3 class=\"entry-title td-module-title\"><a href=\"https:\/\/ecodef-ihedn.fr\/en\/julien-malizard-devient-titulaire-de-la-chaire-economie-de-defense-ihedn\/\"  rel=\"bookmark\" title=\"Julien Malizard devient titulaire de la chaire \u00c9conomie de d\u00e9fense &#8211; IHEDN !\">Julien Malizard devient titulaire de la chaire \u00c9conomie de d\u00e9fense &#8211; IHEDN !<\/a><\/h3>\r\n                <div class=\"td-module-meta-info\">\r\n                                        <span class=\"td-post-author-name\"><a href=\"https:\/\/ecodef-ihedn.fr\/en\/author\/bertrand\/\">Bertrand Demandre<\/a> <span>-<\/span> <\/span>                    <span class=\"td-post-date\"><time class=\"entry-date updated td-module-date\" datetime=\"2024-09-03T08:01:06+00:00\" >3 September 2024<\/time><\/span>                    <span class=\"td-module-comments\"><a href=\"https:\/\/ecodef-ihedn.fr\/en\/julien-malizard-devient-titulaire-de-la-chaire-economie-de-defense-ihedn\/#respond\">0<\/a><\/span>                <\/div>\r\n\r\n                <div class=\"td-excerpt\">\r\n                    \r\n\r\nApr\u00e8s plus dix ann\u00e9es \u00e0 la t\u00eate de la chaire, Jean Belin passe la main \u00e0 Julien Malizard, qui \u00e9tait jusqu\u2019\u00e0 pr\u00e9sent titulaire adjoint.\r\n\r\nDepuis sa cr\u00e9ation en janvier 2014, la chaire \u00c9conomie de d\u00e9fense de l&#039;Institut des hautes \u00e9tudes de d\u00e9fense nationale IHEDN n\u2019a eu de cesse de produire...                <\/div>\r\n\r\n                <div class=\"td-read-more\">\r\n                    <a href=\"https:\/\/ecodef-ihedn.fr\/en\/julien-malizard-devient-titulaire-de-la-chaire-economie-de-defense-ihedn\/\">Lire la suite<\/a>\r\n                <\/div>\r\n            <\/div>\r\n\r\n        <\/div>\r\n\r\n        \n\t<\/div> <!-- .\/td-block-span12 -->\n\n\t<div class=\"td-block-span12\">\n\r\n        <div class=\"td_module_11 td_module_wrap td-animation-stack\">\r\n            <div class=\"td-module-thumb\"><a href=\"https:\/\/ecodef-ihedn.fr\/en\/prix-deconomie-de-la-defense-2022-mention-speciale-du-jury-pour-jade-guiberteau\/\"  rel=\"bookmark\" class=\"td-image-wrap \" title=\"Prix d\u2019\u00e9conomie de la D\u00e9fense 2022 : mention sp\u00e9ciale du jury pour Jade Guiberteau\" ><img loading=\"lazy\" decoding=\"async\" class=\"entry-thumb\" src=\"data:image\/png;base64,iVBORw0KGgoAAAANSUhEUgAAAUQAAADrAQMAAAArGX0KAAAAA1BMVEWurq51dlI4AAAAAXRSTlMmkutdmwAAACBJREFUaN7twTEBAAAAwiD7pzbEXmAAAAAAAAAAAACQHSaOAAGSp1GBAAAAAElFTkSuQmCC\" alt=\"\" title=\"Prix d\u2019\u00e9conomie de la D\u00e9fense 2022 : mention sp\u00e9ciale du jury pour Jade Guiberteau\" data-type=\"image_tag\" data-img-url=\"https:\/\/ecodef-ihedn.fr\/wp-content\/uploads\/2023\/07\/Capture-decran-2023-07-05-163642-324x235.png\" data-img-retina-url=\"https:\/\/ecodef-ihedn.fr\/wp-content\/uploads\/2023\/07\/Capture-decran-2023-07-05-163642-648x470.png\" width=\"324\" height=\"235\" \/><\/a><\/div>\r\n            <div class=\"item-details\">\r\n                <h3 class=\"entry-title td-module-title\"><a href=\"https:\/\/ecodef-ihedn.fr\/en\/prix-deconomie-de-la-defense-2022-mention-speciale-du-jury-pour-jade-guiberteau\/\"  rel=\"bookmark\" title=\"Prix d\u2019\u00e9conomie de la D\u00e9fense 2022 : mention sp\u00e9ciale du jury pour Jade Guiberteau\">Prix d\u2019\u00e9conomie de la D\u00e9fense 2022 : mention sp\u00e9ciale du jury pour Jade Guiberteau<\/a><\/h3>\r\n                <div class=\"td-module-meta-info\">\r\n                                        <span class=\"td-post-author-name\"><a href=\"https:\/\/ecodef-ihedn.fr\/en\/author\/bertrand\/\">Bertrand Demandre<\/a> <span>-<\/span> <\/span>                    <span class=\"td-post-date\"><time class=\"entry-date updated td-module-date\" datetime=\"2023-06-27T14:31:18+00:00\" >27 June 2023<\/time><\/span>                    <span class=\"td-module-comments\"><a href=\"https:\/\/ecodef-ihedn.fr\/en\/prix-deconomie-de-la-defense-2022-mention-speciale-du-jury-pour-jade-guiberteau\/#respond\">0<\/a><\/span>                <\/div>\r\n\r\n                <div class=\"td-excerpt\">\r\n                    Jade Guiberteau, assistante de recherche \u00e0 la Chaire, a re\u00e7u une mention sp\u00e9ciale du jury du Prix d\u2019\u00e9conomie de la D\u00e9fense 2022 pour la qualit\u00e9 de ses travaux de recherche.\r\n\r\nSon m\u00e9moire, intitul\u00e9 &quot;La production de grand b\u00e2timent de surface comme r\u00e9v\u00e9lateur d\u2019un paradoxe strat\u00e9gique en Europe&quot; propose une analyse...                <\/div>\r\n\r\n                <div class=\"td-read-more\">\r\n                    <a href=\"https:\/\/ecodef-ihedn.fr\/en\/prix-deconomie-de-la-defense-2022-mention-speciale-du-jury-pour-jade-guiberteau\/\">Lire la suite<\/a>\r\n                <\/div>\r\n            <\/div>\r\n\r\n        <\/div>\r\n\r\n        \n\t<\/div> <!-- .\/td-block-span12 -->\n\n\t<div class=\"td-block-span12\">\n\r\n        <div class=\"td_module_11 td_module_wrap td-animation-stack\">\r\n            <div class=\"td-module-thumb\"><a href=\"https:\/\/ecodef-ihedn.fr\/en\/souverainete-economique-et-chaines-de-valeur-conference-de-paul-herault-a-lifri\/\"  rel=\"bookmark\" class=\"td-image-wrap \" title=\"Souverainet\u00e9 \u00e9conomique et cha\u00eenes de valeur : conf\u00e9rence de Paul H\u00e9rault \u00e0 l&rsquo;IFRI (28 mars)\" ><img loading=\"lazy\" decoding=\"async\" class=\"entry-thumb\" src=\"data:image\/png;base64,iVBORw0KGgoAAAANSUhEUgAAAUQAAADrAQMAAAArGX0KAAAAA1BMVEWurq51dlI4AAAAAXRSTlMmkutdmwAAACBJREFUaN7twTEBAAAAwiD7pzbEXmAAAAAAAAAAAACQHSaOAAGSp1GBAAAAAElFTkSuQmCC\" alt=\"\" title=\"Souverainet\u00e9 \u00e9conomique et cha\u00eenes de valeur : conf\u00e9rence de Paul H\u00e9rault \u00e0 l&rsquo;IFRI (28 mars)\" data-type=\"image_tag\" data-img-url=\"https:\/\/ecodef-ihedn.fr\/wp-content\/uploads\/2022\/03\/Bourges-40.002-324x235.jpg\" data-img-retina-url=\"https:\/\/ecodef-ihedn.fr\/wp-content\/uploads\/2022\/03\/Bourges-40.002-648x470.jpg\" width=\"324\" height=\"235\" \/><\/a><\/div>\r\n            <div class=\"item-details\">\r\n                <h3 class=\"entry-title td-module-title\"><a href=\"https:\/\/ecodef-ihedn.fr\/en\/souverainete-economique-et-chaines-de-valeur-conference-de-paul-herault-a-lifri\/\"  rel=\"bookmark\" title=\"Souverainet\u00e9 \u00e9conomique et cha\u00eenes de valeur : conf\u00e9rence de Paul H\u00e9rault \u00e0 l&rsquo;IFRI (28 mars)\">Souverainet\u00e9 \u00e9conomique et cha\u00eenes de valeur : conf\u00e9rence de Paul H\u00e9rault \u00e0 l&rsquo;IFRI (28...<\/a><\/h3>\r\n                <div class=\"td-module-meta-info\">\r\n                                        <span class=\"td-post-author-name\"><a href=\"https:\/\/ecodef-ihedn.fr\/en\/author\/bertrand\/\">Bertrand Demandre<\/a> <span>-<\/span> <\/span>                    <span class=\"td-post-date\"><time class=\"entry-date updated td-module-date\" datetime=\"2022-03-15T09:15:20+00:00\" >15 March 2022<\/time><\/span>                    <span class=\"td-module-comments\"><a href=\"https:\/\/ecodef-ihedn.fr\/en\/souverainete-economique-et-chaines-de-valeur-conference-de-paul-herault-a-lifri\/#respond\">0<\/a><\/span>                <\/div>\r\n\r\n                <div class=\"td-excerpt\">\r\n                    \n\n\n\n\n\n\n\n\nReconqu\u00e9rir l\u2019appareil productif et r\u00e9duire les vuln\u00e9rabilit\u00e9s face \u00e0 l\u2019internationalisation des cha\u00eenes de valeur.\n\n\n\nC&#039;est sur ce th\u00e8me que Paul H\u00e9rault, Chercheur associ\u00e9 \u00e0 la Chaire et auteur de l\u2019\u00e9tude &quot;Comment renforcer la souverainet\u00e9 \u00e0 l\u2019heure des cha\u00eenes de valeur mondiales ?&quot;, s&#039;exprimera lundi 28 mars \u00e0 l&#039;IFRI, dans le...                <\/div>\r\n\r\n                <div class=\"td-read-more\">\r\n                    <a href=\"https:\/\/ecodef-ihedn.fr\/en\/souverainete-economique-et-chaines-de-valeur-conference-de-paul-herault-a-lifri\/\">Lire la suite<\/a>\r\n                <\/div>\r\n            <\/div>\r\n\r\n        <\/div>\r\n\r\n        \n\t<\/div> <!-- .\/td-block-span12 -->\n\n\t<div class=\"td-block-span12\">\n\r\n        <div class=\"td_module_11 td_module_wrap td-animation-stack\">\r\n            <div class=\"td-module-thumb\"><a href=\"https:\/\/ecodef-ihedn.fr\/en\/jordan-becker-chercheur-associe-a-la-chaire\/\"  rel=\"bookmark\" class=\"td-image-wrap \" title=\"Jordan Becker, chercheur associ\u00e9 \u00e0 la Chaire\" ><img loading=\"lazy\" decoding=\"async\" class=\"entry-thumb\" src=\"data:image\/png;base64,iVBORw0KGgoAAAANSUhEUgAAAUQAAADrAQMAAAArGX0KAAAAA1BMVEWurq51dlI4AAAAAXRSTlMmkutdmwAAACBJREFUaN7twTEBAAAAwiD7pzbEXmAAAAAAAAAAAACQHSaOAAGSp1GBAAAAAElFTkSuQmCC\" alt=\"\" title=\"Jordan Becker, chercheur associ\u00e9 \u00e0 la Chaire\" data-type=\"image_tag\" data-img-url=\"https:\/\/ecodef-ihedn.fr\/wp-content\/uploads\/2021\/09\/Becker-1-250x235.jpg\" data-img-retina-url=\"https:\/\/ecodef-ihedn.fr\/wp-content\/uploads\/2021\/09\/Becker-1-e1631802802963.jpg\" width=\"250\" height=\"235\" \/><\/a><\/div>\r\n            <div class=\"item-details\">\r\n                <h3 class=\"entry-title td-module-title\"><a href=\"https:\/\/ecodef-ihedn.fr\/en\/jordan-becker-chercheur-associe-a-la-chaire\/\"  rel=\"bookmark\" title=\"Jordan Becker, chercheur associ\u00e9 \u00e0 la Chaire\">Jordan Becker, chercheur associ\u00e9 \u00e0 la Chaire<\/a><\/h3>\r\n                <div class=\"td-module-meta-info\">\r\n                                        <span class=\"td-post-author-name\"><a href=\"https:\/\/ecodef-ihedn.fr\/en\/author\/bertrand\/\">Bertrand Demandre<\/a> <span>-<\/span> <\/span>                    <span class=\"td-post-date\"><time class=\"entry-date updated td-module-date\" datetime=\"2021-09-16T15:02:07+00:00\" >16 September 2021<\/time><\/span>                    <span class=\"td-module-comments\"><a href=\"https:\/\/ecodef-ihedn.fr\/en\/jordan-becker-chercheur-associe-a-la-chaire\/#respond\">0<\/a><\/span>                <\/div>\r\n\r\n                <div class=\"td-excerpt\">\r\n                    \nJordan Becker rejoint l&#039;\u00e9quipe de la Chaire \u00c9conomie de d\u00e9fense - IHEDN en tant que chercheur associ\u00e9. \n\n\n\n\n\n\n\n\n\n\n\nJordan Becker&nbsp;est directeur du Social Sciences Research Lab \u00e0 l\u2019Acad\u00e9mie militaire de West Point. Il est lieutenant-colonel dans l\u2019arm\u00e9e de terre des \u00c9tats-Unis, dans laquelle il sert depuis 2001.\n\n\n\nIl a auparavant \u00e9t\u00e9...                <\/div>\r\n\r\n                <div class=\"td-read-more\">\r\n                    <a href=\"https:\/\/ecodef-ihedn.fr\/en\/jordan-becker-chercheur-associe-a-la-chaire\/\">Lire la suite<\/a>\r\n                <\/div>\r\n            <\/div>\r\n\r\n        <\/div>\r\n\r\n        \n\t<\/div> <!-- .\/td-block-span12 -->\n\n\t<div class=\"td-block-span12\">\n\r\n        <div class=\"td_module_11 td_module_wrap td-animation-stack\">\r\n            <div class=\"td-module-thumb\"><a href=\"https:\/\/ecodef-ihedn.fr\/en\/nomination-jean-belin-membre-du-jury-du-prix-deconomie-de-la-defense\/\"  rel=\"bookmark\" class=\"td-image-wrap \" title=\"[NOMINATION] Jean Belin membre du jury du prix d&rsquo;\u00e9conomie de la d\u00e9fense\" ><img loading=\"lazy\" decoding=\"async\" class=\"entry-thumb\" src=\"data:image\/png;base64,iVBORw0KGgoAAAANSUhEUgAAAUQAAADrAQMAAAArGX0KAAAAA1BMVEWurq51dlI4AAAAAXRSTlMmkutdmwAAACBJREFUaN7twTEBAAAAwiD7pzbEXmAAAAAAAAAAAACQHSaOAAGSp1GBAAAAAElFTkSuQmCC\" alt=\"\" title=\"[NOMINATION] Jean Belin membre du jury du prix d&rsquo;\u00e9conomie de la d\u00e9fense\" data-type=\"image_tag\" data-img-url=\"https:\/\/ecodef-ihedn.fr\/wp-content\/uploads\/2021\/03\/Jean-BELIN-324x235.jpg\" data-img-retina-url=\"https:\/\/ecodef-ihedn.fr\/wp-content\/uploads\/2021\/03\/Jean-BELIN-648x450.jpg\" width=\"324\" height=\"235\" \/><\/a><\/div>\r\n            <div class=\"item-details\">\r\n                <h3 class=\"entry-title td-module-title\"><a href=\"https:\/\/ecodef-ihedn.fr\/en\/nomination-jean-belin-membre-du-jury-du-prix-deconomie-de-la-defense\/\"  rel=\"bookmark\" title=\"[NOMINATION] Jean Belin membre du jury du prix d&rsquo;\u00e9conomie de la d\u00e9fense\">[NOMINATION] Jean Belin membre du jury du prix d&rsquo;\u00e9conomie de la d\u00e9fense<\/a><\/h3>\r\n                <div class=\"td-module-meta-info\">\r\n                                        <span class=\"td-post-author-name\"><a href=\"https:\/\/ecodef-ihedn.fr\/en\/author\/bertrand\/\">Bertrand Demandre<\/a> <span>-<\/span> <\/span>                    <span class=\"td-post-date\"><time class=\"entry-date updated td-module-date\" datetime=\"2021-03-18T13:35:40+00:00\" >18 March 2021<\/time><\/span>                    <span class=\"td-module-comments\"><a href=\"https:\/\/ecodef-ihedn.fr\/en\/nomination-jean-belin-membre-du-jury-du-prix-deconomie-de-la-defense\/#respond\">0<\/a><\/span>                <\/div>\r\n\r\n                <div class=\"td-excerpt\">\r\n                    Le minist\u00e8re des Arm\u00e9es a nomm\u00e9 Jean Belin, titulaire de la Chaire,  au jury du prix d'\u00e9conomie de la d\u00e9fense.                 <\/div>\r\n\r\n                <div class=\"td-read-more\">\r\n                    <a href=\"https:\/\/ecodef-ihedn.fr\/en\/nomination-jean-belin-membre-du-jury-du-prix-deconomie-de-la-defense\/\">Lire la suite<\/a>\r\n                <\/div>\r\n            <\/div>\r\n\r\n        <\/div>\r\n\r\n        \n\t<\/div> <!-- .\/td-block-span12 -->\n\n\t<div class=\"td-block-span12\">\n\r\n        <div class=\"td_module_11 td_module_wrap td-animation-stack\">\r\n            <div class=\"td-module-thumb\"><a href=\"https:\/\/ecodef-ihedn.fr\/en\/maxime-menuet-recoit-le-prix-adres-best-young-paper-award-2020\/\"  rel=\"bookmark\" class=\"td-image-wrap \" title=\"Maxime Menuet re\u00e7oit le prix ADRES Best Young Paper Award 2020\" ><img loading=\"lazy\" decoding=\"async\" class=\"entry-thumb\" src=\"data:image\/png;base64,iVBORw0KGgoAAAANSUhEUgAAAUQAAADrAQMAAAArGX0KAAAAA1BMVEWurq51dlI4AAAAAXRSTlMmkutdmwAAACBJREFUaN7twTEBAAAAwiD7pzbEXmAAAAAAAAAAAACQHSaOAAGSp1GBAAAAAElFTkSuQmCC\" alt=\"\" title=\"Maxime Menuet re\u00e7oit le prix ADRES Best Young Paper Award 2020\" data-type=\"image_tag\" data-img-url=\"https:\/\/ecodef-ihedn.fr\/wp-content\/uploads\/2021\/02\/aes139-1-e1612444888123-324x235.png\" data-img-retina-url=\"https:\/\/ecodef-ihedn.fr\/wp-content\/uploads\/2021\/02\/aes139-1-365x470.png\" width=\"324\" height=\"235\" \/><\/a><\/div>\r\n            <div class=\"item-details\">\r\n                <h3 class=\"entry-title td-module-title\"><a href=\"https:\/\/ecodef-ihedn.fr\/en\/maxime-menuet-recoit-le-prix-adres-best-young-paper-award-2020\/\"  rel=\"bookmark\" title=\"Maxime Menuet re\u00e7oit le prix ADRES Best Young Paper Award 2020\">Maxime Menuet re\u00e7oit le prix ADRES Best Young Paper Award 2020<\/a><\/h3>\r\n                <div class=\"td-module-meta-info\">\r\n                                        <span class=\"td-post-author-name\"><a href=\"https:\/\/ecodef-ihedn.fr\/en\/author\/bertrand\/\">Bertrand Demandre<\/a> <span>-<\/span> <\/span>                    <span class=\"td-post-date\"><time class=\"entry-date updated td-module-date\" datetime=\"2021-02-09T09:49:52+00:00\" >9 February 2021<\/time><\/span>                    <span class=\"td-module-comments\"><a href=\"https:\/\/ecodef-ihedn.fr\/en\/maxime-menuet-recoit-le-prix-adres-best-young-paper-award-2020\/#respond\">0<\/a><\/span>                <\/div>\r\n\r\n                <div class=\"td-excerpt\">\r\n                    \nLe prix ADRES Best Young Paper Award 2020 a \u00e9t\u00e9 remis \u00e0 Maxime Menuet, chercheur associ\u00e9 \u00e0 la Chaire \u00c9conomie de D\u00e9fense - IHEDN.\n\n\n\n\n\n\n\nMaxime Menuet, chercheur associ\u00e9 \u00e0 la Chaire \u00c9conomie de D\u00e9fense - IHEDN, a \u00e9t\u00e9 r\u00e9compens\u00e9 pour un article publi\u00e9 dans la revue Annals of Economics and...                <\/div>\r\n\r\n                <div class=\"td-read-more\">\r\n                    <a href=\"https:\/\/ecodef-ihedn.fr\/en\/maxime-menuet-recoit-le-prix-adres-best-young-paper-award-2020\/\">Lire la suite<\/a>\r\n                <\/div>\r\n            <\/div>\r\n\r\n        <\/div>\r\n\r\n        \n\t<\/div> <!-- .\/td-block-span12 -->\n\n\t<div class=\"td-block-span12\">\n\r\n        <div class=\"td_module_11 td_module_wrap td-animation-stack\">\r\n            <div class=\"td-module-thumb\"><a href=\"https:\/\/ecodef-ihedn.fr\/en\/maxime-menuet-chercheur-associe-a-la-chaire-economie-de-defense-ihedn\/\"  rel=\"bookmark\" class=\"td-image-wrap \" title=\"Maxime Menuet, Chercheur associ\u00e9 \u00e0 la Chaire \u00c9conomie de D\u00e9fense &#8211; IHEDN\" ><img loading=\"lazy\" decoding=\"async\" class=\"entry-thumb\" src=\"data:image\/png;base64,iVBORw0KGgoAAAANSUhEUgAAAUQAAADrAQMAAAArGX0KAAAAA1BMVEWurq51dlI4AAAAAXRSTlMmkutdmwAAACBJREFUaN7twTEBAAAAwiD7pzbEXmAAAAAAAAAAAACQHSaOAAGSp1GBAAAAAElFTkSuQmCC\" alt=\"\" title=\"Maxime Menuet, Chercheur associ\u00e9 \u00e0 la Chaire \u00c9conomie de D\u00e9fense &#8211; IHEDN\" data-type=\"image_tag\" data-img-url=\"https:\/\/ecodef-ihedn.fr\/wp-content\/uploads\/2020\/12\/maxime_menuet-1-1-e1607439049193-324x235.jpg\" data-img-retina-url=\"https:\/\/ecodef-ihedn.fr\/wp-content\/uploads\/2020\/12\/maxime_menuet-1-1-e1607439049193-648x470.jpg\" width=\"324\" height=\"235\" \/><\/a><\/div>\r\n            <div class=\"item-details\">\r\n                <h3 class=\"entry-title td-module-title\"><a href=\"https:\/\/ecodef-ihedn.fr\/en\/maxime-menuet-chercheur-associe-a-la-chaire-economie-de-defense-ihedn\/\"  rel=\"bookmark\" title=\"Maxime Menuet, Chercheur associ\u00e9 \u00e0 la Chaire \u00c9conomie de D\u00e9fense &#8211; IHEDN\">Maxime Menuet, Chercheur associ\u00e9 \u00e0 la Chaire \u00c9conomie de D\u00e9fense &#8211; IHEDN<\/a><\/h3>\r\n                <div class=\"td-module-meta-info\">\r\n                                        <span class=\"td-post-author-name\"><a href=\"https:\/\/ecodef-ihedn.fr\/en\/author\/bertrand\/\">Bertrand Demandre<\/a> <span>-<\/span> <\/span>                    <span class=\"td-post-date\"><time class=\"entry-date updated td-module-date\" datetime=\"2020-12-09T11:58:14+00:00\" >9 December 2020<\/time><\/span>                    <span class=\"td-module-comments\"><a href=\"https:\/\/ecodef-ihedn.fr\/en\/maxime-menuet-chercheur-associe-a-la-chaire-economie-de-defense-ihedn\/#comments\">5<\/a><\/span>                <\/div>\r\n\r\n                <div class=\"td-excerpt\">\r\n                    \n\n\n\n\nMaxime Menuet rejoint l\u2019\u00e9quipe de la Chaire \u00c9conomie de D\u00e9fense - IHEDN en tant que Chercheur associ\u00e9.\n\n\n\nApr\u00e8s une licence et deux masters (en macro\u00e9conomie\/finance et math\u00e9matiques appliqu\u00e9es) \u00e0 l\u2019Universit\u00e9 d\u2019Orl\u00e9ans, Maxime Menuet a soutenu une th\u00e8se en sciences \u00e9conomiques en Mai 2018, intitul\u00e9e \u00ab&nbsp;Dette publique, \u00e9quilibre politique, et instabilit\u00e9...                <\/div>\r\n\r\n                <div class=\"td-read-more\">\r\n                    <a href=\"https:\/\/ecodef-ihedn.fr\/en\/maxime-menuet-chercheur-associe-a-la-chaire-economie-de-defense-ihedn\/\">Lire la suite<\/a>\r\n                <\/div>\r\n            <\/div>\r\n\r\n        <\/div>\r\n\r\n        \n\t<\/div> <!-- .\/td-block-span12 -->\n\n\t<div class=\"td-block-span12\">\n\r\n        <div class=\"td_module_11 td_module_wrap td-animation-stack\">\r\n            <div class=\"td-module-thumb\"><a href=\"https:\/\/ecodef-ihedn.fr\/en\/jean-belin-renouvele-au-cgarm\/\"  rel=\"bookmark\" class=\"td-image-wrap \" title=\"Jean Belin renouvel\u00e9 au CGARM\" ><img loading=\"lazy\" decoding=\"async\" class=\"entry-thumb\" src=\"data:image\/png;base64,iVBORw0KGgoAAAANSUhEUgAAAUQAAADrAQMAAAArGX0KAAAAA1BMVEWurq51dlI4AAAAAXRSTlMmkutdmwAAACBJREFUaN7twTEBAAAAwiD7pzbEXmAAAAAAAAAAAACQHSaOAAGSp1GBAAAAAElFTkSuQmCC\" alt=\"\" title=\"Jean Belin renouvel\u00e9 au CGARM\" data-type=\"image_tag\" data-img-url=\"https:\/\/ecodef-ihedn.fr\/wp-content\/uploads\/2020\/04\/JB-CGARM-1-324x235.png\" data-img-retina-url=\"https:\/\/ecodef-ihedn.fr\/wp-content\/uploads\/2020\/04\/JB-CGARM-1-648x360.png\" width=\"324\" height=\"235\" \/><\/a><\/div>\r\n            <div class=\"item-details\">\r\n                <h3 class=\"entry-title td-module-title\"><a href=\"https:\/\/ecodef-ihedn.fr\/en\/jean-belin-renouvele-au-cgarm\/\"  rel=\"bookmark\" title=\"Jean Belin renouvel\u00e9 au CGARM\">Jean Belin renouvel\u00e9 au CGARM<\/a><\/h3>\r\n                <div class=\"td-module-meta-info\">\r\n                                        <span class=\"td-post-author-name\"><a href=\"https:\/\/ecodef-ihedn.fr\/en\/author\/bertrand\/\">Bertrand Demandre<\/a> <span>-<\/span> <\/span>                    <span class=\"td-post-date\"><time class=\"entry-date updated td-module-date\" datetime=\"2020-04-08T12:34:24+00:00\" >8 April 2020<\/time><\/span>                    <span class=\"td-module-comments\"><a href=\"https:\/\/ecodef-ihedn.fr\/en\/jean-belin-renouvele-au-cgarm\/#respond\">0<\/a><\/span>                <\/div>\r\n\r\n                <div class=\"td-excerpt\">\r\n                    \n\n\n\n\nJean Belin, titulaire de la Chaire \u00c9conomie de d\u00e9fense - IHEDN, est renouvel\u00e9 pour 3 ans comme membre titulaire du CGARM - Conseil g\u00e9n\u00e9ral de l&#039;armement en qualit\u00e9 de personnalit\u00e9 qualifi\u00e9e (arr\u00eat\u00e9 de la ministre des Arm\u00e9es en date du 3 mars 2020).\n\n\n\nLe CGARM :Cr\u00e9\u00e9 en 1988, par Andr\u00e9...                <\/div>\r\n\r\n                <div class=\"td-read-more\">\r\n                    <a href=\"https:\/\/ecodef-ihedn.fr\/en\/jean-belin-renouvele-au-cgarm\/\">Lire la suite<\/a>\r\n                <\/div>\r\n            <\/div>\r\n\r\n        <\/div>\r\n\r\n        \n\t<\/div> <!-- .\/td-block-span12 -->\n\n\t<div class=\"td-block-span12\">\n\r\n        <div class=\"td_module_11 td_module_wrap td-animation-stack\">\r\n            <div class=\"td-module-thumb\"><a href=\"https:\/\/ecodef-ihedn.fr\/en\/prix-deconomie-de-la-defense-2019-du-ministere-des-armees\/\"  rel=\"bookmark\" class=\"td-image-wrap \" title=\"Prix d&rsquo;\u00e9conomie de la D\u00e9fense 2019 du minist\u00e8re des Arm\u00e9es\" ><img loading=\"lazy\" decoding=\"async\" class=\"entry-thumb\" src=\"data:image\/png;base64,iVBORw0KGgoAAAANSUhEUgAAAUQAAADrAQMAAAArGX0KAAAAA1BMVEWurq51dlI4AAAAAXRSTlMmkutdmwAAACBJREFUaN7twTEBAAAAwiD7pzbEXmAAAAAAAAAAAACQHSaOAAGSp1GBAAAAAElFTkSuQmCC\" alt=\"\" title=\"Prix d&rsquo;\u00e9conomie de la D\u00e9fense 2019 du minist\u00e8re des Arm\u00e9es\" data-type=\"image_tag\" data-img-url=\"https:\/\/ecodef-ihedn.fr\/wp-content\/uploads\/2020\/04\/droff_prix_eco_def_2015-324x235.jpg\" data-img-retina-url=\"https:\/\/ecodef-ihedn.fr\/wp-content\/uploads\/2020\/04\/droff_prix_eco_def_2015-648x470.jpg\" width=\"324\" height=\"235\" \/><\/a><\/div>\r\n            <div class=\"item-details\">\r\n                <h3 class=\"entry-title td-module-title\"><a href=\"https:\/\/ecodef-ihedn.fr\/en\/prix-deconomie-de-la-defense-2019-du-ministere-des-armees\/\"  rel=\"bookmark\" title=\"Prix d&rsquo;\u00e9conomie de la D\u00e9fense 2019 du minist\u00e8re des Arm\u00e9es\">Prix d&rsquo;\u00e9conomie de la D\u00e9fense 2019 du minist\u00e8re des Arm\u00e9es<\/a><\/h3>\r\n                <div class=\"td-module-meta-info\">\r\n                                        <span class=\"td-post-author-name\"><a href=\"https:\/\/ecodef-ihedn.fr\/en\/author\/dev\/\">dev<\/a> <span>-<\/span> <\/span>                    <span class=\"td-post-date\"><time class=\"entry-date updated td-module-date\" datetime=\"2019-07-05T00:00:00+00:00\" >5 July 2019<\/time><\/span>                    <span class=\"td-module-comments\"><a href=\"https:\/\/ecodef-ihedn.fr\/en\/prix-deconomie-de-la-defense-2019-du-ministere-des-armees\/#respond\">0<\/a><\/span>                <\/div>\r\n\r\n                <div class=\"td-excerpt\">\r\n                    \nLe  minist\u00e8re des Arm\u00e9es r\u00e9compense la meilleure production acad\u00e9mique en  \u00e9conomie de la d\u00e9fense avec le prix d\u2019\u00e9conomie de la d\u00e9fense. ce prix est  dot\u00e9 de 5&nbsp;000 euros. \n\n\n\nLes dossiers de candidature, en version \u00e9lectronique, doivent \u00eatre adress\u00e9s avant le 15 novembre 2019 \u00e0&nbsp;daf.oed.fct@intradef.gouv.fr\n\n\n\nPour plus d&#039;information...                <\/div>\r\n\r\n                <div class=\"td-read-more\">\r\n                    <a href=\"https:\/\/ecodef-ihedn.fr\/en\/prix-deconomie-de-la-defense-2019-du-ministere-des-armees\/\">Lire la suite<\/a>\r\n                <\/div>\r\n            <\/div>\r\n\r\n        <\/div>\r\n\r\n        \n\t<\/div> <!-- .\/td-block-span12 -->\n\n\t<div class=\"td-block-span12\">\n\r\n        <div class=\"td_module_11 td_module_wrap td-animation-stack\">\r\n            <div class=\"td-module-thumb\"><a href=\"https:\/\/ecodef-ihedn.fr\/en\/luniversite-de-bordeaux-obtient-le-label-centre-dexcellence-en-recherche-strategique-de-defense\/\"  rel=\"bookmark\" class=\"td-image-wrap \" title=\"L&rsquo;universit\u00e9 de Bordeaux obtient le label \u00ab centre d\u2019excellence \u00bb en recherche strat\u00e9gique de d\u00e9fense\" ><img loading=\"lazy\" decoding=\"async\" class=\"entry-thumb\" src=\"data:image\/png;base64,iVBORw0KGgoAAAANSUhEUgAAAUQAAADrAQMAAAArGX0KAAAAA1BMVEWurq51dlI4AAAAAXRSTlMmkutdmwAAACBJREFUaN7twTEBAAAAwiD7pzbEXmAAAAAAAAAAAACQHSaOAAGSp1GBAAAAAElFTkSuQmCC\" alt=\"\" title=\"L&rsquo;universit\u00e9 de Bordeaux obtient le label \u00ab centre d\u2019excellence \u00bb en recherche strat\u00e9gique de d\u00e9fense\" data-type=\"image_tag\" data-img-url=\"https:\/\/ecodef-ihedn.fr\/wp-content\/uploads\/2020\/04\/mg_9917-324x235.jpg\" data-img-retina-url=\"https:\/\/ecodef-ihedn.fr\/wp-content\/uploads\/2020\/04\/mg_9917-648x470.jpg\" width=\"324\" height=\"235\" \/><\/a><\/div>\r\n            <div class=\"item-details\">\r\n                <h3 class=\"entry-title td-module-title\"><a href=\"https:\/\/ecodef-ihedn.fr\/en\/luniversite-de-bordeaux-obtient-le-label-centre-dexcellence-en-recherche-strategique-de-defense\/\"  rel=\"bookmark\" title=\"L&rsquo;universit\u00e9 de Bordeaux obtient le label \u00ab centre d\u2019excellence \u00bb en recherche strat\u00e9gique de d\u00e9fense\">L&rsquo;universit\u00e9 de Bordeaux obtient le label \u00ab centre d\u2019excellence \u00bb en recherche strat\u00e9gique de...<\/a><\/h3>\r\n                <div class=\"td-module-meta-info\">\r\n                                        <span class=\"td-post-author-name\"><a href=\"https:\/\/ecodef-ihedn.fr\/en\/author\/dev\/\">dev<\/a> <span>-<\/span> <\/span>                    <span class=\"td-post-date\"><time class=\"entry-date updated td-module-date\" datetime=\"2019-03-04T00:00:00+00:00\" >4 March 2019<\/time><\/span>                    <span class=\"td-module-comments\"><a href=\"https:\/\/ecodef-ihedn.fr\/en\/luniversite-de-bordeaux-obtient-le-label-centre-dexcellence-en-recherche-strategique-de-defense\/#respond\">0<\/a><\/span>                <\/div>\r\n\r\n                <div class=\"td-excerpt\">\r\n                    \n\n\n\n\nL&#039;universit\u00e9 de Bordeaux fait d\u00e9sormais partie des 5 universit\u00e9s laur\u00e9ates de la premi\u00e8re phase de  labellisation \u00ab centre d\u2019excellence \u00bb en recherche strat\u00e9gique de d\u00e9fense. La candidature de l\u2019universit\u00e9  de Bordeaux et son projet Defense and Peace Bordeaux School (DPBS) a \u00e9t\u00e9 retenue  parmi 19 projets...                <\/div>\r\n\r\n                <div class=\"td-read-more\">\r\n                    <a href=\"https:\/\/ecodef-ihedn.fr\/en\/luniversite-de-bordeaux-obtient-le-label-centre-dexcellence-en-recherche-strategique-de-defense\/\">Lire la suite<\/a>\r\n                <\/div>\r\n            <\/div>\r\n\r\n        <\/div>\r\n\r\n        \n\t<\/div> <!-- .\/td-block-span12 --><\/div><div class=\"td_ajax_infinite\" id=\"next-page-tdi_16\" data-td_block_id=\"tdi_16\"> <\/div><div class=\"td-load-more-wrap td-load-more-infinite-wrap\" id=\"infinite-lm-tdi_16\"><a href=\"#\" class=\"td_ajax_load_more td_ajax_load_more_js\" aria-label=\"Voir plus\" id=\"next-page-tdi_16\" data-td_block_id=\"tdi_16\">Voir plus<i class=\"td-icon-font td-icon-menu-down\"><\/i><\/a><\/div><\/div> <!-- .\/block --><\/div><\/div><\/div><\/div><\/div><\/div>","protected":false},"excerpt":{"rendered":"","protected":false},"author":2,"featured_media":564,"parent":0,"menu_order":0,"comment_status":"closed","ping_status":"closed","template":"","meta":{"footnotes":""},"class_list":["post-1907","page","type-page","status-publish","has-post-thumbnail"],"yoast_head":"<!-- This site is optimized with the Yoast SEO plugin v27.4 - https:\/\/yoast.com\/product\/yoast-seo-wordpress\/ -->\n<title>Actualit\u00e9s du r\u00e9seau - Chaire \u00c9conomie de d\u00e9fense - IHEDN<\/title>\n<meta name=\"robots\" content=\"index, follow, max-snippet:-1, max-image-preview:large, max-video-preview:-1\" \/>\n<link rel=\"canonical\" href=\"https:\/\/ecodef-ihedn.fr\/en\/medias-actualites-copy\/\" \/>\n<meta property=\"og:locale\" content=\"en_GB\" \/>\n<meta property=\"og:type\" content=\"article\" \/>\n<meta property=\"og:title\" content=\"Actualit\u00e9s du r\u00e9seau - Chaire \u00c9conomie de d\u00e9fense - IHEDN\" \/>\n<meta property=\"og:url\" content=\"https:\/\/ecodef-ihedn.fr\/en\/medias-actualites-copy\/\" \/>\n<meta property=\"og:site_name\" content=\"Chaire \u00c9conomie de d\u00e9fense - IHEDN\" \/>\n<meta property=\"article:modified_time\" content=\"2021-04-22T17:18:10+00:00\" \/>\n<meta property=\"og:image\" content=\"https:\/\/ecodef-ihedn.fr\/wp-content\/uploads\/2020\/02\/ecole-militaire-paris-1.jpg\" \/>\n\t<meta property=\"og:image:width\" content=\"755\" \/>\n\t<meta property=\"og:image:height\" content=\"414\" \/>\n\t<meta property=\"og:image:type\" content=\"image\/jpeg\" \/>\n<meta name=\"twitter:card\" content=\"summary_large_image\" \/>\n<meta name=\"twitter:site\" content=\"@Chaire_Ecodef\" \/>\n<script type=\"application\/ld+json\" class=\"yoast-schema-graph\">{\"@context\":\"https:\\\/\\\/schema.org\",\"@graph\":[{\"@type\":\"WebPage\",\"@id\":\"https:\\\/\\\/ecodef-ihedn.fr\\\/medias-actualites-copy\\\/\",\"url\":\"https:\\\/\\\/ecodef-ihedn.fr\\\/medias-actualites-copy\\\/\",\"name\":\"Actualit\u00e9s du r\u00e9seau - Chaire \u00c9conomie de d\u00e9fense - IHEDN\",\"isPartOf\":{\"@id\":\"https:\\\/\\\/ecodef-ihedn.fr\\\/#website\"},\"primaryImageOfPage\":{\"@id\":\"https:\\\/\\\/ecodef-ihedn.fr\\\/medias-actualites-copy\\\/#primaryimage\"},\"image\":{\"@id\":\"https:\\\/\\\/ecodef-ihedn.fr\\\/medias-actualites-copy\\\/#primaryimage\"},\"thumbnailUrl\":\"https:\\\/\\\/ecodef-ihedn.fr\\\/wp-content\\\/uploads\\\/2020\\\/02\\\/ecole-militaire-paris-1.jpg\",\"datePublished\":\"2020-05-28T06:54:01+00:00\",\"dateModified\":\"2021-04-22T17:18:10+00:00\",\"breadcrumb\":{\"@id\":\"https:\\\/\\\/ecodef-ihedn.fr\\\/medias-actualites-copy\\\/#breadcrumb\"},\"inLanguage\":\"en-GB\",\"potentialAction\":[{\"@type\":\"ReadAction\",\"target\":[\"https:\\\/\\\/ecodef-ihedn.fr\\\/medias-actualites-copy\\\/\"]}]},{\"@type\":\"ImageObject\",\"inLanguage\":\"en-GB\",\"@id\":\"https:\\\/\\\/ecodef-ihedn.fr\\\/medias-actualites-copy\\\/#primaryimage\",\"url\":\"https:\\\/\\\/ecodef-ihedn.fr\\\/wp-content\\\/uploads\\\/2020\\\/02\\\/ecole-militaire-paris-1.jpg\",\"contentUrl\":\"https:\\\/\\\/ecodef-ihedn.fr\\\/wp-content\\\/uploads\\\/2020\\\/02\\\/ecole-militaire-paris-1.jpg\",\"width\":755,\"height\":414},{\"@type\":\"BreadcrumbList\",\"@id\":\"https:\\\/\\\/ecodef-ihedn.fr\\\/medias-actualites-copy\\\/#breadcrumb\",\"itemListElement\":[{\"@type\":\"ListItem\",\"position\":1,\"name\":\"Accueil\",\"item\":\"https:\\\/\\\/ecodef-ihedn.fr\\\/\"},{\"@type\":\"ListItem\",\"position\":2,\"name\":\"Actualit\u00e9s du r\u00e9seau\"}]},{\"@type\":\"WebSite\",\"@id\":\"https:\\\/\\\/ecodef-ihedn.fr\\\/#website\",\"url\":\"https:\\\/\\\/ecodef-ihedn.fr\\\/\",\"name\":\"Chaire \u00c9conomie de D\u00e9fense - IHEDN\",\"description\":\"Produire &amp; soutenir, f\u00e9d\u00e9rer &amp; diffuser, \u00eatre une interface\",\"publisher\":{\"@id\":\"https:\\\/\\\/ecodef-ihedn.fr\\\/#organization\"},\"potentialAction\":[{\"@type\":\"SearchAction\",\"target\":{\"@type\":\"EntryPoint\",\"urlTemplate\":\"https:\\\/\\\/ecodef-ihedn.fr\\\/?s={search_term_string}\"},\"query-input\":{\"@type\":\"PropertyValueSpecification\",\"valueRequired\":true,\"valueName\":\"search_term_string\"}}],\"inLanguage\":\"en-GB\"},{\"@type\":\"Organization\",\"@id\":\"https:\\\/\\\/ecodef-ihedn.fr\\\/#organization\",\"name\":\"Chaire \u00c9conomie de d\u00e9fense - IHEDN\",\"url\":\"https:\\\/\\\/ecodef-ihedn.fr\\\/\",\"logo\":{\"@type\":\"ImageObject\",\"inLanguage\":\"en-GB\",\"@id\":\"https:\\\/\\\/ecodef-ihedn.fr\\\/#\\\/schema\\\/logo\\\/image\\\/\",\"url\":\"https:\\\/\\\/ecodef-ihedn.fr\\\/wp-content\\\/uploads\\\/2020\\\/04\\\/logoEcodef9.jpg\",\"contentUrl\":\"https:\\\/\\\/ecodef-ihedn.fr\\\/wp-content\\\/uploads\\\/2020\\\/04\\\/logoEcodef9.jpg\",\"width\":410,\"height\":212,\"caption\":\"Chaire \u00c9conomie de d\u00e9fense - IHEDN\"},\"image\":{\"@id\":\"https:\\\/\\\/ecodef-ihedn.fr\\\/#\\\/schema\\\/logo\\\/image\\\/\"},\"sameAs\":[\"https:\\\/\\\/x.com\\\/Chaire_Ecodef\",\"https:\\\/\\\/www.linkedin.com\\\/company\\\/chaire-ecodef-ihedn\\\/\"]}]}<\/script>\n<!-- \/ Yoast SEO plugin. -->","yoast_head_json":{"title":"Actualit\u00e9s du r\u00e9seau - Chaire \u00c9conomie de d\u00e9fense - IHEDN","robots":{"index":"index","follow":"follow","max-snippet":"max-snippet:-1","max-image-preview":"max-image-preview:large","max-video-preview":"max-video-preview:-1"},"canonical":"https:\/\/ecodef-ihedn.fr\/en\/medias-actualites-copy\/","og_locale":"en_GB","og_type":"article","og_title":"Actualit\u00e9s du r\u00e9seau - Chaire \u00c9conomie de d\u00e9fense - IHEDN","og_url":"https:\/\/ecodef-ihedn.fr\/en\/medias-actualites-copy\/","og_site_name":"Chaire \u00c9conomie de d\u00e9fense - IHEDN","article_modified_time":"2021-04-22T17:18:10+00:00","og_image":[{"width":755,"height":414,"url":"https:\/\/ecodef-ihedn.fr\/wp-content\/uploads\/2020\/02\/ecole-militaire-paris-1.jpg","type":"image\/jpeg"}],"twitter_card":"summary_large_image","twitter_site":"@Chaire_Ecodef","schema":{"@context":"https:\/\/schema.org","@graph":[{"@type":"WebPage","@id":"https:\/\/ecodef-ihedn.fr\/medias-actualites-copy\/","url":"https:\/\/ecodef-ihedn.fr\/medias-actualites-copy\/","name":"Actualit\u00e9s du r\u00e9seau - Chaire \u00c9conomie de d\u00e9fense - IHEDN","isPartOf":{"@id":"https:\/\/ecodef-ihedn.fr\/#website"},"primaryImageOfPage":{"@id":"https:\/\/ecodef-ihedn.fr\/medias-actualites-copy\/#primaryimage"},"image":{"@id":"https:\/\/ecodef-ihedn.fr\/medias-actualites-copy\/#primaryimage"},"thumbnailUrl":"https:\/\/ecodef-ihedn.fr\/wp-content\/uploads\/2020\/02\/ecole-militaire-paris-1.jpg","datePublished":"2020-05-28T06:54:01+00:00","dateModified":"2021-04-22T17:18:10+00:00","breadcrumb":{"@id":"https:\/\/ecodef-ihedn.fr\/medias-actualites-copy\/#breadcrumb"},"inLanguage":"en-GB","potentialAction":[{"@type":"ReadAction","target":["https:\/\/ecodef-ihedn.fr\/medias-actualites-copy\/"]}]},{"@type":"ImageObject","inLanguage":"en-GB","@id":"https:\/\/ecodef-ihedn.fr\/medias-actualites-copy\/#primaryimage","url":"https:\/\/ecodef-ihedn.fr\/wp-content\/uploads\/2020\/02\/ecole-militaire-paris-1.jpg","contentUrl":"https:\/\/ecodef-ihedn.fr\/wp-content\/uploads\/2020\/02\/ecole-militaire-paris-1.jpg","width":755,"height":414},{"@type":"BreadcrumbList","@id":"https:\/\/ecodef-ihedn.fr\/medias-actualites-copy\/#breadcrumb","itemListElement":[{"@type":"ListItem","position":1,"name":"Accueil","item":"https:\/\/ecodef-ihedn.fr\/"},{"@type":"ListItem","position":2,"name":"Actualit\u00e9s du r\u00e9seau"}]},{"@type":"WebSite","@id":"https:\/\/ecodef-ihedn.fr\/#website","url":"https:\/\/ecodef-ihedn.fr\/","name":"Chair in Defence Economics - IHEDN","description":"Produce &amp; support, federate &amp; disseminate, act as an interface","publisher":{"@id":"https:\/\/ecodef-ihedn.fr\/#organization"},"potentialAction":[{"@type":"SearchAction","target":{"@type":"EntryPoint","urlTemplate":"https:\/\/ecodef-ihedn.fr\/?s={search_term_string}"},"query-input":{"@type":"PropertyValueSpecification","valueRequired":true,"valueName":"search_term_string"}}],"inLanguage":"en-GB"},{"@type":"Organization","@id":"https:\/\/ecodef-ihedn.fr\/#organization","name":"Chair in Defence Economics - IHEDN","url":"https:\/\/ecodef-ihedn.fr\/","logo":{"@type":"ImageObject","inLanguage":"en-GB","@id":"https:\/\/ecodef-ihedn.fr\/#\/schema\/logo\/image\/","url":"https:\/\/ecodef-ihedn.fr\/wp-content\/uploads\/2020\/04\/logoEcodef9.jpg","contentUrl":"https:\/\/ecodef-ihedn.fr\/wp-content\/uploads\/2020\/04\/logoEcodef9.jpg","width":410,"height":212,"caption":"Chaire \u00c9conomie de d\u00e9fense - IHEDN"},"image":{"@id":"https:\/\/ecodef-ihedn.fr\/#\/schema\/logo\/image\/"},"sameAs":["https:\/\/x.com\/Chaire_Ecodef","https:\/\/www.linkedin.com\/company\/chaire-ecodef-ihedn\/"]}]}},"_links":{"self":[{"href":"https:\/\/ecodef-ihedn.fr\/en\/wp-json\/wp\/v2\/pages\/1907","targetHints":{"allow":["GET"]}}],"collection":[{"href":"https:\/\/ecodef-ihedn.fr\/en\/wp-json\/wp\/v2\/pages"}],"about":[{"href":"https:\/\/ecodef-ihedn.fr\/en\/wp-json\/wp\/v2\/types\/page"}],"author":[{"embeddable":true,"href":"https:\/\/ecodef-ihedn.fr\/en\/wp-json\/wp\/v2\/users\/2"}],"replies":[{"embeddable":true,"href":"https:\/\/ecodef-ihedn.fr\/en\/wp-json\/wp\/v2\/comments?post=1907"}],"version-history":[{"count":5,"href":"https:\/\/ecodef-ihedn.fr\/en\/wp-json\/wp\/v2\/pages\/1907\/revisions"}],"predecessor-version":[{"id":3280,"href":"https:\/\/ecodef-ihedn.fr\/en\/wp-json\/wp\/v2\/pages\/1907\/revisions\/3280"}],"wp:featuredmedia":[{"embeddable":true,"href":"https:\/\/ecodef-ihedn.fr\/en\/wp-json\/wp\/v2\/media\/564"}],"wp:attachment":[{"href":"https:\/\/ecodef-ihedn.fr\/en\/wp-json\/wp\/v2\/media?parent=1907"}],"curies":[{"name":"wp","href":"https:\/\/api.w.org\/{rel}","templated":true}]}}