{"id":2451,"date":"2020-11-10T10:24:56","date_gmt":"2020-11-10T10:24:56","guid":{"rendered":"https:\/\/ecodef-ihedn.fr\/?page_id=2451"},"modified":"2020-11-27T09:35:38","modified_gmt":"2020-11-27T09:35:38","slug":"2-decembre-conference-annuelle-de-la-chaire-economie-de-defense-ihedn","status":"publish","type":"page","link":"https:\/\/ecodef-ihedn.fr\/en\/2-decembre-conference-annuelle-de-la-chaire-economie-de-defense-ihedn\/","title":{"rendered":"[INVITATION] 2 d\u00e9cembre 2020 : Conf\u00e9rence annuelle de la Chaire \u00c9conomie de D\u00e9fense &#8211; IHEDN"},"content":{"rendered":"<figure class=\"wp-block-image size-large is-resized\"><img loading=\"lazy\" decoding=\"async\" src=\"https:\/\/ecodef-ihedn.fr\/wp-content\/uploads\/2020\/04\/2019_sga023_r_9-2-1024x683.jpg\" alt=\"Conf\u00e9rence annuelle de la Chaire \u00c9conomie de d\u00e9fense-IHEDN pr\u00e9vue pour le 2 d\u00e9cembre 2020, en pr\u00e9sence de Florence Parly, ministre des Arm\u00e9es.\" class=\"wp-image-1407\" width=\"733\" height=\"483\"\/><figcaption>Closing of the 2019 annual conference by Florence Parly, Minister for the Armed Forces<\/figcaption><\/figure>\n\n\n\n<p class=\"has-text-align-center\" style=\"font-size:20px\"><strong><span class=\"has-inline-color has-vivid-red-color\">- INVITATION -<\/span><\/strong><\/p>\n\n\n\n<p class=\"has-text-align-center\" style=\"font-size:20px\"><strong>Wednesday 2 December 2020 from 2 pm<br><br>\u00c9cole militaire (Paris 7e) - Foch amphitheatre<\/strong><br>(webinar)<\/p>\n\n\n\n<div class=\"wp-block-buttons aligncenter is-layout-flex wp-block-buttons-is-layout-flex\">\n<div class=\"wp-block-button is-style-round\"><a class=\"wp-block-button__link\" href=\"\" target=\"_blank\" rel=\"noreferrer noopener\">Click here to make a<br>REGISTRATION FORM<\/a><\/div>\n<\/div>\n\n\n\n<p>La <strong>Chair in Defence Economics - IHEDN <\/strong>organises the <strong>2 December 2020<\/strong> afternoon at the\u2019<strong>Military school<\/strong>, a conference (webinar) with the participation of <strong>Mrs Florence Parly, Minister for the Armed Forces<\/strong>, on the theme :<\/p>\n\n\n\n<p class=\"has-text-align-center\" style=\"font-size:20px\"><strong><em>What kind of European defence industrial policy to meet the challenges ahead?<\/em><\/strong><\/p>\n\n\n\n<p><strong>Provisional programme :<\/strong><\/p>\n\n\n\n<p>Introduction by Christian de Boissieu, Chairman of the Chair's Scientific Council, and Lieutenant General Patrick Destremau, Director of IHEDN<\/p>\n\n\n\n<p>Round Table 1: <strong>Why implement a European defence industrial policy?<\/strong><br>With H\u00e9l\u00e8ne Conway-Mouret (Senate), Thomas Gomart (IFRI), Alexandre Mon\u00e9ger (NATO) (to be confirmed), Antoine Bouvier (AIRBUS)<\/p>\n\n\n\n<p>Speech by Timo Pesonen, Director General for Defence Industry and Space (DEFIS) (European Commission)<\/p>\n\n\n\n<p>Round Table 2: <strong>What kind of European defence industrial policy is desirable and feasible?<\/strong><br>With Fran\u00e7ois Mestre (DGA), St\u00e9phane Mayer (CIDEF), Philippe Duhamel (THALES), Herv\u00e9 Guillou (GICAN), Kuldar V\u00e4\u00e4rsi (MILREM)<\/p>\n\n\n\n<p>Conclusion by Florence Parly, Minister for the Armed Forces<\/p>\n\n\n\n<p class=\"has-text-align-center\"><em><strong><u>IMPORTANT:<\/u><\/strong><\/em><br><em>Due to restrictions linked to the health situation, the conference will only be accessible remotely (webinar).<\/em><\/p>\n\n\n\n<div class=\"wp-block-buttons aligncenter is-layout-flex wp-block-buttons-is-layout-flex\">\n<div class=\"wp-block-button is-style-round\"><a class=\"wp-block-button__link\" href=\"https:\/\/2z9yo.r.ag.d.sendibm3.com\/mk\/cl\/f\/vC66c7WfSryAAiwt0crOT8Ok1g785KL5I2UdPXhS4AJqh4m3ek37YjWcwQwNHWIcdW5eZQUnQFV5dbQcaETMu3JbLkTGeT-Rr0zE7PDG6jz0MW_MPKnX2MvIKqrTRvGQ_RjusHfzjX-LA2Us43Gog5wiGMIAKtUdhmWM2zIii3FfOq1L1lMph7XQj3f2q5FbYzgrGoPTNRkduSN_c7oEYhDBUvwyXIwV_dScMSOi6CsMpQNjgMKhsS2hk9Us0ZU15RCgIt2aHTtk53_LIzWYQwBFciWrIIq9ie43V1BWAMciW8ueqJLjdvYm_y21EmjgyIrOyNutBlHyWSYcSpzvm9TftIkEQdUu4Ya31CDLtTaT8JqnoGXXhOVTaJrr9cDpMwJENOMAhXdFGmVvVc_EVvnsxdN2keShWf5gecYqUNvXeUP30DfjmDY16RpsizrTglW3qaT7_D_Qtx81cQ\" target=\"_blank\" rel=\"noreferrer noopener\">Click here to make a<br>REGISTRATION FORM<\/a><\/div>\n<\/div>\n\n\n\n<p class=\"has-text-align-center\"><em>The detailed programme and practical details will be sent to those whose registration has been confirmed by the organiser.<\/em><\/p>\n\n\n\n<p><\/p>","protected":false},"excerpt":{"rendered":"<p>&#8211; INVITATION &#8211; Mercredi 2 d\u00e9cembre 2020 \u00e0 partir de 14 h \u00c9cole militaire (Paris 7e) \u2013 amphith\u00e9\u00e2tre Foch(webinaire) La Chaire \u00c9conomie de D\u00e9fense &#8211; IHEDN organise le 2 d\u00e9cembre 2020 apr\u00e8s-midi \u00e0 l&rsquo;\u00c9cole militaire, une conf\u00e9rence (webinaire) avec la participation de Madame Florence Parly, Ministre des Arm\u00e9es, sur le th\u00e8me : Quelle politique industrielle [&hellip;]<\/p>\n","protected":false},"author":2,"featured_media":1407,"parent":0,"menu_order":0,"comment_status":"closed","ping_status":"closed","template":"","meta":{"footnotes":""},"class_list":["post-2451","page","type-page","status-publish","has-post-thumbnail"],"yoast_head":"<!-- This site is optimized with the Yoast SEO plugin v27.5 - https:\/\/yoast.com\/product\/yoast-seo-wordpress\/ -->\n<title>[INVITATION] 2 d\u00e9cembre 2020 : Conf\u00e9rence annuelle de la Chaire \u00c9conomie de D\u00e9fense - IHEDN - Chaire \u00c9conomie de d\u00e9fense - IHEDN<\/title>\n<meta name=\"robots\" content=\"index, follow, max-snippet:-1, max-image-preview:large, max-video-preview:-1\" \/>\n<link rel=\"canonical\" href=\"https:\/\/ecodef-ihedn.fr\/en\/2-decembre-conference-annuelle-de-la-chaire-economie-de-defense-ihedn\/\" \/>\n<meta property=\"og:locale\" content=\"en_GB\" \/>\n<meta property=\"og:type\" content=\"article\" \/>\n<meta property=\"og:title\" content=\"[INVITATION] 2 d\u00e9cembre 2020 : Conf\u00e9rence annuelle de la Chaire \u00c9conomie de D\u00e9fense - IHEDN - Chaire \u00c9conomie de d\u00e9fense - IHEDN\" \/>\n<meta property=\"og:description\" content=\"&#8211; INVITATION &#8211; Mercredi 2 d\u00e9cembre 2020 \u00e0 partir de 14 h \u00c9cole militaire (Paris 7e) \u2013 amphith\u00e9\u00e2tre Foch(webinaire) La Chaire \u00c9conomie de D\u00e9fense &#8211; IHEDN organise le 2 d\u00e9cembre 2020 apr\u00e8s-midi \u00e0 l&rsquo;\u00c9cole militaire, une conf\u00e9rence (webinaire) avec la participation de Madame Florence Parly, Ministre des Arm\u00e9es, sur le th\u00e8me : Quelle politique industrielle [&hellip;]\" \/>\n<meta property=\"og:url\" content=\"https:\/\/ecodef-ihedn.fr\/en\/2-decembre-conference-annuelle-de-la-chaire-economie-de-defense-ihedn\/\" \/>\n<meta property=\"og:site_name\" content=\"Chaire \u00c9conomie de d\u00e9fense - IHEDN\" \/>\n<meta property=\"article:modified_time\" content=\"2020-11-27T09:35:38+00:00\" \/>\n<meta property=\"og:image\" content=\"https:\/\/ecodef-ihedn.fr\/wp-content\/uploads\/2020\/04\/2019_sga023_r_9-2.jpg\" \/>\n\t<meta property=\"og:image:width\" content=\"2048\" \/>\n\t<meta property=\"og:image:height\" content=\"1365\" \/>\n\t<meta property=\"og:image:type\" content=\"image\/jpeg\" \/>\n<meta name=\"twitter:card\" content=\"summary_large_image\" \/>\n<meta name=\"twitter:site\" content=\"@Chaire_Ecodef\" \/>\n<meta name=\"twitter:label1\" content=\"Estimated reading time\" \/>\n\t<meta name=\"twitter:data1\" content=\"1 minute\" \/>\n<script type=\"application\/ld+json\" class=\"yoast-schema-graph\">{\"@context\":\"https:\\\/\\\/schema.org\",\"@graph\":[{\"@type\":\"WebPage\",\"@id\":\"https:\\\/\\\/ecodef-ihedn.fr\\\/2-decembre-conference-annuelle-de-la-chaire-economie-de-defense-ihedn\\\/\",\"url\":\"https:\\\/\\\/ecodef-ihedn.fr\\\/2-decembre-conference-annuelle-de-la-chaire-economie-de-defense-ihedn\\\/\",\"name\":\"[INVITATION] 2 d\u00e9cembre 2020 : Conf\u00e9rence annuelle de la Chaire \u00c9conomie de D\u00e9fense - IHEDN - Chaire \u00c9conomie de d\u00e9fense - IHEDN\",\"isPartOf\":{\"@id\":\"https:\\\/\\\/ecodef-ihedn.fr\\\/#website\"},\"primaryImageOfPage\":{\"@id\":\"https:\\\/\\\/ecodef-ihedn.fr\\\/2-decembre-conference-annuelle-de-la-chaire-economie-de-defense-ihedn\\\/#primaryimage\"},\"image\":{\"@id\":\"https:\\\/\\\/ecodef-ihedn.fr\\\/2-decembre-conference-annuelle-de-la-chaire-economie-de-defense-ihedn\\\/#primaryimage\"},\"thumbnailUrl\":\"https:\\\/\\\/ecodef-ihedn.fr\\\/wp-content\\\/uploads\\\/2020\\\/04\\\/2019_sga023_r_9-2.jpg\",\"datePublished\":\"2020-11-10T10:24:56+00:00\",\"dateModified\":\"2020-11-27T09:35:38+00:00\",\"breadcrumb\":{\"@id\":\"https:\\\/\\\/ecodef-ihedn.fr\\\/2-decembre-conference-annuelle-de-la-chaire-economie-de-defense-ihedn\\\/#breadcrumb\"},\"inLanguage\":\"en-GB\",\"potentialAction\":[{\"@type\":\"ReadAction\",\"target\":[\"https:\\\/\\\/ecodef-ihedn.fr\\\/2-decembre-conference-annuelle-de-la-chaire-economie-de-defense-ihedn\\\/\"]}]},{\"@type\":\"ImageObject\",\"inLanguage\":\"en-GB\",\"@id\":\"https:\\\/\\\/ecodef-ihedn.fr\\\/2-decembre-conference-annuelle-de-la-chaire-economie-de-defense-ihedn\\\/#primaryimage\",\"url\":\"https:\\\/\\\/ecodef-ihedn.fr\\\/wp-content\\\/uploads\\\/2020\\\/04\\\/2019_sga023_r_9-2.jpg\",\"contentUrl\":\"https:\\\/\\\/ecodef-ihedn.fr\\\/wp-content\\\/uploads\\\/2020\\\/04\\\/2019_sga023_r_9-2.jpg\",\"width\":2048,\"height\":1365,\"caption\":\"Conf\u00e9rence annuelle de la Chaire \u00c9conomie de d\u00e9fense-IHEDN pr\u00e9vue pour le 2 d\u00e9cembre 2020, en pr\u00e9sence de Florence Parly, ministre des Arm\u00e9es.\"},{\"@type\":\"BreadcrumbList\",\"@id\":\"https:\\\/\\\/ecodef-ihedn.fr\\\/2-decembre-conference-annuelle-de-la-chaire-economie-de-defense-ihedn\\\/#breadcrumb\",\"itemListElement\":[{\"@type\":\"ListItem\",\"position\":1,\"name\":\"Accueil\",\"item\":\"https:\\\/\\\/ecodef-ihedn.fr\\\/\"},{\"@type\":\"ListItem\",\"position\":2,\"name\":\"[INVITATION] 2 d\u00e9cembre 2020 : Conf\u00e9rence annuelle de la Chaire \u00c9conomie de D\u00e9fense &#8211; IHEDN\"}]},{\"@type\":\"WebSite\",\"@id\":\"https:\\\/\\\/ecodef-ihedn.fr\\\/#website\",\"url\":\"https:\\\/\\\/ecodef-ihedn.fr\\\/\",\"name\":\"Chaire \u00c9conomie de D\u00e9fense - IHEDN\",\"description\":\"Produire &amp; soutenir, f\u00e9d\u00e9rer &amp; diffuser, \u00eatre une interface\",\"publisher\":{\"@id\":\"https:\\\/\\\/ecodef-ihedn.fr\\\/#organization\"},\"potentialAction\":[{\"@type\":\"SearchAction\",\"target\":{\"@type\":\"EntryPoint\",\"urlTemplate\":\"https:\\\/\\\/ecodef-ihedn.fr\\\/?s={search_term_string}\"},\"query-input\":{\"@type\":\"PropertyValueSpecification\",\"valueRequired\":true,\"valueName\":\"search_term_string\"}}],\"inLanguage\":\"en-GB\"},{\"@type\":\"Organization\",\"@id\":\"https:\\\/\\\/ecodef-ihedn.fr\\\/#organization\",\"name\":\"Chaire \u00c9conomie de d\u00e9fense - IHEDN\",\"url\":\"https:\\\/\\\/ecodef-ihedn.fr\\\/\",\"logo\":{\"@type\":\"ImageObject\",\"inLanguage\":\"en-GB\",\"@id\":\"https:\\\/\\\/ecodef-ihedn.fr\\\/#\\\/schema\\\/logo\\\/image\\\/\",\"url\":\"https:\\\/\\\/ecodef-ihedn.fr\\\/wp-content\\\/uploads\\\/2020\\\/04\\\/logoEcodef9.jpg\",\"contentUrl\":\"https:\\\/\\\/ecodef-ihedn.fr\\\/wp-content\\\/uploads\\\/2020\\\/04\\\/logoEcodef9.jpg\",\"width\":410,\"height\":212,\"caption\":\"Chaire \u00c9conomie de d\u00e9fense - IHEDN\"},\"image\":{\"@id\":\"https:\\\/\\\/ecodef-ihedn.fr\\\/#\\\/schema\\\/logo\\\/image\\\/\"},\"sameAs\":[\"https:\\\/\\\/x.com\\\/Chaire_Ecodef\",\"https:\\\/\\\/www.linkedin.com\\\/company\\\/chaire-ecodef-ihedn\\\/\"]}]}<\/script>\n<!-- \/ Yoast SEO plugin. -->","yoast_head_json":{"title":"[INVITATION] 2 d\u00e9cembre 2020 : Conf\u00e9rence annuelle de la Chaire \u00c9conomie de D\u00e9fense - IHEDN - Chaire \u00c9conomie de d\u00e9fense - IHEDN","robots":{"index":"index","follow":"follow","max-snippet":"max-snippet:-1","max-image-preview":"max-image-preview:large","max-video-preview":"max-video-preview:-1"},"canonical":"https:\/\/ecodef-ihedn.fr\/en\/2-decembre-conference-annuelle-de-la-chaire-economie-de-defense-ihedn\/","og_locale":"en_GB","og_type":"article","og_title":"[INVITATION] 2 d\u00e9cembre 2020 : Conf\u00e9rence annuelle de la Chaire \u00c9conomie de D\u00e9fense - IHEDN - Chaire \u00c9conomie de d\u00e9fense - IHEDN","og_description":"&#8211; INVITATION &#8211; Mercredi 2 d\u00e9cembre 2020 \u00e0 partir de 14 h \u00c9cole militaire (Paris 7e) \u2013 amphith\u00e9\u00e2tre Foch(webinaire) La Chaire \u00c9conomie de D\u00e9fense &#8211; IHEDN organise le 2 d\u00e9cembre 2020 apr\u00e8s-midi \u00e0 l&rsquo;\u00c9cole militaire, une conf\u00e9rence (webinaire) avec la participation de Madame Florence Parly, Ministre des Arm\u00e9es, sur le th\u00e8me : Quelle politique industrielle [&hellip;]","og_url":"https:\/\/ecodef-ihedn.fr\/en\/2-decembre-conference-annuelle-de-la-chaire-economie-de-defense-ihedn\/","og_site_name":"Chaire \u00c9conomie de d\u00e9fense - IHEDN","article_modified_time":"2020-11-27T09:35:38+00:00","og_image":[{"width":2048,"height":1365,"url":"https:\/\/ecodef-ihedn.fr\/wp-content\/uploads\/2020\/04\/2019_sga023_r_9-2.jpg","type":"image\/jpeg"}],"twitter_card":"summary_large_image","twitter_site":"@Chaire_Ecodef","twitter_misc":{"Estimated reading time":"1 minute"},"schema":{"@context":"https:\/\/schema.org","@graph":[{"@type":"WebPage","@id":"https:\/\/ecodef-ihedn.fr\/2-decembre-conference-annuelle-de-la-chaire-economie-de-defense-ihedn\/","url":"https:\/\/ecodef-ihedn.fr\/2-decembre-conference-annuelle-de-la-chaire-economie-de-defense-ihedn\/","name":"[INVITATION] 2 d\u00e9cembre 2020 : Conf\u00e9rence annuelle de la Chaire \u00c9conomie de D\u00e9fense - IHEDN - Chaire \u00c9conomie de d\u00e9fense - IHEDN","isPartOf":{"@id":"https:\/\/ecodef-ihedn.fr\/#website"},"primaryImageOfPage":{"@id":"https:\/\/ecodef-ihedn.fr\/2-decembre-conference-annuelle-de-la-chaire-economie-de-defense-ihedn\/#primaryimage"},"image":{"@id":"https:\/\/ecodef-ihedn.fr\/2-decembre-conference-annuelle-de-la-chaire-economie-de-defense-ihedn\/#primaryimage"},"thumbnailUrl":"https:\/\/ecodef-ihedn.fr\/wp-content\/uploads\/2020\/04\/2019_sga023_r_9-2.jpg","datePublished":"2020-11-10T10:24:56+00:00","dateModified":"2020-11-27T09:35:38+00:00","breadcrumb":{"@id":"https:\/\/ecodef-ihedn.fr\/2-decembre-conference-annuelle-de-la-chaire-economie-de-defense-ihedn\/#breadcrumb"},"inLanguage":"en-GB","potentialAction":[{"@type":"ReadAction","target":["https:\/\/ecodef-ihedn.fr\/2-decembre-conference-annuelle-de-la-chaire-economie-de-defense-ihedn\/"]}]},{"@type":"ImageObject","inLanguage":"en-GB","@id":"https:\/\/ecodef-ihedn.fr\/2-decembre-conference-annuelle-de-la-chaire-economie-de-defense-ihedn\/#primaryimage","url":"https:\/\/ecodef-ihedn.fr\/wp-content\/uploads\/2020\/04\/2019_sga023_r_9-2.jpg","contentUrl":"https:\/\/ecodef-ihedn.fr\/wp-content\/uploads\/2020\/04\/2019_sga023_r_9-2.jpg","width":2048,"height":1365,"caption":"Conf\u00e9rence annuelle de la Chaire \u00c9conomie de d\u00e9fense-IHEDN pr\u00e9vue pour le 2 d\u00e9cembre 2020, en pr\u00e9sence de Florence Parly, ministre des Arm\u00e9es."},{"@type":"BreadcrumbList","@id":"https:\/\/ecodef-ihedn.fr\/2-decembre-conference-annuelle-de-la-chaire-economie-de-defense-ihedn\/#breadcrumb","itemListElement":[{"@type":"ListItem","position":1,"name":"Accueil","item":"https:\/\/ecodef-ihedn.fr\/"},{"@type":"ListItem","position":2,"name":"[INVITATION] 2 d\u00e9cembre 2020 : Conf\u00e9rence annuelle de la Chaire \u00c9conomie de D\u00e9fense &#8211; IHEDN"}]},{"@type":"WebSite","@id":"https:\/\/ecodef-ihedn.fr\/#website","url":"https:\/\/ecodef-ihedn.fr\/","name":"Chair in Defence Economics - IHEDN","description":"Produce &amp; support, federate &amp; disseminate, act as an interface","publisher":{"@id":"https:\/\/ecodef-ihedn.fr\/#organization"},"potentialAction":[{"@type":"SearchAction","target":{"@type":"EntryPoint","urlTemplate":"https:\/\/ecodef-ihedn.fr\/?s={search_term_string}"},"query-input":{"@type":"PropertyValueSpecification","valueRequired":true,"valueName":"search_term_string"}}],"inLanguage":"en-GB"},{"@type":"Organization","@id":"https:\/\/ecodef-ihedn.fr\/#organization","name":"Chair in Defence Economics - IHEDN","url":"https:\/\/ecodef-ihedn.fr\/","logo":{"@type":"ImageObject","inLanguage":"en-GB","@id":"https:\/\/ecodef-ihedn.fr\/#\/schema\/logo\/image\/","url":"https:\/\/ecodef-ihedn.fr\/wp-content\/uploads\/2020\/04\/logoEcodef9.jpg","contentUrl":"https:\/\/ecodef-ihedn.fr\/wp-content\/uploads\/2020\/04\/logoEcodef9.jpg","width":410,"height":212,"caption":"Chaire \u00c9conomie de d\u00e9fense - IHEDN"},"image":{"@id":"https:\/\/ecodef-ihedn.fr\/#\/schema\/logo\/image\/"},"sameAs":["https:\/\/x.com\/Chaire_Ecodef","https:\/\/www.linkedin.com\/company\/chaire-ecodef-ihedn\/"]}]}},"_links":{"self":[{"href":"https:\/\/ecodef-ihedn.fr\/en\/wp-json\/wp\/v2\/pages\/2451","targetHints":{"allow":["GET"]}}],"collection":[{"href":"https:\/\/ecodef-ihedn.fr\/en\/wp-json\/wp\/v2\/pages"}],"about":[{"href":"https:\/\/ecodef-ihedn.fr\/en\/wp-json\/wp\/v2\/types\/page"}],"author":[{"embeddable":true,"href":"https:\/\/ecodef-ihedn.fr\/en\/wp-json\/wp\/v2\/users\/2"}],"replies":[{"embeddable":true,"href":"https:\/\/ecodef-ihedn.fr\/en\/wp-json\/wp\/v2\/comments?post=2451"}],"version-history":[{"count":5,"href":"https:\/\/ecodef-ihedn.fr\/en\/wp-json\/wp\/v2\/pages\/2451\/revisions"}],"predecessor-version":[{"id":2581,"href":"https:\/\/ecodef-ihedn.fr\/en\/wp-json\/wp\/v2\/pages\/2451\/revisions\/2581"}],"wp:featuredmedia":[{"embeddable":true,"href":"https:\/\/ecodef-ihedn.fr\/en\/wp-json\/wp\/v2\/media\/1407"}],"wp:attachment":[{"href":"https:\/\/ecodef-ihedn.fr\/en\/wp-json\/wp\/v2\/media?parent=2451"}],"curies":[{"name":"wp","href":"https:\/\/api.w.org\/{rel}","templated":true}]}}