{"id":3528,"date":"2021-06-18T12:41:54","date_gmt":"2021-06-18T12:41:54","guid":{"rendered":"https:\/\/ecodef-ihedn.fr\/?page_id=3528"},"modified":"2025-01-21T09:55:34","modified_gmt":"2025-01-21T09:55:34","slug":"votre-demande-dinscription-au-webinaire-de-la-chaire-economie-de-defense-ihedn-a-bien-ete-prise-en-compte","status":"publish","type":"page","link":"https:\/\/ecodef-ihedn.fr\/en\/votre-demande-dinscription-au-webinaire-de-la-chaire-economie-de-defense-ihedn-a-bien-ete-prise-en-compte\/","title":{"rendered":"Your request to register for the next Chair webinar has been taken into account."},"content":{"rendered":"<p>U<span style=\"color: initial;\">n e-mail has just been sent to you.<\/span><\/p>\r\n<p><span style=\"color: initial;\">The <strong>connection details<\/strong> will be sent to you <strong>the day before the webinar<\/strong> (please check your spam regularly).<\/span><\/p>\r\n\r\n\r\n\r\n<p>Thank you for your interest in our activities.<\/p>\r\n\r\n\r\n\r\n<p>The Defence Economics Chair - IHEDN team<\/p>\r\n\r\n\r\n\r\n<p>&nbsp;<\/p>","protected":false},"excerpt":{"rendered":"<p>Un courriel vient de vous \u00eatre adress\u00e9. Les modalit\u00e9s de connexion vous seront communiqu\u00e9es la veille du webinaire (merci de v\u00e9rifier r\u00e9guli\u00e8rement vos \u00ab\u00a0spams\u00a0\u00bb). Nous vous remercions de votre int\u00e9r\u00eat pour nos activit\u00e9s. L&rsquo;\u00e9quipe de la Chaire \u00c9conomie de d\u00e9fense &#8211; IHEDN &nbsp;<\/p>","protected":false},"author":2,"featured_media":564,"parent":0,"menu_order":0,"comment_status":"closed","ping_status":"closed","template":"","meta":{"footnotes":""},"class_list":["post-3528","page","type-page","status-publish","has-post-thumbnail"],"yoast_head":"<!-- This site is optimized with the Yoast SEO plugin v27.5 - https:\/\/yoast.com\/product\/yoast-seo-wordpress\/ -->\n<title>Votre demande d&#039;inscription au prochain webinaire de la Chaire est prise en compte - Chaire \u00c9conomie de d\u00e9fense - IHEDN<\/title>\n<meta name=\"robots\" content=\"index, follow, max-snippet:-1, max-image-preview:large, max-video-preview:-1\" \/>\n<link rel=\"canonical\" href=\"https:\/\/ecodef-ihedn.fr\/en\/votre-demande-dinscription-au-webinaire-de-la-chaire-economie-de-defense-ihedn-a-bien-ete-prise-en-compte\/\" \/>\n<meta property=\"og:locale\" content=\"en_GB\" \/>\n<meta property=\"og:type\" content=\"article\" \/>\n<meta property=\"og:title\" content=\"Votre demande d&#039;inscription au prochain webinaire de la Chaire est prise en compte - Chaire \u00c9conomie de d\u00e9fense - IHEDN\" \/>\n<meta property=\"og:description\" content=\"Un courriel vient de vous \u00eatre adress\u00e9. Les modalit\u00e9s de connexion vous seront communiqu\u00e9es la veille du webinaire (merci de v\u00e9rifier r\u00e9guli\u00e8rement vos \u00ab\u00a0spams\u00a0\u00bb). Nous vous remercions de votre int\u00e9r\u00eat pour nos activit\u00e9s. L&rsquo;\u00e9quipe de la Chaire \u00c9conomie de d\u00e9fense &#8211; IHEDN &nbsp;\" \/>\n<meta property=\"og:url\" content=\"https:\/\/ecodef-ihedn.fr\/en\/votre-demande-dinscription-au-webinaire-de-la-chaire-economie-de-defense-ihedn-a-bien-ete-prise-en-compte\/\" \/>\n<meta property=\"og:site_name\" content=\"Chaire \u00c9conomie de d\u00e9fense - IHEDN\" \/>\n<meta property=\"article:modified_time\" content=\"2025-01-21T09:55:34+00:00\" \/>\n<meta name=\"twitter:card\" content=\"summary_large_image\" \/>\n<meta name=\"twitter:site\" content=\"@Chaire_Ecodef\" \/>\n<meta name=\"twitter:label1\" content=\"Estimated reading time\" \/>\n\t<meta name=\"twitter:data1\" content=\"1 minute\" \/>\n<script type=\"application\/ld+json\" class=\"yoast-schema-graph\">{\"@context\":\"https:\\\/\\\/schema.org\",\"@graph\":[{\"@type\":\"WebPage\",\"@id\":\"https:\\\/\\\/ecodef-ihedn.fr\\\/votre-demande-dinscription-au-webinaire-de-la-chaire-economie-de-defense-ihedn-a-bien-ete-prise-en-compte\\\/\",\"url\":\"https:\\\/\\\/ecodef-ihedn.fr\\\/votre-demande-dinscription-au-webinaire-de-la-chaire-economie-de-defense-ihedn-a-bien-ete-prise-en-compte\\\/\",\"name\":\"Votre demande d'inscription au prochain webinaire de la Chaire est prise en compte - Chaire \u00c9conomie de d\u00e9fense - IHEDN\",\"isPartOf\":{\"@id\":\"https:\\\/\\\/ecodef-ihedn.fr\\\/#website\"},\"primaryImageOfPage\":{\"@id\":\"https:\\\/\\\/ecodef-ihedn.fr\\\/votre-demande-dinscription-au-webinaire-de-la-chaire-economie-de-defense-ihedn-a-bien-ete-prise-en-compte\\\/#primaryimage\"},\"image\":{\"@id\":\"https:\\\/\\\/ecodef-ihedn.fr\\\/votre-demande-dinscription-au-webinaire-de-la-chaire-economie-de-defense-ihedn-a-bien-ete-prise-en-compte\\\/#primaryimage\"},\"thumbnailUrl\":\"https:\\\/\\\/ecodef-ihedn.fr\\\/wp-content\\\/uploads\\\/2020\\\/02\\\/ecole-militaire-paris-1.jpg\",\"datePublished\":\"2021-06-18T12:41:54+00:00\",\"dateModified\":\"2025-01-21T09:55:34+00:00\",\"breadcrumb\":{\"@id\":\"https:\\\/\\\/ecodef-ihedn.fr\\\/votre-demande-dinscription-au-webinaire-de-la-chaire-economie-de-defense-ihedn-a-bien-ete-prise-en-compte\\\/#breadcrumb\"},\"inLanguage\":\"en-GB\",\"potentialAction\":[{\"@type\":\"ReadAction\",\"target\":[\"https:\\\/\\\/ecodef-ihedn.fr\\\/votre-demande-dinscription-au-webinaire-de-la-chaire-economie-de-defense-ihedn-a-bien-ete-prise-en-compte\\\/\"]}]},{\"@type\":\"ImageObject\",\"inLanguage\":\"en-GB\",\"@id\":\"https:\\\/\\\/ecodef-ihedn.fr\\\/votre-demande-dinscription-au-webinaire-de-la-chaire-economie-de-defense-ihedn-a-bien-ete-prise-en-compte\\\/#primaryimage\",\"url\":\"https:\\\/\\\/ecodef-ihedn.fr\\\/wp-content\\\/uploads\\\/2020\\\/02\\\/ecole-militaire-paris-1.jpg\",\"contentUrl\":\"https:\\\/\\\/ecodef-ihedn.fr\\\/wp-content\\\/uploads\\\/2020\\\/02\\\/ecole-militaire-paris-1.jpg\",\"width\":755,\"height\":414},{\"@type\":\"BreadcrumbList\",\"@id\":\"https:\\\/\\\/ecodef-ihedn.fr\\\/votre-demande-dinscription-au-webinaire-de-la-chaire-economie-de-defense-ihedn-a-bien-ete-prise-en-compte\\\/#breadcrumb\",\"itemListElement\":[{\"@type\":\"ListItem\",\"position\":1,\"name\":\"Accueil\",\"item\":\"https:\\\/\\\/ecodef-ihedn.fr\\\/\"},{\"@type\":\"ListItem\",\"position\":2,\"name\":\"Votre demande d&#8217;inscription au prochain webinaire de la Chaire est prise en compte\"}]},{\"@type\":\"WebSite\",\"@id\":\"https:\\\/\\\/ecodef-ihedn.fr\\\/#website\",\"url\":\"https:\\\/\\\/ecodef-ihedn.fr\\\/\",\"name\":\"Chaire \u00c9conomie de D\u00e9fense - IHEDN\",\"description\":\"Produire &amp; soutenir, f\u00e9d\u00e9rer &amp; diffuser, \u00eatre une interface\",\"publisher\":{\"@id\":\"https:\\\/\\\/ecodef-ihedn.fr\\\/#organization\"},\"potentialAction\":[{\"@type\":\"SearchAction\",\"target\":{\"@type\":\"EntryPoint\",\"urlTemplate\":\"https:\\\/\\\/ecodef-ihedn.fr\\\/?s={search_term_string}\"},\"query-input\":{\"@type\":\"PropertyValueSpecification\",\"valueRequired\":true,\"valueName\":\"search_term_string\"}}],\"inLanguage\":\"en-GB\"},{\"@type\":\"Organization\",\"@id\":\"https:\\\/\\\/ecodef-ihedn.fr\\\/#organization\",\"name\":\"Chaire \u00c9conomie de d\u00e9fense - IHEDN\",\"url\":\"https:\\\/\\\/ecodef-ihedn.fr\\\/\",\"logo\":{\"@type\":\"ImageObject\",\"inLanguage\":\"en-GB\",\"@id\":\"https:\\\/\\\/ecodef-ihedn.fr\\\/#\\\/schema\\\/logo\\\/image\\\/\",\"url\":\"https:\\\/\\\/ecodef-ihedn.fr\\\/wp-content\\\/uploads\\\/2020\\\/04\\\/logoEcodef9.jpg\",\"contentUrl\":\"https:\\\/\\\/ecodef-ihedn.fr\\\/wp-content\\\/uploads\\\/2020\\\/04\\\/logoEcodef9.jpg\",\"width\":410,\"height\":212,\"caption\":\"Chaire \u00c9conomie de d\u00e9fense - IHEDN\"},\"image\":{\"@id\":\"https:\\\/\\\/ecodef-ihedn.fr\\\/#\\\/schema\\\/logo\\\/image\\\/\"},\"sameAs\":[\"https:\\\/\\\/x.com\\\/Chaire_Ecodef\",\"https:\\\/\\\/www.linkedin.com\\\/company\\\/chaire-ecodef-ihedn\\\/\"]}]}<\/script>\n<!-- \/ Yoast SEO plugin. -->","yoast_head_json":{"title":"Votre demande d'inscription au prochain webinaire de la Chaire est prise en compte - Chaire \u00c9conomie de d\u00e9fense - IHEDN","robots":{"index":"index","follow":"follow","max-snippet":"max-snippet:-1","max-image-preview":"max-image-preview:large","max-video-preview":"max-video-preview:-1"},"canonical":"https:\/\/ecodef-ihedn.fr\/en\/votre-demande-dinscription-au-webinaire-de-la-chaire-economie-de-defense-ihedn-a-bien-ete-prise-en-compte\/","og_locale":"en_GB","og_type":"article","og_title":"Votre demande d'inscription au prochain webinaire de la Chaire est prise en compte - Chaire \u00c9conomie de d\u00e9fense - IHEDN","og_description":"Un courriel vient de vous \u00eatre adress\u00e9. Les modalit\u00e9s de connexion vous seront communiqu\u00e9es la veille du webinaire (merci de v\u00e9rifier r\u00e9guli\u00e8rement vos \u00ab\u00a0spams\u00a0\u00bb). Nous vous remercions de votre int\u00e9r\u00eat pour nos activit\u00e9s. L&rsquo;\u00e9quipe de la Chaire \u00c9conomie de d\u00e9fense &#8211; IHEDN &nbsp;","og_url":"https:\/\/ecodef-ihedn.fr\/en\/votre-demande-dinscription-au-webinaire-de-la-chaire-economie-de-defense-ihedn-a-bien-ete-prise-en-compte\/","og_site_name":"Chaire \u00c9conomie de d\u00e9fense - IHEDN","article_modified_time":"2025-01-21T09:55:34+00:00","twitter_card":"summary_large_image","twitter_site":"@Chaire_Ecodef","twitter_misc":{"Estimated reading time":"1 minute"},"schema":{"@context":"https:\/\/schema.org","@graph":[{"@type":"WebPage","@id":"https:\/\/ecodef-ihedn.fr\/votre-demande-dinscription-au-webinaire-de-la-chaire-economie-de-defense-ihedn-a-bien-ete-prise-en-compte\/","url":"https:\/\/ecodef-ihedn.fr\/votre-demande-dinscription-au-webinaire-de-la-chaire-economie-de-defense-ihedn-a-bien-ete-prise-en-compte\/","name":"Votre demande d'inscription au prochain webinaire de la Chaire est prise en compte - Chaire \u00c9conomie de d\u00e9fense - IHEDN","isPartOf":{"@id":"https:\/\/ecodef-ihedn.fr\/#website"},"primaryImageOfPage":{"@id":"https:\/\/ecodef-ihedn.fr\/votre-demande-dinscription-au-webinaire-de-la-chaire-economie-de-defense-ihedn-a-bien-ete-prise-en-compte\/#primaryimage"},"image":{"@id":"https:\/\/ecodef-ihedn.fr\/votre-demande-dinscription-au-webinaire-de-la-chaire-economie-de-defense-ihedn-a-bien-ete-prise-en-compte\/#primaryimage"},"thumbnailUrl":"https:\/\/ecodef-ihedn.fr\/wp-content\/uploads\/2020\/02\/ecole-militaire-paris-1.jpg","datePublished":"2021-06-18T12:41:54+00:00","dateModified":"2025-01-21T09:55:34+00:00","breadcrumb":{"@id":"https:\/\/ecodef-ihedn.fr\/votre-demande-dinscription-au-webinaire-de-la-chaire-economie-de-defense-ihedn-a-bien-ete-prise-en-compte\/#breadcrumb"},"inLanguage":"en-GB","potentialAction":[{"@type":"ReadAction","target":["https:\/\/ecodef-ihedn.fr\/votre-demande-dinscription-au-webinaire-de-la-chaire-economie-de-defense-ihedn-a-bien-ete-prise-en-compte\/"]}]},{"@type":"ImageObject","inLanguage":"en-GB","@id":"https:\/\/ecodef-ihedn.fr\/votre-demande-dinscription-au-webinaire-de-la-chaire-economie-de-defense-ihedn-a-bien-ete-prise-en-compte\/#primaryimage","url":"https:\/\/ecodef-ihedn.fr\/wp-content\/uploads\/2020\/02\/ecole-militaire-paris-1.jpg","contentUrl":"https:\/\/ecodef-ihedn.fr\/wp-content\/uploads\/2020\/02\/ecole-militaire-paris-1.jpg","width":755,"height":414},{"@type":"BreadcrumbList","@id":"https:\/\/ecodef-ihedn.fr\/votre-demande-dinscription-au-webinaire-de-la-chaire-economie-de-defense-ihedn-a-bien-ete-prise-en-compte\/#breadcrumb","itemListElement":[{"@type":"ListItem","position":1,"name":"Accueil","item":"https:\/\/ecodef-ihedn.fr\/"},{"@type":"ListItem","position":2,"name":"Votre demande d&#8217;inscription au prochain webinaire de la Chaire est prise en compte"}]},{"@type":"WebSite","@id":"https:\/\/ecodef-ihedn.fr\/#website","url":"https:\/\/ecodef-ihedn.fr\/","name":"Chair in Defence Economics - IHEDN","description":"Produce &amp; support, federate &amp; disseminate, act as an interface","publisher":{"@id":"https:\/\/ecodef-ihedn.fr\/#organization"},"potentialAction":[{"@type":"SearchAction","target":{"@type":"EntryPoint","urlTemplate":"https:\/\/ecodef-ihedn.fr\/?s={search_term_string}"},"query-input":{"@type":"PropertyValueSpecification","valueRequired":true,"valueName":"search_term_string"}}],"inLanguage":"en-GB"},{"@type":"Organization","@id":"https:\/\/ecodef-ihedn.fr\/#organization","name":"Chair in Defence Economics - IHEDN","url":"https:\/\/ecodef-ihedn.fr\/","logo":{"@type":"ImageObject","inLanguage":"en-GB","@id":"https:\/\/ecodef-ihedn.fr\/#\/schema\/logo\/image\/","url":"https:\/\/ecodef-ihedn.fr\/wp-content\/uploads\/2020\/04\/logoEcodef9.jpg","contentUrl":"https:\/\/ecodef-ihedn.fr\/wp-content\/uploads\/2020\/04\/logoEcodef9.jpg","width":410,"height":212,"caption":"Chaire \u00c9conomie de d\u00e9fense - IHEDN"},"image":{"@id":"https:\/\/ecodef-ihedn.fr\/#\/schema\/logo\/image\/"},"sameAs":["https:\/\/x.com\/Chaire_Ecodef","https:\/\/www.linkedin.com\/company\/chaire-ecodef-ihedn\/"]}]}},"_links":{"self":[{"href":"https:\/\/ecodef-ihedn.fr\/en\/wp-json\/wp\/v2\/pages\/3528","targetHints":{"allow":["GET"]}}],"collection":[{"href":"https:\/\/ecodef-ihedn.fr\/en\/wp-json\/wp\/v2\/pages"}],"about":[{"href":"https:\/\/ecodef-ihedn.fr\/en\/wp-json\/wp\/v2\/types\/page"}],"author":[{"embeddable":true,"href":"https:\/\/ecodef-ihedn.fr\/en\/wp-json\/wp\/v2\/users\/2"}],"replies":[{"embeddable":true,"href":"https:\/\/ecodef-ihedn.fr\/en\/wp-json\/wp\/v2\/comments?post=3528"}],"version-history":[{"count":22,"href":"https:\/\/ecodef-ihedn.fr\/en\/wp-json\/wp\/v2\/pages\/3528\/revisions"}],"predecessor-version":[{"id":8704,"href":"https:\/\/ecodef-ihedn.fr\/en\/wp-json\/wp\/v2\/pages\/3528\/revisions\/8704"}],"wp:featuredmedia":[{"embeddable":true,"href":"https:\/\/ecodef-ihedn.fr\/en\/wp-json\/wp\/v2\/media\/564"}],"wp:attachment":[{"href":"https:\/\/ecodef-ihedn.fr\/en\/wp-json\/wp\/v2\/media?parent=3528"}],"curies":[{"name":"wp","href":"https:\/\/api.w.org\/{rel}","templated":true}]}}