{"id":372,"date":"2020-02-20T13:39:15","date_gmt":"2020-02-20T13:39:15","guid":{"rendered":"https:\/\/ecodef-ihedn.fr\/?page_id=372"},"modified":"2021-04-22T17:11:52","modified_gmt":"2021-04-22T17:11:52","slug":"evenements","status":"publish","type":"page","link":"https:\/\/ecodef-ihedn.fr\/en\/evenements\/","title":{"rendered":"Events"},"content":{"rendered":"<div id=\"tdi_1\" class=\"tdc-zone\"><div class=\"tdc_zone tdi_2  wpb_row td-pb-row\"  >\n<style scoped>\n\/* custom css - generated by TagDiv Composer *\/\n\n\/* custom css - generated by TagDiv Composer *\/\n.tdi_2{\r\n                    min-height: 0;\r\n                }\n<\/style><div id=\"tdi_3\" class=\"tdc-row\"><div class=\"vc_row tdi_4  wpb_row td-pb-row\" >\n<style scoped>\n\/* custom css - generated by TagDiv Composer *\/\n\n\/* custom css - generated by TagDiv Composer *\/\n.tdi_4,\r\n                .tdi_4 .tdc-columns{\r\n                    min-height: 0;\r\n                }.tdi_4,\r\n\t\t\t\t.tdi_4 .tdc-columns{\r\n\t\t\t\t    display: block;\r\n\t\t\t\t}.tdi_4 .tdc-columns{\r\n\t\t\t\t    width: 100%;\r\n\t\t\t\t}.tdi_4:before,\r\n\t\t\t\t.tdi_4:after{\r\n\t\t\t\t    display: table;\r\n\t\t\t\t}\n<\/style><div class=\"vc_column tdi_6  wpb_column vc_column_container tdc-column td-pb-span12\">\n<style scoped>\n\/* custom css - generated by TagDiv Composer *\/\n\n\/* custom css - generated by TagDiv Composer *\/\n.tdi_6{\r\n                    vertical-align: baseline;\r\n                }.tdi_6 > .wpb_wrapper,\r\n\t\t\t\t.tdi_6 > .wpb_wrapper > .tdc-elements{\r\n\t\t\t\t    display: block;\r\n\t\t\t\t}.tdi_6 > .wpb_wrapper > .tdc-elements{\r\n\t\t\t\t    width: 100%;\r\n\t\t\t\t}.tdi_6 > .wpb_wrapper > .vc_row_inner{\r\n\t\t\t\t    width: auto;\r\n\t\t\t\t}.tdi_6 > .wpb_wrapper{\r\n\t\t\t\t    width: auto;\r\n\t\t\t\t    height: auto;\r\n\t\t\t\t}\n<\/style><div class=\"wpb_wrapper\" ><div class=\"vc_row_inner tdi_8  vc_row vc_inner wpb_row td-pb-row\" >\n<style scoped>\n\/* custom css - generated by TagDiv Composer *\/\n\n\/* custom css - generated by TagDiv Composer *\/\n.tdi_8{\r\n                    position: relative !important;\r\n                    top: 0;\r\n                    transform: none;\r\n                    -webkit-transform: none;\r\n                }.tdi_8,\r\n\t\t\t\t.tdi_8 .tdc-inner-columns{\r\n\t\t\t\t    display: block;\r\n\t\t\t\t}.tdi_8 .tdc-inner-columns{\r\n\t\t\t\t    width: 100%;\r\n\t\t\t\t}\n<\/style><div class=\"vc_column_inner tdi_10  wpb_column vc_column_container tdc-inner-column td-pb-span12\">\n<style scoped>\n\/* custom css - generated by TagDiv Composer *\/\n\n\/* custom css - generated by TagDiv Composer *\/\n.tdi_10{\r\n                    vertical-align: baseline;\r\n                }.tdi_10 .vc_column-inner > .wpb_wrapper,\r\n\t\t\t\t.tdi_10 .vc_column-inner > .wpb_wrapper .tdc-elements{\r\n\t\t\t\t    display: block;\r\n\t\t\t\t}.tdi_10 .vc_column-inner > .wpb_wrapper .tdc-elements{\r\n\t\t\t\t    width: 100%;\r\n\t\t\t\t}\n<\/style><div class=\"vc_column-inner\"><div class=\"wpb_wrapper\" ><div class=\"td_block_wrap td_block_title tdi_11 td-pb-border-top td_block_template_5 td-fix-index\"  data-td-block-uid=\"tdi_11\" >\n<style>\n.td_block_template_5 .td-block-title {\r\n                font-size: 16px;\r\n                font-weight: 500;\r\n                margin-top: 0;\r\n                margin-bottom: 26px;\r\n                line-height: 25px;\r\n                color: var(--td_text_header_color, #000);\r\n                text-align: left;\r\n            }\r\n            .td_block_template_5 .td-block-title > * {\r\n                padding: 0 12px;\r\n                border-width: 0 0 0 4px;\r\n                border-style: solid;\r\n                border-color: var(--td_header_color, var(--td_theme_color, #4db2ec));\r\n            }\r\n            .td_block_template_5 .td-subcat-filter,\r\n            .td_block_template_5 .td-subcat-dropdown {\r\n                line-height: 25px;\r\n            }\r\n            @media (max-width: 767px) {\r\n                .td_block_template_5 .td-related-title a {\r\n                    font-size: 15px;\r\n                }\r\n            }\r\n            .td_block_template_5 .td-related-title:last-child {\r\n                border: none;\r\n            }\r\n            .td_block_template_5 .td-related-title .td-cur-simple-item {\r\n                color: var(--td_theme_color, #4db2ec);\r\n            }\r\n            \r\n\r\n            \r\n            .td-theme-wrap .tdi_11 .td-pulldown-filter-link:hover,\r\n            .td-theme-wrap .tdi_11 .td-subcat-item a:hover,\r\n            .td-theme-wrap .tdi_11 .td-subcat-item .td-cur-simple-item,\r\n            .td-theme-wrap .tdi_11 .td-subcat-dropdown:hover .td-subcat-more span,\r\n            .td-theme-wrap .tdi_11 .td-subcat-dropdown:hover .td-subcat-more i {\r\n                color: #ff2323;\r\n            }\r\n\r\n            .td-theme-wrap .tdi_11 .td-block-title > * {\r\n                border-color: #ff2323;\r\n            }\r\n\r\n            \r\n            .td-theme-wrap .tdi_11 .td_module_wrap:hover .entry-title a,\r\n            .td-theme-wrap .tdi_11 .td_quote_on_blocks,\r\n            .td-theme-wrap .tdi_11 .td-opacity-cat .td-post-category:hover,\r\n            .td-theme-wrap .tdi_11 .td-opacity-read .td-read-more a:hover,\r\n            .td-theme-wrap .tdi_11 .td-opacity-author .td-post-author-name a:hover,\r\n            .td-theme-wrap .tdi_11 .td-instagram-user a {\r\n                color: #ff2323;\r\n            }\r\n\r\n            .td-theme-wrap .tdi_11 .td-next-prev-wrap a:hover,\r\n            .td-theme-wrap .tdi_11 .td-load-more-wrap a:hover {\r\n                background-color: #ff2323;\r\n                border-color: #ff2323;\r\n            }\r\n\r\n            .td-theme-wrap .tdi_11 .td-read-more a,\r\n            .td-theme-wrap .tdi_11 .td-weather-information:before,\r\n            .td-theme-wrap .tdi_11 .td-weather-week:before,\r\n            .td-theme-wrap .tdi_11 .td-exchange-header:before,\r\n            .td-theme-wrap .td-footer-wrapper .tdi_11 .td-post-category,\r\n            .td-theme-wrap .tdi_11 .td-post-category:hover {\r\n                background-color: #ff2323;\r\n            }\n<\/style>\n<style>\n\/* custom css - generated by TagDiv Composer *\/\nbody .tdi_11 .td-block-title a,\r\n\t\t\t\tbody .tdi_11 .td-block-title span{\r\n\t\t\t\t\tfont-family:Cabin !important;\r\n\t\t\t\t}\n<\/style><div class=\"td-block-title-wrap\"><h4 class=\"td-block-title\"><span class=\"td-pulldown-size\">\u00c9V\u00c9NEMENTS<\/span><\/h4><\/div><\/div><\/div><\/div><\/div><\/div><\/div><\/div><\/div><\/div><div id=\"tdi_12\" class=\"tdc-row\"><div class=\"vc_row tdi_13  wpb_row td-pb-row\" >\n<style scoped>\n\/* custom css - generated by TagDiv Composer *\/\n\n\/* custom css - generated by TagDiv Composer *\/\n.tdi_13,\r\n                .tdi_13 .tdc-columns{\r\n                    min-height: 0;\r\n                }.tdi_13,\r\n\t\t\t\t.tdi_13 .tdc-columns{\r\n\t\t\t\t    display: block;\r\n\t\t\t\t}.tdi_13 .tdc-columns{\r\n\t\t\t\t    width: 100%;\r\n\t\t\t\t}.tdi_13:before,\r\n\t\t\t\t.tdi_13:after{\r\n\t\t\t\t    display: table;\r\n\t\t\t\t}\n<\/style><div class=\"vc_column tdi_15  wpb_column vc_column_container tdc-column td-pb-span12\">\n<style scoped>\n\/* custom css - generated by TagDiv Composer *\/\n\n\/* custom css - generated by TagDiv Composer *\/\n.tdi_15{\r\n                    vertical-align: baseline;\r\n                }.tdi_15 > .wpb_wrapper,\r\n\t\t\t\t.tdi_15 > .wpb_wrapper > .tdc-elements{\r\n\t\t\t\t    display: block;\r\n\t\t\t\t}.tdi_15 > .wpb_wrapper > .tdc-elements{\r\n\t\t\t\t    width: 100%;\r\n\t\t\t\t}.tdi_15 > .wpb_wrapper > .vc_row_inner{\r\n\t\t\t\t    width: auto;\r\n\t\t\t\t}.tdi_15 > .wpb_wrapper{\r\n\t\t\t\t    width: auto;\r\n\t\t\t\t    height: auto;\r\n\t\t\t\t}\n<\/style><div class=\"wpb_wrapper\" ><div class=\"td_block_wrap td_block_12 tdi_16 td_with_ajax_pagination td-pb-border-top td_block_template_5 td-column-3\"  data-td-block-uid=\"tdi_16\" ><script>var block_tdi_16 = new tdBlock();\nblock_tdi_16.id = \"tdi_16\";\nblock_tdi_16.atts = '{\"m11_el\":\"50\",\"category_id\":\"355\",\"limit\":\"10\",\"ajax_pagination\":\"infinite\",\"block_type\":\"td_block_12\",\"separator\":\"\",\"custom_title\":\"\",\"custom_url\":\"\",\"block_template_id\":\"\",\"m11_tl\":\"\",\"post_ids\":\"\",\"taxonomies\":\"\",\"category_ids\":\"\",\"in_all_terms\":\"\",\"tag_slug\":\"\",\"autors_id\":\"\",\"installed_post_types\":\"\",\"include_cf_posts\":\"\",\"exclude_cf_posts\":\"\",\"sort\":\"\",\"popular_by_date\":\"\",\"linked_posts\":\"\",\"favourite_only\":\"\",\"offset\":\"\",\"open_in_new_window\":\"\",\"show_modified_date\":\"\",\"time_ago\":\"\",\"time_ago_add_txt\":\"ago\",\"time_ago_txt_pos\":\"\",\"review_source\":\"\",\"el_class\":\"\",\"td_ajax_filter_type\":\"\",\"td_ajax_filter_ids\":\"\",\"td_filter_default_txt\":\"All\",\"td_ajax_preloading\":\"\",\"f_header_font_header\":\"\",\"f_header_font_title\":\"Block header\",\"f_header_font_settings\":\"\",\"f_header_font_family\":\"\",\"f_header_font_size\":\"\",\"f_header_font_line_height\":\"\",\"f_header_font_style\":\"\",\"f_header_font_weight\":\"\",\"f_header_font_transform\":\"\",\"f_header_font_spacing\":\"\",\"f_header_\":\"\",\"f_ajax_font_title\":\"Ajax categories\",\"f_ajax_font_settings\":\"\",\"f_ajax_font_family\":\"\",\"f_ajax_font_size\":\"\",\"f_ajax_font_line_height\":\"\",\"f_ajax_font_style\":\"\",\"f_ajax_font_weight\":\"\",\"f_ajax_font_transform\":\"\",\"f_ajax_font_spacing\":\"\",\"f_ajax_\":\"\",\"f_more_font_title\":\"Load more button\",\"f_more_font_settings\":\"\",\"f_more_font_family\":\"\",\"f_more_font_size\":\"\",\"f_more_font_line_height\":\"\",\"f_more_font_style\":\"\",\"f_more_font_weight\":\"\",\"f_more_font_transform\":\"\",\"f_more_font_spacing\":\"\",\"f_more_\":\"\",\"m11f_title_font_header\":\"\",\"m11f_title_font_title\":\"Article title\",\"m11f_title_font_settings\":\"\",\"m11f_title_font_family\":\"\",\"m11f_title_font_size\":\"\",\"m11f_title_font_line_height\":\"\",\"m11f_title_font_style\":\"\",\"m11f_title_font_weight\":\"\",\"m11f_title_font_transform\":\"\",\"m11f_title_font_spacing\":\"\",\"m11f_title_\":\"\",\"m11f_cat_font_title\":\"Article category tag\",\"m11f_cat_font_settings\":\"\",\"m11f_cat_font_family\":\"\",\"m11f_cat_font_size\":\"\",\"m11f_cat_font_line_height\":\"\",\"m11f_cat_font_style\":\"\",\"m11f_cat_font_weight\":\"\",\"m11f_cat_font_transform\":\"\",\"m11f_cat_font_spacing\":\"\",\"m11f_cat_\":\"\",\"m11f_meta_font_title\":\"Article meta info\",\"m11f_meta_font_settings\":\"\",\"m11f_meta_font_family\":\"\",\"m11f_meta_font_size\":\"\",\"m11f_meta_font_line_height\":\"\",\"m11f_meta_font_style\":\"\",\"m11f_meta_font_weight\":\"\",\"m11f_meta_font_transform\":\"\",\"m11f_meta_font_spacing\":\"\",\"m11f_meta_\":\"\",\"m11f_ex_font_title\":\"Article excerpt\",\"m11f_ex_font_settings\":\"\",\"m11f_ex_font_family\":\"\",\"m11f_ex_font_size\":\"\",\"m11f_ex_font_line_height\":\"\",\"m11f_ex_font_style\":\"\",\"m11f_ex_font_weight\":\"\",\"m11f_ex_font_transform\":\"\",\"m11f_ex_font_spacing\":\"\",\"m11f_ex_\":\"\",\"m11f_btn_font_title\":\"Article read more button\",\"m11f_btn_font_settings\":\"\",\"m11f_btn_font_family\":\"\",\"m11f_btn_font_size\":\"\",\"m11f_btn_font_line_height\":\"\",\"m11f_btn_font_style\":\"\",\"m11f_btn_font_weight\":\"\",\"m11f_btn_font_transform\":\"\",\"m11f_btn_font_spacing\":\"\",\"m11f_btn_\":\"\",\"ajax_pagination_next_prev_swipe\":\"\",\"ajax_pagination_infinite_stop\":\"\",\"css\":\"\",\"tdc_css\":\"\",\"td_column_number\":3,\"header_color\":\"\",\"color_preset\":\"\",\"border_top\":\"\",\"class\":\"tdi_16\",\"tdc_css_class\":\"tdi_16\",\"tdc_css_class_style\":\"tdi_16_rand_style\"}';\nblock_tdi_16.td_column_number = \"3\";\nblock_tdi_16.block_type = \"td_block_12\";\nblock_tdi_16.post_count = \"10\";\nblock_tdi_16.found_posts = \"52\";\nblock_tdi_16.header_color = \"\";\nblock_tdi_16.ajax_pagination_infinite_stop = \"\";\nblock_tdi_16.max_num_pages = \"6\";\ntdBlocksArray.push(block_tdi_16);\n<\/script><div class=\"td-block-title-wrap\"><\/div><div id=tdi_16 class=\"td_block_inner\">\n\n\t<div class=\"td-block-span12\">\n\r\n        <div class=\"td_module_11 td_module_wrap td-animation-stack\">\r\n            <div class=\"td-module-thumb\"><a href=\"https:\/\/ecodef-ihedn.fr\/en\/video-confrence-le-rarmement-de-leurope-assemble-nationale-19-novembre-2025\/\"  rel=\"bookmark\" class=\"td-image-wrap \" title=\"[VIDEO] conf\u00e9rence \u00ab Le r\u00e9armement de l\u2019Europe \u00bb (Assembl\u00e9e nationale \/ 19 novembre 2025)\" ><img loading=\"lazy\" decoding=\"async\" class=\"entry-thumb\" src=\"data:image\/png;base64,iVBORw0KGgoAAAANSUhEUgAAAUQAAADrAQMAAAArGX0KAAAAA1BMVEWurq51dlI4AAAAAXRSTlMmkutdmwAAACBJREFUaN7twTEBAAAAwiD7pzbEXmAAAAAAAAAAAACQHSaOAAGSp1GBAAAAAElFTkSuQmCC\" alt=\"\" title=\"[VIDEO] conf\u00e9rence \u00ab Le r\u00e9armement de l\u2019Europe \u00bb (Assembl\u00e9e nationale \/ 19 novembre 2025)\" data-type=\"image_tag\" data-img-url=\"https:\/\/ecodef-ihedn.fr\/wp-content\/uploads\/2025\/10\/Chaire-ECODEF-IHEDN-conference-rearmement-Europe-visuel-324x235.png\" data-img-retina-url=\"https:\/\/ecodef-ihedn.fr\/wp-content\/uploads\/2025\/10\/Chaire-ECODEF-IHEDN-conference-rearmement-Europe-visuel-648x470.png\" width=\"324\" height=\"235\" \/><\/a><\/div>\r\n            <div class=\"item-details\">\r\n                <h3 class=\"entry-title td-module-title\"><a href=\"https:\/\/ecodef-ihedn.fr\/en\/video-confrence-le-rarmement-de-leurope-assemble-nationale-19-novembre-2025\/\"  rel=\"bookmark\" title=\"[VIDEO] conf\u00e9rence \u00ab Le r\u00e9armement de l\u2019Europe \u00bb (Assembl\u00e9e nationale \/ 19 novembre 2025)\">[VIDEO] conf\u00e9rence \u00ab Le r\u00e9armement de l\u2019Europe \u00bb (Assembl\u00e9e nationale \/ 19 novembre 2025)<\/a><\/h3>\r\n                <div class=\"td-module-meta-info\">\r\n                                        <span class=\"td-post-author-name\"><a href=\"https:\/\/ecodef-ihedn.fr\/en\/author\/bertrand\/\">Bertrand Demandre<\/a> <span>-<\/span> <\/span>                    <span class=\"td-post-date\"><time class=\"entry-date updated td-module-date\" datetime=\"2025-11-26T14:31:37+00:00\" >26 November 2025<\/time><\/span>                    <span class=\"td-module-comments\"><a href=\"https:\/\/ecodef-ihedn.fr\/en\/video-confrence-le-rarmement-de-leurope-assemble-nationale-19-novembre-2025\/#respond\">0<\/a><\/span>                <\/div>\r\n\r\n                <div class=\"td-excerpt\">\r\n                    \r\n&nbsp;\r\n\r\nLe r\u00e9armement de l\u2019Europe\r\n\r\n\r\nLa vid\u00e9o de la conf\u00e9rence &quot;Le r\u00e9armement de l\u2019Europe&quot;, organis\u00e9e par la Chaire le mercredi 19 novembre 2025 \u00e0 l&#039;Assembl\u00e9e nationale, est disponible sur sa cha\u00eene YouTube\r\nVOIR OU REVOIR LA CONF\u00c9RENCE\r\n\r\n\r\n\r\n\r\n\r\n\r\n\r\n\r\n&nbsp;\r\nLa multiplication des tensions internationales au cours des derni\u00e8res ann\u00e9es a conduit de nombreux pays europ\u00e9ens...                <\/div>\r\n\r\n                <div class=\"td-read-more\">\r\n                    <a href=\"https:\/\/ecodef-ihedn.fr\/en\/video-confrence-le-rarmement-de-leurope-assemble-nationale-19-novembre-2025\/\">Lire la suite<\/a>\r\n                <\/div>\r\n            <\/div>\r\n\r\n        <\/div>\r\n\r\n        \n\t<\/div> <!-- .\/td-block-span12 -->\n\n\t<div class=\"td-block-span12\">\n\r\n        <div class=\"td_module_11 td_module_wrap td-animation-stack\">\r\n            <div class=\"td-module-thumb\"><a href=\"https:\/\/ecodef-ihedn.fr\/en\/video-conference-lpm-2024-2030-quel-impact-economique-et-social-assemblee-nationale-5-fevrier-2025\/\"  rel=\"bookmark\" class=\"td-image-wrap \" title=\"[VIDEO] conf\u00e9rence \u00ab\u00a0LPM 2024-2030 : quel impact \u00e9conomique et social ?\u00a0\u00bb (Assembl\u00e9e nationale \/ 5 f\u00e9vrier 2025)\" ><img loading=\"lazy\" decoding=\"async\" class=\"entry-thumb\" src=\"data:image\/png;base64,iVBORw0KGgoAAAANSUhEUgAAAUQAAADrAQMAAAArGX0KAAAAA1BMVEWurq51dlI4AAAAAXRSTlMmkutdmwAAACBJREFUaN7twTEBAAAAwiD7pzbEXmAAAAAAAAAAAACQHSaOAAGSp1GBAAAAAElFTkSuQmCC\" alt=\"\" title=\"[VIDEO] conf\u00e9rence \u00ab\u00a0LPM 2024-2030 : quel impact \u00e9conomique et social ?\u00a0\u00bb (Assembl\u00e9e nationale \/ 5 f\u00e9vrier 2025)\" data-type=\"image_tag\" data-img-url=\"https:\/\/ecodef-ihedn.fr\/wp-content\/uploads\/2024\/05\/Chaire-ECODEF-IHEDN-conference-LPM-visuel-1-324x235.png\" data-img-retina-url=\"https:\/\/ecodef-ihedn.fr\/wp-content\/uploads\/2024\/05\/Chaire-ECODEF-IHEDN-conference-LPM-visuel-1-648x470.png\" width=\"324\" height=\"235\" \/><\/a><\/div>\r\n            <div class=\"item-details\">\r\n                <h3 class=\"entry-title td-module-title\"><a href=\"https:\/\/ecodef-ihedn.fr\/en\/video-conference-lpm-2024-2030-quel-impact-economique-et-social-assemblee-nationale-5-fevrier-2025\/\"  rel=\"bookmark\" title=\"[VIDEO] conf\u00e9rence \u00ab\u00a0LPM 2024-2030 : quel impact \u00e9conomique et social ?\u00a0\u00bb (Assembl\u00e9e nationale \/ 5 f\u00e9vrier 2025)\">[VIDEO] conf\u00e9rence \u00ab\u00a0LPM 2024-2030 : quel impact \u00e9conomique et social ?\u00a0\u00bb (Assembl\u00e9e nationale \/...<\/a><\/h3>\r\n                <div class=\"td-module-meta-info\">\r\n                                        <span class=\"td-post-author-name\"><a href=\"https:\/\/ecodef-ihedn.fr\/en\/author\/bertrand\/\">Bertrand Demandre<\/a> <span>-<\/span> <\/span>                    <span class=\"td-post-date\"><time class=\"entry-date updated td-module-date\" datetime=\"2025-02-14T12:12:33+00:00\" >14 February 2025<\/time><\/span>                    <span class=\"td-module-comments\"><a href=\"https:\/\/ecodef-ihedn.fr\/en\/video-conference-lpm-2024-2030-quel-impact-economique-et-social-assemblee-nationale-5-fevrier-2025\/#respond\">0<\/a><\/span>                <\/div>\r\n\r\n                <div class=\"td-excerpt\">\r\n                    \r\n&nbsp;\r\n\r\nLPM 2024-2030 : quel impact \u00e9conomique et social ?\r\n\r\n\r\nLa vid\u00e9o de la conf\u00e9rence &quot;LPM 2024-2030 : quel impact \u00e9conomique et social ?&quot;, organis\u00e9e par la Chaire le mercredi 5 f\u00e9vrier 2025 \u00e0 l&#039;Assembl\u00e9e nationale, est disponible sur sa cha\u00eene YouTube\r\nVOIR OU REVOIR LA CONF\u00c9RENCE\r\n\r\n\r\n\r\n\r\n\r\n\r\n\r\n\r\nLa loi de programmation militaire 2024-2030...                <\/div>\r\n\r\n                <div class=\"td-read-more\">\r\n                    <a href=\"https:\/\/ecodef-ihedn.fr\/en\/video-conference-lpm-2024-2030-quel-impact-economique-et-social-assemblee-nationale-5-fevrier-2025\/\">Lire la suite<\/a>\r\n                <\/div>\r\n            <\/div>\r\n\r\n        <\/div>\r\n\r\n        \n\t<\/div> <!-- .\/td-block-span12 -->\n\n\t<div class=\"td-block-span12\">\n\r\n        <div class=\"td_module_11 td_module_wrap td-animation-stack\">\r\n            <div class=\"td-module-thumb\"><a href=\"https:\/\/ecodef-ihedn.fr\/en\/video-webinaire-acquisition-de-defense-en-europe-quels-enjeux-economiques-les-entretiens-de-lecodef-9-5-decembre-2024\/\"  rel=\"bookmark\" class=\"td-image-wrap \" title=\"[VID\u00c9O] webinaire \u00ab\u00a0Acquisition de d\u00e9fense en Europe : quels enjeux \u00e9conomiques ?\u00a0\u00bb (Les entretiens de l\u2019ECODEF #9 \/ 5 d\u00e9cembre 2024)\" ><img loading=\"lazy\" decoding=\"async\" class=\"entry-thumb\" src=\"data:image\/png;base64,iVBORw0KGgoAAAANSUhEUgAAAUQAAADrAQMAAAArGX0KAAAAA1BMVEWurq51dlI4AAAAAXRSTlMmkutdmwAAACBJREFUaN7twTEBAAAAwiD7pzbEXmAAAAAAAAAAAACQHSaOAAGSp1GBAAAAAElFTkSuQmCC\" alt=\"\" title=\"[VID\u00c9O] webinaire \u00ab\u00a0Acquisition de d\u00e9fense en Europe : quels enjeux \u00e9conomiques ?\u00a0\u00bb (Les entretiens de l\u2019ECODEF #9 \/ 5 d\u00e9cembre 2024)\" data-type=\"image_tag\" data-img-url=\"https:\/\/ecodef-ihedn.fr\/wp-content\/uploads\/2024\/10\/ECODEF-webinaire-9.2-format-7-5-324x235.png\" data-img-retina-url=\"https:\/\/ecodef-ihedn.fr\/wp-content\/uploads\/2024\/10\/ECODEF-webinaire-9.2-format-7-5-648x470.png\" width=\"324\" height=\"235\" \/><\/a><\/div>\r\n            <div class=\"item-details\">\r\n                <h3 class=\"entry-title td-module-title\"><a href=\"https:\/\/ecodef-ihedn.fr\/en\/video-webinaire-acquisition-de-defense-en-europe-quels-enjeux-economiques-les-entretiens-de-lecodef-9-5-decembre-2024\/\"  rel=\"bookmark\" title=\"[VID\u00c9O] webinaire \u00ab\u00a0Acquisition de d\u00e9fense en Europe : quels enjeux \u00e9conomiques ?\u00a0\u00bb (Les entretiens de l\u2019ECODEF #9 \/ 5 d\u00e9cembre 2024)\">[VID\u00c9O] webinaire \u00ab\u00a0Acquisition de d\u00e9fense en Europe : quels enjeux \u00e9conomiques ?\u00a0\u00bb (Les entretiens...<\/a><\/h3>\r\n                <div class=\"td-module-meta-info\">\r\n                                        <span class=\"td-post-author-name\"><a href=\"https:\/\/ecodef-ihedn.fr\/en\/author\/bertrand\/\">Bertrand Demandre<\/a> <span>-<\/span> <\/span>                    <span class=\"td-post-date\"><time class=\"entry-date updated td-module-date\" datetime=\"2024-12-12T17:03:10+00:00\" >12 December 2024<\/time><\/span>                    <span class=\"td-module-comments\"><a href=\"https:\/\/ecodef-ihedn.fr\/en\/video-webinaire-acquisition-de-defense-en-europe-quels-enjeux-economiques-les-entretiens-de-lecodef-9-5-decembre-2024\/#respond\">0<\/a><\/span>                <\/div>\r\n\r\n                <div class=\"td-excerpt\">\r\n                    \r\n&nbsp;\r\n\r\nAcquisition de d\u00e9fense en Europe : quels enjeux \u00e9conomiques ?\r\nLa vid\u00e9o du neuvi\u00e8me num\u00e9ro des &quot;Entretiens de l\u2019ECODEF&quot;, qui a eu lieu le jeudi 5 d\u00e9cembre \u00e0 12 h 30 \u00e0 l\u2019\u00c9cole militaire, est disponible sur la cha\u00eene YouTube de la Chaire.\r\nCette s\u00e9rie de webinaires met en lumi\u00e8re les...                <\/div>\r\n\r\n                <div class=\"td-read-more\">\r\n                    <a href=\"https:\/\/ecodef-ihedn.fr\/en\/video-webinaire-acquisition-de-defense-en-europe-quels-enjeux-economiques-les-entretiens-de-lecodef-9-5-decembre-2024\/\">Lire la suite<\/a>\r\n                <\/div>\r\n            <\/div>\r\n\r\n        <\/div>\r\n\r\n        \n\t<\/div> <!-- .\/td-block-span12 -->\n\n\t<div class=\"td-block-span12\">\n\r\n        <div class=\"td_module_11 td_module_wrap td-animation-stack\">\r\n            <div class=\"td-module-thumb\"><a href=\"https:\/\/ecodef-ihedn.fr\/en\/synthese-webinaire-les-ressources-humaines-dans-le-domaine-de-larmement-quels-enjeux-et-quelles-reponses-associees-les-entretiens-de-lecodef-8-le-28-fevrier-2024\/\"  rel=\"bookmark\" class=\"td-image-wrap \" title=\"[SYNTH\u00c8SE] webinaire \u00ab\u00a0Les ressources humaines dans le domaine de l\u2019armement :  quels enjeux et quelles r\u00e9ponses associ\u00e9es ?\u00a0\u00bb (Les entretiens de l\u2019ECODEF #8 \/ le 28 f\u00e9vrier 2024)\" ><img loading=\"lazy\" decoding=\"async\" class=\"entry-thumb\" src=\"data:image\/png;base64,iVBORw0KGgoAAAANSUhEUgAAAUQAAADrAQMAAAArGX0KAAAAA1BMVEWurq51dlI4AAAAAXRSTlMmkutdmwAAACBJREFUaN7twTEBAAAAwiD7pzbEXmAAAAAAAAAAAACQHSaOAAGSp1GBAAAAAElFTkSuQmCC\" alt=\"\" title=\"[SYNTH\u00c8SE] webinaire \u00ab\u00a0Les ressources humaines dans le domaine de l\u2019armement :  quels enjeux et quelles r\u00e9ponses associ\u00e9es ?\u00a0\u00bb (Les entretiens de l\u2019ECODEF #8 \/ le 28 f\u00e9vrier 2024)\" data-type=\"image_tag\" data-img-url=\"https:\/\/ecodef-ihedn.fr\/wp-content\/uploads\/2024\/01\/Webinaire_8-format-7-5-324x235.png\" data-img-retina-url=\"https:\/\/ecodef-ihedn.fr\/wp-content\/uploads\/2024\/01\/Webinaire_8-format-7-5-648x470.png\" width=\"324\" height=\"235\" \/><\/a><\/div>\r\n            <div class=\"item-details\">\r\n                <h3 class=\"entry-title td-module-title\"><a href=\"https:\/\/ecodef-ihedn.fr\/en\/synthese-webinaire-les-ressources-humaines-dans-le-domaine-de-larmement-quels-enjeux-et-quelles-reponses-associees-les-entretiens-de-lecodef-8-le-28-fevrier-2024\/\"  rel=\"bookmark\" title=\"[SYNTH\u00c8SE] webinaire \u00ab\u00a0Les ressources humaines dans le domaine de l\u2019armement :  quels enjeux et quelles r\u00e9ponses associ\u00e9es ?\u00a0\u00bb (Les entretiens de l\u2019ECODEF #8 \/ le 28 f\u00e9vrier 2024)\">[SYNTH\u00c8SE] webinaire \u00ab\u00a0Les ressources humaines dans le domaine de l\u2019armement :  quels enjeux...<\/a><\/h3>\r\n                <div class=\"td-module-meta-info\">\r\n                                        <span class=\"td-post-author-name\"><a href=\"https:\/\/ecodef-ihedn.fr\/en\/author\/bertrand\/\">Bertrand Demandre<\/a> <span>-<\/span> <\/span>                    <span class=\"td-post-date\"><time class=\"entry-date updated td-module-date\" datetime=\"2024-04-30T14:18:33+00:00\" >30 April 2024<\/time><\/span>                    <span class=\"td-module-comments\"><a href=\"https:\/\/ecodef-ihedn.fr\/en\/synthese-webinaire-les-ressources-humaines-dans-le-domaine-de-larmement-quels-enjeux-et-quelles-reponses-associees-les-entretiens-de-lecodef-8-le-28-fevrier-2024\/#respond\">0<\/a><\/span>                <\/div>\r\n\r\n                <div class=\"td-excerpt\">\r\n                    \r\nSynth\u00e8se du 8e num\u00e9ro de la s\u00e9rie de webinaires &quot;Les entretiens de l\u2019ECODEF&quot;, sur le th\u00e8me des ressources humaines dans le domaine de l\u2019armement\r\n\r\n\r\n\r\nLe 8e num\u00e9ro de ce webinaire, intitul\u00e9 \u00ab Les ressources humaines dans le domaine de l\u2019armement : quels enjeux et quelles r\u00e9ponses associ\u00e9es ? \u00bb, a...                <\/div>\r\n\r\n                <div class=\"td-read-more\">\r\n                    <a href=\"https:\/\/ecodef-ihedn.fr\/en\/synthese-webinaire-les-ressources-humaines-dans-le-domaine-de-larmement-quels-enjeux-et-quelles-reponses-associees-les-entretiens-de-lecodef-8-le-28-fevrier-2024\/\">Lire la suite<\/a>\r\n                <\/div>\r\n            <\/div>\r\n\r\n        <\/div>\r\n\r\n        \n\t<\/div> <!-- .\/td-block-span12 -->\n\n\t<div class=\"td-block-span12\">\n\r\n        <div class=\"td_module_11 td_module_wrap td-animation-stack\">\r\n            <div class=\"td-module-thumb\"><a href=\"https:\/\/ecodef-ihedn.fr\/en\/video-webinaire-les-ressources-humaines-dans-le-domaine-de-larmement-quels-enjeux-et-quelles-reponses-les-entretiens-de-lecodef-8-28-fevrier-2024\/\"  rel=\"bookmark\" class=\"td-image-wrap \" title=\"[VID\u00c9O] webinaire \u00ab\u00a0Les ressources humaines dans le domaine de l\u2019armement : quels enjeux et quelles r\u00e9ponses ?\u00a0\u00bb (Les entretiens de l\u2019ECODEF #8 \/ 28 f\u00e9vrier 2024)\" ><img loading=\"lazy\" decoding=\"async\" class=\"entry-thumb\" src=\"data:image\/png;base64,iVBORw0KGgoAAAANSUhEUgAAAUQAAADrAQMAAAArGX0KAAAAA1BMVEWurq51dlI4AAAAAXRSTlMmkutdmwAAACBJREFUaN7twTEBAAAAwiD7pzbEXmAAAAAAAAAAAACQHSaOAAGSp1GBAAAAAElFTkSuQmCC\" alt=\"\" title=\"[VID\u00c9O] webinaire \u00ab\u00a0Les ressources humaines dans le domaine de l\u2019armement : quels enjeux et quelles r\u00e9ponses ?\u00a0\u00bb (Les entretiens de l\u2019ECODEF #8 \/ 28 f\u00e9vrier 2024)\" data-type=\"image_tag\" data-img-url=\"https:\/\/ecodef-ihedn.fr\/wp-content\/uploads\/2024\/02\/20240228_084045-324x235.jpg\" data-img-retina-url=\"https:\/\/ecodef-ihedn.fr\/wp-content\/uploads\/2024\/02\/20240228_084045-648x470.jpg\" width=\"324\" height=\"235\" \/><\/a><\/div>\r\n            <div class=\"item-details\">\r\n                <h3 class=\"entry-title td-module-title\"><a href=\"https:\/\/ecodef-ihedn.fr\/en\/video-webinaire-les-ressources-humaines-dans-le-domaine-de-larmement-quels-enjeux-et-quelles-reponses-les-entretiens-de-lecodef-8-28-fevrier-2024\/\"  rel=\"bookmark\" title=\"[VID\u00c9O] webinaire \u00ab\u00a0Les ressources humaines dans le domaine de l\u2019armement : quels enjeux et quelles r\u00e9ponses ?\u00a0\u00bb (Les entretiens de l\u2019ECODEF #8 \/ 28 f\u00e9vrier 2024)\">[VID\u00c9O] webinaire \u00ab\u00a0Les ressources humaines dans le domaine de l\u2019armement : quels enjeux et...<\/a><\/h3>\r\n                <div class=\"td-module-meta-info\">\r\n                                        <span class=\"td-post-author-name\"><a href=\"https:\/\/ecodef-ihedn.fr\/en\/author\/bertrand\/\">Bertrand Demandre<\/a> <span>-<\/span> <\/span>                    <span class=\"td-post-date\"><time class=\"entry-date updated td-module-date\" datetime=\"2024-02-28T16:20:27+00:00\" >28 February 2024<\/time><\/span>                    <span class=\"td-module-comments\"><a href=\"https:\/\/ecodef-ihedn.fr\/en\/video-webinaire-les-ressources-humaines-dans-le-domaine-de-larmement-quels-enjeux-et-quelles-reponses-les-entretiens-de-lecodef-8-28-fevrier-2024\/#respond\">0<\/a><\/span>                <\/div>\r\n\r\n                <div class=\"td-excerpt\">\r\n                    \r\nLes ressources humaines dans le domaine de l\u2019armement : quels enjeux et quelles r\u00e9ponses ?\r\nLa vid\u00e9o du huiti\u00e8me num\u00e9ro des &quot;Entretiens de l&#039;ECODEF&quot;, qui a eu lieu le mercredi 28 f\u00e9vrier \u00e0 8h30 \u00e0 la Biblioth\u00e8que de l&#039;\u00c9cole militaire (BEM), est disponible sur la page YouTube de la Chaire.\r\nCette...                <\/div>\r\n\r\n                <div class=\"td-read-more\">\r\n                    <a href=\"https:\/\/ecodef-ihedn.fr\/en\/video-webinaire-les-ressources-humaines-dans-le-domaine-de-larmement-quels-enjeux-et-quelles-reponses-les-entretiens-de-lecodef-8-28-fevrier-2024\/\">Lire la suite<\/a>\r\n                <\/div>\r\n            <\/div>\r\n\r\n        <\/div>\r\n\r\n        \n\t<\/div> <!-- .\/td-block-span12 -->\n\n\t<div class=\"td-block-span12\">\n\r\n        <div class=\"td_module_11 td_module_wrap td-animation-stack\">\r\n            <div class=\"td-module-thumb\"><a href=\"https:\/\/ecodef-ihedn.fr\/en\/video-table-ronde-limpact-economique-de-la-defense-20-septembre-2023\/\"  rel=\"bookmark\" class=\"td-image-wrap \" title=\"[VID\u00c9O] table ronde \u00ab\u00a0L&rsquo;impact \u00e9conomique de la d\u00e9fense\u00a0\u00bb (20 septembre 2023)\" ><img loading=\"lazy\" decoding=\"async\" class=\"entry-thumb\" src=\"data:image\/png;base64,iVBORw0KGgoAAAANSUhEUgAAAUQAAADrAQMAAAArGX0KAAAAA1BMVEWurq51dlI4AAAAAXRSTlMmkutdmwAAACBJREFUaN7twTEBAAAAwiD7pzbEXmAAAAAAAAAAAACQHSaOAAGSp1GBAAAAAElFTkSuQmCC\" alt=\"\" title=\"[VID\u00c9O] table ronde \u00ab\u00a0L&rsquo;impact \u00e9conomique de la d\u00e9fense\u00a0\u00bb (20 septembre 2023)\" data-type=\"image_tag\" data-img-url=\"https:\/\/ecodef-ihedn.fr\/wp-content\/uploads\/2023\/08\/TR-impact-eco-def-20-09-2023-324x235.png\" data-img-retina-url=\"https:\/\/ecodef-ihedn.fr\/wp-content\/uploads\/2023\/08\/TR-impact-eco-def-20-09-2023-648x470.png\" width=\"324\" height=\"235\" \/><\/a><\/div>\r\n            <div class=\"item-details\">\r\n                <h3 class=\"entry-title td-module-title\"><a href=\"https:\/\/ecodef-ihedn.fr\/en\/video-table-ronde-limpact-economique-de-la-defense-20-septembre-2023\/\"  rel=\"bookmark\" title=\"[VID\u00c9O] table ronde \u00ab\u00a0L&rsquo;impact \u00e9conomique de la d\u00e9fense\u00a0\u00bb (20 septembre 2023)\">[VID\u00c9O] table ronde \u00ab\u00a0L&rsquo;impact \u00e9conomique de la d\u00e9fense\u00a0\u00bb (20 septembre 2023)<\/a><\/h3>\r\n                <div class=\"td-module-meta-info\">\r\n                                        <span class=\"td-post-author-name\"><a href=\"https:\/\/ecodef-ihedn.fr\/en\/author\/bertrand\/\">Bertrand Demandre<\/a> <span>-<\/span> <\/span>                    <span class=\"td-post-date\"><time class=\"entry-date updated td-module-date\" datetime=\"2023-09-27T07:54:20+00:00\" >27 September 2023<\/time><\/span>                    <span class=\"td-module-comments\"><a href=\"https:\/\/ecodef-ihedn.fr\/en\/video-table-ronde-limpact-economique-de-la-defense-20-septembre-2023\/#respond\">0<\/a><\/span>                <\/div>\r\n\r\n                <div class=\"td-excerpt\">\r\n                    \r\nL&#039;impact \u00e9conomique de la d\u00e9fense\r\nLa vid\u00e9o de la table ronde sur l&#039;impact \u00e9conomique de la d\u00e9fense, organis\u00e9e par la Chaire le mercredi 20 septembre 2023 \u00e0 l&#039;\u00c9cole militaire (Paris 7e), est disponible sur la page YouTube de la Chaire.\r\nL\u2019actualit\u00e9 internationale conduit \u00e0 une augmentation g\u00e9n\u00e9ralis\u00e9e des investissements de d\u00e9fense,...                <\/div>\r\n\r\n                <div class=\"td-read-more\">\r\n                    <a href=\"https:\/\/ecodef-ihedn.fr\/en\/video-table-ronde-limpact-economique-de-la-defense-20-septembre-2023\/\">Lire la suite<\/a>\r\n                <\/div>\r\n            <\/div>\r\n\r\n        <\/div>\r\n\r\n        \n\t<\/div> <!-- .\/td-block-span12 -->\n\n\t<div class=\"td-block-span12\">\n\r\n        <div class=\"td_module_11 td_module_wrap td-animation-stack\">\r\n            <div class=\"td-module-thumb\"><a href=\"https:\/\/ecodef-ihedn.fr\/en\/synthese-webinaire-la-dissuasion-oceanique-quelles-retombees-economiques-les-entretiens-de-lecodef-7-le-30-mai-2023\/\"  rel=\"bookmark\" class=\"td-image-wrap \" title=\"[SYNTH\u00c8SE] webinaire \u00ab\u00a0La dissuasion oc\u00e9anique : quelles retomb\u00e9es \u00e9conomiques ?\u201d (Les entretiens de l\u2019ECODEF #7 \/ le 30 mai 2023)\" ><img loading=\"lazy\" decoding=\"async\" class=\"entry-thumb\" src=\"data:image\/png;base64,iVBORw0KGgoAAAANSUhEUgAAAUQAAADrAQMAAAArGX0KAAAAA1BMVEWurq51dlI4AAAAAXRSTlMmkutdmwAAACBJREFUaN7twTEBAAAAwiD7pzbEXmAAAAAAAAAAAACQHSaOAAGSp1GBAAAAAElFTkSuQmCC\" alt=\"\" title=\"[SYNTH\u00c8SE] webinaire \u00ab\u00a0La dissuasion oc\u00e9anique : quelles retomb\u00e9es \u00e9conomiques ?\u201d (Les entretiens de l\u2019ECODEF #7 \/ le 30 mai 2023)\" data-type=\"image_tag\" data-img-url=\"https:\/\/ecodef-ihedn.fr\/wp-content\/uploads\/2023\/05\/Webinaire_7-format-7-5-324x235.png\" data-img-retina-url=\"https:\/\/ecodef-ihedn.fr\/wp-content\/uploads\/2023\/05\/Webinaire_7-format-7-5-648x470.png\" width=\"324\" height=\"235\" \/><\/a><\/div>\r\n            <div class=\"item-details\">\r\n                <h3 class=\"entry-title td-module-title\"><a href=\"https:\/\/ecodef-ihedn.fr\/en\/synthese-webinaire-la-dissuasion-oceanique-quelles-retombees-economiques-les-entretiens-de-lecodef-7-le-30-mai-2023\/\"  rel=\"bookmark\" title=\"[SYNTH\u00c8SE] webinaire \u00ab\u00a0La dissuasion oc\u00e9anique : quelles retomb\u00e9es \u00e9conomiques ?\u201d (Les entretiens de l\u2019ECODEF #7 \/ le 30 mai 2023)\">[SYNTH\u00c8SE] webinaire \u00ab\u00a0La dissuasion oc\u00e9anique : quelles retomb\u00e9es \u00e9conomiques ?\u201d (Les entretiens de l\u2019ECODEF...<\/a><\/h3>\r\n                <div class=\"td-module-meta-info\">\r\n                                        <span class=\"td-post-author-name\"><a href=\"https:\/\/ecodef-ihedn.fr\/en\/author\/bertrand\/\">Bertrand Demandre<\/a> <span>-<\/span> <\/span>                    <span class=\"td-post-date\"><time class=\"entry-date updated td-module-date\" datetime=\"2023-07-07T12:31:01+00:00\" >7 July 2023<\/time><\/span>                    <span class=\"td-module-comments\"><a href=\"https:\/\/ecodef-ihedn.fr\/en\/synthese-webinaire-la-dissuasion-oceanique-quelles-retombees-economiques-les-entretiens-de-lecodef-7-le-30-mai-2023\/#respond\">0<\/a><\/span>                <\/div>\r\n\r\n                <div class=\"td-excerpt\">\r\n                    \r\nSynth\u00e8se du 7e num\u00e9ro de la s\u00e9rie de webinaires &quot;Les entretiens de l\u2019ECODEF&quot;, sur le th\u00e8me des retomb\u00e9es \u00e9conomiques de la dissuasion oc\u00e9anique\r\n\r\n\r\n\r\nLe 7e num\u00e9ro de ce webinaire, intitul\u00e9 \u00ab La dissuasion oc\u00e9anique : quelles retomb\u00e9es \u00e9conomiques ? \u00bb, a \u00e9t\u00e9 diffus\u00e9 en direct le mardi 30 mai 2023.\r\nPortant...                <\/div>\r\n\r\n                <div class=\"td-read-more\">\r\n                    <a href=\"https:\/\/ecodef-ihedn.fr\/en\/synthese-webinaire-la-dissuasion-oceanique-quelles-retombees-economiques-les-entretiens-de-lecodef-7-le-30-mai-2023\/\">Lire la suite<\/a>\r\n                <\/div>\r\n            <\/div>\r\n\r\n        <\/div>\r\n\r\n        \n\t<\/div> <!-- .\/td-block-span12 -->\n\n\t<div class=\"td-block-span12\">\n\r\n        <div class=\"td_module_11 td_module_wrap td-animation-stack\">\r\n            <div class=\"td-module-thumb\"><a href=\"https:\/\/ecodef-ihedn.fr\/en\/video-webinaire-la-dissuasion-oceanique-quelles-retombees-economiques-les-entretiens-de-lecodef-7-30-mai-2023\/\"  rel=\"bookmark\" class=\"td-image-wrap \" title=\"[VID\u00c9O] webinaire \u00ab\u00a0La dissuasion oc\u00e9anique : quelles retomb\u00e9es \u00e9conomiques ?\u00a0\u00bb (Les entretiens de l\u2019ECODEF #7 \/ 30 mai 2023)\" ><img loading=\"lazy\" decoding=\"async\" class=\"entry-thumb\" src=\"data:image\/png;base64,iVBORw0KGgoAAAANSUhEUgAAAUQAAADrAQMAAAArGX0KAAAAA1BMVEWurq51dlI4AAAAAXRSTlMmkutdmwAAACBJREFUaN7twTEBAAAAwiD7pzbEXmAAAAAAAAAAAACQHSaOAAGSp1GBAAAAAElFTkSuQmCC\" alt=\"\" title=\"[VID\u00c9O] webinaire \u00ab\u00a0La dissuasion oc\u00e9anique : quelles retomb\u00e9es \u00e9conomiques ?\u00a0\u00bb (Les entretiens de l\u2019ECODEF #7 \/ 30 mai 2023)\" data-type=\"image_tag\" data-img-url=\"https:\/\/ecodef-ihedn.fr\/wp-content\/uploads\/2023\/05\/20230530_085019-324x235.jpg\" data-img-retina-url=\"https:\/\/ecodef-ihedn.fr\/wp-content\/uploads\/2023\/05\/20230530_085019-648x470.jpg\" width=\"324\" height=\"235\" \/><\/a><\/div>\r\n            <div class=\"item-details\">\r\n                <h3 class=\"entry-title td-module-title\"><a href=\"https:\/\/ecodef-ihedn.fr\/en\/video-webinaire-la-dissuasion-oceanique-quelles-retombees-economiques-les-entretiens-de-lecodef-7-30-mai-2023\/\"  rel=\"bookmark\" title=\"[VID\u00c9O] webinaire \u00ab\u00a0La dissuasion oc\u00e9anique : quelles retomb\u00e9es \u00e9conomiques ?\u00a0\u00bb (Les entretiens de l\u2019ECODEF #7 \/ 30 mai 2023)\">[VID\u00c9O] webinaire \u00ab\u00a0La dissuasion oc\u00e9anique : quelles retomb\u00e9es \u00e9conomiques ?\u00a0\u00bb (Les entretiens de l\u2019ECODEF...<\/a><\/h3>\r\n                <div class=\"td-module-meta-info\">\r\n                                        <span class=\"td-post-author-name\"><a href=\"https:\/\/ecodef-ihedn.fr\/en\/author\/bertrand\/\">Bertrand Demandre<\/a> <span>-<\/span> <\/span>                    <span class=\"td-post-date\"><time class=\"entry-date updated td-module-date\" datetime=\"2023-05-30T12:04:43+00:00\" >30 May 2023<\/time><\/span>                    <span class=\"td-module-comments\"><a href=\"https:\/\/ecodef-ihedn.fr\/en\/video-webinaire-la-dissuasion-oceanique-quelles-retombees-economiques-les-entretiens-de-lecodef-7-30-mai-2023\/#respond\">0<\/a><\/span>                <\/div>\r\n\r\n                <div class=\"td-excerpt\">\r\n                    \r\nLa dissuasion oc\u00e9anique : quelles retomb\u00e9es \u00e9conomiques ?\r\nLa vid\u00e9o du septi\u00e8me num\u00e9ro des &quot;Entretiens de l&#039;ECODEF&quot;, qui a eu lieu le mardi 30 mai \u00e0 8h30\u00a0au Centre de documentation de l\u2019\u00c9cole militaire (CDEM), est disponible sur la page YouTube de la Chaire.\r\nCette s\u00e9rie de webinaires met en lumi\u00e8re les...                <\/div>\r\n\r\n                <div class=\"td-read-more\">\r\n                    <a href=\"https:\/\/ecodef-ihedn.fr\/en\/video-webinaire-la-dissuasion-oceanique-quelles-retombees-economiques-les-entretiens-de-lecodef-7-30-mai-2023\/\">Lire la suite<\/a>\r\n                <\/div>\r\n            <\/div>\r\n\r\n        <\/div>\r\n\r\n        \n\t<\/div> <!-- .\/td-block-span12 -->\n\n\t<div class=\"td-block-span12\">\n\r\n        <div class=\"td_module_11 td_module_wrap td-animation-stack\">\r\n            <div class=\"td-module-thumb\"><a href=\"https:\/\/ecodef-ihedn.fr\/en\/synthese-webinaire-linefficacite-des-programmes-darmement-en-cooperation-un-mythe-les-entretiens-de-lecodef-6-le-9-mars-2023\/\"  rel=\"bookmark\" class=\"td-image-wrap \" title=\"[SYNTH\u00c8SE] webinaire \u201cL\u2019inefficacit\u00e9 des programmes d\u2019armement en coop\u00e9ration : un mythe ?\u201d (Les entretiens de l\u2019ECODEF #6 \/ le 9 mars 2023)\" ><img loading=\"lazy\" decoding=\"async\" class=\"entry-thumb\" src=\"data:image\/png;base64,iVBORw0KGgoAAAANSUhEUgAAAUQAAADrAQMAAAArGX0KAAAAA1BMVEWurq51dlI4AAAAAXRSTlMmkutdmwAAACBJREFUaN7twTEBAAAAwiD7pzbEXmAAAAAAAAAAAACQHSaOAAGSp1GBAAAAAElFTkSuQmCC\" alt=\"\" title=\"[SYNTH\u00c8SE] webinaire \u201cL\u2019inefficacit\u00e9 des programmes d\u2019armement en coop\u00e9ration : un mythe ?\u201d (Les entretiens de l\u2019ECODEF #6 \/ le 9 mars 2023)\" data-type=\"image_tag\" data-img-url=\"https:\/\/ecodef-ihedn.fr\/wp-content\/uploads\/2023\/02\/Webinair_6_visuel_4-3-324x235.png\" data-img-retina-url=\"https:\/\/ecodef-ihedn.fr\/wp-content\/uploads\/2023\/02\/Webinair_6_visuel_4-3-648x470.png\" width=\"324\" height=\"235\" \/><\/a><\/div>\r\n            <div class=\"item-details\">\r\n                <h3 class=\"entry-title td-module-title\"><a href=\"https:\/\/ecodef-ihedn.fr\/en\/synthese-webinaire-linefficacite-des-programmes-darmement-en-cooperation-un-mythe-les-entretiens-de-lecodef-6-le-9-mars-2023\/\"  rel=\"bookmark\" title=\"[SYNTH\u00c8SE] webinaire \u201cL\u2019inefficacit\u00e9 des programmes d\u2019armement en coop\u00e9ration : un mythe ?\u201d (Les entretiens de l\u2019ECODEF #6 \/ le 9 mars 2023)\">[SYNTH\u00c8SE] webinaire \u201cL\u2019inefficacit\u00e9 des programmes d\u2019armement en coop\u00e9ration : un mythe ?\u201d (Les entretiens...<\/a><\/h3>\r\n                <div class=\"td-module-meta-info\">\r\n                                        <span class=\"td-post-author-name\"><a href=\"https:\/\/ecodef-ihedn.fr\/en\/author\/bertrand\/\">Bertrand Demandre<\/a> <span>-<\/span> <\/span>                    <span class=\"td-post-date\"><time class=\"entry-date updated td-module-date\" datetime=\"2023-04-03T09:46:51+00:00\" >3 April 2023<\/time><\/span>                    <span class=\"td-module-comments\"><a href=\"https:\/\/ecodef-ihedn.fr\/en\/synthese-webinaire-linefficacite-des-programmes-darmement-en-cooperation-un-mythe-les-entretiens-de-lecodef-6-le-9-mars-2023\/#respond\">0<\/a><\/span>                <\/div>\r\n\r\n                <div class=\"td-excerpt\">\r\n                    \r\nSynth\u00e8se du 6e num\u00e9ro de la s\u00e9rie de webinaires &quot;Les entretiens de l\u2019ECODEF&quot;, sur le th\u00e8me de l&#039;efficacit\u00e9 des programmes d&#039;armement en coop\u00e9ration\r\n\r\n\r\n\r\nLe 6e num\u00e9ro de ce webinaire, intitul\u00e9 \u00ab L\u2019inefficacit\u00e9 des programmes d\u2019armement en coop\u00e9ration europ\u00e9enne : un mythe ? \u00bb, a \u00e9t\u00e9 diffus\u00e9 en direct le jeudi...                <\/div>\r\n\r\n                <div class=\"td-read-more\">\r\n                    <a href=\"https:\/\/ecodef-ihedn.fr\/en\/synthese-webinaire-linefficacite-des-programmes-darmement-en-cooperation-un-mythe-les-entretiens-de-lecodef-6-le-9-mars-2023\/\">Lire la suite<\/a>\r\n                <\/div>\r\n            <\/div>\r\n\r\n        <\/div>\r\n\r\n        \n\t<\/div> <!-- .\/td-block-span12 -->\n\n\t<div class=\"td-block-span12\">\n\r\n        <div class=\"td_module_11 td_module_wrap td-animation-stack\">\r\n            <div class=\"td-module-thumb\"><a href=\"https:\/\/ecodef-ihedn.fr\/en\/synthese-webinaire-quelles-evolutions-de-notre-appareil-de-defense-face-a-la-menace-des-conflits-de-haute-intensite-les-entretiens-de-lecodef-5-le-17-janvier-2023\/\"  rel=\"bookmark\" class=\"td-image-wrap \" title=\"[SYNTH\u00c8SE] webinaire \u201cQuelles \u00e9volutions de notre appareil de d\u00e9fense face \u00e0 la menace des conflits de haute intensit\u00e9 ?\u201d (Les entretiens de l\u2019ECODEF #5 \/ le 17 janvier 2023)\" ><img loading=\"lazy\" decoding=\"async\" class=\"entry-thumb\" src=\"data:image\/png;base64,iVBORw0KGgoAAAANSUhEUgAAAUQAAADrAQMAAAArGX0KAAAAA1BMVEWurq51dlI4AAAAAXRSTlMmkutdmwAAACBJREFUaN7twTEBAAAAwiD7pzbEXmAAAAAAAAAAAACQHSaOAAGSp1GBAAAAAElFTkSuQmCC\" alt=\"\" title=\"[SYNTH\u00c8SE] webinaire \u201cQuelles \u00e9volutions de notre appareil de d\u00e9fense face \u00e0 la menace des conflits de haute intensit\u00e9 ?\u201d (Les entretiens de l\u2019ECODEF #5 \/ le 17 janvier 2023)\" data-type=\"image_tag\" data-img-url=\"https:\/\/ecodef-ihedn.fr\/wp-content\/uploads\/2022\/12\/Webinair_5_visuel_4-3-324x235.png\" data-img-retina-url=\"https:\/\/ecodef-ihedn.fr\/wp-content\/uploads\/2022\/12\/Webinair_5_visuel_4-3-648x470.png\" width=\"324\" height=\"235\" \/><\/a><\/div>\r\n            <div class=\"item-details\">\r\n                <h3 class=\"entry-title td-module-title\"><a href=\"https:\/\/ecodef-ihedn.fr\/en\/synthese-webinaire-quelles-evolutions-de-notre-appareil-de-defense-face-a-la-menace-des-conflits-de-haute-intensite-les-entretiens-de-lecodef-5-le-17-janvier-2023\/\"  rel=\"bookmark\" title=\"[SYNTH\u00c8SE] webinaire \u201cQuelles \u00e9volutions de notre appareil de d\u00e9fense face \u00e0 la menace des conflits de haute intensit\u00e9 ?\u201d (Les entretiens de l\u2019ECODEF #5 \/ le 17 janvier 2023)\">[SYNTH\u00c8SE] webinaire \u201cQuelles \u00e9volutions de notre appareil de d\u00e9fense face \u00e0 la menace des...<\/a><\/h3>\r\n                <div class=\"td-module-meta-info\">\r\n                                        <span class=\"td-post-author-name\"><a href=\"https:\/\/ecodef-ihedn.fr\/en\/author\/bertrand\/\">Bertrand Demandre<\/a> <span>-<\/span> <\/span>                    <span class=\"td-post-date\"><time class=\"entry-date updated td-module-date\" datetime=\"2023-03-17T11:53:36+00:00\" >17 March 2023<\/time><\/span>                    <span class=\"td-module-comments\"><a href=\"https:\/\/ecodef-ihedn.fr\/en\/synthese-webinaire-quelles-evolutions-de-notre-appareil-de-defense-face-a-la-menace-des-conflits-de-haute-intensite-les-entretiens-de-lecodef-5-le-17-janvier-2023\/#respond\">0<\/a><\/span>                <\/div>\r\n\r\n                <div class=\"td-excerpt\">\r\n                    \r\nSynth\u00e8se du 5e num\u00e9ro de la s\u00e9rie de webinaires &quot;Les entretiens de l\u2019ECODEF&quot;, sur le th\u00e8me des \u00e9volutions de notre appareil de d\u00e9fense face \u00e0 la menace des conflits de haute intensit\u00e9\r\n\r\n\r\n\r\n\r\n\r\n\r\n\r\n\r\n\r\n\r\nLe 5e num\u00e9ro de ce webinaire, intitul\u00e9 &quot;Quelles \u00e9volutions de notre appareil de d\u00e9fense face \u00e0 la menace...                <\/div>\r\n\r\n                <div class=\"td-read-more\">\r\n                    <a href=\"https:\/\/ecodef-ihedn.fr\/en\/synthese-webinaire-quelles-evolutions-de-notre-appareil-de-defense-face-a-la-menace-des-conflits-de-haute-intensite-les-entretiens-de-lecodef-5-le-17-janvier-2023\/\">Lire la suite<\/a>\r\n                <\/div>\r\n            <\/div>\r\n\r\n        <\/div>\r\n\r\n        \n\t<\/div> <!-- .\/td-block-span12 --><\/div><div class=\"td_ajax_infinite\" id=\"next-page-tdi_16\" data-td_block_id=\"tdi_16\"> <\/div><div class=\"td-load-more-wrap td-load-more-infinite-wrap\" id=\"infinite-lm-tdi_16\"><a href=\"#\" class=\"td_ajax_load_more td_ajax_load_more_js\" aria-label=\"Voir plus\" id=\"next-page-tdi_16\" data-td_block_id=\"tdi_16\">Voir plus<i class=\"td-icon-font td-icon-menu-down\"><\/i><\/a><\/div><\/div> <!-- .\/block --><\/div><\/div><\/div><\/div><\/div><\/div>","protected":false},"excerpt":{"rendered":"","protected":false},"author":1,"featured_media":564,"parent":0,"menu_order":0,"comment_status":"closed","ping_status":"closed","template":"","meta":{"footnotes":""},"class_list":["post-372","page","type-page","status-publish","has-post-thumbnail"],"yoast_head":"<!-- This site is optimized with the Yoast SEO plugin v27.4 - https:\/\/yoast.com\/product\/yoast-seo-wordpress\/ -->\n<title>\u00c9v\u00e9nements - Chaire \u00c9conomie de d\u00e9fense - IHEDN<\/title>\n<meta name=\"robots\" content=\"index, follow, max-snippet:-1, max-image-preview:large, max-video-preview:-1\" \/>\n<link rel=\"canonical\" href=\"https:\/\/ecodef-ihedn.fr\/en\/evenements\/\" \/>\n<meta property=\"og:locale\" content=\"en_GB\" \/>\n<meta property=\"og:type\" content=\"article\" \/>\n<meta property=\"og:title\" content=\"\u00c9v\u00e9nements - Chaire \u00c9conomie de d\u00e9fense - IHEDN\" \/>\n<meta property=\"og:url\" content=\"https:\/\/ecodef-ihedn.fr\/en\/evenements\/\" \/>\n<meta property=\"og:site_name\" content=\"Chaire \u00c9conomie de d\u00e9fense - IHEDN\" \/>\n<meta property=\"article:modified_time\" content=\"2021-04-22T17:11:52+00:00\" \/>\n<meta property=\"og:image\" content=\"https:\/\/ecodef-ihedn.fr\/wp-content\/uploads\/2020\/02\/ecole-militaire-paris-1.jpg\" \/>\n\t<meta property=\"og:image:width\" content=\"755\" \/>\n\t<meta property=\"og:image:height\" content=\"414\" \/>\n\t<meta property=\"og:image:type\" content=\"image\/jpeg\" \/>\n<meta name=\"twitter:card\" content=\"summary_large_image\" \/>\n<meta name=\"twitter:site\" content=\"@Chaire_Ecodef\" \/>\n<script type=\"application\/ld+json\" class=\"yoast-schema-graph\">{\"@context\":\"https:\\\/\\\/schema.org\",\"@graph\":[{\"@type\":\"WebPage\",\"@id\":\"https:\\\/\\\/ecodef-ihedn.fr\\\/evenements\\\/\",\"url\":\"https:\\\/\\\/ecodef-ihedn.fr\\\/evenements\\\/\",\"name\":\"\u00c9v\u00e9nements - Chaire \u00c9conomie de d\u00e9fense - IHEDN\",\"isPartOf\":{\"@id\":\"https:\\\/\\\/ecodef-ihedn.fr\\\/#website\"},\"primaryImageOfPage\":{\"@id\":\"https:\\\/\\\/ecodef-ihedn.fr\\\/evenements\\\/#primaryimage\"},\"image\":{\"@id\":\"https:\\\/\\\/ecodef-ihedn.fr\\\/evenements\\\/#primaryimage\"},\"thumbnailUrl\":\"https:\\\/\\\/ecodef-ihedn.fr\\\/wp-content\\\/uploads\\\/2020\\\/02\\\/ecole-militaire-paris-1.jpg\",\"datePublished\":\"2020-02-20T13:39:15+00:00\",\"dateModified\":\"2021-04-22T17:11:52+00:00\",\"breadcrumb\":{\"@id\":\"https:\\\/\\\/ecodef-ihedn.fr\\\/evenements\\\/#breadcrumb\"},\"inLanguage\":\"en-GB\",\"potentialAction\":[{\"@type\":\"ReadAction\",\"target\":[\"https:\\\/\\\/ecodef-ihedn.fr\\\/evenements\\\/\"]}]},{\"@type\":\"ImageObject\",\"inLanguage\":\"en-GB\",\"@id\":\"https:\\\/\\\/ecodef-ihedn.fr\\\/evenements\\\/#primaryimage\",\"url\":\"https:\\\/\\\/ecodef-ihedn.fr\\\/wp-content\\\/uploads\\\/2020\\\/02\\\/ecole-militaire-paris-1.jpg\",\"contentUrl\":\"https:\\\/\\\/ecodef-ihedn.fr\\\/wp-content\\\/uploads\\\/2020\\\/02\\\/ecole-militaire-paris-1.jpg\",\"width\":755,\"height\":414},{\"@type\":\"BreadcrumbList\",\"@id\":\"https:\\\/\\\/ecodef-ihedn.fr\\\/evenements\\\/#breadcrumb\",\"itemListElement\":[{\"@type\":\"ListItem\",\"position\":1,\"name\":\"Accueil\",\"item\":\"https:\\\/\\\/ecodef-ihedn.fr\\\/\"},{\"@type\":\"ListItem\",\"position\":2,\"name\":\"\u00c9v\u00e9nements\"}]},{\"@type\":\"WebSite\",\"@id\":\"https:\\\/\\\/ecodef-ihedn.fr\\\/#website\",\"url\":\"https:\\\/\\\/ecodef-ihedn.fr\\\/\",\"name\":\"Chaire \u00c9conomie de D\u00e9fense - IHEDN\",\"description\":\"Produire &amp; soutenir, f\u00e9d\u00e9rer &amp; diffuser, \u00eatre une interface\",\"publisher\":{\"@id\":\"https:\\\/\\\/ecodef-ihedn.fr\\\/#organization\"},\"potentialAction\":[{\"@type\":\"SearchAction\",\"target\":{\"@type\":\"EntryPoint\",\"urlTemplate\":\"https:\\\/\\\/ecodef-ihedn.fr\\\/?s={search_term_string}\"},\"query-input\":{\"@type\":\"PropertyValueSpecification\",\"valueRequired\":true,\"valueName\":\"search_term_string\"}}],\"inLanguage\":\"en-GB\"},{\"@type\":\"Organization\",\"@id\":\"https:\\\/\\\/ecodef-ihedn.fr\\\/#organization\",\"name\":\"Chaire \u00c9conomie de d\u00e9fense - IHEDN\",\"url\":\"https:\\\/\\\/ecodef-ihedn.fr\\\/\",\"logo\":{\"@type\":\"ImageObject\",\"inLanguage\":\"en-GB\",\"@id\":\"https:\\\/\\\/ecodef-ihedn.fr\\\/#\\\/schema\\\/logo\\\/image\\\/\",\"url\":\"https:\\\/\\\/ecodef-ihedn.fr\\\/wp-content\\\/uploads\\\/2020\\\/04\\\/logoEcodef9.jpg\",\"contentUrl\":\"https:\\\/\\\/ecodef-ihedn.fr\\\/wp-content\\\/uploads\\\/2020\\\/04\\\/logoEcodef9.jpg\",\"width\":410,\"height\":212,\"caption\":\"Chaire \u00c9conomie de d\u00e9fense - IHEDN\"},\"image\":{\"@id\":\"https:\\\/\\\/ecodef-ihedn.fr\\\/#\\\/schema\\\/logo\\\/image\\\/\"},\"sameAs\":[\"https:\\\/\\\/x.com\\\/Chaire_Ecodef\",\"https:\\\/\\\/www.linkedin.com\\\/company\\\/chaire-ecodef-ihedn\\\/\"]}]}<\/script>\n<!-- \/ Yoast SEO plugin. -->","yoast_head_json":{"title":"\u00c9v\u00e9nements - Chaire \u00c9conomie de d\u00e9fense - IHEDN","robots":{"index":"index","follow":"follow","max-snippet":"max-snippet:-1","max-image-preview":"max-image-preview:large","max-video-preview":"max-video-preview:-1"},"canonical":"https:\/\/ecodef-ihedn.fr\/en\/evenements\/","og_locale":"en_GB","og_type":"article","og_title":"\u00c9v\u00e9nements - Chaire \u00c9conomie de d\u00e9fense - IHEDN","og_url":"https:\/\/ecodef-ihedn.fr\/en\/evenements\/","og_site_name":"Chaire \u00c9conomie de d\u00e9fense - IHEDN","article_modified_time":"2021-04-22T17:11:52+00:00","og_image":[{"width":755,"height":414,"url":"https:\/\/ecodef-ihedn.fr\/wp-content\/uploads\/2020\/02\/ecole-militaire-paris-1.jpg","type":"image\/jpeg"}],"twitter_card":"summary_large_image","twitter_site":"@Chaire_Ecodef","schema":{"@context":"https:\/\/schema.org","@graph":[{"@type":"WebPage","@id":"https:\/\/ecodef-ihedn.fr\/evenements\/","url":"https:\/\/ecodef-ihedn.fr\/evenements\/","name":"\u00c9v\u00e9nements - Chaire \u00c9conomie de d\u00e9fense - IHEDN","isPartOf":{"@id":"https:\/\/ecodef-ihedn.fr\/#website"},"primaryImageOfPage":{"@id":"https:\/\/ecodef-ihedn.fr\/evenements\/#primaryimage"},"image":{"@id":"https:\/\/ecodef-ihedn.fr\/evenements\/#primaryimage"},"thumbnailUrl":"https:\/\/ecodef-ihedn.fr\/wp-content\/uploads\/2020\/02\/ecole-militaire-paris-1.jpg","datePublished":"2020-02-20T13:39:15+00:00","dateModified":"2021-04-22T17:11:52+00:00","breadcrumb":{"@id":"https:\/\/ecodef-ihedn.fr\/evenements\/#breadcrumb"},"inLanguage":"en-GB","potentialAction":[{"@type":"ReadAction","target":["https:\/\/ecodef-ihedn.fr\/evenements\/"]}]},{"@type":"ImageObject","inLanguage":"en-GB","@id":"https:\/\/ecodef-ihedn.fr\/evenements\/#primaryimage","url":"https:\/\/ecodef-ihedn.fr\/wp-content\/uploads\/2020\/02\/ecole-militaire-paris-1.jpg","contentUrl":"https:\/\/ecodef-ihedn.fr\/wp-content\/uploads\/2020\/02\/ecole-militaire-paris-1.jpg","width":755,"height":414},{"@type":"BreadcrumbList","@id":"https:\/\/ecodef-ihedn.fr\/evenements\/#breadcrumb","itemListElement":[{"@type":"ListItem","position":1,"name":"Accueil","item":"https:\/\/ecodef-ihedn.fr\/"},{"@type":"ListItem","position":2,"name":"\u00c9v\u00e9nements"}]},{"@type":"WebSite","@id":"https:\/\/ecodef-ihedn.fr\/#website","url":"https:\/\/ecodef-ihedn.fr\/","name":"Chair in Defence Economics - IHEDN","description":"Produce &amp; support, federate &amp; disseminate, act as an interface","publisher":{"@id":"https:\/\/ecodef-ihedn.fr\/#organization"},"potentialAction":[{"@type":"SearchAction","target":{"@type":"EntryPoint","urlTemplate":"https:\/\/ecodef-ihedn.fr\/?s={search_term_string}"},"query-input":{"@type":"PropertyValueSpecification","valueRequired":true,"valueName":"search_term_string"}}],"inLanguage":"en-GB"},{"@type":"Organization","@id":"https:\/\/ecodef-ihedn.fr\/#organization","name":"Chair in Defence Economics - IHEDN","url":"https:\/\/ecodef-ihedn.fr\/","logo":{"@type":"ImageObject","inLanguage":"en-GB","@id":"https:\/\/ecodef-ihedn.fr\/#\/schema\/logo\/image\/","url":"https:\/\/ecodef-ihedn.fr\/wp-content\/uploads\/2020\/04\/logoEcodef9.jpg","contentUrl":"https:\/\/ecodef-ihedn.fr\/wp-content\/uploads\/2020\/04\/logoEcodef9.jpg","width":410,"height":212,"caption":"Chaire \u00c9conomie de d\u00e9fense - IHEDN"},"image":{"@id":"https:\/\/ecodef-ihedn.fr\/#\/schema\/logo\/image\/"},"sameAs":["https:\/\/x.com\/Chaire_Ecodef","https:\/\/www.linkedin.com\/company\/chaire-ecodef-ihedn\/"]}]}},"_links":{"self":[{"href":"https:\/\/ecodef-ihedn.fr\/en\/wp-json\/wp\/v2\/pages\/372","targetHints":{"allow":["GET"]}}],"collection":[{"href":"https:\/\/ecodef-ihedn.fr\/en\/wp-json\/wp\/v2\/pages"}],"about":[{"href":"https:\/\/ecodef-ihedn.fr\/en\/wp-json\/wp\/v2\/types\/page"}],"author":[{"embeddable":true,"href":"https:\/\/ecodef-ihedn.fr\/en\/wp-json\/wp\/v2\/users\/1"}],"replies":[{"embeddable":true,"href":"https:\/\/ecodef-ihedn.fr\/en\/wp-json\/wp\/v2\/comments?post=372"}],"version-history":[{"count":5,"href":"https:\/\/ecodef-ihedn.fr\/en\/wp-json\/wp\/v2\/pages\/372\/revisions"}],"predecessor-version":[{"id":3275,"href":"https:\/\/ecodef-ihedn.fr\/en\/wp-json\/wp\/v2\/pages\/372\/revisions\/3275"}],"wp:featuredmedia":[{"embeddable":true,"href":"https:\/\/ecodef-ihedn.fr\/en\/wp-json\/wp\/v2\/media\/564"}],"wp:attachment":[{"href":"https:\/\/ecodef-ihedn.fr\/en\/wp-json\/wp\/v2\/media?parent=372"}],"curies":[{"name":"wp","href":"https:\/\/api.w.org\/{rel}","templated":true}]}}