{"id":437,"date":"2020-02-20T14:52:04","date_gmt":"2020-02-20T14:52:04","guid":{"rendered":"https:\/\/ecodef-ihedn.fr\/evenements-copy\/"},"modified":"2021-05-26T08:02:19","modified_gmt":"2021-05-26T08:02:19","slug":"toutes-les-publications","status":"publish","type":"page","link":"https:\/\/ecodef-ihedn.fr\/en\/toutes-les-publications\/","title":{"rendered":"All publications"},"content":{"rendered":"<div id=\"tdi_1\" class=\"tdc-zone\"><div class=\"tdc_zone tdi_2  wpb_row td-pb-row\"  >\n<style scoped>\n\/* custom css - generated by TagDiv Composer *\/\n\n\/* custom css - generated by TagDiv Composer *\/\n.tdi_2{\r\n                    min-height: 0;\r\n                }\n<\/style><div id=\"tdi_3\" class=\"tdc-row\"><div class=\"vc_row tdi_4  wpb_row td-pb-row\" >\n<style scoped>\n\/* custom css - generated by TagDiv Composer *\/\n\n\/* custom css - generated by TagDiv Composer *\/\n.tdi_4,\r\n                .tdi_4 .tdc-columns{\r\n                    min-height: 0;\r\n                }.tdi_4,\r\n\t\t\t\t.tdi_4 .tdc-columns{\r\n\t\t\t\t    display: block;\r\n\t\t\t\t}.tdi_4 .tdc-columns{\r\n\t\t\t\t    width: 100%;\r\n\t\t\t\t}.tdi_4:before,\r\n\t\t\t\t.tdi_4:after{\r\n\t\t\t\t    display: table;\r\n\t\t\t\t}\n<\/style><div class=\"vc_column tdi_6  wpb_column vc_column_container tdc-column td-pb-span12\">\n<style scoped>\n\/* custom css - generated by TagDiv Composer *\/\n\n\/* custom css - generated by TagDiv Composer *\/\n.tdi_6{\r\n                    vertical-align: baseline;\r\n                }.tdi_6 > .wpb_wrapper,\r\n\t\t\t\t.tdi_6 > .wpb_wrapper > .tdc-elements{\r\n\t\t\t\t    display: block;\r\n\t\t\t\t}.tdi_6 > .wpb_wrapper > .tdc-elements{\r\n\t\t\t\t    width: 100%;\r\n\t\t\t\t}.tdi_6 > .wpb_wrapper > .vc_row_inner{\r\n\t\t\t\t    width: auto;\r\n\t\t\t\t}.tdi_6 > .wpb_wrapper{\r\n\t\t\t\t    width: auto;\r\n\t\t\t\t    height: auto;\r\n\t\t\t\t}\n<\/style><div class=\"wpb_wrapper\" ><div class=\"td_block_wrap td_block_title tdi_7 td-pb-border-top td_block_template_5 td-fix-index\"  data-td-block-uid=\"tdi_7\" >\n<style>\n.td_block_template_5 .td-block-title {\r\n                font-size: 16px;\r\n                font-weight: 500;\r\n                margin-top: 0;\r\n                margin-bottom: 26px;\r\n                line-height: 25px;\r\n                color: var(--td_text_header_color, #000);\r\n                text-align: left;\r\n            }\r\n            .td_block_template_5 .td-block-title > * {\r\n                padding: 0 12px;\r\n                border-width: 0 0 0 4px;\r\n                border-style: solid;\r\n                border-color: var(--td_header_color, var(--td_theme_color, #4db2ec));\r\n            }\r\n            .td_block_template_5 .td-subcat-filter,\r\n            .td_block_template_5 .td-subcat-dropdown {\r\n                line-height: 25px;\r\n            }\r\n            @media (max-width: 767px) {\r\n                .td_block_template_5 .td-related-title a {\r\n                    font-size: 15px;\r\n                }\r\n            }\r\n            .td_block_template_5 .td-related-title:last-child {\r\n                border: none;\r\n            }\r\n            .td_block_template_5 .td-related-title .td-cur-simple-item {\r\n                color: var(--td_theme_color, #4db2ec);\r\n            }\r\n            \r\n\r\n            \r\n            .td-theme-wrap .tdi_7 .td-pulldown-filter-link:hover,\r\n            .td-theme-wrap .tdi_7 .td-subcat-item a:hover,\r\n            .td-theme-wrap .tdi_7 .td-subcat-item .td-cur-simple-item,\r\n            .td-theme-wrap .tdi_7 .td-subcat-dropdown:hover .td-subcat-more span,\r\n            .td-theme-wrap .tdi_7 .td-subcat-dropdown:hover .td-subcat-more i {\r\n                color: #ff2323;\r\n            }\r\n\r\n            .td-theme-wrap .tdi_7 .td-block-title > * {\r\n                border-color: #ff2323;\r\n            }\r\n\r\n            \r\n            .td-theme-wrap .tdi_7 .td_module_wrap:hover .entry-title a,\r\n            .td-theme-wrap .tdi_7 .td_quote_on_blocks,\r\n            .td-theme-wrap .tdi_7 .td-opacity-cat .td-post-category:hover,\r\n            .td-theme-wrap .tdi_7 .td-opacity-read .td-read-more a:hover,\r\n            .td-theme-wrap .tdi_7 .td-opacity-author .td-post-author-name a:hover,\r\n            .td-theme-wrap .tdi_7 .td-instagram-user a {\r\n                color: #ff2323;\r\n            }\r\n\r\n            .td-theme-wrap .tdi_7 .td-next-prev-wrap a:hover,\r\n            .td-theme-wrap .tdi_7 .td-load-more-wrap a:hover {\r\n                background-color: #ff2323;\r\n                border-color: #ff2323;\r\n            }\r\n\r\n            .td-theme-wrap .tdi_7 .td-read-more a,\r\n            .td-theme-wrap .tdi_7 .td-weather-information:before,\r\n            .td-theme-wrap .tdi_7 .td-weather-week:before,\r\n            .td-theme-wrap .tdi_7 .td-exchange-header:before,\r\n            .td-theme-wrap .td-footer-wrapper .tdi_7 .td-post-category,\r\n            .td-theme-wrap .tdi_7 .td-post-category:hover {\r\n                background-color: #ff2323;\r\n            }\n<\/style>\n<style>\n\/* custom css - generated by TagDiv Composer *\/\nbody .tdi_7 .td-block-title a,\r\n\t\t\t\tbody .tdi_7 .td-block-title span{\r\n\t\t\t\t\tfont-family:Cabin !important;\r\n\t\t\t\t}\n<\/style><div class=\"td-block-title-wrap\"><h4 class=\"td-block-title\"><span class=\"td-pulldown-size\">PUBLICATIONS<\/span><\/h4><\/div><\/div><div class=\"td_block_wrap td_block_12 tdi_8 td_with_ajax_pagination td-pb-border-top td_block_template_5 td-column-3\"  data-td-block-uid=\"tdi_8\" ><script>var block_tdi_8 = new tdBlock();\nblock_tdi_8.id = \"tdi_8\";\nblock_tdi_8.atts = '{\"m11_el\":\"50\",\"category_id\":\"350\",\"limit\":\"10\",\"ajax_pagination\":\"infinite\",\"block_type\":\"td_block_12\",\"separator\":\"\",\"custom_title\":\"\",\"custom_url\":\"\",\"block_template_id\":\"\",\"m11_tl\":\"\",\"post_ids\":\"\",\"taxonomies\":\"\",\"category_ids\":\"\",\"in_all_terms\":\"\",\"tag_slug\":\"\",\"autors_id\":\"\",\"installed_post_types\":\"\",\"include_cf_posts\":\"\",\"exclude_cf_posts\":\"\",\"sort\":\"\",\"popular_by_date\":\"\",\"linked_posts\":\"\",\"favourite_only\":\"\",\"offset\":\"\",\"open_in_new_window\":\"\",\"show_modified_date\":\"\",\"time_ago\":\"\",\"time_ago_add_txt\":\"ago\",\"time_ago_txt_pos\":\"\",\"review_source\":\"\",\"el_class\":\"\",\"td_ajax_filter_type\":\"\",\"td_ajax_filter_ids\":\"\",\"td_filter_default_txt\":\"All\",\"td_ajax_preloading\":\"\",\"f_header_font_header\":\"\",\"f_header_font_title\":\"Block header\",\"f_header_font_settings\":\"\",\"f_header_font_family\":\"\",\"f_header_font_size\":\"\",\"f_header_font_line_height\":\"\",\"f_header_font_style\":\"\",\"f_header_font_weight\":\"\",\"f_header_font_transform\":\"\",\"f_header_font_spacing\":\"\",\"f_header_\":\"\",\"f_ajax_font_title\":\"Ajax categories\",\"f_ajax_font_settings\":\"\",\"f_ajax_font_family\":\"\",\"f_ajax_font_size\":\"\",\"f_ajax_font_line_height\":\"\",\"f_ajax_font_style\":\"\",\"f_ajax_font_weight\":\"\",\"f_ajax_font_transform\":\"\",\"f_ajax_font_spacing\":\"\",\"f_ajax_\":\"\",\"f_more_font_title\":\"Load more button\",\"f_more_font_settings\":\"\",\"f_more_font_family\":\"\",\"f_more_font_size\":\"\",\"f_more_font_line_height\":\"\",\"f_more_font_style\":\"\",\"f_more_font_weight\":\"\",\"f_more_font_transform\":\"\",\"f_more_font_spacing\":\"\",\"f_more_\":\"\",\"m11f_title_font_header\":\"\",\"m11f_title_font_title\":\"Article title\",\"m11f_title_font_settings\":\"\",\"m11f_title_font_family\":\"\",\"m11f_title_font_size\":\"\",\"m11f_title_font_line_height\":\"\",\"m11f_title_font_style\":\"\",\"m11f_title_font_weight\":\"\",\"m11f_title_font_transform\":\"\",\"m11f_title_font_spacing\":\"\",\"m11f_title_\":\"\",\"m11f_cat_font_title\":\"Article category tag\",\"m11f_cat_font_settings\":\"\",\"m11f_cat_font_family\":\"\",\"m11f_cat_font_size\":\"\",\"m11f_cat_font_line_height\":\"\",\"m11f_cat_font_style\":\"\",\"m11f_cat_font_weight\":\"\",\"m11f_cat_font_transform\":\"\",\"m11f_cat_font_spacing\":\"\",\"m11f_cat_\":\"\",\"m11f_meta_font_title\":\"Article meta info\",\"m11f_meta_font_settings\":\"\",\"m11f_meta_font_family\":\"\",\"m11f_meta_font_size\":\"\",\"m11f_meta_font_line_height\":\"\",\"m11f_meta_font_style\":\"\",\"m11f_meta_font_weight\":\"\",\"m11f_meta_font_transform\":\"\",\"m11f_meta_font_spacing\":\"\",\"m11f_meta_\":\"\",\"m11f_ex_font_title\":\"Article excerpt\",\"m11f_ex_font_settings\":\"\",\"m11f_ex_font_family\":\"\",\"m11f_ex_font_size\":\"\",\"m11f_ex_font_line_height\":\"\",\"m11f_ex_font_style\":\"\",\"m11f_ex_font_weight\":\"\",\"m11f_ex_font_transform\":\"\",\"m11f_ex_font_spacing\":\"\",\"m11f_ex_\":\"\",\"m11f_btn_font_title\":\"Article read more button\",\"m11f_btn_font_settings\":\"\",\"m11f_btn_font_family\":\"\",\"m11f_btn_font_size\":\"\",\"m11f_btn_font_line_height\":\"\",\"m11f_btn_font_style\":\"\",\"m11f_btn_font_weight\":\"\",\"m11f_btn_font_transform\":\"\",\"m11f_btn_font_spacing\":\"\",\"m11f_btn_\":\"\",\"ajax_pagination_next_prev_swipe\":\"\",\"ajax_pagination_infinite_stop\":\"\",\"css\":\"\",\"tdc_css\":\"\",\"td_column_number\":3,\"header_color\":\"\",\"color_preset\":\"\",\"border_top\":\"\",\"class\":\"tdi_8\",\"tdc_css_class\":\"tdi_8\",\"tdc_css_class_style\":\"tdi_8_rand_style\"}';\nblock_tdi_8.td_column_number = \"3\";\nblock_tdi_8.block_type = \"td_block_12\";\nblock_tdi_8.post_count = \"10\";\nblock_tdi_8.found_posts = \"91\";\nblock_tdi_8.header_color = \"\";\nblock_tdi_8.ajax_pagination_infinite_stop = \"\";\nblock_tdi_8.max_num_pages = \"10\";\ntdBlocksArray.push(block_tdi_8);\n<\/script><div class=\"td-block-title-wrap\"><\/div><div id=tdi_8 class=\"td_block_inner\">\n\n\t<div class=\"td-block-span12\">\n\r\n        <div class=\"td_module_11 td_module_wrap td-animation-stack\">\r\n            <div class=\"td-module-thumb\"><a href=\"https:\/\/ecodef-ihedn.fr\/en\/implantation-de-nouvelles-entreprises-de-defense-en-europe-publication-dun-article-de-josselin-droff-eva-szego-julien-malizard-et-lucie-beraud-sudreau-par-ares-group\/\"  rel=\"bookmark\" class=\"td-image-wrap \" title=\"Implantation de nouvelles entreprises de d\u00e9fense en Europe : publication d\u2019un article de Josselin Droff, Eva Szego, Julien Malizard et Lucie B\u00e9raud-Sudreau via ARES Group\" ><img loading=\"lazy\" decoding=\"async\" class=\"entry-thumb\" src=\"data:image\/png;base64,iVBORw0KGgoAAAANSUhEUgAAAUQAAADrAQMAAAArGX0KAAAAA1BMVEWurq51dlI4AAAAAXRSTlMmkutdmwAAACBJREFUaN7twTEBAAAAwiD7pzbEXmAAAAAAAAAAAACQHSaOAAGSp1GBAAAAAElFTkSuQmCC\" alt=\"\" title=\"Implantation de nouvelles entreprises de d\u00e9fense en Europe : publication d\u2019un article de Josselin Droff, Eva Szego, Julien Malizard et Lucie B\u00e9raud-Sudreau via ARES Group\" data-type=\"image_tag\" data-img-url=\"https:\/\/ecodef-ihedn.fr\/wp-content\/uploads\/2026\/04\/ARES-logo-7-5-324x235.png\" data-img-retina-url=\"https:\/\/ecodef-ihedn.fr\/wp-content\/uploads\/2026\/04\/ARES-logo-7-5.png\" width=\"324\" height=\"235\" \/><\/a><\/div>\r\n            <div class=\"item-details\">\r\n                <h3 class=\"entry-title td-module-title\"><a href=\"https:\/\/ecodef-ihedn.fr\/en\/implantation-de-nouvelles-entreprises-de-defense-en-europe-publication-dun-article-de-josselin-droff-eva-szego-julien-malizard-et-lucie-beraud-sudreau-par-ares-group\/\"  rel=\"bookmark\" title=\"Implantation de nouvelles entreprises de d\u00e9fense en Europe : publication d\u2019un article de Josselin Droff, Eva Szego, Julien Malizard et Lucie B\u00e9raud-Sudreau via ARES Group\">Implantation de nouvelles entreprises de d\u00e9fense en Europe : publication d\u2019un article de Josselin...<\/a><\/h3>\r\n                <div class=\"td-module-meta-info\">\r\n                                        <span class=\"td-post-author-name\"><a href=\"https:\/\/ecodef-ihedn.fr\/en\/author\/bertrand\/\">Bertrand Demandre<\/a> <span>-<\/span> <\/span>                    <span class=\"td-post-date\"><time class=\"entry-date updated td-module-date\" datetime=\"2026-04-15T12:08:45+00:00\" >15 April 2026<\/time><\/span>                    <span class=\"td-module-comments\"><a href=\"https:\/\/ecodef-ihedn.fr\/en\/implantation-de-nouvelles-entreprises-de-defense-en-europe-publication-dun-article-de-josselin-droff-eva-szego-julien-malizard-et-lucie-beraud-sudreau-par-ares-group\/#respond\">0<\/a><\/span>                <\/div>\r\n\r\n                <div class=\"td-excerpt\">\r\n                    \r\nJosselin Droff, Eva Szego, Julien Malizard et Lucie B\u00e9raud-Sudreau publient l\u2019article \u00ab Between legacy and \u00e9mergence : the spatial integration of New Defence companies in Europe\u2019s historical defence landscape \u00bb via ARES Group, IRIS (avril 2026)\r\nJosselin Droff, Eva Szego et Julien Malizard, chercheurs \u00e0 la Chaire \u00c9conomie de d\u00e9fense...                <\/div>\r\n\r\n                <div class=\"td-read-more\">\r\n                    <a href=\"https:\/\/ecodef-ihedn.fr\/en\/implantation-de-nouvelles-entreprises-de-defense-en-europe-publication-dun-article-de-josselin-droff-eva-szego-julien-malizard-et-lucie-beraud-sudreau-par-ares-group\/\">Lire la suite<\/a>\r\n                <\/div>\r\n            <\/div>\r\n\r\n        <\/div>\r\n\r\n        \n\t<\/div> <!-- .\/td-block-span12 -->\n\n\t<div class=\"td-block-span12\">\n\r\n        <div class=\"td_module_11 td_module_wrap td-animation-stack\">\r\n            <div class=\"td-module-thumb\"><a href=\"https:\/\/ecodef-ihedn.fr\/en\/new-defence-et-politique-industrielle-de-defense-en-europe-publication-dun-article-de-la-chiare-dans-defense-industries-revue-de-la-frs\/\"  rel=\"bookmark\" class=\"td-image-wrap \" title=\"\u00ab\u00a0New Defence\u00a0\u00bb et politique industrielle de d\u00e9fense en Europe : publication d\u2019un article de la Chiare dans D\u00e9fense &#038; Industries, revue de la FRS\" ><img loading=\"lazy\" decoding=\"async\" class=\"entry-thumb\" src=\"data:image\/png;base64,iVBORw0KGgoAAAANSUhEUgAAAUQAAADrAQMAAAArGX0KAAAAA1BMVEWurq51dlI4AAAAAXRSTlMmkutdmwAAACBJREFUaN7twTEBAAAAwiD7pzbEXmAAAAAAAAAAAACQHSaOAAGSp1GBAAAAAElFTkSuQmCC\" alt=\"\" title=\"\u00ab\u00a0New Defence\u00a0\u00bb et politique industrielle de d\u00e9fense en Europe : publication d\u2019un article de la Chiare dans D\u00e9fense &#038; Industries, revue de la FRS\" data-type=\"image_tag\" data-img-url=\"https:\/\/ecodef-ihedn.fr\/wp-content\/uploads\/2024\/07\/DEFENSEIndustries-324x235.jpg\" data-img-retina-url=\"https:\/\/ecodef-ihedn.fr\/wp-content\/uploads\/2024\/07\/DEFENSEIndustries.jpg\" width=\"324\" height=\"235\" \/><\/a><\/div>\r\n            <div class=\"item-details\">\r\n                <h3 class=\"entry-title td-module-title\"><a href=\"https:\/\/ecodef-ihedn.fr\/en\/new-defence-et-politique-industrielle-de-defense-en-europe-publication-dun-article-de-la-chiare-dans-defense-industries-revue-de-la-frs\/\"  rel=\"bookmark\" title=\"\u00ab\u00a0New Defence\u00a0\u00bb et politique industrielle de d\u00e9fense en Europe : publication d\u2019un article de la Chiare dans D\u00e9fense &#038; Industries, revue de la FRS\">\u00ab\u00a0New Defence\u00a0\u00bb et politique industrielle de d\u00e9fense en Europe : publication d\u2019un article de...<\/a><\/h3>\r\n                <div class=\"td-module-meta-info\">\r\n                                        <span class=\"td-post-author-name\"><a href=\"https:\/\/ecodef-ihedn.fr\/en\/author\/bertrand\/\">Bertrand Demandre<\/a> <span>-<\/span> <\/span>                    <span class=\"td-post-date\"><time class=\"entry-date updated td-module-date\" datetime=\"2026-02-19T09:07:52+00:00\" >19 February 2026<\/time><\/span>                    <span class=\"td-module-comments\"><a href=\"https:\/\/ecodef-ihedn.fr\/en\/new-defence-et-politique-industrielle-de-defense-en-europe-publication-dun-article-de-la-chiare-dans-defense-industries-revue-de-la-frs\/#respond\">0<\/a><\/span>                <\/div>\r\n\r\n                <div class=\"td-excerpt\">\r\n                    \r\nJosselin Droff, Lucie B\u00e9raud-Sudreau, Eva Szego, Julien Malizard ulien Malizard publie l&#039;article &quot;New Defence et politique industrielle de d\u00e9fense en Europe&quot;, dans le num\u00e9ro 22 de D\u00e9fense &amp; Industries, revue de la Fondation pour la recherche strat\u00e9gique (FRS)\r\nJosselin Droff, Eva Szego et Julien Malizard, chercheurs \u00e0 la Chaire \u00c9conomie...                <\/div>\r\n\r\n                <div class=\"td-read-more\">\r\n                    <a href=\"https:\/\/ecodef-ihedn.fr\/en\/new-defence-et-politique-industrielle-de-defense-en-europe-publication-dun-article-de-la-chiare-dans-defense-industries-revue-de-la-frs\/\">Lire la suite<\/a>\r\n                <\/div>\r\n            <\/div>\r\n\r\n        <\/div>\r\n\r\n        \n\t<\/div> <!-- .\/td-block-span12 -->\n\n\t<div class=\"td-block-span12\">\n\r\n        <div class=\"td_module_11 td_module_wrap td-animation-stack\">\r\n            <div class=\"td-module-thumb\"><a href=\"https:\/\/ecodef-ihedn.fr\/en\/bulletin-de-lecodef-4-le-rarmement-de-leurope-julien-malizard\/\"  rel=\"bookmark\" class=\"td-image-wrap \" title=\"Bulletin de l&rsquo;ECODEF #4 \u00ab\u00a0Le r\u00e9armement de l&rsquo;Europe\u00a0\u00bb (Julien MALIZARD)\" ><img loading=\"lazy\" decoding=\"async\" class=\"entry-thumb\" src=\"data:image\/png;base64,iVBORw0KGgoAAAANSUhEUgAAAUQAAADrAQMAAAArGX0KAAAAA1BMVEWurq51dlI4AAAAAXRSTlMmkutdmwAAACBJREFUaN7twTEBAAAAwiD7pzbEXmAAAAAAAAAAAACQHSaOAAGSp1GBAAAAAElFTkSuQmCC\" alt=\"\" title=\"Bulletin de l&rsquo;ECODEF #4 \u00ab\u00a0Le r\u00e9armement de l&rsquo;Europe\u00a0\u00bb (Julien MALIZARD)\" data-type=\"image_tag\" data-img-url=\"https:\/\/ecodef-ihedn.fr\/wp-content\/uploads\/2026\/02\/Bulletin-de-lECODEF-N4-7-5-324x235.png\" data-img-retina-url=\"https:\/\/ecodef-ihedn.fr\/wp-content\/uploads\/2026\/02\/Bulletin-de-lECODEF-N4-7-5-648x470.png\" width=\"324\" height=\"235\" \/><\/a><\/div>\r\n            <div class=\"item-details\">\r\n                <h3 class=\"entry-title td-module-title\"><a href=\"https:\/\/ecodef-ihedn.fr\/en\/bulletin-de-lecodef-4-le-rarmement-de-leurope-julien-malizard\/\"  rel=\"bookmark\" title=\"Bulletin de l&rsquo;ECODEF #4 \u00ab\u00a0Le r\u00e9armement de l&rsquo;Europe\u00a0\u00bb (Julien MALIZARD)\">Bulletin de l&rsquo;ECODEF #4 \u00ab\u00a0Le r\u00e9armement de l&rsquo;Europe\u00a0\u00bb (Julien MALIZARD)<\/a><\/h3>\r\n                <div class=\"td-module-meta-info\">\r\n                                        <span class=\"td-post-author-name\"><a href=\"https:\/\/ecodef-ihedn.fr\/en\/author\/bertrand\/\">Bertrand Demandre<\/a> <span>-<\/span> <\/span>                    <span class=\"td-post-date\"><time class=\"entry-date updated td-module-date\" datetime=\"2026-02-13T10:31:44+00:00\" >13 February 2026<\/time><\/span>                    <span class=\"td-module-comments\"><a href=\"https:\/\/ecodef-ihedn.fr\/en\/bulletin-de-lecodef-4-le-rarmement-de-leurope-julien-malizard\/#respond\">0<\/a><\/span>                <\/div>\r\n\r\n                <div class=\"td-excerpt\">\r\n                    \r\n\r\nBulletin de l&#039;ECODEF #4\r\nLe r\u00e9armement de l&#039;Europe\r\n\r\n\r\nLa Chaire \u00c9conomie de d\u00e9fense \u2013 IHEDN a le plaisir de vous pr\u00e9senter le quatri\u00e8me num\u00e9ro de son Bulletin de l\u2019ECODEF\r\nCe format bimestriel a vocation \u00e0 pr\u00e9senter de mani\u00e8re synth\u00e9tique les travaux men\u00e9s par la Chaire, d\u2019informer sur les th\u00e9matiques abord\u00e9es et d\u2019alimenter...                <\/div>\r\n\r\n                <div class=\"td-read-more\">\r\n                    <a href=\"https:\/\/ecodef-ihedn.fr\/en\/bulletin-de-lecodef-4-le-rarmement-de-leurope-julien-malizard\/\">Lire la suite<\/a>\r\n                <\/div>\r\n            <\/div>\r\n\r\n        <\/div>\r\n\r\n        \n\t<\/div> <!-- .\/td-block-span12 -->\n\n\t<div class=\"td-block-span12\">\n\r\n        <div class=\"td_module_11 td_module_wrap td-animation-stack\">\r\n            <div class=\"td-module-thumb\"><a href=\"https:\/\/ecodef-ihedn.fr\/en\/les-determinants-des-exportations-darmement-de-la-france-publication-dun-article-dans-la-revue-deconomie-politique\/\"  rel=\"bookmark\" class=\"td-image-wrap \" title=\"Les d\u00e9terminants des exportations d\u2019armement de la France : publication d\u2019un article dans la Revue d&rsquo;\u00e9conomie politique\" ><img loading=\"lazy\" decoding=\"async\" class=\"entry-thumb\" src=\"data:image\/png;base64,iVBORw0KGgoAAAANSUhEUgAAAUQAAADrAQMAAAArGX0KAAAAA1BMVEWurq51dlI4AAAAAXRSTlMmkutdmwAAACBJREFUaN7twTEBAAAAwiD7pzbEXmAAAAAAAAAAAACQHSaOAAGSp1GBAAAAAElFTkSuQmCC\" alt=\"\" title=\"Les d\u00e9terminants des exportations d\u2019armement de la France : publication d\u2019un article dans la Revue d&rsquo;\u00e9conomie politique\" data-type=\"image_tag\" data-img-url=\"https:\/\/ecodef-ihedn.fr\/wp-content\/uploads\/2025\/12\/Revue-deconomie-politique-4-3-324x235.png\" data-img-retina-url=\"https:\/\/ecodef-ihedn.fr\/wp-content\/uploads\/2025\/12\/Revue-deconomie-politique-4-3.png\" width=\"324\" height=\"235\" \/><\/a><\/div>\r\n            <div class=\"item-details\">\r\n                <h3 class=\"entry-title td-module-title\"><a href=\"https:\/\/ecodef-ihedn.fr\/en\/les-determinants-des-exportations-darmement-de-la-france-publication-dun-article-dans-la-revue-deconomie-politique\/\"  rel=\"bookmark\" title=\"Les d\u00e9terminants des exportations d\u2019armement de la France : publication d\u2019un article dans la Revue d&rsquo;\u00e9conomie politique\">Les d\u00e9terminants des exportations d\u2019armement de la France : publication d\u2019un article dans la...<\/a><\/h3>\r\n                <div class=\"td-module-meta-info\">\r\n                                        <span class=\"td-post-author-name\"><a href=\"https:\/\/ecodef-ihedn.fr\/en\/author\/bertrand\/\">Bertrand Demandre<\/a> <span>-<\/span> <\/span>                    <span class=\"td-post-date\"><time class=\"entry-date updated td-module-date\" datetime=\"2025-12-02T07:51:45+00:00\" >2 December 2025<\/time><\/span>                    <span class=\"td-module-comments\"><a href=\"https:\/\/ecodef-ihedn.fr\/en\/les-determinants-des-exportations-darmement-de-la-france-publication-dun-article-dans-la-revue-deconomie-politique\/#respond\">0<\/a><\/span>                <\/div>\r\n\r\n                <div class=\"td-excerpt\">\r\n                    \r\nJosselin Droff, Jade Guiberteau Ricard et Julien Malizard publient l&#039;article &quot;Les d\u00e9terminants des exportations d\u2019armement de la France 1991-2019&quot;, dans la Revue d&#039;\u00e9conomie politique (2025\/5 Vol. 135)\r\nLes exportations d\u2019armement sont un instrument majeur des politiques \u00e9trang\u00e8re et de d\u00e9fense fran\u00e7aises. De plus, elles se sont progressivement impos\u00e9es comme un...                <\/div>\r\n\r\n                <div class=\"td-read-more\">\r\n                    <a href=\"https:\/\/ecodef-ihedn.fr\/en\/les-determinants-des-exportations-darmement-de-la-france-publication-dun-article-dans-la-revue-deconomie-politique\/\">Lire la suite<\/a>\r\n                <\/div>\r\n            <\/div>\r\n\r\n        <\/div>\r\n\r\n        \n\t<\/div> <!-- .\/td-block-span12 -->\n\n\t<div class=\"td-block-span12\">\n\r\n        <div class=\"td_module_11 td_module_wrap td-animation-stack\">\r\n            <div class=\"td-module-thumb\"><a href=\"https:\/\/ecodef-ihedn.fr\/en\/bulletin-de-lecodef-3-budgets-de-defense-en-france-trajectoires-passees-et-a-venir-julien-malizard\/\"  rel=\"bookmark\" class=\"td-image-wrap \" title=\"Bulletin de l&rsquo;ECODEF #3 \u00ab\u00a0Budgets de d\u00e9fense en France : trajectoires pass\u00e9es et \u00e0 venir\u00a0\u00bb (Julien MALIZARD)\" ><img loading=\"lazy\" decoding=\"async\" class=\"entry-thumb\" src=\"data:image\/png;base64,iVBORw0KGgoAAAANSUhEUgAAAUQAAADrAQMAAAArGX0KAAAAA1BMVEWurq51dlI4AAAAAXRSTlMmkutdmwAAACBJREFUaN7twTEBAAAAwiD7pzbEXmAAAAAAAAAAAACQHSaOAAGSp1GBAAAAAElFTkSuQmCC\" alt=\"\" title=\"Bulletin de l&rsquo;ECODEF #3 \u00ab\u00a0Budgets de d\u00e9fense en France : trajectoires pass\u00e9es et \u00e0 venir\u00a0\u00bb (Julien MALIZARD)\" data-type=\"image_tag\" data-img-url=\"https:\/\/ecodef-ihedn.fr\/wp-content\/uploads\/2025\/11\/Bulletin-de-lECODEF-N3-7-5-324x235.png\" data-img-retina-url=\"https:\/\/ecodef-ihedn.fr\/wp-content\/uploads\/2025\/11\/Bulletin-de-lECODEF-N3-7-5-648x470.png\" width=\"324\" height=\"235\" \/><\/a><\/div>\r\n            <div class=\"item-details\">\r\n                <h3 class=\"entry-title td-module-title\"><a href=\"https:\/\/ecodef-ihedn.fr\/en\/bulletin-de-lecodef-3-budgets-de-defense-en-france-trajectoires-passees-et-a-venir-julien-malizard\/\"  rel=\"bookmark\" title=\"Bulletin de l&rsquo;ECODEF #3 \u00ab\u00a0Budgets de d\u00e9fense en France : trajectoires pass\u00e9es et \u00e0 venir\u00a0\u00bb (Julien MALIZARD)\">Bulletin de l&rsquo;ECODEF #3 \u00ab\u00a0Budgets de d\u00e9fense en France : trajectoires pass\u00e9es et \u00e0...<\/a><\/h3>\r\n                <div class=\"td-module-meta-info\">\r\n                                        <span class=\"td-post-author-name\"><a href=\"https:\/\/ecodef-ihedn.fr\/en\/author\/bertrand\/\">Bertrand Demandre<\/a> <span>-<\/span> <\/span>                    <span class=\"td-post-date\"><time class=\"entry-date updated td-module-date\" datetime=\"2025-11-20T12:21:38+00:00\" >20 November 2025<\/time><\/span>                    <span class=\"td-module-comments\"><a href=\"https:\/\/ecodef-ihedn.fr\/en\/bulletin-de-lecodef-3-budgets-de-defense-en-france-trajectoires-passees-et-a-venir-julien-malizard\/#respond\">0<\/a><\/span>                <\/div>\r\n\r\n                <div class=\"td-excerpt\">\r\n                    \r\n\r\nBulletin de l&#039;ECODEF #3\r\nBudgets de d\u00e9fense en France : trajectoires pass\u00e9es et \u00e0 venir\r\n\r\n\r\nLa Chaire \u00c9conomie de d\u00e9fense \u2013 IHEDN a le plaisir de vous pr\u00e9senter le troisi\u00e8me num\u00e9ro de son Bulletin de l\u2019ECODEF\r\nCe nouveau format bimestriel a vocation \u00e0 pr\u00e9senter de mani\u00e8re synth\u00e9tique les travaux men\u00e9s par la...                <\/div>\r\n\r\n                <div class=\"td-read-more\">\r\n                    <a href=\"https:\/\/ecodef-ihedn.fr\/en\/bulletin-de-lecodef-3-budgets-de-defense-en-france-trajectoires-passees-et-a-venir-julien-malizard\/\">Lire la suite<\/a>\r\n                <\/div>\r\n            <\/div>\r\n\r\n        <\/div>\r\n\r\n        \n\t<\/div> <!-- .\/td-block-span12 -->\n\n\t<div class=\"td-block-span12\">\n\r\n        <div class=\"td_module_11 td_module_wrap td-animation-stack\">\r\n            <div class=\"td-module-thumb\"><a href=\"https:\/\/ecodef-ihedn.fr\/en\/bulletin-de-lecodef-2-mesurer-lautonomie-strategique-par-linnovation-eva-szego\/\"  rel=\"bookmark\" class=\"td-image-wrap \" title=\"Bulletin de l&rsquo;ECODEF #2 \u00ab\u00a0Mesurer l&rsquo;autonomie strat\u00e9gique par l&rsquo;innovation\u00a0\u00bb (Eva SZEGO)\" ><img loading=\"lazy\" decoding=\"async\" class=\"entry-thumb\" src=\"data:image\/png;base64,iVBORw0KGgoAAAANSUhEUgAAAUQAAADrAQMAAAArGX0KAAAAA1BMVEWurq51dlI4AAAAAXRSTlMmkutdmwAAACBJREFUaN7twTEBAAAAwiD7pzbEXmAAAAAAAAAAAACQHSaOAAGSp1GBAAAAAElFTkSuQmCC\" alt=\"\" title=\"Bulletin de l&rsquo;ECODEF #2 \u00ab\u00a0Mesurer l&rsquo;autonomie strat\u00e9gique par l&rsquo;innovation\u00a0\u00bb (Eva SZEGO)\" data-type=\"image_tag\" data-img-url=\"https:\/\/ecodef-ihedn.fr\/wp-content\/uploads\/2025\/09\/Bulletin-de-lECODEF-N2-7-5-324x235.png\" data-img-retina-url=\"https:\/\/ecodef-ihedn.fr\/wp-content\/uploads\/2025\/09\/Bulletin-de-lECODEF-N2-7-5-648x470.png\" width=\"324\" height=\"235\" \/><\/a><\/div>\r\n            <div class=\"item-details\">\r\n                <h3 class=\"entry-title td-module-title\"><a href=\"https:\/\/ecodef-ihedn.fr\/en\/bulletin-de-lecodef-2-mesurer-lautonomie-strategique-par-linnovation-eva-szego\/\"  rel=\"bookmark\" title=\"Bulletin de l&rsquo;ECODEF #2 \u00ab\u00a0Mesurer l&rsquo;autonomie strat\u00e9gique par l&rsquo;innovation\u00a0\u00bb (Eva SZEGO)\">Bulletin de l&rsquo;ECODEF #2 \u00ab\u00a0Mesurer l&rsquo;autonomie strat\u00e9gique par l&rsquo;innovation\u00a0\u00bb (Eva SZEGO)<\/a><\/h3>\r\n                <div class=\"td-module-meta-info\">\r\n                                        <span class=\"td-post-author-name\"><a href=\"https:\/\/ecodef-ihedn.fr\/en\/author\/bertrand\/\">Bertrand Demandre<\/a> <span>-<\/span> <\/span>                    <span class=\"td-post-date\"><time class=\"entry-date updated td-module-date\" datetime=\"2025-09-17T14:17:16+00:00\" >17 September 2025<\/time><\/span>                    <span class=\"td-module-comments\"><a href=\"https:\/\/ecodef-ihedn.fr\/en\/bulletin-de-lecodef-2-mesurer-lautonomie-strategique-par-linnovation-eva-szego\/#respond\">0<\/a><\/span>                <\/div>\r\n\r\n                <div class=\"td-excerpt\">\r\n                    \r\n\r\nBulletin de l&#039;ECODEF #2\r\nMesurer l&#039;autonomie strat\u00e9gique par l&#039;innovation\r\n\r\n\r\nLa Chaire \u00c9conomie de d\u00e9fense \u2013 IHEDN a le plaisir de vous pr\u00e9senter le deuxi\u00e8me num\u00e9ro de son Bulletin de l\u2019ECODEF\r\nCe nouveau format bimestriel a vocation \u00e0 pr\u00e9senter de mani\u00e8re synth\u00e9tique les travaux men\u00e9s par la Chaire, d\u2019informer sur les th\u00e9matiques abord\u00e9es...                <\/div>\r\n\r\n                <div class=\"td-read-more\">\r\n                    <a href=\"https:\/\/ecodef-ihedn.fr\/en\/bulletin-de-lecodef-2-mesurer-lautonomie-strategique-par-linnovation-eva-szego\/\">Lire la suite<\/a>\r\n                <\/div>\r\n            <\/div>\r\n\r\n        <\/div>\r\n\r\n        \n\t<\/div> <!-- .\/td-block-span12 -->\n\n\t<div class=\"td-block-span12\">\n\r\n        <div class=\"td_module_11 td_module_wrap td-animation-stack\">\r\n            <div class=\"td-module-thumb\"><a href=\"https:\/\/ecodef-ihedn.fr\/en\/financer-la-defense-article-julien-malizard-frs\/\"  rel=\"bookmark\" class=\"td-image-wrap \" title=\"Financer la d\u00e9fense : publication d\u2019un article de Julien Malizard dans D\u00e9fense &#038; Industries, revue de la FRS\" ><img loading=\"lazy\" decoding=\"async\" class=\"entry-thumb\" src=\"data:image\/png;base64,iVBORw0KGgoAAAANSUhEUgAAAUQAAADrAQMAAAArGX0KAAAAA1BMVEWurq51dlI4AAAAAXRSTlMmkutdmwAAACBJREFUaN7twTEBAAAAwiD7pzbEXmAAAAAAAAAAAACQHSaOAAGSp1GBAAAAAElFTkSuQmCC\" alt=\"\" title=\"Financer la d\u00e9fense : publication d\u2019un article de Julien Malizard dans D\u00e9fense &#038; Industries, revue de la FRS\" data-type=\"image_tag\" data-img-url=\"https:\/\/ecodef-ihedn.fr\/wp-content\/uploads\/2024\/07\/DEFENSEIndustries-324x235.jpg\" data-img-retina-url=\"https:\/\/ecodef-ihedn.fr\/wp-content\/uploads\/2024\/07\/DEFENSEIndustries.jpg\" width=\"324\" height=\"235\" \/><\/a><\/div>\r\n            <div class=\"item-details\">\r\n                <h3 class=\"entry-title td-module-title\"><a href=\"https:\/\/ecodef-ihedn.fr\/en\/financer-la-defense-article-julien-malizard-frs\/\"  rel=\"bookmark\" title=\"Financer la d\u00e9fense : publication d\u2019un article de Julien Malizard dans D\u00e9fense &#038; Industries, revue de la FRS\">Financer la d\u00e9fense : publication d\u2019un article de Julien Malizard dans D\u00e9fense &#038; Industries,...<\/a><\/h3>\r\n                <div class=\"td-module-meta-info\">\r\n                                        <span class=\"td-post-author-name\"><a href=\"https:\/\/ecodef-ihedn.fr\/en\/author\/bertrand\/\">Bertrand Demandre<\/a> <span>-<\/span> <\/span>                    <span class=\"td-post-date\"><time class=\"entry-date updated td-module-date\" datetime=\"2025-07-17T13:27:16+00:00\" >17 July 2025<\/time><\/span>                    <span class=\"td-module-comments\"><a href=\"https:\/\/ecodef-ihedn.fr\/en\/financer-la-defense-article-julien-malizard-frs\/#respond\">0<\/a><\/span>                <\/div>\r\n\r\n                <div class=\"td-excerpt\">\r\n                    \r\nJulien Malizard publie l&#039;article &quot;Financer la d\u00e9fense : d\u00e9passer les contraintes budg\u00e9taires par de nouveaux m\u00e9canismes ?&quot;, dans le num\u00e9ro 21 de D\u00e9fense &amp; Industries, revue de la Fondation pour la recherche strat\u00e9gique (FRS)\r\nLe 20 mars 2025, des responsables du secteur financier et de l\u2019industrie de d\u00e9fense se sont...                <\/div>\r\n\r\n                <div class=\"td-read-more\">\r\n                    <a href=\"https:\/\/ecodef-ihedn.fr\/en\/financer-la-defense-article-julien-malizard-frs\/\">Lire la suite<\/a>\r\n                <\/div>\r\n            <\/div>\r\n\r\n        <\/div>\r\n\r\n        \n\t<\/div> <!-- .\/td-block-span12 -->\n\n\t<div class=\"td-block-span12\">\n\r\n        <div class=\"td_module_11 td_module_wrap td-animation-stack\">\r\n            <div class=\"td-module-thumb\"><a href=\"https:\/\/ecodef-ihedn.fr\/en\/nouveau-bulletin-de-lecodef-1-lpm-2024-2030-quel-impact-economique-et-social\/\"  rel=\"bookmark\" class=\"td-image-wrap \" title=\"[NOUVEAU] Bulletin de l&rsquo;ECODEF #1 \u00ab\u00a0LPM 2024-2030 : quel impact \u00e9conomique et social ?\u00a0\u00bb\" ><img loading=\"lazy\" decoding=\"async\" class=\"entry-thumb\" src=\"data:image\/png;base64,iVBORw0KGgoAAAANSUhEUgAAAUQAAADrAQMAAAArGX0KAAAAA1BMVEWurq51dlI4AAAAAXRSTlMmkutdmwAAACBJREFUaN7twTEBAAAAwiD7pzbEXmAAAAAAAAAAAACQHSaOAAGSp1GBAAAAAElFTkSuQmCC\" alt=\"\" title=\"[NOUVEAU] Bulletin de l&rsquo;ECODEF #1 \u00ab\u00a0LPM 2024-2030 : quel impact \u00e9conomique et social ?\u00a0\u00bb\" data-type=\"image_tag\" data-img-url=\"https:\/\/ecodef-ihedn.fr\/wp-content\/uploads\/2025\/06\/Bulletin-de-lECODEF-N1-7-5-324x235.png\" data-img-retina-url=\"https:\/\/ecodef-ihedn.fr\/wp-content\/uploads\/2025\/06\/Bulletin-de-lECODEF-N1-7-5-648x470.png\" width=\"324\" height=\"235\" \/><\/a><\/div>\r\n            <div class=\"item-details\">\r\n                <h3 class=\"entry-title td-module-title\"><a href=\"https:\/\/ecodef-ihedn.fr\/en\/nouveau-bulletin-de-lecodef-1-lpm-2024-2030-quel-impact-economique-et-social\/\"  rel=\"bookmark\" title=\"[NOUVEAU] Bulletin de l&rsquo;ECODEF #1 \u00ab\u00a0LPM 2024-2030 : quel impact \u00e9conomique et social ?\u00a0\u00bb\">[NOUVEAU] Bulletin de l&rsquo;ECODEF #1 \u00ab\u00a0LPM 2024-2030 : quel impact \u00e9conomique et social ?\u00a0\u00bb<\/a><\/h3>\r\n                <div class=\"td-module-meta-info\">\r\n                                        <span class=\"td-post-author-name\"><a href=\"https:\/\/ecodef-ihedn.fr\/en\/author\/bertrand\/\">Bertrand Demandre<\/a> <span>-<\/span> <\/span>                    <span class=\"td-post-date\"><time class=\"entry-date updated td-module-date\" datetime=\"2025-06-17T13:02:10+00:00\" >17 June 2025<\/time><\/span>                    <span class=\"td-module-comments\"><a href=\"https:\/\/ecodef-ihedn.fr\/en\/nouveau-bulletin-de-lecodef-1-lpm-2024-2030-quel-impact-economique-et-social\/#respond\">0<\/a><\/span>                <\/div>\r\n\r\n                <div class=\"td-excerpt\">\r\n                    \r\n\u00a0\r\n\r\nBulletin de l&#039;ECODEF #1\r\nLPM 2024-2030 : quel impact \u00e9conomique et social ?\r\n\r\n\r\nLa Chaire \u00c9conomie de d\u00e9fense \u2013 IHEDN a le plaisir de vous pr\u00e9senter le premier num\u00e9ro de son Bulletin de l\u2019ECODEF\r\nCe nouveau format bimestriel a vocation \u00e0 pr\u00e9senter de mani\u00e8re synth\u00e9tique les travaux men\u00e9s par la Chaire, d\u2019informer...                <\/div>\r\n\r\n                <div class=\"td-read-more\">\r\n                    <a href=\"https:\/\/ecodef-ihedn.fr\/en\/nouveau-bulletin-de-lecodef-1-lpm-2024-2030-quel-impact-economique-et-social\/\">Lire la suite<\/a>\r\n                <\/div>\r\n            <\/div>\r\n\r\n        <\/div>\r\n\r\n        \n\t<\/div> <!-- .\/td-block-span12 -->\n\n\t<div class=\"td-block-span12\">\n\r\n        <div class=\"td_module_11 td_module_wrap td-animation-stack\">\r\n            <div class=\"td-module-thumb\"><a href=\"https:\/\/ecodef-ihedn.fr\/en\/the-influence-of-strategic-procurement-on-the-performance-of-the-european-naval-defense-industry-josselin-droff-jade-guiberteau-ricard-et-julien-malizard-dans-dpe\/\"  rel=\"bookmark\" class=\"td-image-wrap \" title=\"\u00ab\u00a0The Influence of Strategic Procurement on the Performance of the European Naval Defense Industry\u00a0\u00bb Josselin Droff, Jade Guiberteau-Ricard et Julien Malizard dans DPE\" ><img loading=\"lazy\" decoding=\"async\" class=\"entry-thumb\" src=\"data:image\/png;base64,iVBORw0KGgoAAAANSUhEUgAAAUQAAADrAQMAAAArGX0KAAAAA1BMVEWurq51dlI4AAAAAXRSTlMmkutdmwAAACBJREFUaN7twTEBAAAAwiD7pzbEXmAAAAAAAAAAAACQHSaOAAGSp1GBAAAAAElFTkSuQmCC\" alt=\"\" title=\"\u00ab\u00a0The Influence of Strategic Procurement on the Performance of the European Naval Defense Industry\u00a0\u00bb Josselin Droff, Jade Guiberteau-Ricard et Julien Malizard dans DPE\" data-type=\"image_tag\" data-img-url=\"https:\/\/ecodef-ihedn.fr\/wp-content\/uploads\/2024\/05\/DPE-2024-04-7-5-324x235.png\" data-img-retina-url=\"https:\/\/ecodef-ihedn.fr\/wp-content\/uploads\/2024\/05\/DPE-2024-04-7-5-648x470.png\" width=\"324\" height=\"235\" \/><\/a><\/div>\r\n            <div class=\"item-details\">\r\n                <h3 class=\"entry-title td-module-title\"><a href=\"https:\/\/ecodef-ihedn.fr\/en\/the-influence-of-strategic-procurement-on-the-performance-of-the-european-naval-defense-industry-josselin-droff-jade-guiberteau-ricard-et-julien-malizard-dans-dpe\/\"  rel=\"bookmark\" title=\"\u00ab\u00a0The Influence of Strategic Procurement on the Performance of the European Naval Defense Industry\u00a0\u00bb Josselin Droff, Jade Guiberteau-Ricard et Julien Malizard dans DPE\">\u00ab\u00a0The Influence of Strategic Procurement on the Performance of the European Naval Defense Industry\u00a0\u00bb...<\/a><\/h3>\r\n                <div class=\"td-module-meta-info\">\r\n                                        <span class=\"td-post-author-name\"><a href=\"https:\/\/ecodef-ihedn.fr\/en\/author\/bertrand\/\">Bertrand Demandre<\/a> <span>-<\/span> <\/span>                    <span class=\"td-post-date\"><time class=\"entry-date updated td-module-date\" datetime=\"2024-09-06T18:48:39+00:00\" >6 September 2024<\/time><\/span>                    <span class=\"td-module-comments\"><a href=\"https:\/\/ecodef-ihedn.fr\/en\/the-influence-of-strategic-procurement-on-the-performance-of-the-european-naval-defense-industry-josselin-droff-jade-guiberteau-ricard-et-julien-malizard-dans-dpe\/#respond\">0<\/a><\/span>                <\/div>\r\n\r\n                <div class=\"td-excerpt\">\r\n                    Josselin Droff, Jade Guiberteau-Ricard et Julien Malizard publient un article dans la revue Defence and Peace Economics \r\n\r\n\r\nJosselin Droff, Jade Guiberteau-Ricard et Julien Malizard publient l&#039;article \u00abThe Influence of Strategic Procurement on the Performance of the European Naval Defense Industry\u00bb dans la revue Defence and Peace Economics.\r\n\r\nEn s&#039;appuyant sur...                <\/div>\r\n\r\n                <div class=\"td-read-more\">\r\n                    <a href=\"https:\/\/ecodef-ihedn.fr\/en\/the-influence-of-strategic-procurement-on-the-performance-of-the-european-naval-defense-industry-josselin-droff-jade-guiberteau-ricard-et-julien-malizard-dans-dpe\/\">Lire la suite<\/a>\r\n                <\/div>\r\n            <\/div>\r\n\r\n        <\/div>\r\n\r\n        \n\t<\/div> <!-- .\/td-block-span12 -->\n\n\t<div class=\"td-block-span12\">\n\r\n        <div class=\"td_module_11 td_module_wrap td-animation-stack\">\r\n            <div class=\"td-module-thumb\"><a href=\"https:\/\/ecodef-ihedn.fr\/en\/evolution-des-conflits-et-reconfigurations-de-lindustrie-de-larmement-publication-dun-article-de-josselin-droff-et-julien-malizard-dans-defenseindustrie-revue-de-la-frs\/\"  rel=\"bookmark\" class=\"td-image-wrap \" title=\"\u00c9volution des conflits et reconfigurations de l\u2019industrie de l\u2019armement : publication d\u2019un article de Josselin Droff et Julien Malizard dans D\u00e9fense &#038; Industries, revue de la FRS\" ><img loading=\"lazy\" decoding=\"async\" class=\"entry-thumb\" src=\"data:image\/png;base64,iVBORw0KGgoAAAANSUhEUgAAAUQAAADrAQMAAAArGX0KAAAAA1BMVEWurq51dlI4AAAAAXRSTlMmkutdmwAAACBJREFUaN7twTEBAAAAwiD7pzbEXmAAAAAAAAAAAACQHSaOAAGSp1GBAAAAAElFTkSuQmCC\" alt=\"\" title=\"\u00c9volution des conflits et reconfigurations de l\u2019industrie de l\u2019armement : publication d\u2019un article de Josselin Droff et Julien Malizard dans D\u00e9fense &#038; Industries, revue de la FRS\" data-type=\"image_tag\" data-img-url=\"https:\/\/ecodef-ihedn.fr\/wp-content\/uploads\/2024\/07\/DEFENSEIndustries-324x235.jpg\" data-img-retina-url=\"https:\/\/ecodef-ihedn.fr\/wp-content\/uploads\/2024\/07\/DEFENSEIndustries.jpg\" width=\"324\" height=\"235\" \/><\/a><\/div>\r\n            <div class=\"item-details\">\r\n                <h3 class=\"entry-title td-module-title\"><a href=\"https:\/\/ecodef-ihedn.fr\/en\/evolution-des-conflits-et-reconfigurations-de-lindustrie-de-larmement-publication-dun-article-de-josselin-droff-et-julien-malizard-dans-defenseindustrie-revue-de-la-frs\/\"  rel=\"bookmark\" title=\"\u00c9volution des conflits et reconfigurations de l\u2019industrie de l\u2019armement : publication d\u2019un article de Josselin Droff et Julien Malizard dans D\u00e9fense &#038; Industries, revue de la FRS\">\u00c9volution des conflits et reconfigurations de l\u2019industrie de l\u2019armement : publication d\u2019un article de...<\/a><\/h3>\r\n                <div class=\"td-module-meta-info\">\r\n                                        <span class=\"td-post-author-name\"><a href=\"https:\/\/ecodef-ihedn.fr\/en\/author\/bertrand\/\">Bertrand Demandre<\/a> <span>-<\/span> <\/span>                    <span class=\"td-post-date\"><time class=\"entry-date updated td-module-date\" datetime=\"2024-06-18T11:02:05+00:00\" >18 June 2024<\/time><\/span>                    <span class=\"td-module-comments\"><a href=\"https:\/\/ecodef-ihedn.fr\/en\/evolution-des-conflits-et-reconfigurations-de-lindustrie-de-larmement-publication-dun-article-de-josselin-droff-et-julien-malizard-dans-defenseindustrie-revue-de-la-frs\/#respond\">0<\/a><\/span>                <\/div>\r\n\r\n                <div class=\"td-excerpt\">\r\n                    \r\nJosselin Droff et Julien Malizard ont publi\u00e9 l&#039;article \u00ab \u00c9volution des conflits et reconfigurations de l\u2019industrie de l\u2019armement : l\u2019hypoth\u00e8se des deux march\u00e9s \u00bb, dans le num\u00e9ro 18 de D\u00e9fense &amp; Industries, revue de la Fondation pour la recherche strat\u00e9gique (FRS)\r\nDepuis plus de deux ans et la guerre lanc\u00e9e...                <\/div>\r\n\r\n                <div class=\"td-read-more\">\r\n                    <a href=\"https:\/\/ecodef-ihedn.fr\/en\/evolution-des-conflits-et-reconfigurations-de-lindustrie-de-larmement-publication-dun-article-de-josselin-droff-et-julien-malizard-dans-defenseindustrie-revue-de-la-frs\/\">Lire la suite<\/a>\r\n                <\/div>\r\n            <\/div>\r\n\r\n        <\/div>\r\n\r\n        \n\t<\/div> <!-- .\/td-block-span12 --><\/div><div class=\"td_ajax_infinite\" id=\"next-page-tdi_8\" data-td_block_id=\"tdi_8\"> <\/div><div class=\"td-load-more-wrap td-load-more-infinite-wrap\" id=\"infinite-lm-tdi_8\"><a href=\"#\" class=\"td_ajax_load_more td_ajax_load_more_js\" aria-label=\"Voir plus\" id=\"next-page-tdi_8\" data-td_block_id=\"tdi_8\">Voir plus<i class=\"td-icon-font td-icon-menu-down\"><\/i><\/a><\/div><\/div> <!-- .\/block --><\/div><\/div><\/div><\/div><\/div><\/div>","protected":false},"excerpt":{"rendered":"","protected":false},"author":1,"featured_media":564,"parent":0,"menu_order":0,"comment_status":"closed","ping_status":"closed","template":"","meta":{"footnotes":""},"class_list":["post-437","page","type-page","status-publish","has-post-thumbnail"],"yoast_head":"<!-- This site is optimized with the Yoast SEO plugin v27.4 - https:\/\/yoast.com\/product\/yoast-seo-wordpress\/ -->\n<title>Toutes les publications - Chaire \u00c9conomie de d\u00e9fense - IHEDN<\/title>\n<meta name=\"robots\" content=\"index, follow, max-snippet:-1, max-image-preview:large, max-video-preview:-1\" \/>\n<link rel=\"canonical\" href=\"https:\/\/ecodef-ihedn.fr\/en\/toutes-les-publications\/\" \/>\n<meta property=\"og:locale\" content=\"en_GB\" \/>\n<meta property=\"og:type\" content=\"article\" \/>\n<meta property=\"og:title\" content=\"Toutes les publications - Chaire \u00c9conomie de d\u00e9fense - IHEDN\" \/>\n<meta property=\"og:url\" content=\"https:\/\/ecodef-ihedn.fr\/en\/toutes-les-publications\/\" \/>\n<meta property=\"og:site_name\" content=\"Chaire \u00c9conomie de d\u00e9fense - IHEDN\" \/>\n<meta property=\"article:modified_time\" content=\"2021-05-26T08:02:19+00:00\" \/>\n<meta property=\"og:image\" content=\"https:\/\/ecodef-ihedn.fr\/wp-content\/uploads\/2020\/02\/ecole-militaire-paris-1.jpg\" \/>\n\t<meta property=\"og:image:width\" content=\"755\" \/>\n\t<meta property=\"og:image:height\" content=\"414\" \/>\n\t<meta property=\"og:image:type\" content=\"image\/jpeg\" \/>\n<meta name=\"twitter:card\" content=\"summary_large_image\" \/>\n<meta name=\"twitter:site\" content=\"@Chaire_Ecodef\" \/>\n<script type=\"application\/ld+json\" class=\"yoast-schema-graph\">{\"@context\":\"https:\\\/\\\/schema.org\",\"@graph\":[{\"@type\":\"WebPage\",\"@id\":\"https:\\\/\\\/ecodef-ihedn.fr\\\/toutes-les-publications\\\/\",\"url\":\"https:\\\/\\\/ecodef-ihedn.fr\\\/toutes-les-publications\\\/\",\"name\":\"Toutes les publications - Chaire \u00c9conomie de d\u00e9fense - IHEDN\",\"isPartOf\":{\"@id\":\"https:\\\/\\\/ecodef-ihedn.fr\\\/#website\"},\"primaryImageOfPage\":{\"@id\":\"https:\\\/\\\/ecodef-ihedn.fr\\\/toutes-les-publications\\\/#primaryimage\"},\"image\":{\"@id\":\"https:\\\/\\\/ecodef-ihedn.fr\\\/toutes-les-publications\\\/#primaryimage\"},\"thumbnailUrl\":\"https:\\\/\\\/ecodef-ihedn.fr\\\/wp-content\\\/uploads\\\/2020\\\/02\\\/ecole-militaire-paris-1.jpg\",\"datePublished\":\"2020-02-20T14:52:04+00:00\",\"dateModified\":\"2021-05-26T08:02:19+00:00\",\"breadcrumb\":{\"@id\":\"https:\\\/\\\/ecodef-ihedn.fr\\\/toutes-les-publications\\\/#breadcrumb\"},\"inLanguage\":\"en-GB\",\"potentialAction\":[{\"@type\":\"ReadAction\",\"target\":[\"https:\\\/\\\/ecodef-ihedn.fr\\\/toutes-les-publications\\\/\"]}]},{\"@type\":\"ImageObject\",\"inLanguage\":\"en-GB\",\"@id\":\"https:\\\/\\\/ecodef-ihedn.fr\\\/toutes-les-publications\\\/#primaryimage\",\"url\":\"https:\\\/\\\/ecodef-ihedn.fr\\\/wp-content\\\/uploads\\\/2020\\\/02\\\/ecole-militaire-paris-1.jpg\",\"contentUrl\":\"https:\\\/\\\/ecodef-ihedn.fr\\\/wp-content\\\/uploads\\\/2020\\\/02\\\/ecole-militaire-paris-1.jpg\",\"width\":755,\"height\":414},{\"@type\":\"BreadcrumbList\",\"@id\":\"https:\\\/\\\/ecodef-ihedn.fr\\\/toutes-les-publications\\\/#breadcrumb\",\"itemListElement\":[{\"@type\":\"ListItem\",\"position\":1,\"name\":\"Accueil\",\"item\":\"https:\\\/\\\/ecodef-ihedn.fr\\\/\"},{\"@type\":\"ListItem\",\"position\":2,\"name\":\"Toutes les publications\"}]},{\"@type\":\"WebSite\",\"@id\":\"https:\\\/\\\/ecodef-ihedn.fr\\\/#website\",\"url\":\"https:\\\/\\\/ecodef-ihedn.fr\\\/\",\"name\":\"Chaire \u00c9conomie de D\u00e9fense - IHEDN\",\"description\":\"Produire &amp; soutenir, f\u00e9d\u00e9rer &amp; diffuser, \u00eatre une interface\",\"publisher\":{\"@id\":\"https:\\\/\\\/ecodef-ihedn.fr\\\/#organization\"},\"potentialAction\":[{\"@type\":\"SearchAction\",\"target\":{\"@type\":\"EntryPoint\",\"urlTemplate\":\"https:\\\/\\\/ecodef-ihedn.fr\\\/?s={search_term_string}\"},\"query-input\":{\"@type\":\"PropertyValueSpecification\",\"valueRequired\":true,\"valueName\":\"search_term_string\"}}],\"inLanguage\":\"en-GB\"},{\"@type\":\"Organization\",\"@id\":\"https:\\\/\\\/ecodef-ihedn.fr\\\/#organization\",\"name\":\"Chaire \u00c9conomie de d\u00e9fense - IHEDN\",\"url\":\"https:\\\/\\\/ecodef-ihedn.fr\\\/\",\"logo\":{\"@type\":\"ImageObject\",\"inLanguage\":\"en-GB\",\"@id\":\"https:\\\/\\\/ecodef-ihedn.fr\\\/#\\\/schema\\\/logo\\\/image\\\/\",\"url\":\"https:\\\/\\\/ecodef-ihedn.fr\\\/wp-content\\\/uploads\\\/2020\\\/04\\\/logoEcodef9.jpg\",\"contentUrl\":\"https:\\\/\\\/ecodef-ihedn.fr\\\/wp-content\\\/uploads\\\/2020\\\/04\\\/logoEcodef9.jpg\",\"width\":410,\"height\":212,\"caption\":\"Chaire \u00c9conomie de d\u00e9fense - IHEDN\"},\"image\":{\"@id\":\"https:\\\/\\\/ecodef-ihedn.fr\\\/#\\\/schema\\\/logo\\\/image\\\/\"},\"sameAs\":[\"https:\\\/\\\/x.com\\\/Chaire_Ecodef\",\"https:\\\/\\\/www.linkedin.com\\\/company\\\/chaire-ecodef-ihedn\\\/\"]}]}<\/script>\n<!-- \/ Yoast SEO plugin. -->","yoast_head_json":{"title":"Toutes les publications - Chaire \u00c9conomie de d\u00e9fense - IHEDN","robots":{"index":"index","follow":"follow","max-snippet":"max-snippet:-1","max-image-preview":"max-image-preview:large","max-video-preview":"max-video-preview:-1"},"canonical":"https:\/\/ecodef-ihedn.fr\/en\/toutes-les-publications\/","og_locale":"en_GB","og_type":"article","og_title":"Toutes les publications - Chaire \u00c9conomie de d\u00e9fense - IHEDN","og_url":"https:\/\/ecodef-ihedn.fr\/en\/toutes-les-publications\/","og_site_name":"Chaire \u00c9conomie de d\u00e9fense - IHEDN","article_modified_time":"2021-05-26T08:02:19+00:00","og_image":[{"width":755,"height":414,"url":"https:\/\/ecodef-ihedn.fr\/wp-content\/uploads\/2020\/02\/ecole-militaire-paris-1.jpg","type":"image\/jpeg"}],"twitter_card":"summary_large_image","twitter_site":"@Chaire_Ecodef","schema":{"@context":"https:\/\/schema.org","@graph":[{"@type":"WebPage","@id":"https:\/\/ecodef-ihedn.fr\/toutes-les-publications\/","url":"https:\/\/ecodef-ihedn.fr\/toutes-les-publications\/","name":"Toutes les publications - Chaire \u00c9conomie de d\u00e9fense - IHEDN","isPartOf":{"@id":"https:\/\/ecodef-ihedn.fr\/#website"},"primaryImageOfPage":{"@id":"https:\/\/ecodef-ihedn.fr\/toutes-les-publications\/#primaryimage"},"image":{"@id":"https:\/\/ecodef-ihedn.fr\/toutes-les-publications\/#primaryimage"},"thumbnailUrl":"https:\/\/ecodef-ihedn.fr\/wp-content\/uploads\/2020\/02\/ecole-militaire-paris-1.jpg","datePublished":"2020-02-20T14:52:04+00:00","dateModified":"2021-05-26T08:02:19+00:00","breadcrumb":{"@id":"https:\/\/ecodef-ihedn.fr\/toutes-les-publications\/#breadcrumb"},"inLanguage":"en-GB","potentialAction":[{"@type":"ReadAction","target":["https:\/\/ecodef-ihedn.fr\/toutes-les-publications\/"]}]},{"@type":"ImageObject","inLanguage":"en-GB","@id":"https:\/\/ecodef-ihedn.fr\/toutes-les-publications\/#primaryimage","url":"https:\/\/ecodef-ihedn.fr\/wp-content\/uploads\/2020\/02\/ecole-militaire-paris-1.jpg","contentUrl":"https:\/\/ecodef-ihedn.fr\/wp-content\/uploads\/2020\/02\/ecole-militaire-paris-1.jpg","width":755,"height":414},{"@type":"BreadcrumbList","@id":"https:\/\/ecodef-ihedn.fr\/toutes-les-publications\/#breadcrumb","itemListElement":[{"@type":"ListItem","position":1,"name":"Accueil","item":"https:\/\/ecodef-ihedn.fr\/"},{"@type":"ListItem","position":2,"name":"Toutes les publications"}]},{"@type":"WebSite","@id":"https:\/\/ecodef-ihedn.fr\/#website","url":"https:\/\/ecodef-ihedn.fr\/","name":"Chair in Defence Economics - IHEDN","description":"Produce &amp; support, federate &amp; disseminate, act as an interface","publisher":{"@id":"https:\/\/ecodef-ihedn.fr\/#organization"},"potentialAction":[{"@type":"SearchAction","target":{"@type":"EntryPoint","urlTemplate":"https:\/\/ecodef-ihedn.fr\/?s={search_term_string}"},"query-input":{"@type":"PropertyValueSpecification","valueRequired":true,"valueName":"search_term_string"}}],"inLanguage":"en-GB"},{"@type":"Organization","@id":"https:\/\/ecodef-ihedn.fr\/#organization","name":"Chair in Defence Economics - IHEDN","url":"https:\/\/ecodef-ihedn.fr\/","logo":{"@type":"ImageObject","inLanguage":"en-GB","@id":"https:\/\/ecodef-ihedn.fr\/#\/schema\/logo\/image\/","url":"https:\/\/ecodef-ihedn.fr\/wp-content\/uploads\/2020\/04\/logoEcodef9.jpg","contentUrl":"https:\/\/ecodef-ihedn.fr\/wp-content\/uploads\/2020\/04\/logoEcodef9.jpg","width":410,"height":212,"caption":"Chaire \u00c9conomie de d\u00e9fense - IHEDN"},"image":{"@id":"https:\/\/ecodef-ihedn.fr\/#\/schema\/logo\/image\/"},"sameAs":["https:\/\/x.com\/Chaire_Ecodef","https:\/\/www.linkedin.com\/company\/chaire-ecodef-ihedn\/"]}]}},"_links":{"self":[{"href":"https:\/\/ecodef-ihedn.fr\/en\/wp-json\/wp\/v2\/pages\/437","targetHints":{"allow":["GET"]}}],"collection":[{"href":"https:\/\/ecodef-ihedn.fr\/en\/wp-json\/wp\/v2\/pages"}],"about":[{"href":"https:\/\/ecodef-ihedn.fr\/en\/wp-json\/wp\/v2\/types\/page"}],"author":[{"embeddable":true,"href":"https:\/\/ecodef-ihedn.fr\/en\/wp-json\/wp\/v2\/users\/1"}],"replies":[{"embeddable":true,"href":"https:\/\/ecodef-ihedn.fr\/en\/wp-json\/wp\/v2\/comments?post=437"}],"version-history":[{"count":5,"href":"https:\/\/ecodef-ihedn.fr\/en\/wp-json\/wp\/v2\/pages\/437\/revisions"}],"predecessor-version":[{"id":3412,"href":"https:\/\/ecodef-ihedn.fr\/en\/wp-json\/wp\/v2\/pages\/437\/revisions\/3412"}],"wp:featuredmedia":[{"embeddable":true,"href":"https:\/\/ecodef-ihedn.fr\/en\/wp-json\/wp\/v2\/media\/564"}],"wp:attachment":[{"href":"https:\/\/ecodef-ihedn.fr\/en\/wp-json\/wp\/v2\/media?parent=437"}],"curies":[{"name":"wp","href":"https:\/\/api.w.org\/{rel}","templated":true}]}}