{"id":535,"date":"2020-02-21T15:39:37","date_gmt":"2020-02-21T15:39:37","guid":{"rendered":"https:\/\/ecodef-ihedn.fr\/evenements-copy\/"},"modified":"2022-07-05T08:57:45","modified_gmt":"2022-07-05T08:57:45","slug":"participations","status":"publish","type":"page","link":"https:\/\/ecodef-ihedn.fr\/en\/participations\/","title":{"rendered":"Shareholdings"},"content":{"rendered":"<div id=\"tdi_1\" class=\"tdc-zone\"><div class=\"tdc_zone tdi_2  wpb_row td-pb-row\"  >\n<style scoped>\n\/* custom css - generated by TagDiv Composer *\/\n\n\/* custom css - generated by TagDiv Composer *\/\n.tdi_2{\r\n                    min-height: 0;\r\n                }\n<\/style><div id=\"tdi_3\" class=\"tdc-row\"><div class=\"vc_row tdi_4  wpb_row td-pb-row\" >\n<style scoped>\n\/* custom css - generated by TagDiv Composer *\/\n\n\/* custom css - generated by TagDiv Composer *\/\n.tdi_4,\r\n                .tdi_4 .tdc-columns{\r\n                    min-height: 0;\r\n                }.tdi_4,\r\n\t\t\t\t.tdi_4 .tdc-columns{\r\n\t\t\t\t    display: block;\r\n\t\t\t\t}.tdi_4 .tdc-columns{\r\n\t\t\t\t    width: 100%;\r\n\t\t\t\t}.tdi_4:before,\r\n\t\t\t\t.tdi_4:after{\r\n\t\t\t\t    display: table;\r\n\t\t\t\t}\n<\/style><div class=\"vc_column tdi_6  wpb_column vc_column_container tdc-column td-pb-span12\">\n<style scoped>\n\/* custom css - generated by TagDiv Composer *\/\n\n\/* custom css - generated by TagDiv Composer *\/\n.tdi_6{\r\n                    vertical-align: baseline;\r\n                }.tdi_6 > .wpb_wrapper,\r\n\t\t\t\t.tdi_6 > .wpb_wrapper > .tdc-elements{\r\n\t\t\t\t    display: block;\r\n\t\t\t\t}.tdi_6 > .wpb_wrapper > .tdc-elements{\r\n\t\t\t\t    width: 100%;\r\n\t\t\t\t}.tdi_6 > .wpb_wrapper > .vc_row_inner{\r\n\t\t\t\t    width: auto;\r\n\t\t\t\t}.tdi_6 > .wpb_wrapper{\r\n\t\t\t\t    width: auto;\r\n\t\t\t\t    height: auto;\r\n\t\t\t\t}\n<\/style><div class=\"wpb_wrapper\" ><div class=\"vc_row_inner tdi_8  vc_row vc_inner wpb_row td-pb-row\" >\n<style scoped>\n\/* custom css - generated by TagDiv Composer *\/\n\n\/* custom css - generated by TagDiv Composer *\/\n.tdi_8{\r\n                    position: relative !important;\r\n                    top: 0;\r\n                    transform: none;\r\n                    -webkit-transform: none;\r\n                }.tdi_8,\r\n\t\t\t\t.tdi_8 .tdc-inner-columns{\r\n\t\t\t\t    display: block;\r\n\t\t\t\t}.tdi_8 .tdc-inner-columns{\r\n\t\t\t\t    width: 100%;\r\n\t\t\t\t}\n<\/style><div class=\"vc_column_inner tdi_10  wpb_column vc_column_container tdc-inner-column td-pb-span12\">\n<style scoped>\n\/* custom css - generated by TagDiv Composer *\/\n\n\/* custom css - generated by TagDiv Composer *\/\n.tdi_10{\r\n                    vertical-align: baseline;\r\n                }.tdi_10 .vc_column-inner > .wpb_wrapper,\r\n\t\t\t\t.tdi_10 .vc_column-inner > .wpb_wrapper .tdc-elements{\r\n\t\t\t\t    display: block;\r\n\t\t\t\t}.tdi_10 .vc_column-inner > .wpb_wrapper .tdc-elements{\r\n\t\t\t\t    width: 100%;\r\n\t\t\t\t}\n<\/style><div class=\"vc_column-inner\"><div class=\"wpb_wrapper\" ><div class=\"td_block_wrap td_block_title tdi_11 td-pb-border-top td_block_template_5 td-fix-index\"  data-td-block-uid=\"tdi_11\" >\n<style>\n.td_block_template_5 .td-block-title {\r\n                font-size: 16px;\r\n                font-weight: 500;\r\n                margin-top: 0;\r\n                margin-bottom: 26px;\r\n                line-height: 25px;\r\n                color: var(--td_text_header_color, #000);\r\n                text-align: left;\r\n            }\r\n            .td_block_template_5 .td-block-title > * {\r\n                padding: 0 12px;\r\n                border-width: 0 0 0 4px;\r\n                border-style: solid;\r\n                border-color: var(--td_header_color, var(--td_theme_color, #4db2ec));\r\n            }\r\n            .td_block_template_5 .td-subcat-filter,\r\n            .td_block_template_5 .td-subcat-dropdown {\r\n                line-height: 25px;\r\n            }\r\n            @media (max-width: 767px) {\r\n                .td_block_template_5 .td-related-title a {\r\n                    font-size: 15px;\r\n                }\r\n            }\r\n            .td_block_template_5 .td-related-title:last-child {\r\n                border: none;\r\n            }\r\n            .td_block_template_5 .td-related-title .td-cur-simple-item {\r\n                color: var(--td_theme_color, #4db2ec);\r\n            }\r\n            \r\n\r\n            \r\n            .td-theme-wrap .tdi_11 .td-pulldown-filter-link:hover,\r\n            .td-theme-wrap .tdi_11 .td-subcat-item a:hover,\r\n            .td-theme-wrap .tdi_11 .td-subcat-item .td-cur-simple-item,\r\n            .td-theme-wrap .tdi_11 .td-subcat-dropdown:hover .td-subcat-more span,\r\n            .td-theme-wrap .tdi_11 .td-subcat-dropdown:hover .td-subcat-more i {\r\n                color: #dd3333;\r\n            }\r\n\r\n            .td-theme-wrap .tdi_11 .td-block-title > * {\r\n                border-color: #dd3333;\r\n            }\r\n\r\n            \r\n            .td-theme-wrap .tdi_11 .td_module_wrap:hover .entry-title a,\r\n            .td-theme-wrap .tdi_11 .td_quote_on_blocks,\r\n            .td-theme-wrap .tdi_11 .td-opacity-cat .td-post-category:hover,\r\n            .td-theme-wrap .tdi_11 .td-opacity-read .td-read-more a:hover,\r\n            .td-theme-wrap .tdi_11 .td-opacity-author .td-post-author-name a:hover,\r\n            .td-theme-wrap .tdi_11 .td-instagram-user a {\r\n                color: #dd3333;\r\n            }\r\n\r\n            .td-theme-wrap .tdi_11 .td-next-prev-wrap a:hover,\r\n            .td-theme-wrap .tdi_11 .td-load-more-wrap a:hover {\r\n                background-color: #dd3333;\r\n                border-color: #dd3333;\r\n            }\r\n\r\n            .td-theme-wrap .tdi_11 .td-read-more a,\r\n            .td-theme-wrap .tdi_11 .td-weather-information:before,\r\n            .td-theme-wrap .tdi_11 .td-weather-week:before,\r\n            .td-theme-wrap .tdi_11 .td-exchange-header:before,\r\n            .td-theme-wrap .td-footer-wrapper .tdi_11 .td-post-category,\r\n            .td-theme-wrap .tdi_11 .td-post-category:hover {\r\n                background-color: #dd3333;\r\n            }\n<\/style><div class=\"td-block-title-wrap\"><h4 class=\"td-block-title\"><span class=\"td-pulldown-size\">PARTICIPATIONS<\/span><\/h4><\/div><\/div><\/div><\/div><\/div><\/div><\/div><\/div><\/div><\/div><div id=\"tdi_12\" class=\"tdc-row\"><div class=\"vc_row tdi_13  wpb_row td-pb-row\" >\n<style scoped>\n\/* custom css - generated by TagDiv Composer *\/\n\n\/* custom css - generated by TagDiv Composer *\/\n.tdi_13,\r\n                .tdi_13 .tdc-columns{\r\n                    min-height: 0;\r\n                }.tdi_13,\r\n\t\t\t\t.tdi_13 .tdc-columns{\r\n\t\t\t\t    display: block;\r\n\t\t\t\t}.tdi_13 .tdc-columns{\r\n\t\t\t\t    width: 100%;\r\n\t\t\t\t}.tdi_13:before,\r\n\t\t\t\t.tdi_13:after{\r\n\t\t\t\t    display: table;\r\n\t\t\t\t}\n<\/style><div class=\"vc_column tdi_15  wpb_column vc_column_container tdc-column td-pb-span12\">\n<style scoped>\n\/* custom css - generated by TagDiv Composer *\/\n\n\/* custom css - generated by TagDiv Composer *\/\n.tdi_15{\r\n                    vertical-align: baseline;\r\n                }.tdi_15 > .wpb_wrapper,\r\n\t\t\t\t.tdi_15 > .wpb_wrapper > .tdc-elements{\r\n\t\t\t\t    display: block;\r\n\t\t\t\t}.tdi_15 > .wpb_wrapper > .tdc-elements{\r\n\t\t\t\t    width: 100%;\r\n\t\t\t\t}.tdi_15 > .wpb_wrapper > .vc_row_inner{\r\n\t\t\t\t    width: auto;\r\n\t\t\t\t}.tdi_15 > .wpb_wrapper{\r\n\t\t\t\t    width: auto;\r\n\t\t\t\t    height: auto;\r\n\t\t\t\t}\n<\/style><div class=\"wpb_wrapper\" ><div class=\"td_block_wrap td_block_12 tdi_16 td_with_ajax_pagination td-pb-border-top td_block_template_5 td-column-3\"  data-td-block-uid=\"tdi_16\" ><script>var block_tdi_16 = new tdBlock();\nblock_tdi_16.id = \"tdi_16\";\nblock_tdi_16.atts = '{\"m11_el\":\"50\",\"category_id\":\"356\",\"limit\":\"10\",\"ajax_pagination\":\"infinite\",\"block_type\":\"td_block_12\",\"separator\":\"\",\"custom_title\":\"\",\"custom_url\":\"\",\"block_template_id\":\"\",\"m11_tl\":\"\",\"post_ids\":\"\",\"taxonomies\":\"\",\"category_ids\":\"\",\"in_all_terms\":\"\",\"tag_slug\":\"\",\"autors_id\":\"\",\"installed_post_types\":\"\",\"include_cf_posts\":\"\",\"exclude_cf_posts\":\"\",\"sort\":\"\",\"popular_by_date\":\"\",\"linked_posts\":\"\",\"favourite_only\":\"\",\"offset\":\"\",\"open_in_new_window\":\"\",\"show_modified_date\":\"\",\"time_ago\":\"\",\"time_ago_add_txt\":\"ago\",\"time_ago_txt_pos\":\"\",\"review_source\":\"\",\"el_class\":\"\",\"td_ajax_filter_type\":\"\",\"td_ajax_filter_ids\":\"\",\"td_filter_default_txt\":\"All\",\"td_ajax_preloading\":\"\",\"f_header_font_header\":\"\",\"f_header_font_title\":\"Block header\",\"f_header_font_settings\":\"\",\"f_header_font_family\":\"\",\"f_header_font_size\":\"\",\"f_header_font_line_height\":\"\",\"f_header_font_style\":\"\",\"f_header_font_weight\":\"\",\"f_header_font_transform\":\"\",\"f_header_font_spacing\":\"\",\"f_header_\":\"\",\"f_ajax_font_title\":\"Ajax categories\",\"f_ajax_font_settings\":\"\",\"f_ajax_font_family\":\"\",\"f_ajax_font_size\":\"\",\"f_ajax_font_line_height\":\"\",\"f_ajax_font_style\":\"\",\"f_ajax_font_weight\":\"\",\"f_ajax_font_transform\":\"\",\"f_ajax_font_spacing\":\"\",\"f_ajax_\":\"\",\"f_more_font_title\":\"Load more button\",\"f_more_font_settings\":\"\",\"f_more_font_family\":\"\",\"f_more_font_size\":\"\",\"f_more_font_line_height\":\"\",\"f_more_font_style\":\"\",\"f_more_font_weight\":\"\",\"f_more_font_transform\":\"\",\"f_more_font_spacing\":\"\",\"f_more_\":\"\",\"m11f_title_font_header\":\"\",\"m11f_title_font_title\":\"Article title\",\"m11f_title_font_settings\":\"\",\"m11f_title_font_family\":\"\",\"m11f_title_font_size\":\"\",\"m11f_title_font_line_height\":\"\",\"m11f_title_font_style\":\"\",\"m11f_title_font_weight\":\"\",\"m11f_title_font_transform\":\"\",\"m11f_title_font_spacing\":\"\",\"m11f_title_\":\"\",\"m11f_cat_font_title\":\"Article category tag\",\"m11f_cat_font_settings\":\"\",\"m11f_cat_font_family\":\"\",\"m11f_cat_font_size\":\"\",\"m11f_cat_font_line_height\":\"\",\"m11f_cat_font_style\":\"\",\"m11f_cat_font_weight\":\"\",\"m11f_cat_font_transform\":\"\",\"m11f_cat_font_spacing\":\"\",\"m11f_cat_\":\"\",\"m11f_meta_font_title\":\"Article meta info\",\"m11f_meta_font_settings\":\"\",\"m11f_meta_font_family\":\"\",\"m11f_meta_font_size\":\"\",\"m11f_meta_font_line_height\":\"\",\"m11f_meta_font_style\":\"\",\"m11f_meta_font_weight\":\"\",\"m11f_meta_font_transform\":\"\",\"m11f_meta_font_spacing\":\"\",\"m11f_meta_\":\"\",\"m11f_ex_font_title\":\"Article excerpt\",\"m11f_ex_font_settings\":\"\",\"m11f_ex_font_family\":\"\",\"m11f_ex_font_size\":\"\",\"m11f_ex_font_line_height\":\"\",\"m11f_ex_font_style\":\"\",\"m11f_ex_font_weight\":\"\",\"m11f_ex_font_transform\":\"\",\"m11f_ex_font_spacing\":\"\",\"m11f_ex_\":\"\",\"m11f_btn_font_title\":\"Article read more button\",\"m11f_btn_font_settings\":\"\",\"m11f_btn_font_family\":\"\",\"m11f_btn_font_size\":\"\",\"m11f_btn_font_line_height\":\"\",\"m11f_btn_font_style\":\"\",\"m11f_btn_font_weight\":\"\",\"m11f_btn_font_transform\":\"\",\"m11f_btn_font_spacing\":\"\",\"m11f_btn_\":\"\",\"ajax_pagination_next_prev_swipe\":\"\",\"ajax_pagination_infinite_stop\":\"\",\"css\":\"\",\"tdc_css\":\"\",\"td_column_number\":3,\"header_color\":\"\",\"color_preset\":\"\",\"border_top\":\"\",\"class\":\"tdi_16\",\"tdc_css_class\":\"tdi_16\",\"tdc_css_class_style\":\"tdi_16_rand_style\"}';\nblock_tdi_16.td_column_number = \"3\";\nblock_tdi_16.block_type = \"td_block_12\";\nblock_tdi_16.post_count = \"10\";\nblock_tdi_16.found_posts = \"107\";\nblock_tdi_16.header_color = \"\";\nblock_tdi_16.ajax_pagination_infinite_stop = \"\";\nblock_tdi_16.max_num_pages = \"11\";\ntdBlocksArray.push(block_tdi_16);\n<\/script><div class=\"td-block-title-wrap\"><\/div><div id=tdi_16 class=\"td_block_inner\">\n\n\t<div class=\"td-block-span12\">\n\r\n        <div class=\"td_module_11 td_module_wrap td-animation-stack\">\r\n            <div class=\"td-module-thumb\"><a href=\"https:\/\/ecodef-ihedn.fr\/en\/amplifier-notre-effort-de-defense-pourquoi-et-comment-intervention-de-julien-malizard-au-colloque-organise-par-jean-michel-jacques\/\"  rel=\"bookmark\" class=\"td-image-wrap \" title=\"\u00ab\u00a0Amplifier notre effort de d\u00e9fense : pourquoi et comment ?\u00a0\u00bb : intervention de Julien Malizard au colloque organis\u00e9 par Jean-Michel Jacques\" ><img loading=\"lazy\" decoding=\"async\" class=\"entry-thumb\" src=\"data:image\/png;base64,iVBORw0KGgoAAAANSUhEUgAAAUQAAADrAQMAAAArGX0KAAAAA1BMVEWurq51dlI4AAAAAXRSTlMmkutdmwAAACBJREFUaN7twTEBAAAAwiD7pzbEXmAAAAAAAAAAAACQHSaOAAGSp1GBAAAAAElFTkSuQmCC\" alt=\"\" title=\"\u00ab\u00a0Amplifier notre effort de d\u00e9fense : pourquoi et comment ?\u00a0\u00bb : intervention de Julien Malizard au colloque organis\u00e9 par Jean-Michel Jacques\" data-type=\"image_tag\" data-img-url=\"https:\/\/ecodef-ihedn.fr\/wp-content\/uploads\/2026\/04\/1-324x235.jpg\" data-img-retina-url=\"https:\/\/ecodef-ihedn.fr\/wp-content\/uploads\/2026\/04\/1-648x470.jpg\" width=\"324\" height=\"235\" \/><\/a><\/div>\r\n            <div class=\"item-details\">\r\n                <h3 class=\"entry-title td-module-title\"><a href=\"https:\/\/ecodef-ihedn.fr\/en\/amplifier-notre-effort-de-defense-pourquoi-et-comment-intervention-de-julien-malizard-au-colloque-organise-par-jean-michel-jacques\/\"  rel=\"bookmark\" title=\"\u00ab\u00a0Amplifier notre effort de d\u00e9fense : pourquoi et comment ?\u00a0\u00bb : intervention de Julien Malizard au colloque organis\u00e9 par Jean-Michel Jacques\">\u00ab\u00a0Amplifier notre effort de d\u00e9fense : pourquoi et comment ?\u00a0\u00bb : intervention de Julien...<\/a><\/h3>\r\n                <div class=\"td-module-meta-info\">\r\n                                        <span class=\"td-post-author-name\"><a href=\"https:\/\/ecodef-ihedn.fr\/en\/author\/bertrand\/\">Bertrand Demandre<\/a> <span>-<\/span> <\/span>                    <span class=\"td-post-date\"><time class=\"entry-date updated td-module-date\" datetime=\"2026-04-21T18:12:39+00:00\" >21 April 2026<\/time><\/span>                    <span class=\"td-module-comments\"><a href=\"https:\/\/ecodef-ihedn.fr\/en\/amplifier-notre-effort-de-defense-pourquoi-et-comment-intervention-de-julien-malizard-au-colloque-organise-par-jean-michel-jacques\/#respond\">0<\/a><\/span>                <\/div>\r\n\r\n                <div class=\"td-excerpt\">\r\n                    \r\nJulien Malizard a particip\u00e9 au colloque organis\u00e9 le 17 avril 2026 par Jean-Michel Jacques, pr\u00e9sident de la commission de la d\u00e9fense nationale et des forces arm\u00e9es de l&#039;Assembl\u00e9e nationale, sur le th\u00e8me \u00ab Amplifier notre effort de d\u00e9fense : pourquoi et comment ? \u00bb\r\n\r\nCe colloque a \u00e9galement accueilli l\u2019amiral...                <\/div>\r\n\r\n                <div class=\"td-read-more\">\r\n                    <a href=\"https:\/\/ecodef-ihedn.fr\/en\/amplifier-notre-effort-de-defense-pourquoi-et-comment-intervention-de-julien-malizard-au-colloque-organise-par-jean-michel-jacques\/\">Lire la suite<\/a>\r\n                <\/div>\r\n            <\/div>\r\n\r\n        <\/div>\r\n\r\n        \n\t<\/div> <!-- .\/td-block-span12 -->\n\n\t<div class=\"td-block-span12\">\n\r\n        <div class=\"td_module_11 td_module_wrap td-animation-stack\">\r\n            <div class=\"td-module-thumb\"><a href=\"https:\/\/ecodef-ihedn.fr\/en\/participation-deva-szego-aux-rencontres-de-bourrienne-2026\/\"  rel=\"bookmark\" class=\"td-image-wrap \" title=\"Participation d&rsquo;Eva Szego aux Rencontres de Bourrienne 2026\" ><img loading=\"lazy\" decoding=\"async\" class=\"entry-thumb\" src=\"data:image\/png;base64,iVBORw0KGgoAAAANSUhEUgAAAUQAAADrAQMAAAArGX0KAAAAA1BMVEWurq51dlI4AAAAAXRSTlMmkutdmwAAACBJREFUaN7twTEBAAAAwiD7pzbEXmAAAAAAAAAAAACQHSaOAAGSp1GBAAAAAElFTkSuQmCC\" alt=\"\" title=\"Participation d&rsquo;Eva Szego aux Rencontres de Bourrienne 2026\" data-type=\"image_tag\" data-img-url=\"https:\/\/ecodef-ihedn.fr\/wp-content\/uploads\/2026\/04\/Eva-SZEGO-Bourrienne-2026-324x235.jpg\" data-img-retina-url=\"https:\/\/ecodef-ihedn.fr\/wp-content\/uploads\/2026\/04\/Eva-SZEGO-Bourrienne-2026-648x470.jpg\" width=\"324\" height=\"235\" \/><\/a><\/div>\r\n            <div class=\"item-details\">\r\n                <h3 class=\"entry-title td-module-title\"><a href=\"https:\/\/ecodef-ihedn.fr\/en\/participation-deva-szego-aux-rencontres-de-bourrienne-2026\/\"  rel=\"bookmark\" title=\"Participation d&rsquo;Eva Szego aux Rencontres de Bourrienne 2026\">Participation d&rsquo;Eva Szego aux Rencontres de Bourrienne 2026<\/a><\/h3>\r\n                <div class=\"td-module-meta-info\">\r\n                                        <span class=\"td-post-author-name\"><a href=\"https:\/\/ecodef-ihedn.fr\/en\/author\/bertrand\/\">Bertrand Demandre<\/a> <span>-<\/span> <\/span>                    <span class=\"td-post-date\"><time class=\"entry-date updated td-module-date\" datetime=\"2026-04-10T16:53:34+00:00\" >10 April 2026<\/time><\/span>                    <span class=\"td-module-comments\"><a href=\"https:\/\/ecodef-ihedn.fr\/en\/participation-deva-szego-aux-rencontres-de-bourrienne-2026\/#respond\">0<\/a><\/span>                <\/div>\r\n\r\n                <div class=\"td-excerpt\">\r\n                    \r\nEva Szego a particip\u00e9 \u00e0 l&#039;\u00e9dition 2026 des Rencontres de Bourienne, organis\u00e9es \u00e0 Paris par AUDACIA le 9 avril 2026\r\n\r\nOrganis\u00e9 par AUDACIA, cet \u00e9v\u00e9nement a \u00e9t\u00e9 consacr\u00e9 \u00e0 la question du financement de la d\u00e9fense en France. Il a propos\u00e9 des \u00e9changes entre militaires, diplomates, entrepreneurs et chercheurs. L&#039;objectif...                <\/div>\r\n\r\n                <div class=\"td-read-more\">\r\n                    <a href=\"https:\/\/ecodef-ihedn.fr\/en\/participation-deva-szego-aux-rencontres-de-bourrienne-2026\/\">Lire la suite<\/a>\r\n                <\/div>\r\n            <\/div>\r\n\r\n        <\/div>\r\n\r\n        \n\t<\/div> <!-- .\/td-block-span12 -->\n\n\t<div class=\"td-block-span12\">\n\r\n        <div class=\"td_module_11 td_module_wrap td-animation-stack\">\r\n            <div class=\"td-module-thumb\"><a href=\"https:\/\/ecodef-ihedn.fr\/en\/video-marches-de-larmement-nouveaux-besoins-nouveaux-acteurs-industriels-nouvelles-strategies-participation-de-la-chaire-au-pdsf-2026\/\"  rel=\"bookmark\" class=\"td-image-wrap \" title=\"[VIDEO] \u00ab\u00a0March\u00e9s de l&rsquo;armement : nouveaux besoins, nouveaux acteurs industriels, nouvelles strat\u00e9gies ?\u00a0\u00bb : participation de la Chaire au PDSF 2026\" ><img loading=\"lazy\" decoding=\"async\" class=\"entry-thumb\" src=\"data:image\/png;base64,iVBORw0KGgoAAAANSUhEUgAAAUQAAADrAQMAAAArGX0KAAAAA1BMVEWurq51dlI4AAAAAXRSTlMmkutdmwAAACBJREFUaN7twTEBAAAAwiD7pzbEXmAAAAAAAAAAAACQHSaOAAGSp1GBAAAAAElFTkSuQmCC\" alt=\"\" title=\"[VIDEO] \u00ab\u00a0March\u00e9s de l&rsquo;armement : nouveaux besoins, nouveaux acteurs industriels, nouvelles strat\u00e9gies ?\u00a0\u00bb : participation de la Chaire au PDSF 2026\" data-type=\"image_tag\" data-img-url=\"https:\/\/ecodef-ihedn.fr\/wp-content\/uploads\/2026\/04\/PDSF_2026-7-5-324x235.png\" data-img-retina-url=\"https:\/\/ecodef-ihedn.fr\/wp-content\/uploads\/2026\/04\/PDSF_2026-7-5-648x470.png\" width=\"324\" height=\"235\" \/><\/a><\/div>\r\n            <div class=\"item-details\">\r\n                <h3 class=\"entry-title td-module-title\"><a href=\"https:\/\/ecodef-ihedn.fr\/en\/video-marches-de-larmement-nouveaux-besoins-nouveaux-acteurs-industriels-nouvelles-strategies-participation-de-la-chaire-au-pdsf-2026\/\"  rel=\"bookmark\" title=\"[VIDEO] \u00ab\u00a0March\u00e9s de l&rsquo;armement : nouveaux besoins, nouveaux acteurs industriels, nouvelles strat\u00e9gies ?\u00a0\u00bb : participation de la Chaire au PDSF 2026\">[VIDEO] \u00ab\u00a0March\u00e9s de l&rsquo;armement : nouveaux besoins, nouveaux acteurs industriels, nouvelles strat\u00e9gies ?\u00a0\u00bb :...<\/a><\/h3>\r\n                <div class=\"td-module-meta-info\">\r\n                                        <span class=\"td-post-author-name\"><a href=\"https:\/\/ecodef-ihedn.fr\/en\/author\/bertrand\/\">Bertrand Demandre<\/a> <span>-<\/span> <\/span>                    <span class=\"td-post-date\"><time class=\"entry-date updated td-module-date\" datetime=\"2026-04-03T09:24:59+00:00\" >3 April 2026<\/time><\/span>                    <span class=\"td-module-comments\"><a href=\"https:\/\/ecodef-ihedn.fr\/en\/video-marches-de-larmement-nouveaux-besoins-nouveaux-acteurs-industriels-nouvelles-strategies-participation-de-la-chaire-au-pdsf-2026\/#respond\">0<\/a><\/span>                <\/div>\r\n\r\n                <div class=\"td-excerpt\">\r\n                    Eva Szego et Josselin Droff ont particip\u00e9 \u00e0 la table ronde &quot;March\u00e9s de l&#039;armement : nouveaux besoins, nouveaux acteurs industriels, nouvelles strat\u00e9gies ?&quot; dans le cadre de la troisi\u00e8me \u00e9dition du Forum de Paris pour la d\u00e9fense et la strat\u00e9gie (PDSF) de l\u2019Acad\u00e9mie de d\u00e9fense de l&#039;\u00c9cole militaire (ACADEM)\r\n\r\nL&#039;\u00e9dition...                <\/div>\r\n\r\n                <div class=\"td-read-more\">\r\n                    <a href=\"https:\/\/ecodef-ihedn.fr\/en\/video-marches-de-larmement-nouveaux-besoins-nouveaux-acteurs-industriels-nouvelles-strategies-participation-de-la-chaire-au-pdsf-2026\/\">Lire la suite<\/a>\r\n                <\/div>\r\n            <\/div>\r\n\r\n        <\/div>\r\n\r\n        \n\t<\/div> <!-- .\/td-block-span12 -->\n\n\t<div class=\"td-block-span12\">\n\r\n        <div class=\"td_module_11 td_module_wrap td-animation-stack\">\r\n            <div class=\"td-module-thumb\"><a href=\"https:\/\/ecodef-ihedn.fr\/en\/amplifier-notre-effort-de-defense-pourquoi-et-comment-intervention-de-julien-malizard-au-colloque-organise-par-jean-michel-jacques-copy\/\"  rel=\"bookmark\" class=\"td-image-wrap \" title=\"\u00ab\u00a0L\u2019effort de d\u00e9fense, un poids ou une change pour l\u2019\u00e9conomie europ\u00e9enne ?\u00a0\u00bb : intervention de Julien Malizard au Printemps de l&rsquo;\u00e9conomie\" ><img loading=\"lazy\" decoding=\"async\" class=\"entry-thumb\" src=\"data:image\/png;base64,iVBORw0KGgoAAAANSUhEUgAAAUQAAADrAQMAAAArGX0KAAAAA1BMVEWurq51dlI4AAAAAXRSTlMmkutdmwAAACBJREFUaN7twTEBAAAAwiD7pzbEXmAAAAAAAAAAAACQHSaOAAGSp1GBAAAAAElFTkSuQmCC\" alt=\"\" title=\"\u00ab\u00a0L\u2019effort de d\u00e9fense, un poids ou une change pour l\u2019\u00e9conomie europ\u00e9enne ?\u00a0\u00bb : intervention de Julien Malizard au Printemps de l&rsquo;\u00e9conomie\" data-type=\"image_tag\" data-img-url=\"https:\/\/ecodef-ihedn.fr\/wp-content\/uploads\/2026\/04\/JM-CESE-324x235.jpg\" data-img-retina-url=\"https:\/\/ecodef-ihedn.fr\/wp-content\/uploads\/2026\/04\/JM-CESE-648x470.jpg\" width=\"324\" height=\"235\" \/><\/a><\/div>\r\n            <div class=\"item-details\">\r\n                <h3 class=\"entry-title td-module-title\"><a href=\"https:\/\/ecodef-ihedn.fr\/en\/amplifier-notre-effort-de-defense-pourquoi-et-comment-intervention-de-julien-malizard-au-colloque-organise-par-jean-michel-jacques-copy\/\"  rel=\"bookmark\" title=\"\u00ab\u00a0L\u2019effort de d\u00e9fense, un poids ou une change pour l\u2019\u00e9conomie europ\u00e9enne ?\u00a0\u00bb : intervention de Julien Malizard au Printemps de l&rsquo;\u00e9conomie\">\u00ab\u00a0L\u2019effort de d\u00e9fense, un poids ou une change pour l\u2019\u00e9conomie europ\u00e9enne ?\u00a0\u00bb : intervention...<\/a><\/h3>\r\n                <div class=\"td-module-meta-info\">\r\n                                        <span class=\"td-post-author-name\"><a href=\"https:\/\/ecodef-ihedn.fr\/en\/author\/bertrand\/\">Bertrand Demandre<\/a> <span>-<\/span> <\/span>                    <span class=\"td-post-date\"><time class=\"entry-date updated td-module-date\" datetime=\"2026-03-27T09:59:15+00:00\" >27 March 2026<\/time><\/span>                    <span class=\"td-module-comments\"><a href=\"https:\/\/ecodef-ihedn.fr\/en\/amplifier-notre-effort-de-defense-pourquoi-et-comment-intervention-de-julien-malizard-au-colloque-organise-par-jean-michel-jacques-copy\/#respond\">0<\/a><\/span>                <\/div>\r\n\r\n                <div class=\"td-excerpt\">\r\n                    \r\nJulien Malizard est intervenu \u00e0 la 15e \u00e9dition du printemps de l\u2019\u00e9conomie, organis\u00e9 le 20 mars 2026\u00a0au Conseil \u00e9conomique, social et environnemental (CESE)\r\n\r\nIl a particip\u00e9 \u00e0 la table ronde \u00ab l\u2019effort de d\u00e9fense, un poids ou une change pour l\u2019\u00e9conomie europ\u00e9enne ? \u00bb, avec Alain Dulac, pr\u00e9sident directeur g\u00e9n\u00e9ral...                <\/div>\r\n\r\n                <div class=\"td-read-more\">\r\n                    <a href=\"https:\/\/ecodef-ihedn.fr\/en\/amplifier-notre-effort-de-defense-pourquoi-et-comment-intervention-de-julien-malizard-au-colloque-organise-par-jean-michel-jacques-copy\/\">Lire la suite<\/a>\r\n                <\/div>\r\n            <\/div>\r\n\r\n        <\/div>\r\n\r\n        \n\t<\/div> <!-- .\/td-block-span12 -->\n\n\t<div class=\"td-block-span12\">\n\r\n        <div class=\"td_module_11 td_module_wrap td-animation-stack\">\r\n            <div class=\"td-module-thumb\"><a href=\"https:\/\/ecodef-ihedn.fr\/en\/participation-de-la-chaire-a-la-conference-assa-2026-a-philadelphie-etats-unis\/\"  rel=\"bookmark\" class=\"td-image-wrap \" title=\"Participation de la Chaire \u00e0 la conf\u00e9rence ASSA 2026 \u00e0 Philadelphie, \u00c9tats-Unis\" ><img loading=\"lazy\" decoding=\"async\" class=\"entry-thumb\" src=\"data:image\/png;base64,iVBORw0KGgoAAAANSUhEUgAAAUQAAADrAQMAAAArGX0KAAAAA1BMVEWurq51dlI4AAAAAXRSTlMmkutdmwAAACBJREFUaN7twTEBAAAAwiD7pzbEXmAAAAAAAAAAAACQHSaOAAGSp1GBAAAAAElFTkSuQmCC\" alt=\"\" title=\"Participation de la Chaire \u00e0 la conf\u00e9rence ASSA 2026 \u00e0 Philadelphie, \u00c9tats-Unis\" data-type=\"image_tag\" data-img-url=\"https:\/\/ecodef-ihedn.fr\/wp-content\/uploads\/2026\/01\/photo_1-324x235.jpeg\" data-img-retina-url=\"https:\/\/ecodef-ihedn.fr\/wp-content\/uploads\/2026\/01\/photo_1-648x470.jpeg\" width=\"324\" height=\"235\" \/><\/a><\/div>\r\n            <div class=\"item-details\">\r\n                <h3 class=\"entry-title td-module-title\"><a href=\"https:\/\/ecodef-ihedn.fr\/en\/participation-de-la-chaire-a-la-conference-assa-2026-a-philadelphie-etats-unis\/\"  rel=\"bookmark\" title=\"Participation de la Chaire \u00e0 la conf\u00e9rence ASSA 2026 \u00e0 Philadelphie, \u00c9tats-Unis\">Participation de la Chaire \u00e0 la conf\u00e9rence ASSA 2026 \u00e0 Philadelphie, \u00c9tats-Unis<\/a><\/h3>\r\n                <div class=\"td-module-meta-info\">\r\n                                        <span class=\"td-post-author-name\"><a href=\"https:\/\/ecodef-ihedn.fr\/en\/author\/bertrand\/\">Bertrand Demandre<\/a> <span>-<\/span> <\/span>                    <span class=\"td-post-date\"><time class=\"entry-date updated td-module-date\" datetime=\"2026-01-12T09:59:05+00:00\" >12 January 2026<\/time><\/span>                    <span class=\"td-module-comments\"><a href=\"https:\/\/ecodef-ihedn.fr\/en\/participation-de-la-chaire-a-la-conference-assa-2026-a-philadelphie-etats-unis\/#respond\">0<\/a><\/span>                <\/div>\r\n\r\n                <div class=\"td-excerpt\">\r\n                    \r\nJulien Malizard et Josselin Droff ont particip\u00e9 \u00e0 la r\u00e9union annuelle de l&#039;Allied Social Science Associations (ASSA)\r\n&nbsp;\r\n\r\nLa r\u00e9union annuelle de l\u2019Allied Social Science Associations (ASSA), organis\u00e9e par l\u2019American Economic Association (AEA), s\u2019est tenue du 3 au 5 janvier 2026 \u00e0 Philadelphie (\u00c9tats-Unis).\r\nCet \u00e9v\u00e9nement constitue un cadre privil\u00e9gi\u00e9 pour la...                <\/div>\r\n\r\n                <div class=\"td-read-more\">\r\n                    <a href=\"https:\/\/ecodef-ihedn.fr\/en\/participation-de-la-chaire-a-la-conference-assa-2026-a-philadelphie-etats-unis\/\">Lire la suite<\/a>\r\n                <\/div>\r\n            <\/div>\r\n\r\n        <\/div>\r\n\r\n        \n\t<\/div> <!-- .\/td-block-span12 -->\n\n\t<div class=\"td-block-span12\">\n\r\n        <div class=\"td_module_11 td_module_wrap td-animation-stack\">\r\n            <div class=\"td-module-thumb\"><a href=\"https:\/\/ecodef-ihedn.fr\/en\/participation-de-julien-malizard-aux-journees-de-leconomie-2025-jeco\/\"  rel=\"bookmark\" class=\"td-image-wrap \" title=\"Participation de Julien Malizard aux Journ\u00e9es de l&rsquo;\u00e9conomie 2025 (JECO)\" ><img loading=\"lazy\" decoding=\"async\" class=\"entry-thumb\" src=\"data:image\/png;base64,iVBORw0KGgoAAAANSUhEUgAAAUQAAADrAQMAAAArGX0KAAAAA1BMVEWurq51dlI4AAAAAXRSTlMmkutdmwAAACBJREFUaN7twTEBAAAAwiD7pzbEXmAAAAAAAAAAAACQHSaOAAGSp1GBAAAAAElFTkSuQmCC\" alt=\"\" title=\"Participation de Julien Malizard aux Journ\u00e9es de l&rsquo;\u00e9conomie 2025 (JECO)\" data-type=\"image_tag\" data-img-url=\"https:\/\/ecodef-ihedn.fr\/wp-content\/uploads\/2025\/12\/JECO-4-3-324x235.png\" data-img-retina-url=\"https:\/\/ecodef-ihedn.fr\/wp-content\/uploads\/2025\/12\/JECO-4-3.png\" width=\"324\" height=\"235\" \/><\/a><\/div>\r\n            <div class=\"item-details\">\r\n                <h3 class=\"entry-title td-module-title\"><a href=\"https:\/\/ecodef-ihedn.fr\/en\/participation-de-julien-malizard-aux-journees-de-leconomie-2025-jeco\/\"  rel=\"bookmark\" title=\"Participation de Julien Malizard aux Journ\u00e9es de l&rsquo;\u00e9conomie 2025 (JECO)\">Participation de Julien Malizard aux Journ\u00e9es de l&rsquo;\u00e9conomie 2025 (JECO)<\/a><\/h3>\r\n                <div class=\"td-module-meta-info\">\r\n                                        <span class=\"td-post-author-name\"><a href=\"https:\/\/ecodef-ihedn.fr\/en\/author\/bertrand\/\">Bertrand Demandre<\/a> <span>-<\/span> <\/span>                    <span class=\"td-post-date\"><time class=\"entry-date updated td-module-date\" datetime=\"2025-11-06T08:11:19+00:00\" >6 November 2025<\/time><\/span>                    <span class=\"td-module-comments\"><a href=\"https:\/\/ecodef-ihedn.fr\/en\/participation-de-julien-malizard-aux-journees-de-leconomie-2025-jeco\/#respond\">0<\/a><\/span>                <\/div>\r\n\r\n                <div class=\"td-excerpt\">\r\n                    \r\nJulien Malizard a particip\u00e9 \u00e0 l&#039;\u00e9dition 2025 des Journ\u00e9es de l\u2019\u00e9conomie (JECO) organis\u00e9es \u00e0 Lyon du 4 au 6 novembre\r\n\r\nJulien Malizard est intervenu dans le cadre de la table ronde \u00ab \u00c0 quoi ressemble une \u00e9conomie de guerre ? \u00bb, aux c\u00f4t\u00e9s de S\u00e9bastien Jean (professeur au CNAM et...                <\/div>\r\n\r\n                <div class=\"td-read-more\">\r\n                    <a href=\"https:\/\/ecodef-ihedn.fr\/en\/participation-de-julien-malizard-aux-journees-de-leconomie-2025-jeco\/\">Lire la suite<\/a>\r\n                <\/div>\r\n            <\/div>\r\n\r\n        <\/div>\r\n\r\n        \n\t<\/div> <!-- .\/td-block-span12 -->\n\n\t<div class=\"td-block-span12\">\n\r\n        <div class=\"td_module_11 td_module_wrap td-animation-stack\">\r\n            <div class=\"td-module-thumb\"><a href=\"https:\/\/ecodef-ihedn.fr\/en\/participation-deva-szego-a-la-journee-pme-eti-de-defense-de-souverainete-comment-financer-la-croissance-paris-ecole-militaire\/\"  rel=\"bookmark\" class=\"td-image-wrap \" title=\"Participation d&rsquo;Eva Szego \u00e0 la journ\u00e9e \u00ab PME &#038; ETI de d\u00e9fense &#038; de souverainet\u00e9 \u2013 comment financer la croissance ? \u00bb (Paris, \u00c9cole militaire)\" ><img loading=\"lazy\" decoding=\"async\" class=\"entry-thumb\" src=\"data:image\/png;base64,iVBORw0KGgoAAAANSUhEUgAAAUQAAADrAQMAAAArGX0KAAAAA1BMVEWurq51dlI4AAAAAXRSTlMmkutdmwAAACBJREFUaN7twTEBAAAAwiD7pzbEXmAAAAAAAAAAAACQHSaOAAGSp1GBAAAAAElFTkSuQmCC\" alt=\"\" title=\"Participation d&rsquo;Eva Szego \u00e0 la journ\u00e9e \u00ab PME &#038; ETI de d\u00e9fense &#038; de souverainet\u00e9 \u2013 comment financer la croissance ? \u00bb (Paris, \u00c9cole militaire)\" data-type=\"image_tag\" data-img-url=\"https:\/\/ecodef-ihedn.fr\/wp-content\/uploads\/2025\/07\/1750947113431-324x235.jpg\" data-img-retina-url=\"https:\/\/ecodef-ihedn.fr\/wp-content\/uploads\/2025\/07\/1750947113431-648x470.jpg\" width=\"324\" height=\"235\" \/><\/a><\/div>\r\n            <div class=\"item-details\">\r\n                <h3 class=\"entry-title td-module-title\"><a href=\"https:\/\/ecodef-ihedn.fr\/en\/participation-deva-szego-a-la-journee-pme-eti-de-defense-de-souverainete-comment-financer-la-croissance-paris-ecole-militaire\/\"  rel=\"bookmark\" title=\"Participation d&rsquo;Eva Szego \u00e0 la journ\u00e9e \u00ab PME &#038; ETI de d\u00e9fense &#038; de souverainet\u00e9 \u2013 comment financer la croissance ? \u00bb (Paris, \u00c9cole militaire)\">Participation d&rsquo;Eva Szego \u00e0 la journ\u00e9e \u00ab PME &#038; ETI de d\u00e9fense &#038; de...<\/a><\/h3>\r\n                <div class=\"td-module-meta-info\">\r\n                                        <span class=\"td-post-author-name\"><a href=\"https:\/\/ecodef-ihedn.fr\/en\/author\/bertrand\/\">Bertrand Demandre<\/a> <span>-<\/span> <\/span>                    <span class=\"td-post-date\"><time class=\"entry-date updated td-module-date\" datetime=\"2025-07-11T09:06:18+00:00\" >11 July 2025<\/time><\/span>                    <span class=\"td-module-comments\"><a href=\"https:\/\/ecodef-ihedn.fr\/en\/participation-deva-szego-a-la-journee-pme-eti-de-defense-de-souverainete-comment-financer-la-croissance-paris-ecole-militaire\/#respond\">0<\/a><\/span>                <\/div>\r\n\r\n                <div class=\"td-excerpt\">\r\n                    \r\nEva Szego, chercheuse \u00e0 la Chaire, a particip\u00e9 \u00e0 la journ\u00e9e &quot;PME &amp; ETI de d\u00e9fense &amp; de souverainet\u00e9 \u2013 comment financer la croissance ?&quot;, organis\u00e9e le 3 juillet 2025 \u00e0 l\u2019\u00c9cole militaire par Allinvest et le cabinet FONTAINE AVOCATS\r\n\r\nEva Szego est intervenue dans le cadre de la table...                <\/div>\r\n\r\n                <div class=\"td-read-more\">\r\n                    <a href=\"https:\/\/ecodef-ihedn.fr\/en\/participation-deva-szego-a-la-journee-pme-eti-de-defense-de-souverainete-comment-financer-la-croissance-paris-ecole-militaire\/\">Lire la suite<\/a>\r\n                <\/div>\r\n            <\/div>\r\n\r\n        <\/div>\r\n\r\n        \n\t<\/div> <!-- .\/td-block-span12 -->\n\n\t<div class=\"td-block-span12\">\n\r\n        <div class=\"td_module_11 td_module_wrap td-animation-stack\">\r\n            <div class=\"td-module-thumb\"><a href=\"https:\/\/ecodef-ihedn.fr\/en\/participation-de-la-chaire-a-lices-2025-belfast-irlande-du-nord\/\"  rel=\"bookmark\" class=\"td-image-wrap \" title=\"Participation de la Chaire \u00e0 l&rsquo;ICES 2025 (Belfast, Irlande du Nord)\" ><img loading=\"lazy\" decoding=\"async\" class=\"entry-thumb\" src=\"data:image\/png;base64,iVBORw0KGgoAAAANSUhEUgAAAUQAAADrAQMAAAArGX0KAAAAA1BMVEWurq51dlI4AAAAAXRSTlMmkutdmwAAACBJREFUaN7twTEBAAAAwiD7pzbEXmAAAAAAAAAAAACQHSaOAAGSp1GBAAAAAElFTkSuQmCC\" alt=\"\" title=\"Participation de la Chaire \u00e0 l&rsquo;ICES 2025 (Belfast, Irlande du Nord)\" data-type=\"image_tag\" data-img-url=\"https:\/\/ecodef-ihedn.fr\/wp-content\/uploads\/2025\/07\/picture_1-7-5-324x235.jpg\" data-img-retina-url=\"https:\/\/ecodef-ihedn.fr\/wp-content\/uploads\/2025\/07\/picture_1-7-5-648x470.jpg\" width=\"324\" height=\"235\" \/><\/a><\/div>\r\n            <div class=\"item-details\">\r\n                <h3 class=\"entry-title td-module-title\"><a href=\"https:\/\/ecodef-ihedn.fr\/en\/participation-de-la-chaire-a-lices-2025-belfast-irlande-du-nord\/\"  rel=\"bookmark\" title=\"Participation de la Chaire \u00e0 l&rsquo;ICES 2025 (Belfast, Irlande du Nord)\">Participation de la Chaire \u00e0 l&rsquo;ICES 2025 (Belfast, Irlande du Nord)<\/a><\/h3>\r\n                <div class=\"td-module-meta-info\">\r\n                                        <span class=\"td-post-author-name\"><a href=\"https:\/\/ecodef-ihedn.fr\/en\/author\/bertrand\/\">Bertrand Demandre<\/a> <span>-<\/span> <\/span>                    <span class=\"td-post-date\"><time class=\"entry-date updated td-module-date\" datetime=\"2025-07-10T15:52:10+00:00\" >10 July 2025<\/time><\/span>                    <span class=\"td-module-comments\"><a href=\"https:\/\/ecodef-ihedn.fr\/en\/participation-de-la-chaire-a-lices-2025-belfast-irlande-du-nord\/#respond\">0<\/a><\/span>                <\/div>\r\n\r\n                <div class=\"td-excerpt\">\r\n                    \r\nJulien Malizard,\u00a0Josselin Droff et Eva Szego, chercheurs \u00e0 la Chaire, ont particip\u00e9 \u00e0 la 28th International conference on economics and security (ICES 2025), organis\u00e9e du 25 au 27 juin 2025 \u00e0 Belfast (Irlande du Nord)\r\nDepuis 30 ans, cette conf\u00e9rence annuelle internationale offre l\u2019opportunit\u00e9 aux \u00e9conomistes, chercheurs en science politique...                <\/div>\r\n\r\n                <div class=\"td-read-more\">\r\n                    <a href=\"https:\/\/ecodef-ihedn.fr\/en\/participation-de-la-chaire-a-lices-2025-belfast-irlande-du-nord\/\">Lire la suite<\/a>\r\n                <\/div>\r\n            <\/div>\r\n\r\n        <\/div>\r\n\r\n        \n\t<\/div> <!-- .\/td-block-span12 -->\n\n\t<div class=\"td-block-span12\">\n\r\n        <div class=\"td_module_11 td_module_wrap td-animation-stack\">\r\n            <div class=\"td-module-thumb\"><a href=\"https:\/\/ecodef-ihedn.fr\/en\/participation-de-jean-belin-et-josselin-droff-au-copda-massy-27-novembre-2024\/\"  rel=\"bookmark\" class=\"td-image-wrap \" title=\"Participation de Jean Belin et Josselin Droff au CoPDA (Massy, 27 novembre 2024)\" ><img loading=\"lazy\" decoding=\"async\" class=\"entry-thumb\" src=\"data:image\/png;base64,iVBORw0KGgoAAAANSUhEUgAAAUQAAADrAQMAAAArGX0KAAAAA1BMVEWurq51dlI4AAAAAXRSTlMmkutdmwAAACBJREFUaN7twTEBAAAAwiD7pzbEXmAAAAAAAAAAAACQHSaOAAGSp1GBAAAAAElFTkSuQmCC\" alt=\"\" title=\"Participation de Jean Belin et Josselin Droff au CoPDA (Massy, 27 novembre 2024)\" data-type=\"image_tag\" data-img-url=\"https:\/\/ecodef-ihedn.fr\/wp-content\/uploads\/2023\/11\/visuel-RS-324x235.png\" data-img-retina-url=\"https:\/\/ecodef-ihedn.fr\/wp-content\/uploads\/2023\/11\/visuel-RS-648x470.png\" width=\"324\" height=\"235\" \/><\/a><\/div>\r\n            <div class=\"item-details\">\r\n                <h3 class=\"entry-title td-module-title\"><a href=\"https:\/\/ecodef-ihedn.fr\/en\/participation-de-jean-belin-et-josselin-droff-au-copda-massy-27-novembre-2024\/\"  rel=\"bookmark\" title=\"Participation de Jean Belin et Josselin Droff au CoPDA (Massy, 27 novembre 2024)\">Participation de Jean Belin et Josselin Droff au CoPDA (Massy, 27 novembre 2024)<\/a><\/h3>\r\n                <div class=\"td-module-meta-info\">\r\n                                        <span class=\"td-post-author-name\"><a href=\"https:\/\/ecodef-ihedn.fr\/en\/author\/bertrand\/\">Bertrand Demandre<\/a> <span>-<\/span> <\/span>                    <span class=\"td-post-date\"><time class=\"entry-date updated td-module-date\" datetime=\"2024-11-29T20:56:49+00:00\" >29 November 2024<\/time><\/span>                    <span class=\"td-module-comments\"><a href=\"https:\/\/ecodef-ihedn.fr\/en\/participation-de-jean-belin-et-josselin-droff-au-copda-massy-27-novembre-2024\/#respond\">0<\/a><\/span>                <\/div>\r\n\r\n                <div class=\"td-excerpt\">\r\n                    \r\nJean Belin et Josselin Droff ont particip\u00e9 le 27 novembre 2024 au Cours de Perfectionnement D\u00e9fense et A\u00e9rospatial (CopDa), organis\u00e9 \u00e0 Massy (Safran University) par la Chaire D\u00e9fense &amp; A\u00e9rospatial, pilot\u00e9e par le g\u00e9n\u00e9ral (2S) Laurent.\r\nLa Chaire participe depuis 6 ans \u00e0 cet \u00e9v\u00e9nement, qui est l\u2019occasion de pr\u00e9senter...                <\/div>\r\n\r\n                <div class=\"td-read-more\">\r\n                    <a href=\"https:\/\/ecodef-ihedn.fr\/en\/participation-de-jean-belin-et-josselin-droff-au-copda-massy-27-novembre-2024\/\">Lire la suite<\/a>\r\n                <\/div>\r\n            <\/div>\r\n\r\n        <\/div>\r\n\r\n        \n\t<\/div> <!-- .\/td-block-span12 -->\n\n\t<div class=\"td-block-span12\">\n\r\n        <div class=\"td_module_11 td_module_wrap td-animation-stack\">\r\n            <div class=\"td-module-thumb\"><a href=\"https:\/\/ecodef-ihedn.fr\/en\/intervention-de-julien-malizard-aux-rencontres-strategiques-de-la-mediterranee-toulon-9-octobre-2024\/\"  rel=\"bookmark\" class=\"td-image-wrap \" title=\"Intervention de Julien Malizard aux \u00ab\u00a0Rencontres strat\u00e9giques de la m\u00e9diterran\u00e9e\u00a0\u00bb (Toulon, 9 octobre 2024)\" ><img loading=\"lazy\" decoding=\"async\" class=\"entry-thumb\" src=\"data:image\/png;base64,iVBORw0KGgoAAAANSUhEUgAAAUQAAADrAQMAAAArGX0KAAAAA1BMVEWurq51dlI4AAAAAXRSTlMmkutdmwAAACBJREFUaN7twTEBAAAAwiD7pzbEXmAAAAAAAAAAAACQHSaOAAGSp1GBAAAAAElFTkSuQmCC\" alt=\"\" title=\"Intervention de Julien Malizard aux \u00ab\u00a0Rencontres strat\u00e9giques de la m\u00e9diterran\u00e9e\u00a0\u00bb (Toulon, 9 octobre 2024)\" data-type=\"image_tag\" data-img-url=\"https:\/\/ecodef-ihedn.fr\/wp-content\/uploads\/2025\/02\/RSM-FMES-2024-324x235.jpg\" data-img-retina-url=\"https:\/\/ecodef-ihedn.fr\/wp-content\/uploads\/2025\/02\/RSM-FMES-2024-648x470.jpg\" width=\"324\" height=\"235\" \/><\/a><\/div>\r\n            <div class=\"item-details\">\r\n                <h3 class=\"entry-title td-module-title\"><a href=\"https:\/\/ecodef-ihedn.fr\/en\/intervention-de-julien-malizard-aux-rencontres-strategiques-de-la-mediterranee-toulon-9-octobre-2024\/\"  rel=\"bookmark\" title=\"Intervention de Julien Malizard aux \u00ab\u00a0Rencontres strat\u00e9giques de la m\u00e9diterran\u00e9e\u00a0\u00bb (Toulon, 9 octobre 2024)\">Intervention de Julien Malizard aux \u00ab\u00a0Rencontres strat\u00e9giques de la m\u00e9diterran\u00e9e\u00a0\u00bb (Toulon, 9 octobre 2024)<\/a><\/h3>\r\n                <div class=\"td-module-meta-info\">\r\n                                        <span class=\"td-post-author-name\"><a href=\"https:\/\/ecodef-ihedn.fr\/en\/author\/bertrand\/\">Bertrand Demandre<\/a> <span>-<\/span> <\/span>                    <span class=\"td-post-date\"><time class=\"entry-date updated td-module-date\" datetime=\"2024-11-12T18:27:26+00:00\" >12 November 2024<\/time><\/span>                    <span class=\"td-module-comments\"><a href=\"https:\/\/ecodef-ihedn.fr\/en\/intervention-de-julien-malizard-aux-rencontres-strategiques-de-la-mediterranee-toulon-9-octobre-2024\/#respond\">0<\/a><\/span>                <\/div>\r\n\r\n                <div class=\"td-excerpt\">\r\n                    \r\n\r\nJulien Malizard est intervenu le mercredi 9 octobre 2024 lors de la 3\u00e8me \u00e9dition des Rencontres strat\u00e9giques de la m\u00e9diterran\u00e9e, organis\u00e9es \u00e0 Toulon par la Fondation m\u00e9diterran\u00e9enne d\u2019\u00e9tudes strat\u00e9giques (FMES).\r\nIl a particip\u00e9, avec Alexis d\u2019Aboville (ArianeGroup) et Beno\u00eet Rademacher (IRSEM), \u00e0 la table ronde &quot;\u00e9conomie de guerre et r\u00e9industrialisation...                <\/div>\r\n\r\n                <div class=\"td-read-more\">\r\n                    <a href=\"https:\/\/ecodef-ihedn.fr\/en\/intervention-de-julien-malizard-aux-rencontres-strategiques-de-la-mediterranee-toulon-9-octobre-2024\/\">Lire la suite<\/a>\r\n                <\/div>\r\n            <\/div>\r\n\r\n        <\/div>\r\n\r\n        \n\t<\/div> <!-- .\/td-block-span12 --><\/div><div class=\"td_ajax_infinite\" id=\"next-page-tdi_16\" data-td_block_id=\"tdi_16\"> <\/div><div class=\"td-load-more-wrap td-load-more-infinite-wrap\" id=\"infinite-lm-tdi_16\"><a href=\"#\" class=\"td_ajax_load_more td_ajax_load_more_js\" aria-label=\"Voir plus\" id=\"next-page-tdi_16\" data-td_block_id=\"tdi_16\">Voir plus<i class=\"td-icon-font td-icon-menu-down\"><\/i><\/a><\/div><\/div> <!-- .\/block --><\/div><\/div><\/div><\/div><\/div><\/div>","protected":false},"excerpt":{"rendered":"","protected":false},"author":1,"featured_media":564,"parent":0,"menu_order":0,"comment_status":"closed","ping_status":"closed","template":"","meta":{"footnotes":""},"class_list":["post-535","page","type-page","status-publish","has-post-thumbnail"],"yoast_head":"<!-- This site is optimized with the Yoast SEO plugin v27.4 - https:\/\/yoast.com\/product\/yoast-seo-wordpress\/ -->\n<title>Participations - Chaire \u00c9conomie de d\u00e9fense - IHEDN<\/title>\n<meta name=\"robots\" content=\"index, follow, max-snippet:-1, max-image-preview:large, max-video-preview:-1\" \/>\n<link rel=\"canonical\" href=\"https:\/\/ecodef-ihedn.fr\/en\/participations\/\" \/>\n<meta property=\"og:locale\" content=\"en_GB\" \/>\n<meta property=\"og:type\" content=\"article\" \/>\n<meta property=\"og:title\" content=\"Participations - Chaire \u00c9conomie de d\u00e9fense - IHEDN\" \/>\n<meta property=\"og:url\" content=\"https:\/\/ecodef-ihedn.fr\/en\/participations\/\" \/>\n<meta property=\"og:site_name\" content=\"Chaire \u00c9conomie de d\u00e9fense - IHEDN\" \/>\n<meta property=\"article:modified_time\" content=\"2022-07-05T08:57:45+00:00\" \/>\n<meta property=\"og:image\" content=\"https:\/\/ecodef-ihedn.fr\/wp-content\/uploads\/2020\/02\/ecole-militaire-paris-1.jpg\" \/>\n\t<meta property=\"og:image:width\" content=\"755\" \/>\n\t<meta property=\"og:image:height\" content=\"414\" \/>\n\t<meta property=\"og:image:type\" content=\"image\/jpeg\" \/>\n<meta name=\"twitter:card\" content=\"summary_large_image\" \/>\n<meta name=\"twitter:site\" content=\"@Chaire_Ecodef\" \/>\n<script type=\"application\/ld+json\" class=\"yoast-schema-graph\">{\"@context\":\"https:\\\/\\\/schema.org\",\"@graph\":[{\"@type\":\"WebPage\",\"@id\":\"https:\\\/\\\/ecodef-ihedn.fr\\\/participations\\\/\",\"url\":\"https:\\\/\\\/ecodef-ihedn.fr\\\/participations\\\/\",\"name\":\"Participations - Chaire \u00c9conomie de d\u00e9fense - IHEDN\",\"isPartOf\":{\"@id\":\"https:\\\/\\\/ecodef-ihedn.fr\\\/#website\"},\"primaryImageOfPage\":{\"@id\":\"https:\\\/\\\/ecodef-ihedn.fr\\\/participations\\\/#primaryimage\"},\"image\":{\"@id\":\"https:\\\/\\\/ecodef-ihedn.fr\\\/participations\\\/#primaryimage\"},\"thumbnailUrl\":\"https:\\\/\\\/ecodef-ihedn.fr\\\/wp-content\\\/uploads\\\/2020\\\/02\\\/ecole-militaire-paris-1.jpg\",\"datePublished\":\"2020-02-21T15:39:37+00:00\",\"dateModified\":\"2022-07-05T08:57:45+00:00\",\"breadcrumb\":{\"@id\":\"https:\\\/\\\/ecodef-ihedn.fr\\\/participations\\\/#breadcrumb\"},\"inLanguage\":\"en-GB\",\"potentialAction\":[{\"@type\":\"ReadAction\",\"target\":[\"https:\\\/\\\/ecodef-ihedn.fr\\\/participations\\\/\"]}]},{\"@type\":\"ImageObject\",\"inLanguage\":\"en-GB\",\"@id\":\"https:\\\/\\\/ecodef-ihedn.fr\\\/participations\\\/#primaryimage\",\"url\":\"https:\\\/\\\/ecodef-ihedn.fr\\\/wp-content\\\/uploads\\\/2020\\\/02\\\/ecole-militaire-paris-1.jpg\",\"contentUrl\":\"https:\\\/\\\/ecodef-ihedn.fr\\\/wp-content\\\/uploads\\\/2020\\\/02\\\/ecole-militaire-paris-1.jpg\",\"width\":755,\"height\":414},{\"@type\":\"BreadcrumbList\",\"@id\":\"https:\\\/\\\/ecodef-ihedn.fr\\\/participations\\\/#breadcrumb\",\"itemListElement\":[{\"@type\":\"ListItem\",\"position\":1,\"name\":\"Accueil\",\"item\":\"https:\\\/\\\/ecodef-ihedn.fr\\\/\"},{\"@type\":\"ListItem\",\"position\":2,\"name\":\"Participations\"}]},{\"@type\":\"WebSite\",\"@id\":\"https:\\\/\\\/ecodef-ihedn.fr\\\/#website\",\"url\":\"https:\\\/\\\/ecodef-ihedn.fr\\\/\",\"name\":\"Chaire \u00c9conomie de D\u00e9fense - IHEDN\",\"description\":\"Produire &amp; soutenir, f\u00e9d\u00e9rer &amp; diffuser, \u00eatre une interface\",\"publisher\":{\"@id\":\"https:\\\/\\\/ecodef-ihedn.fr\\\/#organization\"},\"potentialAction\":[{\"@type\":\"SearchAction\",\"target\":{\"@type\":\"EntryPoint\",\"urlTemplate\":\"https:\\\/\\\/ecodef-ihedn.fr\\\/?s={search_term_string}\"},\"query-input\":{\"@type\":\"PropertyValueSpecification\",\"valueRequired\":true,\"valueName\":\"search_term_string\"}}],\"inLanguage\":\"en-GB\"},{\"@type\":\"Organization\",\"@id\":\"https:\\\/\\\/ecodef-ihedn.fr\\\/#organization\",\"name\":\"Chaire \u00c9conomie de d\u00e9fense - IHEDN\",\"url\":\"https:\\\/\\\/ecodef-ihedn.fr\\\/\",\"logo\":{\"@type\":\"ImageObject\",\"inLanguage\":\"en-GB\",\"@id\":\"https:\\\/\\\/ecodef-ihedn.fr\\\/#\\\/schema\\\/logo\\\/image\\\/\",\"url\":\"https:\\\/\\\/ecodef-ihedn.fr\\\/wp-content\\\/uploads\\\/2020\\\/04\\\/logoEcodef9.jpg\",\"contentUrl\":\"https:\\\/\\\/ecodef-ihedn.fr\\\/wp-content\\\/uploads\\\/2020\\\/04\\\/logoEcodef9.jpg\",\"width\":410,\"height\":212,\"caption\":\"Chaire \u00c9conomie de d\u00e9fense - IHEDN\"},\"image\":{\"@id\":\"https:\\\/\\\/ecodef-ihedn.fr\\\/#\\\/schema\\\/logo\\\/image\\\/\"},\"sameAs\":[\"https:\\\/\\\/x.com\\\/Chaire_Ecodef\",\"https:\\\/\\\/www.linkedin.com\\\/company\\\/chaire-ecodef-ihedn\\\/\"]}]}<\/script>\n<!-- \/ Yoast SEO plugin. -->","yoast_head_json":{"title":"Participations - Chaire \u00c9conomie de d\u00e9fense - IHEDN","robots":{"index":"index","follow":"follow","max-snippet":"max-snippet:-1","max-image-preview":"max-image-preview:large","max-video-preview":"max-video-preview:-1"},"canonical":"https:\/\/ecodef-ihedn.fr\/en\/participations\/","og_locale":"en_GB","og_type":"article","og_title":"Participations - Chaire \u00c9conomie de d\u00e9fense - IHEDN","og_url":"https:\/\/ecodef-ihedn.fr\/en\/participations\/","og_site_name":"Chaire \u00c9conomie de d\u00e9fense - IHEDN","article_modified_time":"2022-07-05T08:57:45+00:00","og_image":[{"width":755,"height":414,"url":"https:\/\/ecodef-ihedn.fr\/wp-content\/uploads\/2020\/02\/ecole-militaire-paris-1.jpg","type":"image\/jpeg"}],"twitter_card":"summary_large_image","twitter_site":"@Chaire_Ecodef","schema":{"@context":"https:\/\/schema.org","@graph":[{"@type":"WebPage","@id":"https:\/\/ecodef-ihedn.fr\/participations\/","url":"https:\/\/ecodef-ihedn.fr\/participations\/","name":"Participations - Chaire \u00c9conomie de d\u00e9fense - IHEDN","isPartOf":{"@id":"https:\/\/ecodef-ihedn.fr\/#website"},"primaryImageOfPage":{"@id":"https:\/\/ecodef-ihedn.fr\/participations\/#primaryimage"},"image":{"@id":"https:\/\/ecodef-ihedn.fr\/participations\/#primaryimage"},"thumbnailUrl":"https:\/\/ecodef-ihedn.fr\/wp-content\/uploads\/2020\/02\/ecole-militaire-paris-1.jpg","datePublished":"2020-02-21T15:39:37+00:00","dateModified":"2022-07-05T08:57:45+00:00","breadcrumb":{"@id":"https:\/\/ecodef-ihedn.fr\/participations\/#breadcrumb"},"inLanguage":"en-GB","potentialAction":[{"@type":"ReadAction","target":["https:\/\/ecodef-ihedn.fr\/participations\/"]}]},{"@type":"ImageObject","inLanguage":"en-GB","@id":"https:\/\/ecodef-ihedn.fr\/participations\/#primaryimage","url":"https:\/\/ecodef-ihedn.fr\/wp-content\/uploads\/2020\/02\/ecole-militaire-paris-1.jpg","contentUrl":"https:\/\/ecodef-ihedn.fr\/wp-content\/uploads\/2020\/02\/ecole-militaire-paris-1.jpg","width":755,"height":414},{"@type":"BreadcrumbList","@id":"https:\/\/ecodef-ihedn.fr\/participations\/#breadcrumb","itemListElement":[{"@type":"ListItem","position":1,"name":"Accueil","item":"https:\/\/ecodef-ihedn.fr\/"},{"@type":"ListItem","position":2,"name":"Participations"}]},{"@type":"WebSite","@id":"https:\/\/ecodef-ihedn.fr\/#website","url":"https:\/\/ecodef-ihedn.fr\/","name":"Chair in Defence Economics - IHEDN","description":"Produce &amp; support, federate &amp; disseminate, act as an interface","publisher":{"@id":"https:\/\/ecodef-ihedn.fr\/#organization"},"potentialAction":[{"@type":"SearchAction","target":{"@type":"EntryPoint","urlTemplate":"https:\/\/ecodef-ihedn.fr\/?s={search_term_string}"},"query-input":{"@type":"PropertyValueSpecification","valueRequired":true,"valueName":"search_term_string"}}],"inLanguage":"en-GB"},{"@type":"Organization","@id":"https:\/\/ecodef-ihedn.fr\/#organization","name":"Chair in Defence Economics - IHEDN","url":"https:\/\/ecodef-ihedn.fr\/","logo":{"@type":"ImageObject","inLanguage":"en-GB","@id":"https:\/\/ecodef-ihedn.fr\/#\/schema\/logo\/image\/","url":"https:\/\/ecodef-ihedn.fr\/wp-content\/uploads\/2020\/04\/logoEcodef9.jpg","contentUrl":"https:\/\/ecodef-ihedn.fr\/wp-content\/uploads\/2020\/04\/logoEcodef9.jpg","width":410,"height":212,"caption":"Chaire \u00c9conomie de d\u00e9fense - IHEDN"},"image":{"@id":"https:\/\/ecodef-ihedn.fr\/#\/schema\/logo\/image\/"},"sameAs":["https:\/\/x.com\/Chaire_Ecodef","https:\/\/www.linkedin.com\/company\/chaire-ecodef-ihedn\/"]}]}},"_links":{"self":[{"href":"https:\/\/ecodef-ihedn.fr\/en\/wp-json\/wp\/v2\/pages\/535","targetHints":{"allow":["GET"]}}],"collection":[{"href":"https:\/\/ecodef-ihedn.fr\/en\/wp-json\/wp\/v2\/pages"}],"about":[{"href":"https:\/\/ecodef-ihedn.fr\/en\/wp-json\/wp\/v2\/types\/page"}],"author":[{"embeddable":true,"href":"https:\/\/ecodef-ihedn.fr\/en\/wp-json\/wp\/v2\/users\/1"}],"replies":[{"embeddable":true,"href":"https:\/\/ecodef-ihedn.fr\/en\/wp-json\/wp\/v2\/comments?post=535"}],"version-history":[{"count":5,"href":"https:\/\/ecodef-ihedn.fr\/en\/wp-json\/wp\/v2\/pages\/535\/revisions"}],"predecessor-version":[{"id":3278,"href":"https:\/\/ecodef-ihedn.fr\/en\/wp-json\/wp\/v2\/pages\/535\/revisions\/3278"}],"wp:featuredmedia":[{"embeddable":true,"href":"https:\/\/ecodef-ihedn.fr\/en\/wp-json\/wp\/v2\/media\/564"}],"wp:attachment":[{"href":"https:\/\/ecodef-ihedn.fr\/en\/wp-json\/wp\/v2\/media?parent=535"}],"curies":[{"name":"wp","href":"https:\/\/api.w.org\/{rel}","templated":true}]}}