{"id":767,"date":"2020-04-03T11:12:18","date_gmt":"2020-04-03T11:12:18","guid":{"rendered":"https:\/\/ecodef-ihedn.fr\/maintien-condition-operationnelle-copy-2\/"},"modified":"2021-04-20T14:22:30","modified_gmt":"2021-04-20T14:22:30","slug":"depense-de-defense","status":"publish","type":"page","link":"https:\/\/ecodef-ihedn.fr\/en\/thematiques\/depense-de-defense\/","title":{"rendered":"D\u00e9pense de d\u00e9fense"},"content":{"rendered":"<div id=\"tdi_1\" class=\"tdc-zone\"><div class=\"tdc_zone tdi_2  wpb_row td-pb-row\"  >\n<style scoped>\n\/* custom css - generated by TagDiv Composer *\/\n\n\/* custom css - generated by TagDiv Composer *\/\n.tdi_2{\r\n                    min-height: 0;\r\n                }\n<\/style><div id=\"tdi_3\" class=\"tdc-row\"><div class=\"vc_row tdi_4  wpb_row td-pb-row\" >\n<style scoped>\n\/* custom css - generated by TagDiv Composer *\/\n\n\/* custom css - generated by TagDiv Composer *\/\n.tdi_4,\r\n                .tdi_4 .tdc-columns{\r\n                    min-height: 0;\r\n                }.tdi_4,\r\n\t\t\t\t.tdi_4 .tdc-columns{\r\n\t\t\t\t    display: block;\r\n\t\t\t\t}.tdi_4 .tdc-columns{\r\n\t\t\t\t    width: 100%;\r\n\t\t\t\t}.tdi_4:before,\r\n\t\t\t\t.tdi_4:after{\r\n\t\t\t\t    display: table;\r\n\t\t\t\t}\n<\/style><div class=\"vc_column tdi_6  wpb_column vc_column_container tdc-column td-pb-span12\">\n<style scoped>\n\/* custom css - generated by TagDiv Composer *\/\n\n\/* custom css - generated by TagDiv Composer *\/\n.tdi_6{\r\n                    vertical-align: baseline;\r\n                }.tdi_6 > .wpb_wrapper,\r\n\t\t\t\t.tdi_6 > .wpb_wrapper > .tdc-elements{\r\n\t\t\t\t    display: block;\r\n\t\t\t\t}.tdi_6 > .wpb_wrapper > .tdc-elements{\r\n\t\t\t\t    width: 100%;\r\n\t\t\t\t}.tdi_6 > .wpb_wrapper > .vc_row_inner{\r\n\t\t\t\t    width: auto;\r\n\t\t\t\t}.tdi_6 > .wpb_wrapper{\r\n\t\t\t\t    width: auto;\r\n\t\t\t\t    height: auto;\r\n\t\t\t\t}\n<\/style><div class=\"wpb_wrapper\" ><div class=\"vc_row_inner tdi_8  vc_row vc_inner wpb_row td-pb-row\" >\n<style scoped>\n\/* custom css - generated by TagDiv Composer *\/\n\n\/* custom css - generated by TagDiv Composer *\/\n.tdi_8{\r\n                    position: relative !important;\r\n                    top: 0;\r\n                    transform: none;\r\n                    -webkit-transform: none;\r\n                }.tdi_8,\r\n\t\t\t\t.tdi_8 .tdc-inner-columns{\r\n\t\t\t\t    display: block;\r\n\t\t\t\t}.tdi_8 .tdc-inner-columns{\r\n\t\t\t\t    width: 100%;\r\n\t\t\t\t}\n<\/style><div class=\"vc_column_inner tdi_10  wpb_column vc_column_container tdc-inner-column td-pb-span12\">\n<style scoped>\n\/* custom css - generated by TagDiv Composer *\/\n\n\/* custom css - generated by TagDiv Composer *\/\n.tdi_10{\r\n                    vertical-align: baseline;\r\n                }.tdi_10 .vc_column-inner > .wpb_wrapper,\r\n\t\t\t\t.tdi_10 .vc_column-inner > .wpb_wrapper .tdc-elements{\r\n\t\t\t\t    display: block;\r\n\t\t\t\t}.tdi_10 .vc_column-inner > .wpb_wrapper .tdc-elements{\r\n\t\t\t\t    width: 100%;\r\n\t\t\t\t}\n<\/style><div class=\"vc_column-inner\"><div class=\"wpb_wrapper\" ><div class=\"td_block_wrap td_block_text_with_title tdi_11 tagdiv-type td-pb-border-top texte-cache td_block_template_5\"  data-td-block-uid=\"tdi_11\" >\n<style>\n.td_block_template_5 .td-block-title {\r\n                font-size: 16px;\r\n                font-weight: 500;\r\n                margin-top: 0;\r\n                margin-bottom: 26px;\r\n                line-height: 25px;\r\n                color: var(--td_text_header_color, #000);\r\n                text-align: left;\r\n            }\r\n            .td_block_template_5 .td-block-title > * {\r\n                padding: 0 12px;\r\n                border-width: 0 0 0 4px;\r\n                border-style: solid;\r\n                border-color: var(--td_header_color, var(--td_theme_color, #4db2ec));\r\n            }\r\n            .td_block_template_5 .td-subcat-filter,\r\n            .td_block_template_5 .td-subcat-dropdown {\r\n                line-height: 25px;\r\n            }\r\n            @media (max-width: 767px) {\r\n                .td_block_template_5 .td-related-title a {\r\n                    font-size: 15px;\r\n                }\r\n            }\r\n            .td_block_template_5 .td-related-title:last-child {\r\n                border: none;\r\n            }\r\n            .td_block_template_5 .td-related-title .td-cur-simple-item {\r\n                color: var(--td_theme_color, #4db2ec);\r\n            }\n\/* inline tdc_css att - generated by TagDiv Composer *\/\n\n.tdi_11{\nmargin-bottom:20px !important;\n}\n\n<\/style>\n<style>\n\/* custom css - generated by TagDiv Composer *\/\n.td_block_text_with_title{\r\n                  margin-bottom: 44px;\r\n                  -webkit-transform: translateZ(0);\r\n                  transform: translateZ(0);\r\n                }.td_block_text_with_title p:last-child{\r\n                  margin-bottom: 0;\r\n                }\n<\/style><div class=\"td-block-title-wrap\"><h4 class=\"td-block-title\"><span class=\"td-pulldown-size\">D\u00c9TERMINANTS ET IMPACTS DE LA D\u00c9PENSE DE D\u00c9FENSE<\/span><\/h4><\/div><div class=\"td_mod_wrap td-fix-index\"><p><strong>Opinion publique et d\u00e9terminants de la d\u00e9pense de d\u00e9fense en France<\/strong><\/p>\n<p>Les facteurs \u00e9conomiques jouent un r\u00f4le crucial dans l\u2019explication des d\u00e9penses militaires fran\u00e7aises. La sensibilit\u00e9 aux facteurs strat\u00e9giques (mesur\u00e9s par l\u2019appartenance \u00e0 une alliance ou les conflits dans le monde) est \u00e9galement \u00e0 souligner, m\u00eame s\u2019ils sont d\u2019une moindre mesure. Nous montrons en outre que les d\u00e9penses d\u2019\u00e9quipement ont une sensibilit\u00e9 plus grande aux contraintes budg\u00e9taires que les d\u00e9penses de fonctionnement.<\/p>\n<p>La DICoD publie des sondages d\u2019opinion sur la d\u00e9fense. Sur cette base, il est possible d\u2019\u00e9valuer la disposition \u00e0 payer des fran\u00e7ais pour la d\u00e9fense et d\u2019en expliciter ses d\u00e9terminants. Il appara\u00eet que les facteurs \u00e9conomiques et strat\u00e9giques sont cruciaux.<\/p>\n<p>Par ailleurs, il est possible d\u2019analyser la repr\u00e9sentation sociale de la d\u00e9fense et sa relation avec les allocations budg\u00e9taires des activit\u00e9s de d\u00e9fense (e.g. op\u00e9rations ext\u00e9rieures) notamment chez les \u00e9tudiants. Des r\u00e9sultats obtenus sur une population d\u2019\u00e9tudiants montrent que la repr\u00e9sentation sociale de la d\u00e9fense se structure autour des notions : \u00ab d\u2019arm\u00e9e \u00bb, de \u00ab protection \u00bb et de \u00ab s\u00e9curit\u00e9 \u00bb. Ces notions font directement r\u00e9f\u00e9rence \u00e0 la finalit\u00e9 des arm\u00e9es (cf. Ordonnance n\u00b059-147, janv. 1959). De plus, dans le cadre d\u2019une \u00e9ventuelle augmentation du budget de la d\u00e9fense, les \u00e9tudiants favoriseraient, en priorit\u00e9, le poste budg\u00e9taire concernant l\u2019innovation de d\u00e9fense (ayant des retomb\u00e9es civiles) \u00e0 d\u00e9faut de celui des op\u00e9rations ext\u00e9rieures et de la dissuasion nucl\u00e9aire (qui sont, pourtant, au centre de la strat\u00e9gie de d\u00e9fense de la France selon le Livre blanc de 2013 et la Revue strat\u00e9gique de 2017).<\/p>\n<p><strong>Impact \u00e9conomique de la d\u00e9pense de d\u00e9fense<\/strong><\/p>\n<p>\u00c0 partir d\u2019une \u00e9tude des effets des d\u00e9penses militaires sur l\u2019investissement priv\u00e9 en France, pour la p\u00e9riode allant de 1980 \u00e0 2010, nous montrons que les d\u00e9penses militaires \u00e9vincent l\u2019investissement priv\u00e9, un r\u00e9sultat commun\u00e9ment accept\u00e9 dans la litt\u00e9rature. Cependant en d\u00e9sagr\u00e9geant la d\u00e9pense de d\u00e9fense (fonctionnement et investissement), il appara\u00eet que les d\u00e9penses de fonctionnement \u00e9vincent l\u2019investissement priv\u00e9 mais les d\u00e9penses d\u2019\u00e9quipement le favorisent.<\/p>\n<p>En cons\u00e9quence, il y a une forme de compl\u00e9mentarit\u00e9 entre investissement priv\u00e9 et d\u00e9penses d\u2019\u00e9quipement de d\u00e9fense.<\/p>\n<p>En analysant l\u2019impact de la d\u00e9pense de d\u00e9fense sur l\u2019activit\u00e9 \u00e9conomique g\u00e9n\u00e9rale (PIB), il appara\u00eet \u00e9galement que les d\u00e9penses d\u2019\u00e9quipement de d\u00e9fense ont un effet positif sur le PIB alors que les d\u00e9penses de fonctionnement n\u2019ont pas d\u2019impact significatif de sorte que les d\u00e9penses d\u2019\u00e9quipement sont le vecteur principal d\u2019explication de retomb\u00e9es macro\u00e9conomiques positives. Une autre explication tient dans le caract\u00e8re central de la R&#038;D de d\u00e9fense dans le processus d\u2019innovation et dans les performances des entreprises de d\u00e9fense. Le SIPRI a lanc\u00e9 un travail m\u00e9thodologique sur ses donn\u00e9es relatives aux d\u00e9penses de d\u00e9fense. Elles ont servi \u00e0 une analyse sur les pays de l\u2019UE pour lesquels nous montrons que les effets sont diff\u00e9rents en fonction de leur capacit\u00e9 \u00e0 produire ou non des mat\u00e9riels militaires. Une synth\u00e8se des principaux r\u00e9sultats de la litt\u00e9rature montre, que pour de nombreux pays, l\u2019impact \u00e9conomique est positif.<\/p>\n<p>Enfin, des travaux sur l\u2019impact local des d\u00e9penses de d\u00e9fense ont \u00e9t\u00e9 men\u00e9s, notamment sur l\u2019impact de la r\u00e9organisation g\u00e9ographique des Arm\u00e9es \u00e0 partir de la fin des ann\u00e9es 2000. Ces r\u00e9organisations n\u2019ont pas \u00e9t\u00e9 sans cons\u00e9quences pour les territoires qui les subissaient, de sorte que le minist\u00e8re des Arm\u00e9es a accompagn\u00e9 financi\u00e8rement les zones les plus fragiles. Contrairement \u00e0 ce que mettait en avant une \u00e9tude de la Cour des comptes sur le sujet, les r\u00e9sultats sugg\u00e8rent une forme de coh\u00e9rence dans l\u2019attribution de la d\u00e9pense publique \u00e0 l\u2019\u00e9chelle d\u00e9partementale. En outre, les industries de d\u00e9fense ont \u00e9galement contribu\u00e9 \u00e0 compenser les pertes d\u2019emploi li\u00e9s \u00e0 la r\u00e9organisation des arm\u00e9es, notamment dans certains territoires particuli\u00e8rement fragilis\u00e9s sur le plan socio-\u00e9conomique.<\/p>\n<p><strong>Mesures des impacts \u00e9conomiques et m\u00e9thode<\/strong><\/p>\n<p>Dans le contexte actuel, d\u2019endettement public important, de contrainte budg\u00e9taire et de recherche d\u2019efficacit\u00e9 de la d\u00e9pense publique, aggrav\u00e9 encore davantage par la crise sanitaire, les \u00e9tudes concernant l\u2019impact \u00e9conomique de diff\u00e9rentes activit\u00e9s ou projets se multiplient. Ce sujet touche tous les types de d\u00e9pense (industrie automobile, culture, environnement, d\u00e9fense\u2026) et l\u2019ensemble des pays occidentaux.<\/p>\n<p>Pour cette raison, la Chaire a fait un bilan des m\u00e9thodes disponibles pour mesurer l\u2019impact \u00e9conomique de la d\u00e9fense, en pr\u00e9sentant \u00e0 chaque fois les avantages et limites de ces m\u00e9thodes (impact \u00e0 court terme avec mod\u00e8les Input Output, impact utilisant des donn\u00e9es par branches ou par secteurs, impact mobilisant des donn\u00e9es individuelles sur les entreprises ou impact \u00e0 long terme).<\/p>\n<p><strong>Exportations d\u2019armements <\/strong><\/p>\n<p>Dans le cadre de la conf\u00e9rence annuelle de la Chaire et de la premi\u00e8re newsletter, nous avons analys\u00e9 le r\u00f4le des facteurs \u00e9conomiques dans la position fran\u00e7aise concernant les exportations d\u2019armement.<\/p>\n<p>La croissance r\u00e9cente des exportations s\u2019explique, en effet, par des facteurs politiques et strat\u00e9giques mais aussi \u00e9conomiques, les trois facteurs \u00e9tant interd\u00e9pendants. La BITD est consid\u00e9r\u00e9e comme strat\u00e9gique et structurante pour l\u2019\u00e9conomie fran\u00e7aise. Les entreprises de d\u00e9fense repr\u00e9sentent une part importante de l\u2019investissement public, de la recherche ou des exportations.<\/p>\n<p>Elles emploient un nombre cons\u00e9quent de personnels qualifi\u00e9s et affichent de bonnes performances en termes de valeur ajout\u00e9e et d\u2019exportation. Les exportations permettent de desserrer certaines contraintes \u00e9conomiques (augmentation de co\u00fbts, baisse de la demande nationale sur longue p\u00e9riode, baisse des financements directs \u00e0 la R&#038;D d\u00e9fense\u2026) et d\u2019assurer ainsi \u00e0 la fois l\u2019autonomie strat\u00e9gique et budg\u00e9taire. Plus globalement, les exportations sont un enjeu d\u2019importance pour les pays qui poss\u00e8dent une BITD.<\/p>\n<p>D\u2019autres travaux ont consist\u00e9 \u00e0 \u00e9valuer les r\u00e9centes performances d\u2019exportations d\u2019armes par rapport aux exportations pass\u00e9es. Il appara\u00eet que la situation observ\u00e9e depuis 2012 n\u2019est pas particuli\u00e8rement exceptionnelle.<\/p>\n<p>Une autre analyse consiste \u00e0 \u00e9valuer le r\u00f4le des exportations d\u2019armes sur la stabilit\u00e9 des pays clients de la France. L\u2019hypoth\u00e8se est que la stabilit\u00e9 peut \u00eatre mesur\u00e9e par l\u2019intensit\u00e9 des conflits civils. Les r\u00e9sultats sugg\u00e8rent que les exportations fran\u00e7aises n\u2019ont pas d\u2019influence d\u00e9stabilisatrice sur l\u2019intensit\u00e9 des conflits au contraire des exportations d\u2019armes d\u2019autres pays. Deux analyses compl\u00e9mentaires permettent d\u2019expliquer ce r\u00e9sultat : la s\u00e9lection des clients par la France est s\u00e9rieuse et les armes export\u00e9es apparaissent comme plut\u00f4t d\u00e9fensives.<\/p>\n<\/div><\/div><div class=\"tdm_block td_block_wrap tdm_block_button tdi_12 tdm-block-button-inline tdm-content-horiz-left td-pb-border-top bouton-ouverture td_block_template_5\"  data-td-block-uid=\"tdi_12\"     >\n<style>\n\n\/* inline tdc_css att - generated by TagDiv Composer *\/\n\n.tdi_12{\npadding-top:0px !important;\npadding-right:0px !important;\npadding-bottom:0px !important;\npadding-left:0px !important;\n}\n\n<\/style>\n<style>\n\/* custom css - generated by TagDiv Composer *\/\n.tdm_block.tdm_block_button{\r\n                  margin-bottom: 0;\r\n                }.tdm_block.tdm_block_button .tds-button{\r\n                  line-height: 0;\r\n                }.tdm_block.tdm_block_button.tdm-block-button-inline{\r\n                  display: inline-block;\r\n                }.tdm_block.tdm_block_button.tdm-block-button-full,\r\n                .tdm_block.tdm_block_button.tdm-block-button-full .tdm-btn{\r\n                  display: block;\r\n                }\n<\/style>\n<style>\n\/* custom css - generated by TagDiv Composer *\/\n.tdi_13{\r\n\t\t\t\t\tfont-size:12px !important;\r\n\t\t\t\t}\n<\/style><div class=\"tds-button td-fix-index\"><a \r\n                href=\"#\" \r\n                 title=\"EN SAVOIR PLUS\"\r\n                class=\"tds-button1 tdm-btn tdm-btn-lg tdi_13 \" ><span class=\"tdm-btn-text\">EN SAVOIR PLUS<\/span><\/a><\/div><\/div><\/div><\/div><\/div><\/div><\/div><\/div><\/div><\/div><div id=\"tdi_14\" class=\"tdc-row\"><div class=\"vc_row tdi_15  wpb_row td-pb-row\" >\n<style scoped>\n\/* custom css - generated by TagDiv Composer *\/\n\n\/* custom css - generated by TagDiv Composer *\/\n.tdi_15,\r\n                .tdi_15 .tdc-columns{\r\n                    min-height: 0;\r\n                }.tdi_15,\r\n\t\t\t\t.tdi_15 .tdc-columns{\r\n\t\t\t\t    display: block;\r\n\t\t\t\t}.tdi_15 .tdc-columns{\r\n\t\t\t\t    width: 100%;\r\n\t\t\t\t}.tdi_15:before,\r\n\t\t\t\t.tdi_15:after{\r\n\t\t\t\t    display: table;\r\n\t\t\t\t}\n<\/style><div class=\"vc_column tdi_17  wpb_column vc_column_container tdc-column td-pb-span12\">\n<style scoped>\n\/* custom css - generated by TagDiv Composer *\/\n\n\/* custom css - generated by TagDiv Composer *\/\n.tdi_17{\r\n                    vertical-align: baseline;\r\n                }.tdi_17 > .wpb_wrapper,\r\n\t\t\t\t.tdi_17 > .wpb_wrapper > .tdc-elements{\r\n\t\t\t\t    display: block;\r\n\t\t\t\t}.tdi_17 > .wpb_wrapper > .tdc-elements{\r\n\t\t\t\t    width: 100%;\r\n\t\t\t\t}.tdi_17 > .wpb_wrapper > .vc_row_inner{\r\n\t\t\t\t    width: auto;\r\n\t\t\t\t}.tdi_17 > .wpb_wrapper{\r\n\t\t\t\t    width: auto;\r\n\t\t\t\t    height: auto;\r\n\t\t\t\t}\n<\/style><div class=\"wpb_wrapper\" ><div class=\"td_block_wrap td_block_12 tdi_18 td_with_ajax_pagination td-pb-border-top td_block_template_5 td-column-3\"  data-td-block-uid=\"tdi_18\" >\n<style>\n\n\/* inline tdc_css att - generated by TagDiv Composer *\/\n\n.tdi_18{\npadding-top:60px !important;\n}\n\n<\/style><script>var block_tdi_18 = new tdBlock();\nblock_tdi_18.id = \"tdi_18\";\nblock_tdi_18.atts = '{\"m11_el\":\"50\",\"category_id\":\"352\",\"limit\":\"10\",\"ajax_pagination\":\"infinite\",\"tdc_css\":\"eyJhbGwiOnsicGFkZGluZy10b3AiOiI2MCIsImRpc3BsYXkiOiIifX0=\",\"block_type\":\"td_block_12\",\"separator\":\"\",\"custom_title\":\"\",\"custom_url\":\"\",\"block_template_id\":\"\",\"m11_tl\":\"\",\"post_ids\":\"\",\"taxonomies\":\"\",\"category_ids\":\"\",\"in_all_terms\":\"\",\"tag_slug\":\"\",\"autors_id\":\"\",\"installed_post_types\":\"\",\"include_cf_posts\":\"\",\"exclude_cf_posts\":\"\",\"sort\":\"\",\"popular_by_date\":\"\",\"linked_posts\":\"\",\"favourite_only\":\"\",\"offset\":\"\",\"open_in_new_window\":\"\",\"show_modified_date\":\"\",\"time_ago\":\"\",\"time_ago_add_txt\":\"ago\",\"time_ago_txt_pos\":\"\",\"review_source\":\"\",\"el_class\":\"\",\"td_ajax_filter_type\":\"\",\"td_ajax_filter_ids\":\"\",\"td_filter_default_txt\":\"All\",\"td_ajax_preloading\":\"\",\"f_header_font_header\":\"\",\"f_header_font_title\":\"Block header\",\"f_header_font_settings\":\"\",\"f_header_font_family\":\"\",\"f_header_font_size\":\"\",\"f_header_font_line_height\":\"\",\"f_header_font_style\":\"\",\"f_header_font_weight\":\"\",\"f_header_font_transform\":\"\",\"f_header_font_spacing\":\"\",\"f_header_\":\"\",\"f_ajax_font_title\":\"Ajax categories\",\"f_ajax_font_settings\":\"\",\"f_ajax_font_family\":\"\",\"f_ajax_font_size\":\"\",\"f_ajax_font_line_height\":\"\",\"f_ajax_font_style\":\"\",\"f_ajax_font_weight\":\"\",\"f_ajax_font_transform\":\"\",\"f_ajax_font_spacing\":\"\",\"f_ajax_\":\"\",\"f_more_font_title\":\"Load more button\",\"f_more_font_settings\":\"\",\"f_more_font_family\":\"\",\"f_more_font_size\":\"\",\"f_more_font_line_height\":\"\",\"f_more_font_style\":\"\",\"f_more_font_weight\":\"\",\"f_more_font_transform\":\"\",\"f_more_font_spacing\":\"\",\"f_more_\":\"\",\"m11f_title_font_header\":\"\",\"m11f_title_font_title\":\"Article title\",\"m11f_title_font_settings\":\"\",\"m11f_title_font_family\":\"\",\"m11f_title_font_size\":\"\",\"m11f_title_font_line_height\":\"\",\"m11f_title_font_style\":\"\",\"m11f_title_font_weight\":\"\",\"m11f_title_font_transform\":\"\",\"m11f_title_font_spacing\":\"\",\"m11f_title_\":\"\",\"m11f_cat_font_title\":\"Article category tag\",\"m11f_cat_font_settings\":\"\",\"m11f_cat_font_family\":\"\",\"m11f_cat_font_size\":\"\",\"m11f_cat_font_line_height\":\"\",\"m11f_cat_font_style\":\"\",\"m11f_cat_font_weight\":\"\",\"m11f_cat_font_transform\":\"\",\"m11f_cat_font_spacing\":\"\",\"m11f_cat_\":\"\",\"m11f_meta_font_title\":\"Article meta info\",\"m11f_meta_font_settings\":\"\",\"m11f_meta_font_family\":\"\",\"m11f_meta_font_size\":\"\",\"m11f_meta_font_line_height\":\"\",\"m11f_meta_font_style\":\"\",\"m11f_meta_font_weight\":\"\",\"m11f_meta_font_transform\":\"\",\"m11f_meta_font_spacing\":\"\",\"m11f_meta_\":\"\",\"m11f_ex_font_title\":\"Article excerpt\",\"m11f_ex_font_settings\":\"\",\"m11f_ex_font_family\":\"\",\"m11f_ex_font_size\":\"\",\"m11f_ex_font_line_height\":\"\",\"m11f_ex_font_style\":\"\",\"m11f_ex_font_weight\":\"\",\"m11f_ex_font_transform\":\"\",\"m11f_ex_font_spacing\":\"\",\"m11f_ex_\":\"\",\"m11f_btn_font_title\":\"Article read more button\",\"m11f_btn_font_settings\":\"\",\"m11f_btn_font_family\":\"\",\"m11f_btn_font_size\":\"\",\"m11f_btn_font_line_height\":\"\",\"m11f_btn_font_style\":\"\",\"m11f_btn_font_weight\":\"\",\"m11f_btn_font_transform\":\"\",\"m11f_btn_font_spacing\":\"\",\"m11f_btn_\":\"\",\"ajax_pagination_next_prev_swipe\":\"\",\"ajax_pagination_infinite_stop\":\"\",\"css\":\"\",\"td_column_number\":3,\"header_color\":\"\",\"color_preset\":\"\",\"border_top\":\"\",\"class\":\"tdi_18\",\"tdc_css_class\":\"tdi_18\",\"tdc_css_class_style\":\"tdi_18_rand_style\"}';\nblock_tdi_18.td_column_number = \"3\";\nblock_tdi_18.block_type = \"td_block_12\";\nblock_tdi_18.post_count = \"10\";\nblock_tdi_18.found_posts = \"53\";\nblock_tdi_18.header_color = \"\";\nblock_tdi_18.ajax_pagination_infinite_stop = \"\";\nblock_tdi_18.max_num_pages = \"6\";\ntdBlocksArray.push(block_tdi_18);\n<\/script><div class=\"td-block-title-wrap\"><\/div><div id=tdi_18 class=\"td_block_inner\">\n\n\t<div class=\"td-block-span12\">\n\r\n        <div class=\"td_module_11 td_module_wrap td-animation-stack\">\r\n            <div class=\"td-module-thumb\"><a href=\"https:\/\/ecodef-ihedn.fr\/en\/implantation-de-nouvelles-entreprises-de-defense-en-europe-publication-dun-article-de-josselin-droff-eva-szego-julien-malizard-et-lucie-beraud-sudreau-par-ares-group\/\"  rel=\"bookmark\" class=\"td-image-wrap \" title=\"Implantation de nouvelles entreprises de d\u00e9fense en Europe : publication d\u2019un article de Josselin Droff, Eva Szego, Julien Malizard et Lucie B\u00e9raud-Sudreau via ARES Group\" ><img loading=\"lazy\" decoding=\"async\" class=\"entry-thumb\" src=\"data:image\/png;base64,iVBORw0KGgoAAAANSUhEUgAAAUQAAADrAQMAAAArGX0KAAAAA1BMVEWurq51dlI4AAAAAXRSTlMmkutdmwAAACBJREFUaN7twTEBAAAAwiD7pzbEXmAAAAAAAAAAAACQHSaOAAGSp1GBAAAAAElFTkSuQmCC\" alt=\"\" title=\"Implantation de nouvelles entreprises de d\u00e9fense en Europe : publication d\u2019un article de Josselin Droff, Eva Szego, Julien Malizard et Lucie B\u00e9raud-Sudreau via ARES Group\" data-type=\"image_tag\" data-img-url=\"https:\/\/ecodef-ihedn.fr\/wp-content\/uploads\/2026\/04\/ARES-logo-7-5-324x235.png\" data-img-retina-url=\"https:\/\/ecodef-ihedn.fr\/wp-content\/uploads\/2026\/04\/ARES-logo-7-5.png\" width=\"324\" height=\"235\" \/><\/a><\/div>\r\n            <div class=\"item-details\">\r\n                <h3 class=\"entry-title td-module-title\"><a href=\"https:\/\/ecodef-ihedn.fr\/en\/implantation-de-nouvelles-entreprises-de-defense-en-europe-publication-dun-article-de-josselin-droff-eva-szego-julien-malizard-et-lucie-beraud-sudreau-par-ares-group\/\"  rel=\"bookmark\" title=\"Implantation de nouvelles entreprises de d\u00e9fense en Europe : publication d\u2019un article de Josselin Droff, Eva Szego, Julien Malizard et Lucie B\u00e9raud-Sudreau via ARES Group\">Implantation de nouvelles entreprises de d\u00e9fense en Europe : publication d\u2019un article de Josselin...<\/a><\/h3>\r\n                <div class=\"td-module-meta-info\">\r\n                                        <span class=\"td-post-author-name\"><a href=\"https:\/\/ecodef-ihedn.fr\/en\/author\/bertrand\/\">Bertrand Demandre<\/a> <span>-<\/span> <\/span>                    <span class=\"td-post-date\"><time class=\"entry-date updated td-module-date\" datetime=\"2026-04-15T12:08:45+00:00\" >15 April 2026<\/time><\/span>                    <span class=\"td-module-comments\"><a href=\"https:\/\/ecodef-ihedn.fr\/en\/implantation-de-nouvelles-entreprises-de-defense-en-europe-publication-dun-article-de-josselin-droff-eva-szego-julien-malizard-et-lucie-beraud-sudreau-par-ares-group\/#respond\">0<\/a><\/span>                <\/div>\r\n\r\n                <div class=\"td-excerpt\">\r\n                    \r\nJosselin Droff, Eva Szego, Julien Malizard et Lucie B\u00e9raud-Sudreau publient l\u2019article \u00ab Between legacy and \u00e9mergence : the spatial integration of New Defence companies in Europe\u2019s historical defence landscape \u00bb via ARES Group, IRIS (avril 2026)\r\nJosselin Droff, Eva Szego et Julien Malizard, chercheurs \u00e0 la Chaire \u00c9conomie de d\u00e9fense...                <\/div>\r\n\r\n                <div class=\"td-read-more\">\r\n                    <a href=\"https:\/\/ecodef-ihedn.fr\/en\/implantation-de-nouvelles-entreprises-de-defense-en-europe-publication-dun-article-de-josselin-droff-eva-szego-julien-malizard-et-lucie-beraud-sudreau-par-ares-group\/\">Lire la suite<\/a>\r\n                <\/div>\r\n            <\/div>\r\n\r\n        <\/div>\r\n\r\n        \n\t<\/div> <!-- .\/td-block-span12 -->\n\n\t<div class=\"td-block-span12\">\n\r\n        <div class=\"td_module_11 td_module_wrap td-animation-stack\">\r\n            <div class=\"td-module-thumb\"><a href=\"https:\/\/ecodef-ihedn.fr\/en\/new-defence-et-politique-industrielle-de-defense-en-europe-publication-dun-article-de-la-chiare-dans-defense-industries-revue-de-la-frs\/\"  rel=\"bookmark\" class=\"td-image-wrap \" title=\"\u00ab\u00a0New Defence\u00a0\u00bb et politique industrielle de d\u00e9fense en Europe : publication d\u2019un article de la Chiare dans D\u00e9fense &#038; Industries, revue de la FRS\" ><img loading=\"lazy\" decoding=\"async\" class=\"entry-thumb\" src=\"data:image\/png;base64,iVBORw0KGgoAAAANSUhEUgAAAUQAAADrAQMAAAArGX0KAAAAA1BMVEWurq51dlI4AAAAAXRSTlMmkutdmwAAACBJREFUaN7twTEBAAAAwiD7pzbEXmAAAAAAAAAAAACQHSaOAAGSp1GBAAAAAElFTkSuQmCC\" alt=\"\" title=\"\u00ab\u00a0New Defence\u00a0\u00bb et politique industrielle de d\u00e9fense en Europe : publication d\u2019un article de la Chiare dans D\u00e9fense &#038; Industries, revue de la FRS\" data-type=\"image_tag\" data-img-url=\"https:\/\/ecodef-ihedn.fr\/wp-content\/uploads\/2024\/07\/DEFENSEIndustries-324x235.jpg\" data-img-retina-url=\"https:\/\/ecodef-ihedn.fr\/wp-content\/uploads\/2024\/07\/DEFENSEIndustries.jpg\" width=\"324\" height=\"235\" \/><\/a><\/div>\r\n            <div class=\"item-details\">\r\n                <h3 class=\"entry-title td-module-title\"><a href=\"https:\/\/ecodef-ihedn.fr\/en\/new-defence-et-politique-industrielle-de-defense-en-europe-publication-dun-article-de-la-chiare-dans-defense-industries-revue-de-la-frs\/\"  rel=\"bookmark\" title=\"\u00ab\u00a0New Defence\u00a0\u00bb et politique industrielle de d\u00e9fense en Europe : publication d\u2019un article de la Chiare dans D\u00e9fense &#038; Industries, revue de la FRS\">\u00ab\u00a0New Defence\u00a0\u00bb et politique industrielle de d\u00e9fense en Europe : publication d\u2019un article de...<\/a><\/h3>\r\n                <div class=\"td-module-meta-info\">\r\n                                        <span class=\"td-post-author-name\"><a href=\"https:\/\/ecodef-ihedn.fr\/en\/author\/bertrand\/\">Bertrand Demandre<\/a> <span>-<\/span> <\/span>                    <span class=\"td-post-date\"><time class=\"entry-date updated td-module-date\" datetime=\"2026-02-19T09:07:52+00:00\" >19 February 2026<\/time><\/span>                    <span class=\"td-module-comments\"><a href=\"https:\/\/ecodef-ihedn.fr\/en\/new-defence-et-politique-industrielle-de-defense-en-europe-publication-dun-article-de-la-chiare-dans-defense-industries-revue-de-la-frs\/#respond\">0<\/a><\/span>                <\/div>\r\n\r\n                <div class=\"td-excerpt\">\r\n                    \r\nJosselin Droff, Lucie B\u00e9raud-Sudreau, Eva Szego, Julien Malizard ulien Malizard publie l&#039;article &quot;New Defence et politique industrielle de d\u00e9fense en Europe&quot;, dans le num\u00e9ro 22 de D\u00e9fense &amp; Industries, revue de la Fondation pour la recherche strat\u00e9gique (FRS)\r\nJosselin Droff, Eva Szego et Julien Malizard, chercheurs \u00e0 la Chaire \u00c9conomie...                <\/div>\r\n\r\n                <div class=\"td-read-more\">\r\n                    <a href=\"https:\/\/ecodef-ihedn.fr\/en\/new-defence-et-politique-industrielle-de-defense-en-europe-publication-dun-article-de-la-chiare-dans-defense-industries-revue-de-la-frs\/\">Lire la suite<\/a>\r\n                <\/div>\r\n            <\/div>\r\n\r\n        <\/div>\r\n\r\n        \n\t<\/div> <!-- .\/td-block-span12 -->\n\n\t<div class=\"td-block-span12\">\n\r\n        <div class=\"td_module_11 td_module_wrap td-animation-stack\">\r\n            <div class=\"td-module-thumb\"><a href=\"https:\/\/ecodef-ihedn.fr\/en\/bulletin-de-lecodef-4-le-rarmement-de-leurope-julien-malizard\/\"  rel=\"bookmark\" class=\"td-image-wrap \" title=\"Bulletin de l&rsquo;ECODEF #4 \u00ab\u00a0Le r\u00e9armement de l&rsquo;Europe\u00a0\u00bb (Julien MALIZARD)\" ><img loading=\"lazy\" decoding=\"async\" class=\"entry-thumb\" src=\"data:image\/png;base64,iVBORw0KGgoAAAANSUhEUgAAAUQAAADrAQMAAAArGX0KAAAAA1BMVEWurq51dlI4AAAAAXRSTlMmkutdmwAAACBJREFUaN7twTEBAAAAwiD7pzbEXmAAAAAAAAAAAACQHSaOAAGSp1GBAAAAAElFTkSuQmCC\" alt=\"\" title=\"Bulletin de l&rsquo;ECODEF #4 \u00ab\u00a0Le r\u00e9armement de l&rsquo;Europe\u00a0\u00bb (Julien MALIZARD)\" data-type=\"image_tag\" data-img-url=\"https:\/\/ecodef-ihedn.fr\/wp-content\/uploads\/2026\/02\/Bulletin-de-lECODEF-N4-7-5-324x235.png\" data-img-retina-url=\"https:\/\/ecodef-ihedn.fr\/wp-content\/uploads\/2026\/02\/Bulletin-de-lECODEF-N4-7-5-648x470.png\" width=\"324\" height=\"235\" \/><\/a><\/div>\r\n            <div class=\"item-details\">\r\n                <h3 class=\"entry-title td-module-title\"><a href=\"https:\/\/ecodef-ihedn.fr\/en\/bulletin-de-lecodef-4-le-rarmement-de-leurope-julien-malizard\/\"  rel=\"bookmark\" title=\"Bulletin de l&rsquo;ECODEF #4 \u00ab\u00a0Le r\u00e9armement de l&rsquo;Europe\u00a0\u00bb (Julien MALIZARD)\">Bulletin de l&rsquo;ECODEF #4 \u00ab\u00a0Le r\u00e9armement de l&rsquo;Europe\u00a0\u00bb (Julien MALIZARD)<\/a><\/h3>\r\n                <div class=\"td-module-meta-info\">\r\n                                        <span class=\"td-post-author-name\"><a href=\"https:\/\/ecodef-ihedn.fr\/en\/author\/bertrand\/\">Bertrand Demandre<\/a> <span>-<\/span> <\/span>                    <span class=\"td-post-date\"><time class=\"entry-date updated td-module-date\" datetime=\"2026-02-13T10:31:44+00:00\" >13 February 2026<\/time><\/span>                    <span class=\"td-module-comments\"><a href=\"https:\/\/ecodef-ihedn.fr\/en\/bulletin-de-lecodef-4-le-rarmement-de-leurope-julien-malizard\/#respond\">0<\/a><\/span>                <\/div>\r\n\r\n                <div class=\"td-excerpt\">\r\n                    \r\n\r\nBulletin de l&#039;ECODEF #4\r\nLe r\u00e9armement de l&#039;Europe\r\n\r\n\r\nLa Chaire \u00c9conomie de d\u00e9fense \u2013 IHEDN a le plaisir de vous pr\u00e9senter le quatri\u00e8me num\u00e9ro de son Bulletin de l\u2019ECODEF\r\nCe format bimestriel a vocation \u00e0 pr\u00e9senter de mani\u00e8re synth\u00e9tique les travaux men\u00e9s par la Chaire, d\u2019informer sur les th\u00e9matiques abord\u00e9es et d\u2019alimenter...                <\/div>\r\n\r\n                <div class=\"td-read-more\">\r\n                    <a href=\"https:\/\/ecodef-ihedn.fr\/en\/bulletin-de-lecodef-4-le-rarmement-de-leurope-julien-malizard\/\">Lire la suite<\/a>\r\n                <\/div>\r\n            <\/div>\r\n\r\n        <\/div>\r\n\r\n        \n\t<\/div> <!-- .\/td-block-span12 -->\n\n\t<div class=\"td-block-span12\">\n\r\n        <div class=\"td_module_11 td_module_wrap td-animation-stack\">\r\n            <div class=\"td-module-thumb\"><a href=\"https:\/\/ecodef-ihedn.fr\/en\/les-determinants-des-exportations-darmement-de-la-france-publication-dun-article-dans-la-revue-deconomie-politique\/\"  rel=\"bookmark\" class=\"td-image-wrap \" title=\"Les d\u00e9terminants des exportations d\u2019armement de la France : publication d\u2019un article dans la Revue d&rsquo;\u00e9conomie politique\" ><img loading=\"lazy\" decoding=\"async\" class=\"entry-thumb\" src=\"data:image\/png;base64,iVBORw0KGgoAAAANSUhEUgAAAUQAAADrAQMAAAArGX0KAAAAA1BMVEWurq51dlI4AAAAAXRSTlMmkutdmwAAACBJREFUaN7twTEBAAAAwiD7pzbEXmAAAAAAAAAAAACQHSaOAAGSp1GBAAAAAElFTkSuQmCC\" alt=\"\" title=\"Les d\u00e9terminants des exportations d\u2019armement de la France : publication d\u2019un article dans la Revue d&rsquo;\u00e9conomie politique\" data-type=\"image_tag\" data-img-url=\"https:\/\/ecodef-ihedn.fr\/wp-content\/uploads\/2025\/12\/Revue-deconomie-politique-4-3-324x235.png\" data-img-retina-url=\"https:\/\/ecodef-ihedn.fr\/wp-content\/uploads\/2025\/12\/Revue-deconomie-politique-4-3.png\" width=\"324\" height=\"235\" \/><\/a><\/div>\r\n            <div class=\"item-details\">\r\n                <h3 class=\"entry-title td-module-title\"><a href=\"https:\/\/ecodef-ihedn.fr\/en\/les-determinants-des-exportations-darmement-de-la-france-publication-dun-article-dans-la-revue-deconomie-politique\/\"  rel=\"bookmark\" title=\"Les d\u00e9terminants des exportations d\u2019armement de la France : publication d\u2019un article dans la Revue d&rsquo;\u00e9conomie politique\">Les d\u00e9terminants des exportations d\u2019armement de la France : publication d\u2019un article dans la...<\/a><\/h3>\r\n                <div class=\"td-module-meta-info\">\r\n                                        <span class=\"td-post-author-name\"><a href=\"https:\/\/ecodef-ihedn.fr\/en\/author\/bertrand\/\">Bertrand Demandre<\/a> <span>-<\/span> <\/span>                    <span class=\"td-post-date\"><time class=\"entry-date updated td-module-date\" datetime=\"2025-12-02T07:51:45+00:00\" >2 December 2025<\/time><\/span>                    <span class=\"td-module-comments\"><a href=\"https:\/\/ecodef-ihedn.fr\/en\/les-determinants-des-exportations-darmement-de-la-france-publication-dun-article-dans-la-revue-deconomie-politique\/#respond\">0<\/a><\/span>                <\/div>\r\n\r\n                <div class=\"td-excerpt\">\r\n                    \r\nJosselin Droff, Jade Guiberteau Ricard et Julien Malizard publient l&#039;article &quot;Les d\u00e9terminants des exportations d\u2019armement de la France 1991-2019&quot;, dans la Revue d&#039;\u00e9conomie politique (2025\/5 Vol. 135)\r\nLes exportations d\u2019armement sont un instrument majeur des politiques \u00e9trang\u00e8re et de d\u00e9fense fran\u00e7aises. De plus, elles se sont progressivement impos\u00e9es comme un...                <\/div>\r\n\r\n                <div class=\"td-read-more\">\r\n                    <a href=\"https:\/\/ecodef-ihedn.fr\/en\/les-determinants-des-exportations-darmement-de-la-france-publication-dun-article-dans-la-revue-deconomie-politique\/\">Lire la suite<\/a>\r\n                <\/div>\r\n            <\/div>\r\n\r\n        <\/div>\r\n\r\n        \n\t<\/div> <!-- .\/td-block-span12 -->\n\n\t<div class=\"td-block-span12\">\n\r\n        <div class=\"td_module_11 td_module_wrap td-animation-stack\">\r\n            <div class=\"td-module-thumb\"><a href=\"https:\/\/ecodef-ihedn.fr\/en\/bulletin-de-lecodef-3-budgets-de-defense-en-france-trajectoires-passees-et-a-venir-julien-malizard\/\"  rel=\"bookmark\" class=\"td-image-wrap \" title=\"Bulletin de l&rsquo;ECODEF #3 \u00ab\u00a0Budgets de d\u00e9fense en France : trajectoires pass\u00e9es et \u00e0 venir\u00a0\u00bb (Julien MALIZARD)\" ><img loading=\"lazy\" decoding=\"async\" class=\"entry-thumb\" src=\"data:image\/png;base64,iVBORw0KGgoAAAANSUhEUgAAAUQAAADrAQMAAAArGX0KAAAAA1BMVEWurq51dlI4AAAAAXRSTlMmkutdmwAAACBJREFUaN7twTEBAAAAwiD7pzbEXmAAAAAAAAAAAACQHSaOAAGSp1GBAAAAAElFTkSuQmCC\" alt=\"\" title=\"Bulletin de l&rsquo;ECODEF #3 \u00ab\u00a0Budgets de d\u00e9fense en France : trajectoires pass\u00e9es et \u00e0 venir\u00a0\u00bb (Julien MALIZARD)\" data-type=\"image_tag\" data-img-url=\"https:\/\/ecodef-ihedn.fr\/wp-content\/uploads\/2025\/11\/Bulletin-de-lECODEF-N3-7-5-324x235.png\" data-img-retina-url=\"https:\/\/ecodef-ihedn.fr\/wp-content\/uploads\/2025\/11\/Bulletin-de-lECODEF-N3-7-5-648x470.png\" width=\"324\" height=\"235\" \/><\/a><\/div>\r\n            <div class=\"item-details\">\r\n                <h3 class=\"entry-title td-module-title\"><a href=\"https:\/\/ecodef-ihedn.fr\/en\/bulletin-de-lecodef-3-budgets-de-defense-en-france-trajectoires-passees-et-a-venir-julien-malizard\/\"  rel=\"bookmark\" title=\"Bulletin de l&rsquo;ECODEF #3 \u00ab\u00a0Budgets de d\u00e9fense en France : trajectoires pass\u00e9es et \u00e0 venir\u00a0\u00bb (Julien MALIZARD)\">Bulletin de l&rsquo;ECODEF #3 \u00ab\u00a0Budgets de d\u00e9fense en France : trajectoires pass\u00e9es et \u00e0...<\/a><\/h3>\r\n                <div class=\"td-module-meta-info\">\r\n                                        <span class=\"td-post-author-name\"><a href=\"https:\/\/ecodef-ihedn.fr\/en\/author\/bertrand\/\">Bertrand Demandre<\/a> <span>-<\/span> <\/span>                    <span class=\"td-post-date\"><time class=\"entry-date updated td-module-date\" datetime=\"2025-11-20T12:21:38+00:00\" >20 November 2025<\/time><\/span>                    <span class=\"td-module-comments\"><a href=\"https:\/\/ecodef-ihedn.fr\/en\/bulletin-de-lecodef-3-budgets-de-defense-en-france-trajectoires-passees-et-a-venir-julien-malizard\/#respond\">0<\/a><\/span>                <\/div>\r\n\r\n                <div class=\"td-excerpt\">\r\n                    \r\n\r\nBulletin de l&#039;ECODEF #3\r\nBudgets de d\u00e9fense en France : trajectoires pass\u00e9es et \u00e0 venir\r\n\r\n\r\nLa Chaire \u00c9conomie de d\u00e9fense \u2013 IHEDN a le plaisir de vous pr\u00e9senter le troisi\u00e8me num\u00e9ro de son Bulletin de l\u2019ECODEF\r\nCe nouveau format bimestriel a vocation \u00e0 pr\u00e9senter de mani\u00e8re synth\u00e9tique les travaux men\u00e9s par la...                <\/div>\r\n\r\n                <div class=\"td-read-more\">\r\n                    <a href=\"https:\/\/ecodef-ihedn.fr\/en\/bulletin-de-lecodef-3-budgets-de-defense-en-france-trajectoires-passees-et-a-venir-julien-malizard\/\">Lire la suite<\/a>\r\n                <\/div>\r\n            <\/div>\r\n\r\n        <\/div>\r\n\r\n        \n\t<\/div> <!-- .\/td-block-span12 -->\n\n\t<div class=\"td-block-span12\">\n\r\n        <div class=\"td_module_11 td_module_wrap td-animation-stack\">\r\n            <div class=\"td-module-thumb\"><a href=\"https:\/\/ecodef-ihedn.fr\/en\/bulletin-de-lecodef-2-mesurer-lautonomie-strategique-par-linnovation-eva-szego\/\"  rel=\"bookmark\" class=\"td-image-wrap \" title=\"Bulletin de l&rsquo;ECODEF #2 \u00ab\u00a0Mesurer l&rsquo;autonomie strat\u00e9gique par l&rsquo;innovation\u00a0\u00bb (Eva SZEGO)\" ><img loading=\"lazy\" decoding=\"async\" class=\"entry-thumb\" src=\"data:image\/png;base64,iVBORw0KGgoAAAANSUhEUgAAAUQAAADrAQMAAAArGX0KAAAAA1BMVEWurq51dlI4AAAAAXRSTlMmkutdmwAAACBJREFUaN7twTEBAAAAwiD7pzbEXmAAAAAAAAAAAACQHSaOAAGSp1GBAAAAAElFTkSuQmCC\" alt=\"\" title=\"Bulletin de l&rsquo;ECODEF #2 \u00ab\u00a0Mesurer l&rsquo;autonomie strat\u00e9gique par l&rsquo;innovation\u00a0\u00bb (Eva SZEGO)\" data-type=\"image_tag\" data-img-url=\"https:\/\/ecodef-ihedn.fr\/wp-content\/uploads\/2025\/09\/Bulletin-de-lECODEF-N2-7-5-324x235.png\" data-img-retina-url=\"https:\/\/ecodef-ihedn.fr\/wp-content\/uploads\/2025\/09\/Bulletin-de-lECODEF-N2-7-5-648x470.png\" width=\"324\" height=\"235\" \/><\/a><\/div>\r\n            <div class=\"item-details\">\r\n                <h3 class=\"entry-title td-module-title\"><a href=\"https:\/\/ecodef-ihedn.fr\/en\/bulletin-de-lecodef-2-mesurer-lautonomie-strategique-par-linnovation-eva-szego\/\"  rel=\"bookmark\" title=\"Bulletin de l&rsquo;ECODEF #2 \u00ab\u00a0Mesurer l&rsquo;autonomie strat\u00e9gique par l&rsquo;innovation\u00a0\u00bb (Eva SZEGO)\">Bulletin de l&rsquo;ECODEF #2 \u00ab\u00a0Mesurer l&rsquo;autonomie strat\u00e9gique par l&rsquo;innovation\u00a0\u00bb (Eva SZEGO)<\/a><\/h3>\r\n                <div class=\"td-module-meta-info\">\r\n                                        <span class=\"td-post-author-name\"><a href=\"https:\/\/ecodef-ihedn.fr\/en\/author\/bertrand\/\">Bertrand Demandre<\/a> <span>-<\/span> <\/span>                    <span class=\"td-post-date\"><time class=\"entry-date updated td-module-date\" datetime=\"2025-09-17T14:17:16+00:00\" >17 September 2025<\/time><\/span>                    <span class=\"td-module-comments\"><a href=\"https:\/\/ecodef-ihedn.fr\/en\/bulletin-de-lecodef-2-mesurer-lautonomie-strategique-par-linnovation-eva-szego\/#respond\">0<\/a><\/span>                <\/div>\r\n\r\n                <div class=\"td-excerpt\">\r\n                    \r\n\r\nBulletin de l&#039;ECODEF #2\r\nMesurer l&#039;autonomie strat\u00e9gique par l&#039;innovation\r\n\r\n\r\nLa Chaire \u00c9conomie de d\u00e9fense \u2013 IHEDN a le plaisir de vous pr\u00e9senter le deuxi\u00e8me num\u00e9ro de son Bulletin de l\u2019ECODEF\r\nCe nouveau format bimestriel a vocation \u00e0 pr\u00e9senter de mani\u00e8re synth\u00e9tique les travaux men\u00e9s par la Chaire, d\u2019informer sur les th\u00e9matiques abord\u00e9es...                <\/div>\r\n\r\n                <div class=\"td-read-more\">\r\n                    <a href=\"https:\/\/ecodef-ihedn.fr\/en\/bulletin-de-lecodef-2-mesurer-lautonomie-strategique-par-linnovation-eva-szego\/\">Lire la suite<\/a>\r\n                <\/div>\r\n            <\/div>\r\n\r\n        <\/div>\r\n\r\n        \n\t<\/div> <!-- .\/td-block-span12 -->\n\n\t<div class=\"td-block-span12\">\n\r\n        <div class=\"td_module_11 td_module_wrap td-animation-stack\">\r\n            <div class=\"td-module-thumb\"><a href=\"https:\/\/ecodef-ihedn.fr\/en\/financer-la-defense-article-julien-malizard-frs\/\"  rel=\"bookmark\" class=\"td-image-wrap \" title=\"Financer la d\u00e9fense : publication d\u2019un article de Julien Malizard dans D\u00e9fense &#038; Industries, revue de la FRS\" ><img loading=\"lazy\" decoding=\"async\" class=\"entry-thumb\" src=\"data:image\/png;base64,iVBORw0KGgoAAAANSUhEUgAAAUQAAADrAQMAAAArGX0KAAAAA1BMVEWurq51dlI4AAAAAXRSTlMmkutdmwAAACBJREFUaN7twTEBAAAAwiD7pzbEXmAAAAAAAAAAAACQHSaOAAGSp1GBAAAAAElFTkSuQmCC\" alt=\"\" title=\"Financer la d\u00e9fense : publication d\u2019un article de Julien Malizard dans D\u00e9fense &#038; Industries, revue de la FRS\" data-type=\"image_tag\" data-img-url=\"https:\/\/ecodef-ihedn.fr\/wp-content\/uploads\/2024\/07\/DEFENSEIndustries-324x235.jpg\" data-img-retina-url=\"https:\/\/ecodef-ihedn.fr\/wp-content\/uploads\/2024\/07\/DEFENSEIndustries.jpg\" width=\"324\" height=\"235\" \/><\/a><\/div>\r\n            <div class=\"item-details\">\r\n                <h3 class=\"entry-title td-module-title\"><a href=\"https:\/\/ecodef-ihedn.fr\/en\/financer-la-defense-article-julien-malizard-frs\/\"  rel=\"bookmark\" title=\"Financer la d\u00e9fense : publication d\u2019un article de Julien Malizard dans D\u00e9fense &#038; Industries, revue de la FRS\">Financer la d\u00e9fense : publication d\u2019un article de Julien Malizard dans D\u00e9fense &#038; Industries,...<\/a><\/h3>\r\n                <div class=\"td-module-meta-info\">\r\n                                        <span class=\"td-post-author-name\"><a href=\"https:\/\/ecodef-ihedn.fr\/en\/author\/bertrand\/\">Bertrand Demandre<\/a> <span>-<\/span> <\/span>                    <span class=\"td-post-date\"><time class=\"entry-date updated td-module-date\" datetime=\"2025-07-17T13:27:16+00:00\" >17 July 2025<\/time><\/span>                    <span class=\"td-module-comments\"><a href=\"https:\/\/ecodef-ihedn.fr\/en\/financer-la-defense-article-julien-malizard-frs\/#respond\">0<\/a><\/span>                <\/div>\r\n\r\n                <div class=\"td-excerpt\">\r\n                    \r\nJulien Malizard publie l&#039;article &quot;Financer la d\u00e9fense : d\u00e9passer les contraintes budg\u00e9taires par de nouveaux m\u00e9canismes ?&quot;, dans le num\u00e9ro 21 de D\u00e9fense &amp; Industries, revue de la Fondation pour la recherche strat\u00e9gique (FRS)\r\nLe 20 mars 2025, des responsables du secteur financier et de l\u2019industrie de d\u00e9fense se sont...                <\/div>\r\n\r\n                <div class=\"td-read-more\">\r\n                    <a href=\"https:\/\/ecodef-ihedn.fr\/en\/financer-la-defense-article-julien-malizard-frs\/\">Lire la suite<\/a>\r\n                <\/div>\r\n            <\/div>\r\n\r\n        <\/div>\r\n\r\n        \n\t<\/div> <!-- .\/td-block-span12 -->\n\n\t<div class=\"td-block-span12\">\n\r\n        <div class=\"td_module_11 td_module_wrap td-animation-stack\">\r\n            <div class=\"td-module-thumb\"><a href=\"https:\/\/ecodef-ihedn.fr\/en\/nouveau-bulletin-de-lecodef-1-lpm-2024-2030-quel-impact-economique-et-social\/\"  rel=\"bookmark\" class=\"td-image-wrap \" title=\"[NOUVEAU] Bulletin de l&rsquo;ECODEF #1 \u00ab\u00a0LPM 2024-2030 : quel impact \u00e9conomique et social ?\u00a0\u00bb\" ><img loading=\"lazy\" decoding=\"async\" class=\"entry-thumb\" src=\"data:image\/png;base64,iVBORw0KGgoAAAANSUhEUgAAAUQAAADrAQMAAAArGX0KAAAAA1BMVEWurq51dlI4AAAAAXRSTlMmkutdmwAAACBJREFUaN7twTEBAAAAwiD7pzbEXmAAAAAAAAAAAACQHSaOAAGSp1GBAAAAAElFTkSuQmCC\" alt=\"\" title=\"[NOUVEAU] Bulletin de l&rsquo;ECODEF #1 \u00ab\u00a0LPM 2024-2030 : quel impact \u00e9conomique et social ?\u00a0\u00bb\" data-type=\"image_tag\" data-img-url=\"https:\/\/ecodef-ihedn.fr\/wp-content\/uploads\/2025\/06\/Bulletin-de-lECODEF-N1-7-5-324x235.png\" data-img-retina-url=\"https:\/\/ecodef-ihedn.fr\/wp-content\/uploads\/2025\/06\/Bulletin-de-lECODEF-N1-7-5-648x470.png\" width=\"324\" height=\"235\" \/><\/a><\/div>\r\n            <div class=\"item-details\">\r\n                <h3 class=\"entry-title td-module-title\"><a href=\"https:\/\/ecodef-ihedn.fr\/en\/nouveau-bulletin-de-lecodef-1-lpm-2024-2030-quel-impact-economique-et-social\/\"  rel=\"bookmark\" title=\"[NOUVEAU] Bulletin de l&rsquo;ECODEF #1 \u00ab\u00a0LPM 2024-2030 : quel impact \u00e9conomique et social ?\u00a0\u00bb\">[NOUVEAU] Bulletin de l&rsquo;ECODEF #1 \u00ab\u00a0LPM 2024-2030 : quel impact \u00e9conomique et social ?\u00a0\u00bb<\/a><\/h3>\r\n                <div class=\"td-module-meta-info\">\r\n                                        <span class=\"td-post-author-name\"><a href=\"https:\/\/ecodef-ihedn.fr\/en\/author\/bertrand\/\">Bertrand Demandre<\/a> <span>-<\/span> <\/span>                    <span class=\"td-post-date\"><time class=\"entry-date updated td-module-date\" datetime=\"2025-06-17T13:02:10+00:00\" >17 June 2025<\/time><\/span>                    <span class=\"td-module-comments\"><a href=\"https:\/\/ecodef-ihedn.fr\/en\/nouveau-bulletin-de-lecodef-1-lpm-2024-2030-quel-impact-economique-et-social\/#respond\">0<\/a><\/span>                <\/div>\r\n\r\n                <div class=\"td-excerpt\">\r\n                    \r\n\u00a0\r\n\r\nBulletin de l&#039;ECODEF #1\r\nLPM 2024-2030 : quel impact \u00e9conomique et social ?\r\n\r\n\r\nLa Chaire \u00c9conomie de d\u00e9fense \u2013 IHEDN a le plaisir de vous pr\u00e9senter le premier num\u00e9ro de son Bulletin de l\u2019ECODEF\r\nCe nouveau format bimestriel a vocation \u00e0 pr\u00e9senter de mani\u00e8re synth\u00e9tique les travaux men\u00e9s par la Chaire, d\u2019informer...                <\/div>\r\n\r\n                <div class=\"td-read-more\">\r\n                    <a href=\"https:\/\/ecodef-ihedn.fr\/en\/nouveau-bulletin-de-lecodef-1-lpm-2024-2030-quel-impact-economique-et-social\/\">Lire la suite<\/a>\r\n                <\/div>\r\n            <\/div>\r\n\r\n        <\/div>\r\n\r\n        \n\t<\/div> <!-- .\/td-block-span12 -->\n\n\t<div class=\"td-block-span12\">\n\r\n        <div class=\"td_module_11 td_module_wrap td-animation-stack\">\r\n            <div class=\"td-module-thumb\"><a href=\"https:\/\/ecodef-ihedn.fr\/en\/evolution-des-conflits-et-reconfigurations-de-lindustrie-de-larmement-publication-dun-article-de-josselin-droff-et-julien-malizard-dans-defenseindustrie-revue-de-la-frs\/\"  rel=\"bookmark\" class=\"td-image-wrap \" title=\"\u00c9volution des conflits et reconfigurations de l\u2019industrie de l\u2019armement : publication d\u2019un article de Josselin Droff et Julien Malizard dans D\u00e9fense &#038; Industries, revue de la FRS\" ><img loading=\"lazy\" decoding=\"async\" class=\"entry-thumb\" src=\"data:image\/png;base64,iVBORw0KGgoAAAANSUhEUgAAAUQAAADrAQMAAAArGX0KAAAAA1BMVEWurq51dlI4AAAAAXRSTlMmkutdmwAAACBJREFUaN7twTEBAAAAwiD7pzbEXmAAAAAAAAAAAACQHSaOAAGSp1GBAAAAAElFTkSuQmCC\" alt=\"\" title=\"\u00c9volution des conflits et reconfigurations de l\u2019industrie de l\u2019armement : publication d\u2019un article de Josselin Droff et Julien Malizard dans D\u00e9fense &#038; Industries, revue de la FRS\" data-type=\"image_tag\" data-img-url=\"https:\/\/ecodef-ihedn.fr\/wp-content\/uploads\/2024\/07\/DEFENSEIndustries-324x235.jpg\" data-img-retina-url=\"https:\/\/ecodef-ihedn.fr\/wp-content\/uploads\/2024\/07\/DEFENSEIndustries.jpg\" width=\"324\" height=\"235\" \/><\/a><\/div>\r\n            <div class=\"item-details\">\r\n                <h3 class=\"entry-title td-module-title\"><a href=\"https:\/\/ecodef-ihedn.fr\/en\/evolution-des-conflits-et-reconfigurations-de-lindustrie-de-larmement-publication-dun-article-de-josselin-droff-et-julien-malizard-dans-defenseindustrie-revue-de-la-frs\/\"  rel=\"bookmark\" title=\"\u00c9volution des conflits et reconfigurations de l\u2019industrie de l\u2019armement : publication d\u2019un article de Josselin Droff et Julien Malizard dans D\u00e9fense &#038; Industries, revue de la FRS\">\u00c9volution des conflits et reconfigurations de l\u2019industrie de l\u2019armement : publication d\u2019un article de...<\/a><\/h3>\r\n                <div class=\"td-module-meta-info\">\r\n                                        <span class=\"td-post-author-name\"><a href=\"https:\/\/ecodef-ihedn.fr\/en\/author\/bertrand\/\">Bertrand Demandre<\/a> <span>-<\/span> <\/span>                    <span class=\"td-post-date\"><time class=\"entry-date updated td-module-date\" datetime=\"2024-06-18T11:02:05+00:00\" >18 June 2024<\/time><\/span>                    <span class=\"td-module-comments\"><a href=\"https:\/\/ecodef-ihedn.fr\/en\/evolution-des-conflits-et-reconfigurations-de-lindustrie-de-larmement-publication-dun-article-de-josselin-droff-et-julien-malizard-dans-defenseindustrie-revue-de-la-frs\/#respond\">0<\/a><\/span>                <\/div>\r\n\r\n                <div class=\"td-excerpt\">\r\n                    \r\nJosselin Droff et Julien Malizard ont publi\u00e9 l&#039;article \u00ab \u00c9volution des conflits et reconfigurations de l\u2019industrie de l\u2019armement : l\u2019hypoth\u00e8se des deux march\u00e9s \u00bb, dans le num\u00e9ro 18 de D\u00e9fense &amp; Industries, revue de la Fondation pour la recherche strat\u00e9gique (FRS)\r\nDepuis plus de deux ans et la guerre lanc\u00e9e...                <\/div>\r\n\r\n                <div class=\"td-read-more\">\r\n                    <a href=\"https:\/\/ecodef-ihedn.fr\/en\/evolution-des-conflits-et-reconfigurations-de-lindustrie-de-larmement-publication-dun-article-de-josselin-droff-et-julien-malizard-dans-defenseindustrie-revue-de-la-frs\/\">Lire la suite<\/a>\r\n                <\/div>\r\n            <\/div>\r\n\r\n        <\/div>\r\n\r\n        \n\t<\/div> <!-- .\/td-block-span12 -->\n\n\t<div class=\"td-block-span12\">\n\r\n        <div class=\"td_module_11 td_module_wrap td-animation-stack\">\r\n            <div class=\"td-module-thumb\"><a href=\"https:\/\/ecodef-ihedn.fr\/en\/pourquoi-nous-ne-sommes-pas-encore-en-economie-de-guerre-publication-dun-article-de-josselin-droff-et-julien-malizard-dans-the-conversation\/\"  rel=\"bookmark\" class=\"td-image-wrap \" title=\"Pourquoi nous ne sommes pas (encore) en \u00e9conomie de guerre : publication d\u2019un article de Josselin Droff et Julien Malizard dans The Conversation\" ><img loading=\"lazy\" decoding=\"async\" class=\"entry-thumb\" src=\"data:image\/png;base64,iVBORw0KGgoAAAANSUhEUgAAAUQAAADrAQMAAAArGX0KAAAAA1BMVEWurq51dlI4AAAAAXRSTlMmkutdmwAAACBJREFUaN7twTEBAAAAwiD7pzbEXmAAAAAAAAAAAACQHSaOAAGSp1GBAAAAAElFTkSuQmCC\" alt=\"\" title=\"Pourquoi nous ne sommes pas (encore) en \u00e9conomie de guerre : publication d\u2019un article de Josselin Droff et Julien Malizard dans The Conversation\" data-type=\"image_tag\" data-img-url=\"https:\/\/ecodef-ihedn.fr\/wp-content\/uploads\/2024\/07\/Capture-decran-2024-07-17-121305-324x235.png\" data-img-retina-url=\"https:\/\/ecodef-ihedn.fr\/wp-content\/uploads\/2024\/07\/Capture-decran-2024-07-17-121305-648x470.png\" width=\"324\" height=\"235\" \/><\/a><\/div>\r\n            <div class=\"item-details\">\r\n                <h3 class=\"entry-title td-module-title\"><a href=\"https:\/\/ecodef-ihedn.fr\/en\/pourquoi-nous-ne-sommes-pas-encore-en-economie-de-guerre-publication-dun-article-de-josselin-droff-et-julien-malizard-dans-the-conversation\/\"  rel=\"bookmark\" title=\"Pourquoi nous ne sommes pas (encore) en \u00e9conomie de guerre : publication d\u2019un article de Josselin Droff et Julien Malizard dans The Conversation\">Pourquoi nous ne sommes pas (encore) en \u00e9conomie de guerre : publication d\u2019un article...<\/a><\/h3>\r\n                <div class=\"td-module-meta-info\">\r\n                                        <span class=\"td-post-author-name\"><a href=\"https:\/\/ecodef-ihedn.fr\/en\/author\/bertrand\/\">Bertrand Demandre<\/a> <span>-<\/span> <\/span>                    <span class=\"td-post-date\"><time class=\"entry-date updated td-module-date\" datetime=\"2024-05-21T17:57:51+00:00\" >21 May 2024<\/time><\/span>                    <span class=\"td-module-comments\"><a href=\"https:\/\/ecodef-ihedn.fr\/en\/pourquoi-nous-ne-sommes-pas-encore-en-economie-de-guerre-publication-dun-article-de-josselin-droff-et-julien-malizard-dans-the-conversation\/#respond\">0<\/a><\/span>                <\/div>\r\n\r\n                <div class=\"td-excerpt\">\r\n                    \r\nJosselin Droff et Julien Malizard ont publi\u00e9 l&#039;article \u00ab Pourquoi nous ne sommes pas (encore) en \u00e9conomie de guerre \u00bb dans la revue The Conversation\r\nLe \u00ab choc de demande \u00bb post f\u00e9vrier 2022 rend n\u00e9cessaire l\u2019adaptation de l\u2019offre industrielle. On est en effet dans une situation d\u2019offre relativement in\u00e9lastique...                <\/div>\r\n\r\n                <div class=\"td-read-more\">\r\n                    <a href=\"https:\/\/ecodef-ihedn.fr\/en\/pourquoi-nous-ne-sommes-pas-encore-en-economie-de-guerre-publication-dun-article-de-josselin-droff-et-julien-malizard-dans-the-conversation\/\">Lire la suite<\/a>\r\n                <\/div>\r\n            <\/div>\r\n\r\n        <\/div>\r\n\r\n        \n\t<\/div> <!-- .\/td-block-span12 --><\/div><div class=\"td_ajax_infinite\" id=\"next-page-tdi_18\" data-td_block_id=\"tdi_18\"> <\/div><div class=\"td-load-more-wrap td-load-more-infinite-wrap\" id=\"infinite-lm-tdi_18\"><a href=\"#\" class=\"td_ajax_load_more td_ajax_load_more_js\" aria-label=\"Voir plus\" id=\"next-page-tdi_18\" data-td_block_id=\"tdi_18\">Voir plus<i class=\"td-icon-font td-icon-menu-down\"><\/i><\/a><\/div><\/div> <!-- .\/block --><\/div><\/div><\/div><\/div><\/div><\/div>","protected":false},"excerpt":{"rendered":"","protected":false},"author":1,"featured_media":564,"parent":483,"menu_order":0,"comment_status":"closed","ping_status":"closed","template":"","meta":{"footnotes":""},"class_list":["post-767","page","type-page","status-publish","has-post-thumbnail"],"yoast_head":"<!-- This site is optimized with the Yoast SEO plugin v27.4 - https:\/\/yoast.com\/product\/yoast-seo-wordpress\/ -->\n<title>D\u00e9pense de d\u00e9fense - Chaire \u00c9conomie de d\u00e9fense - IHEDN<\/title>\n<meta name=\"robots\" content=\"index, follow, max-snippet:-1, max-image-preview:large, max-video-preview:-1\" \/>\n<link rel=\"canonical\" href=\"https:\/\/ecodef-ihedn.fr\/en\/thematiques\/depense-de-defense\/\" \/>\n<meta property=\"og:locale\" content=\"en_GB\" \/>\n<meta property=\"og:type\" content=\"article\" \/>\n<meta property=\"og:title\" content=\"D\u00e9pense de d\u00e9fense - Chaire \u00c9conomie de d\u00e9fense - IHEDN\" \/>\n<meta property=\"og:url\" content=\"https:\/\/ecodef-ihedn.fr\/en\/thematiques\/depense-de-defense\/\" \/>\n<meta property=\"og:site_name\" content=\"Chaire \u00c9conomie de d\u00e9fense - IHEDN\" \/>\n<meta property=\"article:modified_time\" content=\"2021-04-20T14:22:30+00:00\" \/>\n<meta property=\"og:image\" content=\"https:\/\/ecodef-ihedn.fr\/wp-content\/uploads\/2020\/02\/ecole-militaire-paris-1.jpg\" \/>\n\t<meta property=\"og:image:width\" content=\"755\" \/>\n\t<meta property=\"og:image:height\" content=\"414\" \/>\n\t<meta property=\"og:image:type\" content=\"image\/jpeg\" \/>\n<meta name=\"twitter:card\" content=\"summary_large_image\" \/>\n<meta name=\"twitter:site\" content=\"@Chaire_Ecodef\" \/>\n<meta name=\"twitter:label1\" content=\"Estimated reading time\" \/>\n\t<meta name=\"twitter:data1\" content=\"7 minutes\" \/>\n<script type=\"application\/ld+json\" class=\"yoast-schema-graph\">{\"@context\":\"https:\\\/\\\/schema.org\",\"@graph\":[{\"@type\":\"WebPage\",\"@id\":\"https:\\\/\\\/ecodef-ihedn.fr\\\/thematiques\\\/depense-de-defense\\\/\",\"url\":\"https:\\\/\\\/ecodef-ihedn.fr\\\/thematiques\\\/depense-de-defense\\\/\",\"name\":\"D\u00e9pense de d\u00e9fense - Chaire \u00c9conomie de d\u00e9fense - IHEDN\",\"isPartOf\":{\"@id\":\"https:\\\/\\\/ecodef-ihedn.fr\\\/#website\"},\"primaryImageOfPage\":{\"@id\":\"https:\\\/\\\/ecodef-ihedn.fr\\\/thematiques\\\/depense-de-defense\\\/#primaryimage\"},\"image\":{\"@id\":\"https:\\\/\\\/ecodef-ihedn.fr\\\/thematiques\\\/depense-de-defense\\\/#primaryimage\"},\"thumbnailUrl\":\"https:\\\/\\\/ecodef-ihedn.fr\\\/wp-content\\\/uploads\\\/2020\\\/02\\\/ecole-militaire-paris-1.jpg\",\"datePublished\":\"2020-04-03T11:12:18+00:00\",\"dateModified\":\"2021-04-20T14:22:30+00:00\",\"breadcrumb\":{\"@id\":\"https:\\\/\\\/ecodef-ihedn.fr\\\/thematiques\\\/depense-de-defense\\\/#breadcrumb\"},\"inLanguage\":\"en-GB\",\"potentialAction\":[{\"@type\":\"ReadAction\",\"target\":[\"https:\\\/\\\/ecodef-ihedn.fr\\\/thematiques\\\/depense-de-defense\\\/\"]}]},{\"@type\":\"ImageObject\",\"inLanguage\":\"en-GB\",\"@id\":\"https:\\\/\\\/ecodef-ihedn.fr\\\/thematiques\\\/depense-de-defense\\\/#primaryimage\",\"url\":\"https:\\\/\\\/ecodef-ihedn.fr\\\/wp-content\\\/uploads\\\/2020\\\/02\\\/ecole-militaire-paris-1.jpg\",\"contentUrl\":\"https:\\\/\\\/ecodef-ihedn.fr\\\/wp-content\\\/uploads\\\/2020\\\/02\\\/ecole-militaire-paris-1.jpg\",\"width\":755,\"height\":414},{\"@type\":\"BreadcrumbList\",\"@id\":\"https:\\\/\\\/ecodef-ihedn.fr\\\/thematiques\\\/depense-de-defense\\\/#breadcrumb\",\"itemListElement\":[{\"@type\":\"ListItem\",\"position\":1,\"name\":\"Accueil\",\"item\":\"https:\\\/\\\/ecodef-ihedn.fr\\\/\"},{\"@type\":\"ListItem\",\"position\":2,\"name\":\"Th\u00e9matiques\",\"item\":\"https:\\\/\\\/ecodef-ihedn.fr\\\/thematiques\\\/\"},{\"@type\":\"ListItem\",\"position\":3,\"name\":\"D\u00e9pense de d\u00e9fense\"}]},{\"@type\":\"WebSite\",\"@id\":\"https:\\\/\\\/ecodef-ihedn.fr\\\/#website\",\"url\":\"https:\\\/\\\/ecodef-ihedn.fr\\\/\",\"name\":\"Chaire \u00c9conomie de D\u00e9fense - IHEDN\",\"description\":\"Produire &amp; soutenir, f\u00e9d\u00e9rer &amp; diffuser, \u00eatre une interface\",\"publisher\":{\"@id\":\"https:\\\/\\\/ecodef-ihedn.fr\\\/#organization\"},\"potentialAction\":[{\"@type\":\"SearchAction\",\"target\":{\"@type\":\"EntryPoint\",\"urlTemplate\":\"https:\\\/\\\/ecodef-ihedn.fr\\\/?s={search_term_string}\"},\"query-input\":{\"@type\":\"PropertyValueSpecification\",\"valueRequired\":true,\"valueName\":\"search_term_string\"}}],\"inLanguage\":\"en-GB\"},{\"@type\":\"Organization\",\"@id\":\"https:\\\/\\\/ecodef-ihedn.fr\\\/#organization\",\"name\":\"Chaire \u00c9conomie de d\u00e9fense - IHEDN\",\"url\":\"https:\\\/\\\/ecodef-ihedn.fr\\\/\",\"logo\":{\"@type\":\"ImageObject\",\"inLanguage\":\"en-GB\",\"@id\":\"https:\\\/\\\/ecodef-ihedn.fr\\\/#\\\/schema\\\/logo\\\/image\\\/\",\"url\":\"https:\\\/\\\/ecodef-ihedn.fr\\\/wp-content\\\/uploads\\\/2020\\\/04\\\/logoEcodef9.jpg\",\"contentUrl\":\"https:\\\/\\\/ecodef-ihedn.fr\\\/wp-content\\\/uploads\\\/2020\\\/04\\\/logoEcodef9.jpg\",\"width\":410,\"height\":212,\"caption\":\"Chaire \u00c9conomie de d\u00e9fense - IHEDN\"},\"image\":{\"@id\":\"https:\\\/\\\/ecodef-ihedn.fr\\\/#\\\/schema\\\/logo\\\/image\\\/\"},\"sameAs\":[\"https:\\\/\\\/x.com\\\/Chaire_Ecodef\",\"https:\\\/\\\/www.linkedin.com\\\/company\\\/chaire-ecodef-ihedn\\\/\"]}]}<\/script>\n<!-- \/ Yoast SEO plugin. -->","yoast_head_json":{"title":"D\u00e9pense de d\u00e9fense - Chaire \u00c9conomie de d\u00e9fense - IHEDN","robots":{"index":"index","follow":"follow","max-snippet":"max-snippet:-1","max-image-preview":"max-image-preview:large","max-video-preview":"max-video-preview:-1"},"canonical":"https:\/\/ecodef-ihedn.fr\/en\/thematiques\/depense-de-defense\/","og_locale":"en_GB","og_type":"article","og_title":"D\u00e9pense de d\u00e9fense - Chaire \u00c9conomie de d\u00e9fense - IHEDN","og_url":"https:\/\/ecodef-ihedn.fr\/en\/thematiques\/depense-de-defense\/","og_site_name":"Chaire \u00c9conomie de d\u00e9fense - IHEDN","article_modified_time":"2021-04-20T14:22:30+00:00","og_image":[{"width":755,"height":414,"url":"https:\/\/ecodef-ihedn.fr\/wp-content\/uploads\/2020\/02\/ecole-militaire-paris-1.jpg","type":"image\/jpeg"}],"twitter_card":"summary_large_image","twitter_site":"@Chaire_Ecodef","twitter_misc":{"Estimated reading time":"7 minutes"},"schema":{"@context":"https:\/\/schema.org","@graph":[{"@type":"WebPage","@id":"https:\/\/ecodef-ihedn.fr\/thematiques\/depense-de-defense\/","url":"https:\/\/ecodef-ihedn.fr\/thematiques\/depense-de-defense\/","name":"D\u00e9pense de d\u00e9fense - Chaire \u00c9conomie de d\u00e9fense - IHEDN","isPartOf":{"@id":"https:\/\/ecodef-ihedn.fr\/#website"},"primaryImageOfPage":{"@id":"https:\/\/ecodef-ihedn.fr\/thematiques\/depense-de-defense\/#primaryimage"},"image":{"@id":"https:\/\/ecodef-ihedn.fr\/thematiques\/depense-de-defense\/#primaryimage"},"thumbnailUrl":"https:\/\/ecodef-ihedn.fr\/wp-content\/uploads\/2020\/02\/ecole-militaire-paris-1.jpg","datePublished":"2020-04-03T11:12:18+00:00","dateModified":"2021-04-20T14:22:30+00:00","breadcrumb":{"@id":"https:\/\/ecodef-ihedn.fr\/thematiques\/depense-de-defense\/#breadcrumb"},"inLanguage":"en-GB","potentialAction":[{"@type":"ReadAction","target":["https:\/\/ecodef-ihedn.fr\/thematiques\/depense-de-defense\/"]}]},{"@type":"ImageObject","inLanguage":"en-GB","@id":"https:\/\/ecodef-ihedn.fr\/thematiques\/depense-de-defense\/#primaryimage","url":"https:\/\/ecodef-ihedn.fr\/wp-content\/uploads\/2020\/02\/ecole-militaire-paris-1.jpg","contentUrl":"https:\/\/ecodef-ihedn.fr\/wp-content\/uploads\/2020\/02\/ecole-militaire-paris-1.jpg","width":755,"height":414},{"@type":"BreadcrumbList","@id":"https:\/\/ecodef-ihedn.fr\/thematiques\/depense-de-defense\/#breadcrumb","itemListElement":[{"@type":"ListItem","position":1,"name":"Accueil","item":"https:\/\/ecodef-ihedn.fr\/"},{"@type":"ListItem","position":2,"name":"Th\u00e9matiques","item":"https:\/\/ecodef-ihedn.fr\/thematiques\/"},{"@type":"ListItem","position":3,"name":"D\u00e9pense de d\u00e9fense"}]},{"@type":"WebSite","@id":"https:\/\/ecodef-ihedn.fr\/#website","url":"https:\/\/ecodef-ihedn.fr\/","name":"Chair in Defence Economics - IHEDN","description":"Produce &amp; support, federate &amp; disseminate, act as an interface","publisher":{"@id":"https:\/\/ecodef-ihedn.fr\/#organization"},"potentialAction":[{"@type":"SearchAction","target":{"@type":"EntryPoint","urlTemplate":"https:\/\/ecodef-ihedn.fr\/?s={search_term_string}"},"query-input":{"@type":"PropertyValueSpecification","valueRequired":true,"valueName":"search_term_string"}}],"inLanguage":"en-GB"},{"@type":"Organization","@id":"https:\/\/ecodef-ihedn.fr\/#organization","name":"Chair in Defence Economics - IHEDN","url":"https:\/\/ecodef-ihedn.fr\/","logo":{"@type":"ImageObject","inLanguage":"en-GB","@id":"https:\/\/ecodef-ihedn.fr\/#\/schema\/logo\/image\/","url":"https:\/\/ecodef-ihedn.fr\/wp-content\/uploads\/2020\/04\/logoEcodef9.jpg","contentUrl":"https:\/\/ecodef-ihedn.fr\/wp-content\/uploads\/2020\/04\/logoEcodef9.jpg","width":410,"height":212,"caption":"Chaire \u00c9conomie de d\u00e9fense - IHEDN"},"image":{"@id":"https:\/\/ecodef-ihedn.fr\/#\/schema\/logo\/image\/"},"sameAs":["https:\/\/x.com\/Chaire_Ecodef","https:\/\/www.linkedin.com\/company\/chaire-ecodef-ihedn\/"]}]}},"_links":{"self":[{"href":"https:\/\/ecodef-ihedn.fr\/en\/wp-json\/wp\/v2\/pages\/767","targetHints":{"allow":["GET"]}}],"collection":[{"href":"https:\/\/ecodef-ihedn.fr\/en\/wp-json\/wp\/v2\/pages"}],"about":[{"href":"https:\/\/ecodef-ihedn.fr\/en\/wp-json\/wp\/v2\/types\/page"}],"author":[{"embeddable":true,"href":"https:\/\/ecodef-ihedn.fr\/en\/wp-json\/wp\/v2\/users\/1"}],"replies":[{"embeddable":true,"href":"https:\/\/ecodef-ihedn.fr\/en\/wp-json\/wp\/v2\/comments?post=767"}],"version-history":[{"count":5,"href":"https:\/\/ecodef-ihedn.fr\/en\/wp-json\/wp\/v2\/pages\/767\/revisions"}],"predecessor-version":[{"id":3235,"href":"https:\/\/ecodef-ihedn.fr\/en\/wp-json\/wp\/v2\/pages\/767\/revisions\/3235"}],"up":[{"embeddable":true,"href":"https:\/\/ecodef-ihedn.fr\/en\/wp-json\/wp\/v2\/pages\/483"}],"wp:featuredmedia":[{"embeddable":true,"href":"https:\/\/ecodef-ihedn.fr\/en\/wp-json\/wp\/v2\/media\/564"}],"wp:attachment":[{"href":"https:\/\/ecodef-ihedn.fr\/en\/wp-json\/wp\/v2\/media?parent=767"}],"curies":[{"name":"wp","href":"https:\/\/api.w.org\/{rel}","templated":true}]}}